{"id":36364,"date":"2025-10-24T07:36:18","date_gmt":"2025-10-24T07:36:18","guid":{"rendered":"https:\/\/www.marisolredondo.com\/2025-eventos\/"},"modified":"2025-10-24T10:01:15","modified_gmt":"2025-10-24T10:01:15","slug":"2025-eventos","status":"publish","type":"page","link":"https:\/\/www.marisolredondo.com\/es\/2025-eventos\/","title":{"rendered":"2025 Eventos"},"content":{"rendered":"<p>[et_pb_section fb_built=\u00bb1&#8243; fullwidth=\u00bbon\u00bb _builder_version=\u00bb4.16&#8243; global_colors_info=\u00bb{}\u00bb][et_pb_fullwidth_header title=\u00bb2025 Eventos\u00bb text_orientation=\u00bbcenter\u00bb header_fullscreen=\u00bbon\u00bb header_scroll_down=\u00bbon\u00bb scroll_down_icon_color=\u00bb#ffffff\u00bb scroll_down_icon_size=\u00bb34px\u00bb background_overlay_color=\u00bbrgba(15,22,38,0.47)\u00bb logo_image_url=\u00bbhttps:\/\/www.marisolredondo.com\/wp-content\/uploads\/2018\/08\/logo-large.png\u00bb _builder_version=\u00bb4.16&#8243; title_font=\u00bb|600|||||||\u00bb title_font_size=\u00bb31px\u00bb title_letter_spacing=\u00bb5px\u00bb content_font=\u00bb||||||||\u00bb subhead_font=\u00bb||||||||\u00bb background_image=\u00bbhttps:\/\/www.marisolredondo.com\/wp-content\/uploads\/2018\/11\/marisol-redondo-in-concert-1.jpg\u00bb custom_css_logo=\u00bbmargin-bottom:25px;\u00bb title_text_shadow_style=\u00bbpreset1&#8243; global_colors_info=\u00bb{}\u00bb button_one_text_size__hover_enabled=\u00bboff\u00bb button_one_text_size__hover=\u00bbnull\u00bb button_two_text_size__hover_enabled=\u00bboff\u00bb button_two_text_size__hover=\u00bbnull\u00bb button_one_text_color__hover_enabled=\u00bboff\u00bb button_one_text_color__hover=\u00bbnull\u00bb button_two_text_color__hover_enabled=\u00bboff\u00bb button_two_text_color__hover=\u00bbnull\u00bb button_one_border_width__hover_enabled=\u00bboff\u00bb button_one_border_width__hover=\u00bbnull\u00bb button_two_border_width__hover_enabled=\u00bboff\u00bb button_two_border_width__hover=\u00bbnull\u00bb button_one_border_color__hover_enabled=\u00bboff\u00bb button_one_border_color__hover=\u00bbnull\u00bb button_two_border_color__hover_enabled=\u00bboff\u00bb button_two_border_color__hover=\u00bbnull\u00bb button_one_border_radius__hover_enabled=\u00bboff\u00bb button_one_border_radius__hover=\u00bbnull\u00bb button_two_border_radius__hover_enabled=\u00bboff\u00bb button_two_border_radius__hover=\u00bbnull\u00bb button_one_letter_spacing__hover_enabled=\u00bboff\u00bb button_one_letter_spacing__hover=\u00bbnull\u00bb button_two_letter_spacing__hover_enabled=\u00bboff\u00bb button_two_letter_spacing__hover=\u00bbnull\u00bb button_one_bg_color__hover_enabled=\u00bboff\u00bb button_one_bg_color__hover=\u00bbnull\u00bb button_two_bg_color__hover_enabled=\u00bboff\u00bb button_two_bg_color__hover=\u00bbnull\u00bb]<\/p>\n<hr class=\"underline-style\">[\/et_pb_fullwidth_header][\/et_pb_section][et_pb_section fb_built=\u00bb1&#8243; _builder_version=\u00bb4.16&#8243; global_colors_info=\u00bb{}\u00bb][et_pb_row column_structure=\u00bb1_2,1_2&#8243; _builder_version=\u00bb4.16&#8243; global_colors_info=\u00bb{}\u00bb][et_pb_column type=\u00bb1_2&#8243; _builder_version=\u00bb4.16&#8243; custom_padding=\u00bb|||\u00bb global_colors_info=\u00bb{}\u00bb custom_padding__hover=\u00bb|||\u00bb][et_pb_blurb title=\u00bb25 de octubre 2025&#8243; use_icon=\u00bbon\u00bb font_icon=\u00bb&#xe023;||divi||400&#8243; icon_color=\u00bb#ff533d\u00bb icon_placement=\u00bbleft\u00bb image_icon_width=\u00bb23px\u00bb _builder_version=\u00bb4.22.1&#8243; header_font=\u00bb|600|||||||\u00bb header_text_color=\u00bb#ab987a\u00bb header_font_size=\u00bb21px\u00bb header_letter_spacing=\u00bb2px\u00bb custom_margin=\u00bb||10px|\u00bb custom_padding=\u00bb|||\u00bb icon_font_size=\u00bb23px\u00bb global_colors_info=\u00bb{}\u00bb][\/et_pb_blurb][et_pb_blurb title=\u00bb20:00&#8243; use_icon=\u00bbon\u00bb font_icon=\u00bb&#x7d;||divi||400&#8243; icon_color=\u00bb#ff533d\u00bb icon_placement=\u00bbleft\u00bb image_icon_width=\u00bb23px\u00bb _builder_version=\u00bb4.22.1&#8243; header_font=\u00bb|600|||||||\u00bb header_text_color=\u00bb#ab987a\u00bb header_font_size=\u00bb21px\u00bb header_letter_spacing=\u00bb2px\u00bb custom_margin=\u00bb||10px|\u00bb custom_padding=\u00bb||2px|||\u00bb icon_font_size=\u00bb23px\u00bb global_colors_info=\u00bb{}\u00bb][\/et_pb_blurb][et_pb_text ul_item_indent=\u00bb35px\u00bb _builder_version=\u00bb4.22.1&#8243; text_line_height=\u00bb1.9em\u00bb link_text_color=\u00bb#3550a0&#8243; ul_line_height=\u00bb1.6em\u00bb header_3_font=\u00bb|700||on|||||\u00bb header_3_text_color=\u00bb#0f1626&#8243; header_3_font_size=\u00bb25px\u00bb header_3_line_height=\u00bb1.1em\u00bb header_4_font=\u00bbLato|700|||||||\u00bb header_4_text_color=\u00bb#3550a0&#8243; header_4_font_size=\u00bb16px\u00bb header_4_line_height=\u00bb1.5em\u00bb custom_margin=\u00bb|||\u00bb header_3_font_size_tablet=\u00bb\u00bb header_3_font_size_phone=\u00bb20px\u00bb header_3_font_size_last_edited=\u00bbon|phone\u00bb locked=\u00bboff\u00bb global_colors_info=\u00bb{}\u00bb]<\/p>\n<h3>VIVACE<\/h3>\n<ul>\n<li>Jos\u00e9 Kosito, piano<\/li>\n<li>Sebasti\u00e1n C\u00f3rdoba, guitarra<\/li>\n<li>Dudu Penz, bajo<\/li>\n<li>Freddy Ben\u00edtez, percusi\u00f3n<\/li>\n<\/ul>\n<p>Rosengarten Saal, Richterswil, Suiza<\/p>\n<p>Dorfstrasse 75 , 8805 Richterswil<\/p>\n<p>Entradas disponibles en <a href=\"https:\/\/eventfrog.ch\/en\/p\/concert\/latin-music\/vivace-mit-marisol-redondo-band-7316886034289022716.html\" target=\"_blank\" rel=\"noopener\">eventfrog.ch<\/a><\/p>\n<p>[\/et_pb_text][\/et_pb_column][et_pb_column type=\u00bb1_2&#8243; _builder_version=\u00bb4.16&#8243; custom_padding=\u00bb|||\u00bb global_colors_info=\u00bb{}\u00bb custom_padding__hover=\u00bb|||\u00bb][\/et_pb_column][\/et_pb_row][et_pb_row column_structure=\u00bb1_2,1_2&#8243; _builder_version=\u00bb4.16&#8243; global_colors_info=\u00bb{}\u00bb][et_pb_column type=\u00bb1_2&#8243; _builder_version=\u00bb4.16&#8243; custom_padding=\u00bb|||\u00bb global_colors_info=\u00bb{}\u00bb custom_padding__hover=\u00bb|||\u00bb][et_pb_blurb title=\u00bb22 de noviembre 2025&#8243; use_icon=\u00bbon\u00bb font_icon=\u00bb&#xe023;||divi||400&#8243; icon_color=\u00bb#ff533d\u00bb icon_placement=\u00bbleft\u00bb image_icon_width=\u00bb23px\u00bb _builder_version=\u00bb4.22.1&#8243; header_font=\u00bb|600|||||||\u00bb header_text_color=\u00bb#ab987a\u00bb header_font_size=\u00bb21px\u00bb header_letter_spacing=\u00bb2px\u00bb custom_margin=\u00bb||10px|\u00bb custom_padding=\u00bb|||\u00bb icon_font_size=\u00bb23px\u00bb global_colors_info=\u00bb{}\u00bb][\/et_pb_blurb][et_pb_blurb title=\u00bb20:00&#8243; use_icon=\u00bbon\u00bb font_icon=\u00bb&#x7d;||divi||400&#8243; icon_color=\u00bb#ff533d\u00bb icon_placement=\u00bbleft\u00bb image_icon_width=\u00bb23px\u00bb _builder_version=\u00bb4.22.1&#8243; header_font=\u00bb|600|||||||\u00bb header_text_color=\u00bb#ab987a\u00bb header_font_size=\u00bb21px\u00bb header_letter_spacing=\u00bb2px\u00bb custom_margin=\u00bb||10px|\u00bb custom_padding=\u00bb||2px|||\u00bb icon_font_size=\u00bb23px\u00bb global_colors_info=\u00bb{}\u00bb][\/et_pb_blurb][et_pb_text ul_item_indent=\u00bb35px\u00bb _builder_version=\u00bb4.22.1&#8243; text_line_height=\u00bb1.9em\u00bb link_text_color=\u00bb#3550a0&#8243; ul_line_height=\u00bb1.6em\u00bb header_3_font=\u00bb|700||on|||||\u00bb header_3_text_color=\u00bb#0f1626&#8243; header_3_font_size=\u00bb25px\u00bb header_3_line_height=\u00bb1.1em\u00bb header_4_font=\u00bbLato|700|||||||\u00bb header_4_text_color=\u00bb#3550a0&#8243; header_4_font_size=\u00bb16px\u00bb header_4_line_height=\u00bb1.5em\u00bb custom_margin=\u00bb|||\u00bb header_3_font_size_tablet=\u00bb\u00bb header_3_font_size_phone=\u00bb20px\u00bb header_3_font_size_last_edited=\u00bbon|phone\u00bb locked=\u00bboff\u00bb global_colors_info=\u00bb{}\u00bb]<\/p>\n<h3>CUBA Y URUGUAY &#8211; Kult-Art Festival<\/h3>\n<ul>\n<li>Susana Orta, voz<\/li>\n<li>Marisol Redondo, voz<\/li>\n<li>Jos\u00e9 Kosito, piano<\/li>\n<li>Dudu Penz, bajo<\/li>\n<li>Freddy Ben\u00edtez, percusi\u00f3n<\/li>\n<\/ul>\n<p>Theater Stok, Z\u00fcrich, Suiza<\/p>\n<p>Hirschengraben 42, Z\u00fcrich, CH<\/p>\n<p>Entradas disponibles en <a href=\"https:\/\/eventfrog.ch\/en\/p\/concert\/other-music-genres\/cuba-y-uruguay-nuestra-musica-y-sus-raices-africanas-7357449937712324941.html\" target=\"_blank\" rel=\"noopener\">eventfrog.ch<\/a><\/p>\n<p>[\/et_pb_text][\/et_pb_column][et_pb_column type=\u00bb1_2&#8243; _builder_version=\u00bb4.16&#8243; custom_padding=\u00bb|||\u00bb global_colors_info=\u00bb{}\u00bb custom_padding__hover=\u00bb|||\u00bb][\/et_pb_column][\/et_pb_row][et_pb_row _builder_version=\u00bb4.9.7&#8243; min_height=\u00bb33px\u00bb custom_margin=\u00bb|auto||228px||\u00bb custom_padding=\u00bb40px||0px|\u00bb global_module=\u00bb33961&#8243; saved_tabs=\u00bball\u00bb global_colors_info=\u00bb{}\u00bb][et_pb_column type=\u00bb4_4&#8243; _builder_version=\u00bb4.16&#8243; custom_padding=\u00bb|||\u00bb global_colors_info=\u00bb{}\u00bb custom_padding__hover=\u00bb|||\u00bb][et_pb_text admin_label=\u00bbText\u00bb _builder_version=\u00bb4.16&#8243; text_font=\u00bb|600|||||||\u00bb text_text_color=\u00bb#ff533d\u00bb text_font_size=\u00bb20px\u00bb global_colors_info=\u00bb{}\u00bb][\/et_pb_text][\/et_pb_column][\/et_pb_row][et_pb_row _builder_version=\u00bb4.9.7&#8243; min_height=\u00bb33px\u00bb custom_margin=\u00bb|auto||228px||\u00bb custom_padding=\u00bb40px||0px|\u00bb global_module=\u00bb33961&#8243; saved_tabs=\u00bball\u00bb global_colors_info=\u00bb{}\u00bb][et_pb_column type=\u00bb4_4&#8243; _builder_version=\u00bb4.16&#8243; custom_padding=\u00bb|||\u00bb global_colors_info=\u00bb{}\u00bb custom_padding__hover=\u00bb|||\u00bb][et_pb_text admin_label=\u00bbText\u00bb _builder_version=\u00bb4.16&#8243; text_font=\u00bb|600|||||||\u00bb text_text_color=\u00bb#ff533d\u00bb text_font_size=\u00bb20px\u00bb global_colors_info=\u00bb{}\u00bb][\/et_pb_text][\/et_pb_column][\/et_pb_row][et_pb_row _builder_version=\u00bb4.9.7&#8243; min_height=\u00bb33px\u00bb custom_margin=\u00bb|auto||228px||\u00bb custom_padding=\u00bb40px||0px|\u00bb global_module=\u00bb33961&#8243; saved_tabs=\u00bball\u00bb global_colors_info=\u00bb{}\u00bb][et_pb_column type=\u00bb4_4&#8243; _builder_version=\u00bb4.16&#8243; custom_padding=\u00bb|||\u00bb global_colors_info=\u00bb{}\u00bb custom_padding__hover=\u00bb|||\u00bb][et_pb_text admin_label=\u00bbText\u00bb _builder_version=\u00bb4.16&#8243; text_font=\u00bb|600|||||||\u00bb text_text_color=\u00bb#ff533d\u00bb text_font_size=\u00bb20px\u00bb global_colors_info=\u00bb{}\u00bb][\/et_pb_text][\/et_pb_column][\/et_pb_row][\/et_pb_section][et_pb_section fb_built=\u00bb1&#8243; disabled_on=\u00bboff|off|off\u00bb admin_label=\u00bbFollow Along\u00bb _builder_version=\u00bb3.11.1&#8243; background_color=\u00bb#0f1626&#8243; background_position=\u00bbcenter_right\u00bb custom_padding=\u00bb0||0||false|false\u00bb top_divider_height=\u00bb43px\u00bb global_module=\u00bb33206&#8243; saved_tabs=\u00bball\u00bb global_colors_info=\u00bb{}\u00bb][\/et_pb_section]<\/p>\n","protected":false},"excerpt":{"rendered":"<p>VIVACE Jos\u00e9 Kosito, piano Sebasti\u00e1n C\u00f3rdoba, guitarra Dudu Penz, bajo Freddy Ben\u00edtez, percusi\u00f3n Rosengarten Saal, Richterswil, Suiza Dorfstrasse 75 , 8805 Richterswil Entradas disponibles en eventfrog.chCUBA Y URUGUAY &#8211; Kult-Art Festival Susana Orta, voz Marisol Redondo, voz Jos\u00e9 Kosito, piano Dudu Penz, bajo Freddy Ben\u00edtez, percusi\u00f3n Theater Stok, Z\u00fcrich, Suiza Hirschengraben 42, Z\u00fcrich, CH Entradas [&hellip;]<\/p>\n","protected":false},"author":4,"featured_media":0,"parent":0,"menu_order":0,"comment_status":"closed","ping_status":"closed","template":"","meta":{"_et_pb_use_builder":"on","_et_pb_old_content":"","_et_gb_content_width":"","footnotes":""},"yoast_head":"<!-- This site is optimized with the Yoast SEO plugin v21.2 - https:\/\/yoast.com\/wordpress\/plugins\/seo\/ -->\n<title>2025 Eventos - Marisol Redondo- Singer<\/title>\n<meta name=\"robots\" content=\"index, follow, max-snippet:-1, max-image-preview:large, max-video-preview:-1\" \/>\n<link rel=\"canonical\" href=\"https:\/\/www.marisolredondo.com\/2024-events\/\" \/>\n<meta property=\"og:locale\" content=\"es_ES\" \/>\n<meta property=\"og:type\" content=\"article\" \/>\n<meta property=\"og:title\" content=\"2025 Eventos - Marisol Redondo- Singer\" \/>\n<meta property=\"og:description\" content=\"VIVACE Jos\u00e9 Kosito, piano Sebasti\u00e1n C\u00f3rdoba, guitarra Dudu Penz, bajo Freddy Ben\u00edtez, percusi\u00f3n Rosengarten Saal, Richterswil, Suiza Dorfstrasse 75 , 8805 Richterswil Entradas disponibles en eventfrog.chCUBA Y URUGUAY - Kult-Art Festival Susana Orta, voz Marisol Redondo, voz Jos\u00e9 Kosito, piano Dudu Penz, bajo Freddy Ben\u00edtez, percusi\u00f3n Theater Stok, Z\u00fcrich, Suiza Hirschengraben 42, Z\u00fcrich, CH Entradas [&hellip;]\" \/>\n<meta property=\"og:url\" content=\"https:\/\/www.marisolredondo.com\/2024-events\/\" \/>\n<meta property=\"og:site_name\" content=\"Marisol Redondo- Singer\" \/>\n<meta property=\"article:modified_time\" content=\"2025-10-24T10:01:15+00:00\" \/>\n<meta name=\"twitter:card\" content=\"summary_large_image\" \/>\n<meta name=\"twitter:label1\" content=\"Tiempo de lectura\" \/>\n\t<meta name=\"twitter:data1\" content=\"5 minutos\" \/>\n<script type=\"application\/ld+json\" class=\"yoast-schema-graph\">{\"@context\":\"https:\/\/schema.org\",\"@graph\":[{\"@type\":\"WebPage\",\"@id\":\"https:\/\/www.marisolredondo.com\/2024-events\/\",\"url\":\"https:\/\/www.marisolredondo.com\/2024-events\/\",\"name\":\"2025 Eventos - Marisol Redondo- Singer\",\"isPartOf\":{\"@id\":\"https:\/\/www.marisolredondo.com\/#website\"},\"datePublished\":\"2025-10-24T07:36:18+00:00\",\"dateModified\":\"2025-10-24T10:01:15+00:00\",\"breadcrumb\":{\"@id\":\"https:\/\/www.marisolredondo.com\/2024-events\/#breadcrumb\"},\"inLanguage\":\"es\",\"potentialAction\":[{\"@type\":\"ReadAction\",\"target\":[\"https:\/\/www.marisolredondo.com\/2024-events\/\"]}]},{\"@type\":\"BreadcrumbList\",\"@id\":\"https:\/\/www.marisolredondo.com\/2024-events\/#breadcrumb\",\"itemListElement\":[{\"@type\":\"ListItem\",\"position\":1,\"name\":\"Home\",\"item\":\"https:\/\/www.marisolredondo.com\/\"},{\"@type\":\"ListItem\",\"position\":2,\"name\":\"2025 Eventos\"}]},{\"@type\":\"WebSite\",\"@id\":\"https:\/\/www.marisolredondo.com\/#website\",\"url\":\"https:\/\/www.marisolredondo.com\/\",\"name\":\"Marisol Redondo\",\"description\":\"\",\"publisher\":{\"@id\":\"https:\/\/www.marisolredondo.com\/#\/schema\/person\/a7f4167392c64b100109903e48fe3898\"},\"potentialAction\":[{\"@type\":\"SearchAction\",\"target\":{\"@type\":\"EntryPoint\",\"urlTemplate\":\"https:\/\/www.marisolredondo.com\/?s={search_term_string}\"},\"query-input\":\"required name=search_term_string\"}],\"inLanguage\":\"es\"},{\"@type\":[\"Person\",\"Organization\"],\"@id\":\"https:\/\/www.marisolredondo.com\/#\/schema\/person\/a7f4167392c64b100109903e48fe3898\",\"name\":\"mredondo\",\"image\":{\"@type\":\"ImageObject\",\"inLanguage\":\"es\",\"@id\":\"https:\/\/www.marisolredondo.com\/#\/schema\/person\/image\/\",\"url\":\"https:\/\/secure.gravatar.com\/avatar\/0017f9752f1432e3e718b813e3e35442?s=96&d=mm&r=g\",\"contentUrl\":\"https:\/\/secure.gravatar.com\/avatar\/0017f9752f1432e3e718b813e3e35442?s=96&d=mm&r=g\",\"caption\":\"mredondo\"},\"logo\":{\"@id\":\"https:\/\/www.marisolredondo.com\/#\/schema\/person\/image\/\"}}]}<\/script>\n<!-- \/ Yoast SEO plugin. -->","yoast_head_json":{"title":"2025 Eventos - Marisol Redondo- Singer","robots":{"index":"index","follow":"follow","max-snippet":"max-snippet:-1","max-image-preview":"max-image-preview:large","max-video-preview":"max-video-preview:-1"},"canonical":"https:\/\/www.marisolredondo.com\/2024-events\/","og_locale":"es_ES","og_type":"article","og_title":"2025 Eventos - Marisol Redondo- Singer","og_description":"VIVACE Jos\u00e9 Kosito, piano Sebasti\u00e1n C\u00f3rdoba, guitarra Dudu Penz, bajo Freddy Ben\u00edtez, percusi\u00f3n Rosengarten Saal, Richterswil, Suiza Dorfstrasse 75 , 8805 Richterswil Entradas disponibles en eventfrog.chCUBA Y URUGUAY - Kult-Art Festival Susana Orta, voz Marisol Redondo, voz Jos\u00e9 Kosito, piano Dudu Penz, bajo Freddy Ben\u00edtez, percusi\u00f3n Theater Stok, Z\u00fcrich, Suiza Hirschengraben 42, Z\u00fcrich, CH Entradas [&hellip;]","og_url":"https:\/\/www.marisolredondo.com\/2024-events\/","og_site_name":"Marisol Redondo- Singer","article_modified_time":"2025-10-24T10:01:15+00:00","twitter_card":"summary_large_image","twitter_misc":{"Tiempo de lectura":"5 minutos"},"schema":{"@context":"https:\/\/schema.org","@graph":[{"@type":"WebPage","@id":"https:\/\/www.marisolredondo.com\/2024-events\/","url":"https:\/\/www.marisolredondo.com\/2024-events\/","name":"2025 Eventos - Marisol Redondo- Singer","isPartOf":{"@id":"https:\/\/www.marisolredondo.com\/#website"},"datePublished":"2025-10-24T07:36:18+00:00","dateModified":"2025-10-24T10:01:15+00:00","breadcrumb":{"@id":"https:\/\/www.marisolredondo.com\/2024-events\/#breadcrumb"},"inLanguage":"es","potentialAction":[{"@type":"ReadAction","target":["https:\/\/www.marisolredondo.com\/2024-events\/"]}]},{"@type":"BreadcrumbList","@id":"https:\/\/www.marisolredondo.com\/2024-events\/#breadcrumb","itemListElement":[{"@type":"ListItem","position":1,"name":"Home","item":"https:\/\/www.marisolredondo.com\/"},{"@type":"ListItem","position":2,"name":"2025 Eventos"}]},{"@type":"WebSite","@id":"https:\/\/www.marisolredondo.com\/#website","url":"https:\/\/www.marisolredondo.com\/","name":"Marisol Redondo","description":"","publisher":{"@id":"https:\/\/www.marisolredondo.com\/#\/schema\/person\/a7f4167392c64b100109903e48fe3898"},"potentialAction":[{"@type":"SearchAction","target":{"@type":"EntryPoint","urlTemplate":"https:\/\/www.marisolredondo.com\/?s={search_term_string}"},"query-input":"required name=search_term_string"}],"inLanguage":"es"},{"@type":["Person","Organization"],"@id":"https:\/\/www.marisolredondo.com\/#\/schema\/person\/a7f4167392c64b100109903e48fe3898","name":"mredondo","image":{"@type":"ImageObject","inLanguage":"es","@id":"https:\/\/www.marisolredondo.com\/#\/schema\/person\/image\/","url":"https:\/\/secure.gravatar.com\/avatar\/0017f9752f1432e3e718b813e3e35442?s=96&d=mm&r=g","contentUrl":"https:\/\/secure.gravatar.com\/avatar\/0017f9752f1432e3e718b813e3e35442?s=96&d=mm&r=g","caption":"mredondo"},"logo":{"@id":"https:\/\/www.marisolredondo.com\/#\/schema\/person\/image\/"}}]}},"_links":{"self":[{"href":"https:\/\/www.marisolredondo.com\/es\/wp-json\/wp\/v2\/pages\/36364"}],"collection":[{"href":"https:\/\/www.marisolredondo.com\/es\/wp-json\/wp\/v2\/pages"}],"about":[{"href":"https:\/\/www.marisolredondo.com\/es\/wp-json\/wp\/v2\/types\/page"}],"author":[{"embeddable":true,"href":"https:\/\/www.marisolredondo.com\/es\/wp-json\/wp\/v2\/users\/4"}],"replies":[{"embeddable":true,"href":"https:\/\/www.marisolredondo.com\/es\/wp-json\/wp\/v2\/comments?post=36364"}],"version-history":[{"count":4,"href":"https:\/\/www.marisolredondo.com\/es\/wp-json\/wp\/v2\/pages\/36364\/revisions"}],"predecessor-version":[{"id":36373,"href":"https:\/\/www.marisolredondo.com\/es\/wp-json\/wp\/v2\/pages\/36364\/revisions\/36373"}],"wp:attachment":[{"href":"https:\/\/www.marisolredondo.com\/es\/wp-json\/wp\/v2\/media?parent=36364"}],"curies":[{"name":"wp","href":"https:\/\/api.w.org\/{rel}","templated":true}]}}