{"id":36145,"date":"2023-10-20T12:41:28","date_gmt":"2023-10-20T12:41:28","guid":{"rendered":"https:\/\/www.marisolredondo.com\/?page_id=36145"},"modified":"2023-11-03T17:06:57","modified_gmt":"2023-11-03T17:06:57","slug":"2023-eventos","status":"publish","type":"page","link":"https:\/\/www.marisolredondo.com\/es\/2023-eventos\/","title":{"rendered":"2023 Eventos"},"content":{"rendered":"<p>[et_pb_section fb_built=\u00bb1&#8243; fullwidth=\u00bbon\u00bb _builder_version=\u00bb4.16&#8243; global_colors_info=\u00bb{}\u00bb][et_pb_fullwidth_header title=\u00bbEventos 2023&#8243; text_orientation=\u00bbcenter\u00bb header_fullscreen=\u00bbon\u00bb header_scroll_down=\u00bbon\u00bb scroll_down_icon_color=\u00bb#ffffff\u00bb scroll_down_icon_size=\u00bb34px\u00bb background_overlay_color=\u00bbrgba(15,22,38,0.47)\u00bb logo_image_url=\u00bbhttps:\/\/www.marisolredondo.com\/wp-content\/uploads\/2018\/08\/logo-large.png\u00bb _builder_version=\u00bb4.16&#8243; title_font=\u00bb|600|||||||\u00bb title_font_size=\u00bb31px\u00bb title_letter_spacing=\u00bb5px\u00bb content_font=\u00bb||||||||\u00bb subhead_font=\u00bb||||||||\u00bb background_image=\u00bbhttps:\/\/www.marisolredondo.com\/wp-content\/uploads\/2018\/11\/marisol-redondo-in-concert-1.jpg\u00bb custom_css_logo=\u00bbmargin-bottom:25px;\u00bb title_text_shadow_style=\u00bbpreset1&#8243; global_colors_info=\u00bb{}\u00bb button_one_text_size__hover_enabled=\u00bboff\u00bb button_one_text_size__hover=\u00bbnull\u00bb button_two_text_size__hover_enabled=\u00bboff\u00bb button_two_text_size__hover=\u00bbnull\u00bb button_one_text_color__hover_enabled=\u00bboff\u00bb button_one_text_color__hover=\u00bbnull\u00bb button_two_text_color__hover_enabled=\u00bboff\u00bb button_two_text_color__hover=\u00bbnull\u00bb button_one_border_width__hover_enabled=\u00bboff\u00bb button_one_border_width__hover=\u00bbnull\u00bb button_two_border_width__hover_enabled=\u00bboff\u00bb button_two_border_width__hover=\u00bbnull\u00bb button_one_border_color__hover_enabled=\u00bboff\u00bb button_one_border_color__hover=\u00bbnull\u00bb button_two_border_color__hover_enabled=\u00bboff\u00bb button_two_border_color__hover=\u00bbnull\u00bb button_one_border_radius__hover_enabled=\u00bboff\u00bb button_one_border_radius__hover=\u00bbnull\u00bb button_two_border_radius__hover_enabled=\u00bboff\u00bb button_two_border_radius__hover=\u00bbnull\u00bb button_one_letter_spacing__hover_enabled=\u00bboff\u00bb button_one_letter_spacing__hover=\u00bbnull\u00bb button_two_letter_spacing__hover_enabled=\u00bboff\u00bb button_two_letter_spacing__hover=\u00bbnull\u00bb button_one_bg_color__hover_enabled=\u00bboff\u00bb button_one_bg_color__hover=\u00bbnull\u00bb button_two_bg_color__hover_enabled=\u00bboff\u00bb button_two_bg_color__hover=\u00bbnull\u00bb]<\/p>\n<hr class=\"underline-style\" \/>[\/et_pb_fullwidth_header][\/et_pb_section][et_pb_section fb_built=\u00bb1&#8243; _builder_version=\u00bb4.16&#8243; global_colors_info=\u00bb{}\u00bb][et_pb_row column_structure=\u00bb1_2,1_2&#8243; _builder_version=\u00bb4.16&#8243; global_colors_info=\u00bb{}\u00bb][et_pb_column type=\u00bb1_2&#8243; _builder_version=\u00bb4.16&#8243; custom_padding=\u00bb|||\u00bb global_colors_info=\u00bb{}\u00bb custom_padding__hover=\u00bb|||\u00bb][et_pb_blurb title=\u00bb10 Noviembre 2023&#8243; use_icon=\u00bbon\u00bb font_icon=\u00bb&#xe023;||divi||400&#8243; icon_color=\u00bb#ff533d\u00bb icon_placement=\u00bbleft\u00bb image_icon_width=\u00bb23px\u00bb _builder_version=\u00bb4.22.1&#8243; header_font=\u00bb|600|||||||\u00bb header_text_color=\u00bb#ab987a\u00bb header_font_size=\u00bb21px\u00bb header_letter_spacing=\u00bb2px\u00bb custom_margin=\u00bb||10px|\u00bb custom_padding=\u00bb9px|||||\u00bb icon_font_size=\u00bb23px\u00bb global_colors_info=\u00bb{}\u00bb][\/et_pb_blurb][et_pb_blurb title=\u00bb20:00&#8243; use_icon=\u00bbon\u00bb font_icon=\u00bb&#x7d;||divi||400&#8243; icon_color=\u00bb#ff533d\u00bb icon_placement=\u00bbleft\u00bb image_icon_width=\u00bb23px\u00bb _builder_version=\u00bb4.22.1&#8243; header_font=\u00bb|600|||||||\u00bb header_text_color=\u00bb#ab987a\u00bb header_font_size=\u00bb21px\u00bb header_letter_spacing=\u00bb2px\u00bb custom_margin=\u00bb||10px|\u00bb custom_padding=\u00bb||2px|||\u00bb icon_font_size=\u00bb23px\u00bb global_colors_info=\u00bb{}\u00bb][\/et_pb_blurb][et_pb_text ul_item_indent=\u00bb35px\u00bb _builder_version=\u00bb4.22.1&#8243; text_line_height=\u00bb1.9em\u00bb link_text_color=\u00bb#3550a0&#8243; ul_line_height=\u00bb1.6em\u00bb header_3_font=\u00bb|700||on|||||\u00bb header_3_text_color=\u00bb#0f1626&#8243; header_3_font_size=\u00bb25px\u00bb header_3_line_height=\u00bb1.1em\u00bb header_4_font=\u00bbLato|700|||||||\u00bb header_4_text_color=\u00bb#3550a0&#8243; header_4_font_size=\u00bb16px\u00bb header_4_line_height=\u00bb1.5em\u00bb custom_margin=\u00bb|||\u00bb header_3_font_size_tablet=\u00bb\u00bb header_3_font_size_phone=\u00bb20px\u00bb header_3_font_size_last_edited=\u00bbon|phone\u00bb locked=\u00bboff\u00bb global_colors_info=\u00bb{}\u00bb]<\/p>\n<h3>NOVEMBER<\/h3>\n<ul>\n<li>Alejandro Sarmentero, piano<\/li>\n<li>Jonatan Blatty, guitarra y bandone\u00f3n<\/li>\n<li>S\u00e1ndor T\u00f6r\u00f6k, contrabajo<\/li>\n<li>Freddy Benitez, percusi\u00f3n<\/li>\n<\/ul>\n<p>Rosengarten, Dorfstrasse 75, 8805 Richterswil, Suiza<\/p>\n<p>[\/et_pb_text][\/et_pb_column][et_pb_column type=\u00bb1_2&#8243; _builder_version=\u00bb4.16&#8243; custom_padding=\u00bb|||\u00bb global_colors_info=\u00bb{}\u00bb custom_padding__hover=\u00bb|||\u00bb][\/et_pb_column][\/et_pb_row][et_pb_row column_structure=\u00bb1_2,1_2&#8243; _builder_version=\u00bb4.16&#8243; global_colors_info=\u00bb{}\u00bb][et_pb_column type=\u00bb1_2&#8243; _builder_version=\u00bb4.16&#8243; custom_padding=\u00bb|||\u00bb global_colors_info=\u00bb{}\u00bb custom_padding__hover=\u00bb|||\u00bb][et_pb_blurb title=\u00bb23 Junio 2023&#8243; use_icon=\u00bbon\u00bb font_icon=\u00bb&#xe023;||divi||400&#8243; icon_color=\u00bb#ff533d\u00bb icon_placement=\u00bbleft\u00bb image_icon_width=\u00bb23px\u00bb _builder_version=\u00bb4.22.1&#8243; header_font=\u00bb|600|||||||\u00bb header_text_color=\u00bb#ab987a\u00bb header_font_size=\u00bb21px\u00bb header_letter_spacing=\u00bb2px\u00bb custom_margin=\u00bb||10px|\u00bb custom_padding=\u00bb|||\u00bb icon_font_size=\u00bb23px\u00bb global_colors_info=\u00bb{}\u00bb][\/et_pb_blurb][et_pb_blurb title=\u00bb20:00&#8243; use_icon=\u00bbon\u00bb font_icon=\u00bb&#x7d;||divi||400&#8243; icon_color=\u00bb#ff533d\u00bb icon_placement=\u00bbleft\u00bb image_icon_width=\u00bb23px\u00bb _builder_version=\u00bb4.22.1&#8243; header_font=\u00bb|600|||||||\u00bb header_text_color=\u00bb#ab987a\u00bb header_font_size=\u00bb21px\u00bb header_letter_spacing=\u00bb2px\u00bb custom_margin=\u00bb||10px|\u00bb custom_padding=\u00bb||2px|||\u00bb icon_font_size=\u00bb23px\u00bb global_colors_info=\u00bb{}\u00bb][\/et_pb_blurb][et_pb_text ul_item_indent=\u00bb35px\u00bb _builder_version=\u00bb4.22.1&#8243; text_line_height=\u00bb1.9em\u00bb link_text_color=\u00bb#3550a0&#8243; ul_line_height=\u00bb1.6em\u00bb header_3_font=\u00bb|700||on|||||\u00bb header_3_text_color=\u00bb#0f1626&#8243; header_3_font_size=\u00bb25px\u00bb header_3_line_height=\u00bb1.1em\u00bb header_4_font=\u00bbLato|700|||||||\u00bb header_4_text_color=\u00bb#3550a0&#8243; header_4_font_size=\u00bb16px\u00bb header_4_line_height=\u00bb1.5em\u00bb custom_margin=\u00bb|||\u00bb header_3_font_size_tablet=\u00bb\u00bb header_3_font_size_phone=\u00bb20px\u00bb header_3_font_size_last_edited=\u00bbon|phone\u00bb locked=\u00bboff\u00bb global_colors_info=\u00bb{}\u00bb]<\/p>\n<h3>\u00a0tango y candombe<\/h3>\n<ul>\n<li>Ale S., piano<\/li>\n<li>Jonatan Blatty, guitarra y bandone\u00f3n<\/li>\n<li>S\u00e1ndor T\u00f6r\u00f6k, contrabajo<\/li>\n<\/ul>\n<p>Hotel Marina, Lachen, Suiza<\/p>\n<p>[\/et_pb_text][\/et_pb_column][et_pb_column type=\u00bb1_2&#8243; _builder_version=\u00bb4.16&#8243; custom_padding=\u00bb|||\u00bb global_colors_info=\u00bb{}\u00bb custom_padding__hover=\u00bb|||\u00bb][\/et_pb_column][\/et_pb_row][et_pb_row column_structure=\u00bb1_2,1_2&#8243; _builder_version=\u00bb4.16&#8243; global_colors_info=\u00bb{}\u00bb][et_pb_column type=\u00bb1_2&#8243; _builder_version=\u00bb4.16&#8243; custom_padding=\u00bb|||\u00bb global_colors_info=\u00bb{}\u00bb custom_padding__hover=\u00bb|||\u00bb][et_pb_blurb title=\u00bb1 Abril 2023&#8243; use_icon=\u00bbon\u00bb font_icon=\u00bb&#xe023;||divi||400&#8243; icon_color=\u00bb#ff533d\u00bb icon_placement=\u00bbleft\u00bb image_icon_width=\u00bb23px\u00bb _builder_version=\u00bb4.22.1&#8243; header_font=\u00bb|600|||||||\u00bb header_text_color=\u00bb#ab987a\u00bb header_font_size=\u00bb21px\u00bb header_letter_spacing=\u00bb2px\u00bb custom_margin=\u00bb||10px|\u00bb custom_padding=\u00bb|||\u00bb icon_font_size=\u00bb23px\u00bb global_colors_info=\u00bb{}\u00bb][\/et_pb_blurb][et_pb_blurb title=\u00bb20:30&#8243; use_icon=\u00bbon\u00bb font_icon=\u00bb&#x7d;||divi||400&#8243; icon_color=\u00bb#ff533d\u00bb icon_placement=\u00bbleft\u00bb image_icon_width=\u00bb23px\u00bb _builder_version=\u00bb4.22.1&#8243; header_font=\u00bb|600|||||||\u00bb header_text_color=\u00bb#ab987a\u00bb header_font_size=\u00bb21px\u00bb header_letter_spacing=\u00bb2px\u00bb custom_margin=\u00bb||10px|\u00bb custom_padding=\u00bb||2px|||\u00bb icon_font_size=\u00bb23px\u00bb global_colors_info=\u00bb{}\u00bb][\/et_pb_blurb][et_pb_text ul_item_indent=\u00bb35px\u00bb _builder_version=\u00bb4.22.1&#8243; text_line_height=\u00bb1.9em\u00bb link_text_color=\u00bb#3550a0&#8243; ul_line_height=\u00bb1.6em\u00bb header_3_font=\u00bb|700||on|||||\u00bb header_3_text_color=\u00bb#0f1626&#8243; header_3_font_size=\u00bb25px\u00bb header_3_line_height=\u00bb1.1em\u00bb header_4_font=\u00bbLato|700|||||||\u00bb header_4_text_color=\u00bb#3550a0&#8243; header_4_font_size=\u00bb16px\u00bb header_4_line_height=\u00bb1.5em\u00bb custom_margin=\u00bb|||\u00bb header_3_font_size_tablet=\u00bb\u00bb header_3_font_size_phone=\u00bb20px\u00bb header_3_font_size_last_edited=\u00bbon|phone\u00bb locked=\u00bboff\u00bb global_colors_info=\u00bb{}\u00bb]<\/p>\n<h3>A la deriva por azul<\/h3>\n<ul>\n<li>Ra\u00fal Medina, piano<\/li>\n<li>Carlos G\u00f3mez, guitarra<\/li>\n<li>Maxi Cl\u00e9rici, contrabajo<\/li>\n<li>Samuel Carabajal, percusi\u00f3n<\/li>\n<\/ul>\n<p>Teatro Espa\u00f1ol, Azul, Buenos Aires, Argentina<\/p>\n<p>[\/et_pb_text][\/et_pb_column][et_pb_column type=\u00bb1_2&#8243; _builder_version=\u00bb4.16&#8243; custom_padding=\u00bb|||\u00bb global_colors_info=\u00bb{}\u00bb custom_padding__hover=\u00bb|||\u00bb][\/et_pb_column][\/et_pb_row][et_pb_row column_structure=\u00bb1_2,1_2&#8243; _builder_version=\u00bb4.16&#8243; global_colors_info=\u00bb{}\u00bb][et_pb_column type=\u00bb1_2&#8243; _builder_version=\u00bb4.16&#8243; custom_padding=\u00bb|||\u00bb global_colors_info=\u00bb{}\u00bb custom_padding__hover=\u00bb|||\u00bb][et_pb_blurb title=\u00bb30 Marzo 2023&#8243; use_icon=\u00bbon\u00bb font_icon=\u00bb&#xe023;||divi||400&#8243; icon_color=\u00bb#ff533d\u00bb icon_placement=\u00bbleft\u00bb image_icon_width=\u00bb23px\u00bb _builder_version=\u00bb4.22.1&#8243; header_font=\u00bb|600|||||||\u00bb header_text_color=\u00bb#ab987a\u00bb header_font_size=\u00bb21px\u00bb header_letter_spacing=\u00bb2px\u00bb custom_margin=\u00bb||10px|\u00bb custom_padding=\u00bb|||\u00bb icon_font_size=\u00bb23px\u00bb global_colors_info=\u00bb{}\u00bb][\/et_pb_blurb][et_pb_blurb title=\u00bb20:30&#8243; use_icon=\u00bbon\u00bb font_icon=\u00bb&#x7d;||divi||400&#8243; icon_color=\u00bb#ff533d\u00bb icon_placement=\u00bbleft\u00bb image_icon_width=\u00bb23px\u00bb _builder_version=\u00bb4.22.1&#8243; header_font=\u00bb|600|||||||\u00bb header_text_color=\u00bb#ab987a\u00bb header_font_size=\u00bb21px\u00bb header_letter_spacing=\u00bb2px\u00bb custom_margin=\u00bb||10px|\u00bb custom_padding=\u00bb||2px|||\u00bb icon_font_size=\u00bb23px\u00bb global_colors_info=\u00bb{}\u00bb][\/et_pb_blurb][et_pb_text ul_item_indent=\u00bb35px\u00bb _builder_version=\u00bb4.22.1&#8243; text_line_height=\u00bb1.9em\u00bb link_text_color=\u00bb#3550a0&#8243; ul_line_height=\u00bb1.6em\u00bb header_3_font=\u00bb|700||on|||||\u00bb header_3_text_color=\u00bb#0f1626&#8243; header_3_font_size=\u00bb25px\u00bb header_3_line_height=\u00bb1.1em\u00bb header_4_font=\u00bbLato|700|||||||\u00bb header_4_text_color=\u00bb#3550a0&#8243; header_4_font_size=\u00bb16px\u00bb header_4_line_height=\u00bb1.5em\u00bb custom_margin=\u00bb|||\u00bb header_3_font_size_tablet=\u00bb\u00bb header_3_font_size_phone=\u00bb20px\u00bb header_3_font_size_last_edited=\u00bbon|phone\u00bb locked=\u00bboff\u00bb global_colors_info=\u00bb{}\u00bb]<\/p>\n<h3>A la deriva por la Plata<\/h3>\n<ul>\n<li>Ra\u00fal Medina, piano<\/li>\n<li>Carlos G\u00f3mez, guitarra<\/li>\n<li>Maxi Cl\u00e9rici, contrabajo<\/li>\n<\/ul>\n<p>Teatro Pasaje Dardo Rocha \u2013 La Plata, Argentina<\/p>\n<p>[\/et_pb_text][\/et_pb_column][et_pb_column type=\u00bb1_2&#8243; _builder_version=\u00bb4.16&#8243; custom_padding=\u00bb|||\u00bb global_colors_info=\u00bb{}\u00bb custom_padding__hover=\u00bb|||\u00bb][\/et_pb_column][\/et_pb_row][et_pb_row column_structure=\u00bb1_2,1_2&#8243; _builder_version=\u00bb4.16&#8243; global_colors_info=\u00bb{}\u00bb][et_pb_column type=\u00bb1_2&#8243; _builder_version=\u00bb4.16&#8243; custom_padding=\u00bb|||\u00bb global_colors_info=\u00bb{}\u00bb custom_padding__hover=\u00bb|||\u00bb][et_pb_blurb title=\u00bb29 Marzo 2023&#8243; use_icon=\u00bbon\u00bb font_icon=\u00bb&#xe023;||divi||400&#8243; icon_color=\u00bb#ff533d\u00bb icon_placement=\u00bbleft\u00bb image_icon_width=\u00bb23px\u00bb _builder_version=\u00bb4.22.1&#8243; header_font=\u00bb|600|||||||\u00bb header_text_color=\u00bb#ab987a\u00bb header_font_size=\u00bb21px\u00bb header_letter_spacing=\u00bb2px\u00bb custom_margin=\u00bb||10px|\u00bb custom_padding=\u00bb|||\u00bb icon_font_size=\u00bb23px\u00bb global_colors_info=\u00bb{}\u00bb][\/et_pb_blurb][et_pb_blurb title=\u00bb20:30&#8243; use_icon=\u00bbon\u00bb font_icon=\u00bb&#x7d;||divi||400&#8243; icon_color=\u00bb#ff533d\u00bb icon_placement=\u00bbleft\u00bb image_icon_width=\u00bb23px\u00bb _builder_version=\u00bb4.22.1&#8243; header_font=\u00bb|600|||||||\u00bb header_text_color=\u00bb#ab987a\u00bb header_font_size=\u00bb21px\u00bb header_letter_spacing=\u00bb2px\u00bb custom_margin=\u00bb||10px|\u00bb custom_padding=\u00bb||2px|||\u00bb icon_font_size=\u00bb23px\u00bb global_colors_info=\u00bb{}\u00bb][\/et_pb_blurb][et_pb_text ul_item_indent=\u00bb35px\u00bb _builder_version=\u00bb4.22.1&#8243; text_line_height=\u00bb1.9em\u00bb link_text_color=\u00bb#3550a0&#8243; ul_line_height=\u00bb1.6em\u00bb header_3_font=\u00bb|700||on|||||\u00bb header_3_text_color=\u00bb#0f1626&#8243; header_3_font_size=\u00bb25px\u00bb header_3_line_height=\u00bb1.1em\u00bb header_4_font=\u00bbLato|700|||||||\u00bb header_4_text_color=\u00bb#3550a0&#8243; header_4_font_size=\u00bb16px\u00bb header_4_line_height=\u00bb1.5em\u00bb custom_margin=\u00bb|||\u00bb header_3_font_size_tablet=\u00bb\u00bb header_3_font_size_phone=\u00bb20px\u00bb header_3_font_size_last_edited=\u00bbon|phone\u00bb locked=\u00bboff\u00bb global_colors_info=\u00bb{}\u00bb]<\/p>\n<h3>A la deriva por el Sarmiento<\/h3>\n<ul>\n<li>Ra\u00fal Medina, piano<\/li>\n<li>Carlos G\u00f3mez, guitarra<\/li>\n<li>Maxi Cl\u00e9rici, contrabajo<\/li>\n<\/ul>\n<p>Museo Hist\u00f3rico Sarmiento, \u00a0Buenos Aires capital, Argentina<\/p>\n<p>[\/et_pb_text][\/et_pb_column][et_pb_column type=\u00bb1_2&#8243; _builder_version=\u00bb4.16&#8243; custom_padding=\u00bb|||\u00bb global_colors_info=\u00bb{}\u00bb custom_padding__hover=\u00bb|||\u00bb][\/et_pb_column][\/et_pb_row][et_pb_row column_structure=\u00bb1_2,1_2&#8243; _builder_version=\u00bb4.16&#8243; global_colors_info=\u00bb{}\u00bb][et_pb_column type=\u00bb1_2&#8243; _builder_version=\u00bb4.16&#8243; custom_padding=\u00bb|||\u00bb global_colors_info=\u00bb{}\u00bb custom_padding__hover=\u00bb|||\u00bb][et_pb_blurb title=\u00bb19 Marzo 2023&#8243; use_icon=\u00bbon\u00bb font_icon=\u00bb&#xe023;||divi||400&#8243; icon_color=\u00bb#ff533d\u00bb icon_placement=\u00bbleft\u00bb image_icon_width=\u00bb23px\u00bb _builder_version=\u00bb4.22.1&#8243; header_font=\u00bb|600|||||||\u00bb header_text_color=\u00bb#ab987a\u00bb header_font_size=\u00bb21px\u00bb header_letter_spacing=\u00bb2px\u00bb custom_margin=\u00bb||10px|\u00bb custom_padding=\u00bb|||\u00bb icon_font_size=\u00bb23px\u00bb global_colors_info=\u00bb{}\u00bb][\/et_pb_blurb][et_pb_blurb title=\u00bb20:30&#8243; use_icon=\u00bbon\u00bb font_icon=\u00bb&#x7d;||divi||400&#8243; icon_color=\u00bb#ff533d\u00bb icon_placement=\u00bbleft\u00bb image_icon_width=\u00bb23px\u00bb _builder_version=\u00bb4.22.1&#8243; header_font=\u00bb|600|||||||\u00bb header_text_color=\u00bb#ab987a\u00bb header_font_size=\u00bb21px\u00bb header_letter_spacing=\u00bb2px\u00bb custom_margin=\u00bb||10px|\u00bb custom_padding=\u00bb||2px|||\u00bb icon_font_size=\u00bb23px\u00bb global_colors_info=\u00bb{}\u00bb][\/et_pb_blurb][et_pb_text ul_item_indent=\u00bb35px\u00bb _builder_version=\u00bb4.22.1&#8243; text_line_height=\u00bb1.9em\u00bb link_text_color=\u00bb#3550a0&#8243; ul_line_height=\u00bb1.6em\u00bb header_3_font=\u00bb|700||on|||||\u00bb header_3_text_color=\u00bb#0f1626&#8243; header_3_font_size=\u00bb25px\u00bb header_3_line_height=\u00bb1.1em\u00bb header_4_font=\u00bbLato|700|||||||\u00bb header_4_text_color=\u00bb#3550a0&#8243; header_4_font_size=\u00bb16px\u00bb header_4_line_height=\u00bb1.5em\u00bb custom_margin=\u00bb|||\u00bb header_3_font_size_tablet=\u00bb\u00bb header_3_font_size_phone=\u00bb20px\u00bb header_3_font_size_last_edited=\u00bbon|phone\u00bb locked=\u00bboff\u00bb global_colors_info=\u00bb{}\u00bb]<\/p>\n<h3>A la deriva por Montevideo<\/h3>\n<ul>\n<li>Ra\u00fal Medina, piano<\/li>\n<li>Carlos G\u00f3mez, guitarra<\/li>\n<li>Maxi Cl\u00e9rici, contrabajo<\/li>\n<li>Enrique Guzm\u00e1n, percusi\u00f3n<\/li>\n<\/ul>\n<p>Ateneo de Montevideo, Uruguay<\/p>\n<p>[\/et_pb_text][\/et_pb_column][et_pb_column type=\u00bb1_2&#8243; _builder_version=\u00bb4.16&#8243; custom_padding=\u00bb|||\u00bb global_colors_info=\u00bb{}\u00bb custom_padding__hover=\u00bb|||\u00bb][\/et_pb_column][\/et_pb_row][et_pb_row _builder_version=\u00bb4.9.7&#8243; min_height=\u00bb33px\u00bb custom_margin=\u00bb|auto||228px||\u00bb custom_padding=\u00bb40px||0px|\u00bb global_module=\u00bb33961&#8243; saved_tabs=\u00bball\u00bb global_colors_info=\u00bb{}\u00bb][et_pb_column type=\u00bb4_4&#8243; _builder_version=\u00bb4.16&#8243; custom_padding=\u00bb|||\u00bb global_colors_info=\u00bb{}\u00bb custom_padding__hover=\u00bb|||\u00bb][et_pb_text admin_label=\u00bbText\u00bb _builder_version=\u00bb4.16&#8243; text_font=\u00bb|600|||||||\u00bb text_text_color=\u00bb#ff533d\u00bb text_font_size=\u00bb20px\u00bb global_colors_info=\u00bb{}\u00bb][\/et_pb_text][\/et_pb_column][\/et_pb_row][et_pb_row column_structure=\u00bb1_2,1_2&#8243; _builder_version=\u00bb4.16&#8243; global_colors_info=\u00bb{}\u00bb][et_pb_column type=\u00bb1_2&#8243; _builder_version=\u00bb4.16&#8243; custom_padding=\u00bb|||\u00bb global_colors_info=\u00bb{}\u00bb custom_padding__hover=\u00bb|||\u00bb][et_pb_blurb title=\u00bb13 &#8211; 17 Marzo 2023&#8243; use_icon=\u00bbon\u00bb font_icon=\u00bb&#xe023;||divi||400&#8243; icon_color=\u00bb#ff533d\u00bb icon_placement=\u00bbleft\u00bb image_icon_width=\u00bb23px\u00bb _builder_version=\u00bb4.22.1&#8243; header_font=\u00bb|600|||||||\u00bb header_text_color=\u00bb#ab987a\u00bb header_font_size=\u00bb21px\u00bb header_letter_spacing=\u00bb2px\u00bb custom_margin=\u00bb||10px|\u00bb custom_padding=\u00bb|||\u00bb icon_font_size=\u00bb23px\u00bb global_colors_info=\u00bb{}\u00bb][\/et_pb_blurb][et_pb_text ul_item_indent=\u00bb35px\u00bb _builder_version=\u00bb4.16&#8243; text_line_height=\u00bb1.9em\u00bb link_text_color=\u00bb#3550a0&#8243; ul_line_height=\u00bb1.6em\u00bb header_3_font=\u00bb|700||on|||||\u00bb header_3_text_color=\u00bb#0f1626&#8243; header_3_font_size=\u00bb25px\u00bb header_3_line_height=\u00bb1.1em\u00bb header_4_font=\u00bbLato|700|||||||\u00bb header_4_text_color=\u00bb#3550a0&#8243; header_4_font_size=\u00bb16px\u00bb header_4_line_height=\u00bb1.5em\u00bb custom_margin=\u00bb|||\u00bb header_3_font_size_tablet=\u00bb\u00bb header_3_font_size_phone=\u00bb20px\u00bb header_3_font_size_last_edited=\u00bbon|phone\u00bb locked=\u00bboff\u00bb global_colors_info=\u00bb{}\u00bb]<\/p>\n<h3>album \u00abPiruetas\u00bb<\/h3>\n<p>Grabaci\u00f3n del nuevo \u00e1lbum PIRUETAS bajo la direcci\u00f3n del maestro Ra\u00fal Medina junto a<\/p>\n<ul>\n<li>Carlos G\u00f3mez, guitarra<\/li>\n<li>Maxi Cl\u00e9rici, contrabajo<\/li>\n<li>Enrique Guzm\u00e1n, percusi\u00f3n<\/li>\n<li>Samuel Carabajal, bombo leg\u00fcero<\/li>\n<li>Juan Rodr\u00edguez, cello<\/li>\n<li>Mat\u00edas Craciun, viol\u00edn \u00a0<\/li>\n<\/ul>\n<p>Estudios Sondor de Montevideo, Uruguay<\/p>\n<p>[\/et_pb_text][\/et_pb_column][et_pb_column type=\u00bb1_2&#8243; _builder_version=\u00bb4.16&#8243; custom_padding=\u00bb|||\u00bb global_colors_info=\u00bb{}\u00bb custom_padding__hover=\u00bb|||\u00bb][\/et_pb_column][\/et_pb_row][et_pb_row _builder_version=\u00bb4.9.7&#8243; min_height=\u00bb33px\u00bb custom_margin=\u00bb|auto||228px||\u00bb custom_padding=\u00bb40px||0px|\u00bb global_module=\u00bb33961&#8243; saved_tabs=\u00bball\u00bb global_colors_info=\u00bb{}\u00bb][et_pb_column type=\u00bb4_4&#8243; _builder_version=\u00bb4.16&#8243; custom_padding=\u00bb|||\u00bb global_colors_info=\u00bb{}\u00bb custom_padding__hover=\u00bb|||\u00bb][et_pb_text admin_label=\u00bbText\u00bb _builder_version=\u00bb4.16&#8243; text_font=\u00bb|600|||||||\u00bb text_text_color=\u00bb#ff533d\u00bb text_font_size=\u00bb20px\u00bb global_colors_info=\u00bb{}\u00bb][\/et_pb_text][\/et_pb_column][\/et_pb_row][et_pb_row column_structure=\u00bb1_2,1_2&#8243; _builder_version=\u00bb4.22.1&#8243; global_colors_info=\u00bb{}\u00bb][et_pb_column type=\u00bb1_2&#8243; _builder_version=\u00bb4.16&#8243; custom_padding=\u00bb|||\u00bb global_colors_info=\u00bb{}\u00bb custom_padding__hover=\u00bb|||\u00bb][et_pb_blurb title=\u00bb10 + 11 Marzo 2023&#8243; use_icon=\u00bbon\u00bb font_icon=\u00bb&#xe023;||divi||400&#8243; icon_color=\u00bb#ff533d\u00bb icon_placement=\u00bbleft\u00bb image_icon_width=\u00bb23px\u00bb _builder_version=\u00bb4.22.1&#8243; header_font=\u00bb|600|||||||\u00bb header_text_color=\u00bb#ab987a\u00bb header_font_size=\u00bb21px\u00bb header_letter_spacing=\u00bb2px\u00bb custom_margin=\u00bb||10px|\u00bb custom_padding=\u00bb|||\u00bb icon_font_size=\u00bb23px\u00bb global_colors_info=\u00bb{}\u00bb][\/et_pb_blurb][et_pb_blurb title=\u00bb21:00&#8243; use_icon=\u00bbon\u00bb font_icon=\u00bb&#x7d;||divi||400&#8243; icon_color=\u00bb#ff533d\u00bb icon_placement=\u00bbleft\u00bb image_icon_width=\u00bb23px\u00bb _builder_version=\u00bb4.22.1&#8243; header_font=\u00bb|600|||||||\u00bb header_text_color=\u00bb#ab987a\u00bb header_font_size=\u00bb21px\u00bb header_letter_spacing=\u00bb2px\u00bb custom_margin=\u00bb||10px|\u00bb custom_padding=\u00bb||2px|||\u00bb icon_font_size=\u00bb23px\u00bb global_colors_info=\u00bb{}\u00bb][\/et_pb_blurb][et_pb_text ul_item_indent=\u00bb35px\u00bb _builder_version=\u00bb4.16&#8243; text_line_height=\u00bb1.9em\u00bb link_text_color=\u00bb#3550a0&#8243; ul_line_height=\u00bb1.6em\u00bb header_3_font=\u00bb|700||on|||||\u00bb header_3_text_color=\u00bb#0f1626&#8243; header_3_font_size=\u00bb25px\u00bb header_3_line_height=\u00bb1.1em\u00bb header_4_font=\u00bbLato|700|||||||\u00bb header_4_text_color=\u00bb#3550a0&#8243; header_4_font_size=\u00bb16px\u00bb header_4_line_height=\u00bb1.5em\u00bb custom_margin=\u00bb|||\u00bb header_3_font_size_tablet=\u00bb\u00bb header_3_font_size_phone=\u00bb20px\u00bb header_3_font_size_last_edited=\u00bbon|phone\u00bb locked=\u00bboff\u00bb global_colors_info=\u00bb{}\u00bb]<\/p>\n<h3>Esperanza de Arpas &#8211; Festival Internacional de Arpas\u00a0<\/h3>\n<p>Teatro Dante Allighieri, Esperanza, Santa F\u00e9, Argentina<\/p>\n<p>[\/et_pb_text][\/et_pb_column][et_pb_column type=\u00bb1_2&#8243; _builder_version=\u00bb4.16&#8243; custom_padding=\u00bb|||\u00bb global_colors_info=\u00bb{}\u00bb custom_padding__hover=\u00bb|||\u00bb][\/et_pb_column][\/et_pb_row][et_pb_row _builder_version=\u00bb4.9.7&#8243; min_height=\u00bb33px\u00bb custom_margin=\u00bb|auto||228px||\u00bb custom_padding=\u00bb40px||0px|\u00bb global_module=\u00bb33961&#8243; saved_tabs=\u00bball\u00bb global_colors_info=\u00bb{}\u00bb][et_pb_column type=\u00bb4_4&#8243; _builder_version=\u00bb4.16&#8243; custom_padding=\u00bb|||\u00bb global_colors_info=\u00bb{}\u00bb custom_padding__hover=\u00bb|||\u00bb][et_pb_text admin_label=\u00bbText\u00bb _builder_version=\u00bb4.16&#8243; text_font=\u00bb|600|||||||\u00bb text_text_color=\u00bb#ff533d\u00bb text_font_size=\u00bb20px\u00bb global_colors_info=\u00bb{}\u00bb][\/et_pb_text][\/et_pb_column][\/et_pb_row][et_pb_row column_structure=\u00bb1_2,1_2&#8243; _builder_version=\u00bb4.16&#8243; global_colors_info=\u00bb{}\u00bb][et_pb_column type=\u00bb1_2&#8243; _builder_version=\u00bb4.16&#8243; custom_padding=\u00bb|||\u00bb global_colors_info=\u00bb{}\u00bb custom_padding__hover=\u00bb|||\u00bb][et_pb_blurb title=\u00bb2 -5 Marzo 2023&#8243; use_icon=\u00bbon\u00bb font_icon=\u00bb&#xe023;||divi||400&#8243; icon_color=\u00bb#ff533d\u00bb icon_placement=\u00bbleft\u00bb image_icon_width=\u00bb23px\u00bb _builder_version=\u00bb4.22.1&#8243; header_font=\u00bb|600|||||||\u00bb header_text_color=\u00bb#ab987a\u00bb header_font_size=\u00bb21px\u00bb header_letter_spacing=\u00bb2px\u00bb custom_margin=\u00bb||10px|\u00bb custom_padding=\u00bb|||\u00bb icon_font_size=\u00bb23px\u00bb global_colors_info=\u00bb{}\u00bb][\/et_pb_blurb][et_pb_text ul_item_indent=\u00bb35px\u00bb _builder_version=\u00bb4.22.1&#8243; text_line_height=\u00bb1.9em\u00bb link_text_color=\u00bb#3550a0&#8243; ul_line_height=\u00bb1.6em\u00bb header_3_font=\u00bb|700||on|||||\u00bb header_3_text_color=\u00bb#0f1626&#8243; header_3_font_size=\u00bb25px\u00bb header_3_line_height=\u00bb1.1em\u00bb header_4_font=\u00bbLato|700|||||||\u00bb header_4_text_color=\u00bb#3550a0&#8243; header_4_font_size=\u00bb16px\u00bb header_4_line_height=\u00bb1.5em\u00bb custom_margin=\u00bb|||\u00bb header_3_font_size_tablet=\u00bb\u00bb header_3_font_size_phone=\u00bb20px\u00bb header_3_font_size_last_edited=\u00bbon|phone\u00bb locked=\u00bboff\u00bb global_colors_info=\u00bb{}\u00bb]<\/p>\n<h3>Arte y Moda Uruguay Fashion 2023<\/h3>\n<p>&nbsp;<\/p>\n<p>2.3.2023: Casa de Artigas (SAUCE)<\/p>\n<p>3.3.2023: Teatro de Artigas (CARDONA)<\/p>\n<p>4.3. 2023: Hotel Argentino, (PIRIAPOLIS)<\/p>\n<p>5.3.2023: \u00a0Tio Tom Arenas (PORTEZUELO)<\/p>\n<p>[\/et_pb_text][\/et_pb_column][et_pb_column type=\u00bb1_2&#8243; _builder_version=\u00bb4.16&#8243; custom_padding=\u00bb|||\u00bb global_colors_info=\u00bb{}\u00bb custom_padding__hover=\u00bb|||\u00bb][\/et_pb_column][\/et_pb_row][et_pb_row _builder_version=\u00bb4.9.7&#8243; min_height=\u00bb33px\u00bb custom_margin=\u00bb|auto||228px||\u00bb custom_padding=\u00bb40px||0px|\u00bb global_module=\u00bb33961&#8243; saved_tabs=\u00bball\u00bb global_colors_info=\u00bb{}\u00bb][et_pb_column type=\u00bb4_4&#8243; _builder_version=\u00bb4.16&#8243; custom_padding=\u00bb|||\u00bb global_colors_info=\u00bb{}\u00bb custom_padding__hover=\u00bb|||\u00bb][et_pb_text admin_label=\u00bbText\u00bb _builder_version=\u00bb4.16&#8243; text_font=\u00bb|600|||||||\u00bb text_text_color=\u00bb#ff533d\u00bb text_font_size=\u00bb20px\u00bb global_colors_info=\u00bb{}\u00bb][\/et_pb_text][\/et_pb_column][\/et_pb_row][et_pb_row _builder_version=\u00bb4.9.7&#8243; min_height=\u00bb33px\u00bb custom_margin=\u00bb|auto||228px||\u00bb custom_padding=\u00bb40px||0px|\u00bb global_module=\u00bb33961&#8243; saved_tabs=\u00bball\u00bb global_colors_info=\u00bb{}\u00bb][et_pb_column type=\u00bb4_4&#8243; _builder_version=\u00bb4.16&#8243; custom_padding=\u00bb|||\u00bb global_colors_info=\u00bb{}\u00bb custom_padding__hover=\u00bb|||\u00bb][et_pb_text admin_label=\u00bbText\u00bb _builder_version=\u00bb4.16&#8243; text_font=\u00bb|600|||||||\u00bb text_text_color=\u00bb#ff533d\u00bb text_font_size=\u00bb20px\u00bb global_colors_info=\u00bb{}\u00bb][\/et_pb_text][\/et_pb_column][\/et_pb_row][et_pb_row _builder_version=\u00bb4.9.7&#8243; min_height=\u00bb33px\u00bb custom_margin=\u00bb|auto||228px||\u00bb custom_padding=\u00bb40px||0px|\u00bb global_module=\u00bb33961&#8243; saved_tabs=\u00bball\u00bb global_colors_info=\u00bb{}\u00bb][et_pb_column type=\u00bb4_4&#8243; _builder_version=\u00bb4.16&#8243; custom_padding=\u00bb|||\u00bb global_colors_info=\u00bb{}\u00bb custom_padding__hover=\u00bb|||\u00bb][et_pb_text admin_label=\u00bbText\u00bb _builder_version=\u00bb4.16&#8243; text_font=\u00bb|600|||||||\u00bb text_text_color=\u00bb#ff533d\u00bb text_font_size=\u00bb20px\u00bb global_colors_info=\u00bb{}\u00bb][\/et_pb_text][\/et_pb_column][\/et_pb_row][\/et_pb_section][et_pb_section fb_built=\u00bb1&#8243; disabled_on=\u00bboff|off|off\u00bb admin_label=\u00bbFollow Along\u00bb _builder_version=\u00bb3.11.1&#8243; background_color=\u00bb#0f1626&#8243; background_position=\u00bbcenter_right\u00bb custom_padding=\u00bb0||0||false|false\u00bb top_divider_height=\u00bb43px\u00bb global_module=\u00bb33206&#8243; saved_tabs=\u00bball\u00bb global_colors_info=\u00bb{}\u00bb][\/et_pb_section]<\/p>\n","protected":false},"excerpt":{"rendered":"<p>NOVEMBER Alejandro Sarmentero, piano Jonatan Blatty, guitarra y bandone\u00f3n S\u00e1ndor T\u00f6r\u00f6k, contrabajo Freddy Benitez, percusi\u00f3n Rosengarten, Dorfstrasse 75, 8805 Richterswil, Suiza\u00a0tango y candombe Ale S., piano Jonatan Blatty, guitarra y bandone\u00f3n S\u00e1ndor T\u00f6r\u00f6k, contrabajo Hotel Marina, Lachen, SuizaA la deriva por azul Ra\u00fal Medina, piano Carlos G\u00f3mez, guitarra Maxi Cl\u00e9rici, contrabajo Samuel Carabajal, percusi\u00f3n Teatro [&hellip;]<\/p>\n","protected":false},"author":4,"featured_media":0,"parent":0,"menu_order":0,"comment_status":"closed","ping_status":"closed","template":"","meta":{"_et_pb_use_builder":"on","_et_pb_old_content":"","_et_gb_content_width":"","footnotes":""},"yoast_head":"<!-- This site is optimized with the Yoast SEO plugin v21.2 - https:\/\/yoast.com\/wordpress\/plugins\/seo\/ -->\n<title>2023 Eventos - Marisol Redondo- Singer<\/title>\n<meta name=\"robots\" content=\"index, follow, max-snippet:-1, max-image-preview:large, max-video-preview:-1\" \/>\n<link rel=\"canonical\" href=\"https:\/\/www.marisolredondo.com\/2023-events\/\" \/>\n<meta property=\"og:locale\" content=\"es_ES\" \/>\n<meta property=\"og:type\" content=\"article\" \/>\n<meta property=\"og:title\" content=\"2023 Eventos - Marisol Redondo- Singer\" \/>\n<meta property=\"og:description\" content=\"NOVEMBER Alejandro Sarmentero, piano Jonatan Blatty, guitarra y bandone\u00f3n S\u00e1ndor T\u00f6r\u00f6k, contrabajo Freddy Benitez, percusi\u00f3n Rosengarten, Dorfstrasse 75, 8805 Richterswil, Suiza\u00a0tango y candombe Ale S., piano Jonatan Blatty, guitarra y bandone\u00f3n S\u00e1ndor T\u00f6r\u00f6k, contrabajo Hotel Marina, Lachen, SuizaA la deriva por azul Ra\u00fal Medina, piano Carlos G\u00f3mez, guitarra Maxi Cl\u00e9rici, contrabajo Samuel Carabajal, percusi\u00f3n Teatro [&hellip;]\" \/>\n<meta property=\"og:url\" content=\"https:\/\/www.marisolredondo.com\/2023-events\/\" \/>\n<meta property=\"og:site_name\" content=\"Marisol Redondo- Singer\" \/>\n<meta property=\"article:modified_time\" content=\"2023-11-03T17:06:57+00:00\" \/>\n<meta name=\"twitter:card\" content=\"summary_large_image\" \/>\n<meta name=\"twitter:label1\" content=\"Tiempo de lectura\" \/>\n\t<meta name=\"twitter:data1\" content=\"15 minutos\" \/>\n<script type=\"application\/ld+json\" class=\"yoast-schema-graph\">{\"@context\":\"https:\/\/schema.org\",\"@graph\":[{\"@type\":\"WebPage\",\"@id\":\"https:\/\/www.marisolredondo.com\/2023-events\/\",\"url\":\"https:\/\/www.marisolredondo.com\/2023-events\/\",\"name\":\"2023 Eventos - Marisol Redondo- Singer\",\"isPartOf\":{\"@id\":\"https:\/\/www.marisolredondo.com\/#website\"},\"datePublished\":\"2023-10-20T12:41:28+00:00\",\"dateModified\":\"2023-11-03T17:06:57+00:00\",\"breadcrumb\":{\"@id\":\"https:\/\/www.marisolredondo.com\/2023-events\/#breadcrumb\"},\"inLanguage\":\"es\",\"potentialAction\":[{\"@type\":\"ReadAction\",\"target\":[\"https:\/\/www.marisolredondo.com\/2023-events\/\"]}]},{\"@type\":\"BreadcrumbList\",\"@id\":\"https:\/\/www.marisolredondo.com\/2023-events\/#breadcrumb\",\"itemListElement\":[{\"@type\":\"ListItem\",\"position\":1,\"name\":\"Home\",\"item\":\"https:\/\/www.marisolredondo.com\/\"},{\"@type\":\"ListItem\",\"position\":2,\"name\":\"2023 Eventos\"}]},{\"@type\":\"WebSite\",\"@id\":\"https:\/\/www.marisolredondo.com\/#website\",\"url\":\"https:\/\/www.marisolredondo.com\/\",\"name\":\"Marisol Redondo\",\"description\":\"\",\"publisher\":{\"@id\":\"https:\/\/www.marisolredondo.com\/#\/schema\/person\/a7f4167392c64b100109903e48fe3898\"},\"potentialAction\":[{\"@type\":\"SearchAction\",\"target\":{\"@type\":\"EntryPoint\",\"urlTemplate\":\"https:\/\/www.marisolredondo.com\/?s={search_term_string}\"},\"query-input\":\"required name=search_term_string\"}],\"inLanguage\":\"es\"},{\"@type\":[\"Person\",\"Organization\"],\"@id\":\"https:\/\/www.marisolredondo.com\/#\/schema\/person\/a7f4167392c64b100109903e48fe3898\",\"name\":\"mredondo\",\"image\":{\"@type\":\"ImageObject\",\"inLanguage\":\"es\",\"@id\":\"https:\/\/www.marisolredondo.com\/#\/schema\/person\/image\/\",\"url\":\"https:\/\/secure.gravatar.com\/avatar\/0017f9752f1432e3e718b813e3e35442?s=96&d=mm&r=g\",\"contentUrl\":\"https:\/\/secure.gravatar.com\/avatar\/0017f9752f1432e3e718b813e3e35442?s=96&d=mm&r=g\",\"caption\":\"mredondo\"},\"logo\":{\"@id\":\"https:\/\/www.marisolredondo.com\/#\/schema\/person\/image\/\"}}]}<\/script>\n<!-- \/ Yoast SEO plugin. -->","yoast_head_json":{"title":"2023 Eventos - Marisol Redondo- Singer","robots":{"index":"index","follow":"follow","max-snippet":"max-snippet:-1","max-image-preview":"max-image-preview:large","max-video-preview":"max-video-preview:-1"},"canonical":"https:\/\/www.marisolredondo.com\/2023-events\/","og_locale":"es_ES","og_type":"article","og_title":"2023 Eventos - Marisol Redondo- Singer","og_description":"NOVEMBER Alejandro Sarmentero, piano Jonatan Blatty, guitarra y bandone\u00f3n S\u00e1ndor T\u00f6r\u00f6k, contrabajo Freddy Benitez, percusi\u00f3n Rosengarten, Dorfstrasse 75, 8805 Richterswil, Suiza\u00a0tango y candombe Ale S., piano Jonatan Blatty, guitarra y bandone\u00f3n S\u00e1ndor T\u00f6r\u00f6k, contrabajo Hotel Marina, Lachen, SuizaA la deriva por azul Ra\u00fal Medina, piano Carlos G\u00f3mez, guitarra Maxi Cl\u00e9rici, contrabajo Samuel Carabajal, percusi\u00f3n Teatro [&hellip;]","og_url":"https:\/\/www.marisolredondo.com\/2023-events\/","og_site_name":"Marisol Redondo- Singer","article_modified_time":"2023-11-03T17:06:57+00:00","twitter_card":"summary_large_image","twitter_misc":{"Tiempo de lectura":"15 minutos"},"schema":{"@context":"https:\/\/schema.org","@graph":[{"@type":"WebPage","@id":"https:\/\/www.marisolredondo.com\/2023-events\/","url":"https:\/\/www.marisolredondo.com\/2023-events\/","name":"2023 Eventos - Marisol Redondo- Singer","isPartOf":{"@id":"https:\/\/www.marisolredondo.com\/#website"},"datePublished":"2023-10-20T12:41:28+00:00","dateModified":"2023-11-03T17:06:57+00:00","breadcrumb":{"@id":"https:\/\/www.marisolredondo.com\/2023-events\/#breadcrumb"},"inLanguage":"es","potentialAction":[{"@type":"ReadAction","target":["https:\/\/www.marisolredondo.com\/2023-events\/"]}]},{"@type":"BreadcrumbList","@id":"https:\/\/www.marisolredondo.com\/2023-events\/#breadcrumb","itemListElement":[{"@type":"ListItem","position":1,"name":"Home","item":"https:\/\/www.marisolredondo.com\/"},{"@type":"ListItem","position":2,"name":"2023 Eventos"}]},{"@type":"WebSite","@id":"https:\/\/www.marisolredondo.com\/#website","url":"https:\/\/www.marisolredondo.com\/","name":"Marisol Redondo","description":"","publisher":{"@id":"https:\/\/www.marisolredondo.com\/#\/schema\/person\/a7f4167392c64b100109903e48fe3898"},"potentialAction":[{"@type":"SearchAction","target":{"@type":"EntryPoint","urlTemplate":"https:\/\/www.marisolredondo.com\/?s={search_term_string}"},"query-input":"required name=search_term_string"}],"inLanguage":"es"},{"@type":["Person","Organization"],"@id":"https:\/\/www.marisolredondo.com\/#\/schema\/person\/a7f4167392c64b100109903e48fe3898","name":"mredondo","image":{"@type":"ImageObject","inLanguage":"es","@id":"https:\/\/www.marisolredondo.com\/#\/schema\/person\/image\/","url":"https:\/\/secure.gravatar.com\/avatar\/0017f9752f1432e3e718b813e3e35442?s=96&d=mm&r=g","contentUrl":"https:\/\/secure.gravatar.com\/avatar\/0017f9752f1432e3e718b813e3e35442?s=96&d=mm&r=g","caption":"mredondo"},"logo":{"@id":"https:\/\/www.marisolredondo.com\/#\/schema\/person\/image\/"}}]}},"_links":{"self":[{"href":"https:\/\/www.marisolredondo.com\/es\/wp-json\/wp\/v2\/pages\/36145"}],"collection":[{"href":"https:\/\/www.marisolredondo.com\/es\/wp-json\/wp\/v2\/pages"}],"about":[{"href":"https:\/\/www.marisolredondo.com\/es\/wp-json\/wp\/v2\/types\/page"}],"author":[{"embeddable":true,"href":"https:\/\/www.marisolredondo.com\/es\/wp-json\/wp\/v2\/users\/4"}],"replies":[{"embeddable":true,"href":"https:\/\/www.marisolredondo.com\/es\/wp-json\/wp\/v2\/comments?post=36145"}],"version-history":[{"count":29,"href":"https:\/\/www.marisolredondo.com\/es\/wp-json\/wp\/v2\/pages\/36145\/revisions"}],"predecessor-version":[{"id":36259,"href":"https:\/\/www.marisolredondo.com\/es\/wp-json\/wp\/v2\/pages\/36145\/revisions\/36259"}],"wp:attachment":[{"href":"https:\/\/www.marisolredondo.com\/es\/wp-json\/wp\/v2\/media?parent=36145"}],"curies":[{"name":"wp","href":"https:\/\/api.w.org\/{rel}","templated":true}]}}