{"id":35932,"date":"2021-08-05T11:45:15","date_gmt":"2021-08-05T11:45:15","guid":{"rendered":"https:\/\/www.marisolredondo.com\/2022-eventos\/"},"modified":"2022-05-16T16:21:26","modified_gmt":"2022-05-16T16:21:26","slug":"2022-eventos","status":"publish","type":"page","link":"https:\/\/www.marisolredondo.com\/es\/2022-eventos\/","title":{"rendered":"2022 Eventos"},"content":{"rendered":"<p>[et_pb_section fb_built=\u00bb1&#8243; fullwidth=\u00bbon\u00bb _builder_version=\u00bb3.22&#8243;][et_pb_fullwidth_header title=\u00bb2022 Eventos\u00bb text_orientation=\u00bbcenter\u00bb header_fullscreen=\u00bbon\u00bb header_scroll_down=\u00bbon\u00bb scroll_down_icon_color=\u00bb#ffffff\u00bb scroll_down_icon_size=\u00bb34px\u00bb background_overlay_color=\u00bbrgba(15,22,38,0.47)\u00bb logo_image_url=\u00bbhttps:\/\/www.marisolredondo.com\/wp-content\/uploads\/2018\/08\/logo-large.png\u00bb _builder_version=\u00bb3.16&#8243; title_font=\u00bb|600|||||||\u00bb title_font_size=\u00bb31px\u00bb title_letter_spacing=\u00bb5px\u00bb content_font=\u00bb||||||||\u00bb subhead_font=\u00bb||||||||\u00bb background_image=\u00bbhttps:\/\/www.marisolredondo.com\/wp-content\/uploads\/2018\/11\/marisol-redondo-in-concert-1.jpg\u00bb custom_css_logo=\u00bbmargin-bottom:25px;\u00bb title_text_shadow_style=\u00bbpreset1&#8243; button_one_text_size__hover_enabled=\u00bboff\u00bb button_one_text_size__hover=\u00bbnull\u00bb button_two_text_size__hover_enabled=\u00bboff\u00bb button_two_text_size__hover=\u00bbnull\u00bb button_one_text_color__hover_enabled=\u00bboff\u00bb button_one_text_color__hover=\u00bbnull\u00bb button_two_text_color__hover_enabled=\u00bboff\u00bb button_two_text_color__hover=\u00bbnull\u00bb button_one_border_width__hover_enabled=\u00bboff\u00bb button_one_border_width__hover=\u00bbnull\u00bb button_two_border_width__hover_enabled=\u00bboff\u00bb button_two_border_width__hover=\u00bbnull\u00bb button_one_border_color__hover_enabled=\u00bboff\u00bb button_one_border_color__hover=\u00bbnull\u00bb button_two_border_color__hover_enabled=\u00bboff\u00bb button_two_border_color__hover=\u00bbnull\u00bb button_one_border_radius__hover_enabled=\u00bboff\u00bb button_one_border_radius__hover=\u00bbnull\u00bb button_two_border_radius__hover_enabled=\u00bboff\u00bb button_two_border_radius__hover=\u00bbnull\u00bb button_one_letter_spacing__hover_enabled=\u00bboff\u00bb button_one_letter_spacing__hover=\u00bbnull\u00bb button_two_letter_spacing__hover_enabled=\u00bboff\u00bb button_two_letter_spacing__hover=\u00bbnull\u00bb button_one_bg_color__hover_enabled=\u00bboff\u00bb button_one_bg_color__hover=\u00bbnull\u00bb button_two_bg_color__hover_enabled=\u00bboff\u00bb button_two_bg_color__hover=\u00bbnull\u00bb]<\/p>\n<hr class=\"underline-style\">\n[\/et_pb_fullwidth_header][\/et_pb_section][et_pb_section fb_built=\u00bb1&#8243; _builder_version=\u00bb3.22&#8243;][et_pb_row column_structure=\u00bb1_2,1_2&#8243; _builder_version=\u00bb3.25&#8243;][et_pb_column type=\u00bb1_2&#8243; _builder_version=\u00bb3.25&#8243; custom_padding=\u00bb|||\u00bb custom_padding__hover=\u00bb|||\u00bb][et_pb_blurb title=\u00bb8. Mayo 2022&#8243; use_icon=\u00bbon\u00bb font_icon=\u00bb%%128%%\u00bb icon_color=\u00bb#ff533d\u00bb icon_placement=\u00bbleft\u00bb use_icon_font_size=\u00bbon\u00bb icon_font_size=\u00bb23px\u00bb _builder_version=\u00bb4.9.7&#8243; header_font=\u00bb|600|||||||\u00bb header_text_color=\u00bb#ab987a\u00bb header_font_size=\u00bb21px\u00bb header_letter_spacing=\u00bb2px\u00bb custom_margin=\u00bb||10px|\u00bb custom_padding=\u00bb|||\u00bb][\/et_pb_blurb][et_pb_blurb title=\u00bb14:00&#8243; use_icon=\u00bbon\u00bb font_icon=\u00bb%%92%%\u00bb icon_color=\u00bb#ff533d\u00bb icon_placement=\u00bbleft\u00bb use_icon_font_size=\u00bbon\u00bb icon_font_size=\u00bb23px\u00bb _builder_version=\u00bb4.9.7&#8243; header_font=\u00bb|600|||||||\u00bb header_text_color=\u00bb#ab987a\u00bb header_font_size=\u00bb21px\u00bb header_letter_spacing=\u00bb2px\u00bb custom_margin=\u00bb||10px|\u00bb custom_padding=\u00bb||2px|||\u00bb][\/et_pb_blurb][et_pb_text ul_item_indent=\u00bb35px\u00bb _builder_version=\u00bb4.9.7&#8243; text_line_height=\u00bb1.9em\u00bb link_text_color=\u00bb#3550a0&#8243; ul_line_height=\u00bb1.6em\u00bb header_3_font=\u00bb|700||on|||||\u00bb header_3_text_color=\u00bb#0f1626&#8243; header_3_font_size=\u00bb25px\u00bb header_3_line_height=\u00bb1.1em\u00bb header_4_font=\u00bbLato|700|||||||\u00bb header_4_text_color=\u00bb#3550a0&#8243; header_4_font_size=\u00bb16px\u00bb header_4_line_height=\u00bb1.5em\u00bb custom_margin=\u00bb|||\u00bb header_3_font_size_tablet=\u00bb\u00bb header_3_font_size_phone=\u00bb20px\u00bb header_3_font_size_last_edited=\u00bbon|phone\u00bb locked=\u00bboff\u00bb]<\/p>\n<h3>Evento del \u201cD\u00eda de la Madre\u201d en el Centro Paraguayo de Zurich<\/h3>\n<p>Marisol participa en el evento del \u201cD\u00eda de la Madre\u201d en el Centro Paraguayo de Zurich.<\/p>\n<p>Marisol Redondo en concierto con:<\/p>\n<ul>\n<li>Luis Alvarenga (teclados)<\/li>\n<li>Osvaldo Orrego (bajo)<\/li>\n<li>Enrique Harries \u00a0(guitarra)<\/li>\n<\/ul>\n<p>Centro Paraguayo de Zurich<br \/>Bodenacker 25, 8046 Zurich &#8211; SUIZA<\/p>\n<p>[\/et_pb_text][\/et_pb_column][et_pb_column type=\u00bb1_2&#8243; _builder_version=\u00bb3.25&#8243; custom_padding=\u00bb|||\u00bb custom_padding__hover=\u00bb|||\u00bb][et_pb_blurb title=\u00bbCentro Paraguayo de Zurich\u00bb use_icon=\u00bbon\u00bb font_icon=\u00bb%%249%%\u00bb icon_color=\u00bb#ff533d\u00bb icon_placement=\u00bbleft\u00bb use_icon_font_size=\u00bbon\u00bb icon_font_size=\u00bb23px\u00bb _builder_version=\u00bb4.9.7&#8243; header_font=\u00bb|600|||||||\u00bb header_text_color=\u00bb#ab987a\u00bb header_font_size=\u00bb21px\u00bb header_letter_spacing=\u00bb2px\u00bb custom_margin=\u00bb||10px|\u00bb custom_padding=\u00bb|||\u00bb]<\/p>\n<p>Zurich\u2013 Suiza<\/p>\n<p>[\/et_pb_blurb][et_pb_map address=\u00bbBodenacker 25, 8046 Z\u00fcrich, Switzerland\u00bb zoom_level=\u00bb17&#8243; address_lat=\u00bb47.4246226&#8243; address_lng=\u00bb8.5109801&#8243; _builder_version=\u00bb4.9.7&#8243; custom_margin=\u00bb15px|||\u00bb border_width_all=\u00bb6px\u00bb border_color_all=\u00bb#ffffff\u00bb box_shadow_style=\u00bbpreset3&#8243;][et_pb_map_pin title=\u00bbCentro Paraguayo Zurich\u00bb pin_address=\u00bbBodenacker 25, 8046 Z\u00fcrich, Switzerland\u00bb zoom_level=\u00bb11&#8243; pin_address_lat=\u00bb47.4246226&#8243; pin_address_lng=\u00bb8.5109801&#8243; _builder_version=\u00bb4.9.7&#8243;]<\/p>\n<p>Zurich\u2013 Suiza<\/p>\n<p>[\/et_pb_map_pin][\/et_pb_map][\/et_pb_column][\/et_pb_row][et_pb_row _builder_version=\u00bb4.9.7&#8243; min_height=\u00bb33px\u00bb custom_margin=\u00bb|auto||228px||\u00bb custom_padding=\u00bb40px||0px|\u00bb global_module=\u00bb33961&#8243; saved_tabs=\u00bball\u00bb][et_pb_column type=\u00bb4_4&#8243; _builder_version=\u00bb3.25&#8243; custom_padding=\u00bb|||\u00bb custom_padding__hover=\u00bb|||\u00bb][et_pb_text _builder_version=\u00bb4.9.7&#8243; text_font=\u00bb|600|||||||\u00bb text_text_color=\u00bb#ff533d\u00bb text_font_size=\u00bb20px\u00bb][\/et_pb_text][\/et_pb_column][\/et_pb_row][et_pb_row column_structure=\u00bb1_2,1_2&#8243; _builder_version=\u00bb3.25&#8243;][et_pb_column type=\u00bb1_2&#8243; _builder_version=\u00bb3.25&#8243; custom_padding=\u00bb|||\u00bb custom_padding__hover=\u00bb|||\u00bb][et_pb_blurb title=\u00bb5. Junio 2022&#8243; use_icon=\u00bbon\u00bb font_icon=\u00bb%%128%%\u00bb icon_color=\u00bb#ff533d\u00bb icon_placement=\u00bbleft\u00bb use_icon_font_size=\u00bbon\u00bb icon_font_size=\u00bb23px\u00bb _builder_version=\u00bb4.9.7&#8243; header_font=\u00bb|600|||||||\u00bb header_text_color=\u00bb#ab987a\u00bb header_font_size=\u00bb21px\u00bb header_letter_spacing=\u00bb2px\u00bb custom_margin=\u00bb||10px|\u00bb custom_padding=\u00bb|||\u00bb][\/et_pb_blurb][et_pb_blurb title=\u00bb11:00 &#8211; 17:00&#8243; use_icon=\u00bbon\u00bb font_icon=\u00bb%%92%%\u00bb icon_color=\u00bb#ff533d\u00bb icon_placement=\u00bbleft\u00bb use_icon_font_size=\u00bbon\u00bb icon_font_size=\u00bb23px\u00bb _builder_version=\u00bb4.9.7&#8243; header_font=\u00bb|600|||||||\u00bb header_text_color=\u00bb#ab987a\u00bb header_font_size=\u00bb21px\u00bb header_letter_spacing=\u00bb2px\u00bb custom_margin=\u00bb||10px|\u00bb custom_padding=\u00bb||2px|||\u00bb][\/et_pb_blurb][et_pb_text ul_item_indent=\u00bb35px\u00bb _builder_version=\u00bb4.9.7&#8243; text_line_height=\u00bb1.9em\u00bb link_text_color=\u00bb#3550a0&#8243; ul_line_height=\u00bb1.6em\u00bb header_3_font=\u00bb|700||on|||||\u00bb header_3_text_color=\u00bb#0f1626&#8243; header_3_font_size=\u00bb25px\u00bb header_3_line_height=\u00bb1.1em\u00bb header_4_font=\u00bbLato|700|||||||\u00bb header_4_text_color=\u00bb#3550a0&#8243; header_4_font_size=\u00bb16px\u00bb header_4_line_height=\u00bb1.5em\u00bb custom_margin=\u00bb|||\u00bb header_3_font_size_tablet=\u00bb\u00bb header_3_font_size_phone=\u00bb20px\u00bb header_3_font_size_last_edited=\u00bbon|phone\u00bb locked=\u00bboff\u00bb]<\/p>\n<h3>Gastro and music event<\/h3>\n<p>Evento gastron\u00f3mico y de degustaci\u00f3n de vinos en una bodega de Schaffhausen, con la actuaci\u00f3n en directo de la cantautora y arpista Marisol Redondo, acompa\u00f1ada por el maestro Nico Mora en la guitarra y el bandone\u00f3n.<\/p>\n<p>Weingut Lindenhof &#8211; Dorfstrasse 19, 8218 Osterfingen Schaffhausen &#8211; SUIZA<\/p>\n<p>Reservas: +41 52 681 21 25. \u00a0<\/p>\n<p><span style=\"font-size: 16px;\">\u00a0<\/span><\/p>\n<p>[\/et_pb_text][\/et_pb_column][et_pb_column type=\u00bb1_2&#8243; _builder_version=\u00bb3.25&#8243; custom_padding=\u00bb|||\u00bb custom_padding__hover=\u00bb|||\u00bb][et_pb_blurb title=\u00bbWeingut Lindenhof\u00bb use_icon=\u00bbon\u00bb font_icon=\u00bb%%249%%\u00bb icon_color=\u00bb#ff533d\u00bb icon_placement=\u00bbleft\u00bb use_icon_font_size=\u00bbon\u00bb icon_font_size=\u00bb23px\u00bb _builder_version=\u00bb4.9.7&#8243; header_font=\u00bb|600|||||||\u00bb header_text_color=\u00bb#ab987a\u00bb header_font_size=\u00bb21px\u00bb header_letter_spacing=\u00bb2px\u00bb custom_margin=\u00bb||10px|\u00bb custom_padding=\u00bb|||\u00bb]<\/p>\n<p>Schaffhausen \u2013 Suiza<\/p>\n<p>[\/et_pb_blurb][et_pb_map address=\u00bbDorfstrasse 19, 8218 Osterfingen, Switzerland\u00bb zoom_level=\u00bb13&#8243; address_lat=\u00bb47.6631911&#8243; address_lng=\u00bb8.4888511&#8243; _builder_version=\u00bb4.9.7&#8243; custom_margin=\u00bb15px|||\u00bb border_width_all=\u00bb6px\u00bb border_color_all=\u00bb#ffffff\u00bb box_shadow_style=\u00bbpreset3&#8243;][et_pb_map_pin title=\u00bbWeingut Lindenhof\u00bb pin_address=\u00bbDorfstrasse 19, 8218 Osterfingen, Switzerland\u00bb zoom_level=\u00bb11&#8243; pin_address_lat=\u00bb47.6631911&#8243; pin_address_lng=\u00bb8.4888511&#8243; _builder_version=\u00bb4.9.7&#8243;]<\/p>\n<p>Schaffhausen \u2013 Suiza<\/p>\n<p>[\/et_pb_map_pin][\/et_pb_map][\/et_pb_column][\/et_pb_row][et_pb_row _builder_version=\u00bb4.9.7&#8243; min_height=\u00bb33px\u00bb custom_margin=\u00bb|auto||228px||\u00bb custom_padding=\u00bb40px||0px|\u00bb global_module=\u00bb33961&#8243; saved_tabs=\u00bball\u00bb][et_pb_column type=\u00bb4_4&#8243; _builder_version=\u00bb3.25&#8243; custom_padding=\u00bb|||\u00bb custom_padding__hover=\u00bb|||\u00bb][et_pb_text _builder_version=\u00bb4.9.7&#8243; text_font=\u00bb|600|||||||\u00bb text_text_color=\u00bb#ff533d\u00bb text_font_size=\u00bb20px\u00bb][\/et_pb_text][\/et_pb_column][\/et_pb_row][et_pb_row column_structure=\u00bb1_2,1_2&#8243; _builder_version=\u00bb3.25&#8243;][et_pb_column type=\u00bb1_2&#8243; _builder_version=\u00bb3.25&#8243; custom_padding=\u00bb|||\u00bb custom_padding__hover=\u00bb|||\u00bb][et_pb_blurb title=\u00bb11. Junio 2022&#8243; use_icon=\u00bbon\u00bb font_icon=\u00bb%%128%%\u00bb icon_color=\u00bb#ff533d\u00bb icon_placement=\u00bbleft\u00bb use_icon_font_size=\u00bbon\u00bb icon_font_size=\u00bb23px\u00bb _builder_version=\u00bb4.9.7&#8243; header_font=\u00bb|600|||||||\u00bb header_text_color=\u00bb#ab987a\u00bb header_font_size=\u00bb21px\u00bb header_letter_spacing=\u00bb2px\u00bb custom_margin=\u00bb||10px|\u00bb custom_padding=\u00bb|||\u00bb][\/et_pb_blurb][et_pb_blurb title=\u00bb20:00&#8243; use_icon=\u00bbon\u00bb font_icon=\u00bb%%92%%\u00bb icon_color=\u00bb#ff533d\u00bb icon_placement=\u00bbleft\u00bb use_icon_font_size=\u00bbon\u00bb icon_font_size=\u00bb23px\u00bb _builder_version=\u00bb4.9.7&#8243; header_font=\u00bb|600|||||||\u00bb header_text_color=\u00bb#ab987a\u00bb header_font_size=\u00bb21px\u00bb header_letter_spacing=\u00bb2px\u00bb custom_margin=\u00bb||10px|\u00bb custom_padding=\u00bb||2px|||\u00bb][\/et_pb_blurb][et_pb_text ul_item_indent=\u00bb35px\u00bb _builder_version=\u00bb4.9.7&#8243; text_line_height=\u00bb1.9em\u00bb link_text_color=\u00bb#3550a0&#8243; ul_line_height=\u00bb1.6em\u00bb header_3_font=\u00bb|700||on|||||\u00bb header_3_text_color=\u00bb#0f1626&#8243; header_3_font_size=\u00bb25px\u00bb header_3_line_height=\u00bb1.1em\u00bb header_4_font=\u00bbLato|700|||||||\u00bb header_4_text_color=\u00bb#3550a0&#8243; header_4_font_size=\u00bb16px\u00bb header_4_line_height=\u00bb1.5em\u00bb custom_margin=\u00bb|||\u00bb header_3_font_size_tablet=\u00bb\u00bb header_3_font_size_phone=\u00bb20px\u00bb header_3_font_size_last_edited=\u00bbon|phone\u00bb locked=\u00bboff\u00bb]<\/p>\n<h3>\u00a0Espacio Buenos Aires &#8211; Basilea<\/h3>\n<p>Marisol Redondo con su voz y su arpa,\u00a0 acompa\u00f1ada por el maestro Nico Mora con la guitarra y el bandone\u00f3n nos llevan a un viaje por la historia del tango.\u00a0 Escucharemos tambi\u00e9n alguno de los nuevos temas de su \u00e1lbum \u00abA la deriva\u00bb\u00a0 y,\u00a0 Christian Neff y su viol\u00edn se unir\u00e1n en algunas canciones con estos dos artistas uruguayos\u00bb.\u00a0\u00a0\u00a0<\/p>\n<p>Espacio Buenos Aires &#8211; Petersgasse 40, 4051 Basilea &#8211; SUIZA<\/p>\n<p>Reservas: <a href=\"mailto:christian.neff@bluewin.ch\">christian.neff@bluewin.ch<\/a><\/p>\n<p><span style=\"font-size: 16px;\">\u00a0<\/span><\/p>\n<p>[\/et_pb_text][\/et_pb_column][et_pb_column type=\u00bb1_2&#8243; _builder_version=\u00bb3.25&#8243; custom_padding=\u00bb|||\u00bb custom_padding__hover=\u00bb|||\u00bb][et_pb_blurb title=\u00bbEspacio Buenos Aires\u00bb use_icon=\u00bbon\u00bb font_icon=\u00bb%%249%%\u00bb icon_color=\u00bb#ff533d\u00bb icon_placement=\u00bbleft\u00bb use_icon_font_size=\u00bbon\u00bb icon_font_size=\u00bb23px\u00bb _builder_version=\u00bb4.9.7&#8243; header_font=\u00bb|600|||||||\u00bb header_text_color=\u00bb#ab987a\u00bb header_font_size=\u00bb21px\u00bb header_letter_spacing=\u00bb2px\u00bb custom_margin=\u00bb||10px|\u00bb custom_padding=\u00bb|||\u00bb]<\/p>\n<p>Basilea\u2013 Switzerland<\/p>\n<p>[\/et_pb_blurb][et_pb_map address=\u00bbPetersgasse 40, 4051 Basel, Switzerland\u00bb zoom_level=\u00bb13&#8243; address_lat=\u00bb47.5598495&#8243; address_lng=\u00bb7.5859501&#8243; _builder_version=\u00bb4.9.7&#8243; custom_margin=\u00bb15px|||\u00bb border_width_all=\u00bb6px\u00bb border_color_all=\u00bb#ffffff\u00bb box_shadow_style=\u00bbpreset3&#8243;][et_pb_map_pin title=\u00bbEspacio Buenos Aires\u00bb pin_address=\u00bbPetersgasse 40, 4051 Basel, Switzerland\u00bb zoom_level=\u00bb11&#8243; pin_address_lat=\u00bb47.5598495&#8243; pin_address_lng=\u00bb7.5859501&#8243; _builder_version=\u00bb4.9.7&#8243;]<\/p>\n<p>Basilea\u2013 Switzerland<\/p>\n<p>[\/et_pb_map_pin][\/et_pb_map][\/et_pb_column][\/et_pb_row][et_pb_row _builder_version=\u00bb4.9.7&#8243; min_height=\u00bb33px\u00bb custom_margin=\u00bb|auto||228px||\u00bb custom_padding=\u00bb40px||0px|\u00bb global_module=\u00bb33961&#8243; saved_tabs=\u00bball\u00bb][et_pb_column type=\u00bb4_4&#8243; _builder_version=\u00bb3.25&#8243; custom_padding=\u00bb|||\u00bb custom_padding__hover=\u00bb|||\u00bb][et_pb_text _builder_version=\u00bb4.9.7&#8243; text_font=\u00bb|600|||||||\u00bb text_text_color=\u00bb#ff533d\u00bb text_font_size=\u00bb20px\u00bb][\/et_pb_text][\/et_pb_column][\/et_pb_row][et_pb_row column_structure=\u00bb1_2,1_2&#8243; _builder_version=\u00bb4.9.7&#8243;][et_pb_column type=\u00bb1_2&#8243; _builder_version=\u00bb3.25&#8243; custom_padding=\u00bb|||\u00bb custom_padding__hover=\u00bb|||\u00bb][et_pb_blurb title=\u00bb25. Junio 2022&#8243; use_icon=\u00bbon\u00bb font_icon=\u00bb%%128%%\u00bb icon_color=\u00bb#ff533d\u00bb icon_placement=\u00bbleft\u00bb use_icon_font_size=\u00bbon\u00bb icon_font_size=\u00bb23px\u00bb _builder_version=\u00bb4.9.7&#8243; header_font=\u00bb|600|||||||\u00bb header_text_color=\u00bb#ab987a\u00bb header_font_size=\u00bb21px\u00bb header_letter_spacing=\u00bb2px\u00bb custom_margin=\u00bb||10px|\u00bb custom_padding=\u00bb|||\u00bb][\/et_pb_blurb][et_pb_text ul_item_indent=\u00bb35px\u00bb _builder_version=\u00bb4.9.7&#8243; text_line_height=\u00bb1.9em\u00bb link_text_color=\u00bb#3550a0&#8243; ul_line_height=\u00bb1.6em\u00bb header_3_font=\u00bb|700||on|||||\u00bb header_3_text_color=\u00bb#0f1626&#8243; header_3_font_size=\u00bb25px\u00bb header_3_line_height=\u00bb1.1em\u00bb header_4_font=\u00bbLato|700|||||||\u00bb header_4_text_color=\u00bb#3550a0&#8243; header_4_font_size=\u00bb16px\u00bb header_4_line_height=\u00bb1.5em\u00bb custom_margin=\u00bb|||\u00bb hover_enabled=\u00bb0&#8243; header_3_font_size_tablet=\u00bb\u00bb header_3_font_size_phone=\u00bb20px\u00bb header_3_font_size_last_edited=\u00bbon|phone\u00bb locked=\u00bboff\u00bb sticky_enabled=\u00bb0&#8243;]<\/p>\n<h3>F\u00eate Multiculturelle Vevey 2022<\/h3>\n<p>\u00abF\u00eate Multiculturelle Vevey 2022\u00bb (Fiesta multicultural de Vevey), que se celebra del 24 al 26 de junio, con un gran n\u00famero de artistas internacionales.\u00a0<\/p>\n<p>Candombe, Tango, Litorale\u00f1as y mucho m\u00e1s en un escenario multicultural incre\u00edble,\u00a0 con la voz de Marisol Redondo y su arpa<\/p>\n<p>Marisol en concierto con:<\/p>\n<ul>\n<li>Javier Fernandez (piano)<\/li>\n<li>Nico Mora (guitarra y bandone\u00f3n<\/li>\n<li>Gonzalo Prieto (tambor piano)<\/li>\n<li>Angel Viera\u00a0 (tambor repique)<\/li>\n<li>Harley\u00a0 Ferreira (tambor chico)<\/li>\n<\/ul>\n<p>Place Robin, Vevey &#8211;\u00a0 SUIZA<\/p>\n<p>Entrada libre<\/p>\n<p>&nbsp;<\/p>\n<p>&nbsp;<\/p>\n<p>[\/et_pb_text][\/et_pb_column][et_pb_column type=\u00bb1_2&#8243; _builder_version=\u00bb3.25&#8243; custom_padding=\u00bb|||\u00bb custom_padding__hover=\u00bb|||\u00bb][et_pb_blurb title=\u00bbPlace Robin\u00bb use_icon=\u00bbon\u00bb font_icon=\u00bb%%249%%\u00bb icon_color=\u00bb#ff533d\u00bb icon_placement=\u00bbleft\u00bb use_icon_font_size=\u00bbon\u00bb icon_font_size=\u00bb23px\u00bb _builder_version=\u00bb4.9.7&#8243; header_font=\u00bb|600|||||||\u00bb header_text_color=\u00bb#ab987a\u00bb header_font_size=\u00bb21px\u00bb header_letter_spacing=\u00bb2px\u00bb custom_margin=\u00bb||10px|\u00bb custom_padding=\u00bb|||\u00bb]<\/p>\n<p>Vevey \u2013 Suiza\u00a0<\/p>\n<p>[\/et_pb_blurb][et_pb_map address=\u00bbPlace Robin, 1800 Vevey, Switzerland\u00bb zoom_level=\u00bb13&#8243; address_lat=\u00bb46.4673835&#8243; address_lng=\u00bb6.8417065&#8243; _builder_version=\u00bb4.9.7&#8243; custom_margin=\u00bb15px|||\u00bb border_width_all=\u00bb6px\u00bb border_color_all=\u00bb#ffffff\u00bb box_shadow_style=\u00bbpreset3&#8243;][et_pb_map_pin title=\u00bbPlace Robin\u00bb pin_address=\u00bbPlace Robin, 1800 Vevey, Switzerland\u00bb zoom_level=\u00bb11&#8243; pin_address_lat=\u00bb46.4673835&#8243; pin_address_lng=\u00bb6.8417065&#8243; _builder_version=\u00bb4.9.7&#8243;]<\/p>\n<p>Vevey \u2013 Suiza\u00a0<\/p>\n<p>[\/et_pb_map_pin][\/et_pb_map][\/et_pb_column][\/et_pb_row][et_pb_row _builder_version=\u00bb4.9.7&#8243; min_height=\u00bb33px\u00bb custom_margin=\u00bb|auto||228px||\u00bb custom_padding=\u00bb40px||0px|\u00bb global_module=\u00bb33961&#8243; saved_tabs=\u00bball\u00bb][et_pb_column type=\u00bb4_4&#8243; _builder_version=\u00bb3.25&#8243; custom_padding=\u00bb|||\u00bb custom_padding__hover=\u00bb|||\u00bb][et_pb_text _builder_version=\u00bb4.9.7&#8243; text_font=\u00bb|600|||||||\u00bb text_text_color=\u00bb#ff533d\u00bb text_font_size=\u00bb20px\u00bb][\/et_pb_text][\/et_pb_column][\/et_pb_row][et_pb_row _builder_version=\u00bb4.9.7&#8243; min_height=\u00bb33px\u00bb custom_margin=\u00bb|auto||228px||\u00bb custom_padding=\u00bb40px||0px|\u00bb global_module=\u00bb33961&#8243; saved_tabs=\u00bball\u00bb][et_pb_column type=\u00bb4_4&#8243; _builder_version=\u00bb3.25&#8243; custom_padding=\u00bb|||\u00bb custom_padding__hover=\u00bb|||\u00bb][et_pb_text _builder_version=\u00bb4.9.7&#8243; text_font=\u00bb|600|||||||\u00bb text_text_color=\u00bb#ff533d\u00bb text_font_size=\u00bb20px\u00bb][\/et_pb_text][\/et_pb_column][\/et_pb_row][et_pb_row _builder_version=\u00bb4.9.7&#8243; min_height=\u00bb33px\u00bb custom_margin=\u00bb|auto||228px||\u00bb custom_padding=\u00bb40px||0px|\u00bb global_module=\u00bb33961&#8243; saved_tabs=\u00bball\u00bb][et_pb_column type=\u00bb4_4&#8243; _builder_version=\u00bb3.25&#8243; custom_padding=\u00bb|||\u00bb custom_padding__hover=\u00bb|||\u00bb][et_pb_text _builder_version=\u00bb4.9.7&#8243; text_font=\u00bb|600|||||||\u00bb text_text_color=\u00bb#ff533d\u00bb text_font_size=\u00bb20px\u00bb][\/et_pb_text][\/et_pb_column][\/et_pb_row][\/et_pb_section][et_pb_section fb_built=\u00bb1&#8243; disabled_on=\u00bboff|off|off\u00bb admin_label=\u00bbFollow Along\u00bb _builder_version=\u00bb3.11.1&#8243; background_color=\u00bb#0f1626&#8243; background_position=\u00bbcenter_right\u00bb custom_padding=\u00bb0||0||false|false\u00bb top_divider_height=\u00bb43px\u00bb global_module=\u00bb33206&#8243; saved_tabs=\u00bball\u00bb][\/et_pb_section]<\/p>\n","protected":false},"excerpt":{"rendered":"<p>Evento del \u201cD\u00eda de la Madre\u201d en el Centro Paraguayo de Zurich Marisol participa en el evento del \u201cD\u00eda de la Madre\u201d en el Centro Paraguayo de Zurich. Marisol Redondo en concierto con: Luis Alvarenga (teclados) Osvaldo Orrego (bajo) Enrique Harries \u00a0(guitarra) Centro Paraguayo de ZurichBodenacker 25, 8046 Zurich &#8211; SUIZAZurich\u2013 SuizaZurich\u2013 SuizaGastro and music [&hellip;]<\/p>\n","protected":false},"author":1,"featured_media":0,"parent":0,"menu_order":0,"comment_status":"closed","ping_status":"closed","template":"","meta":{"_et_pb_use_builder":"on","_et_pb_old_content":"","_et_gb_content_width":"","footnotes":""},"yoast_head":"<!-- This site is optimized with the Yoast SEO plugin v21.2 - https:\/\/yoast.com\/wordpress\/plugins\/seo\/ -->\n<title>2022 Eventos - Marisol Redondo- Singer<\/title>\n<meta name=\"robots\" content=\"index, follow, max-snippet:-1, max-image-preview:large, max-video-preview:-1\" \/>\n<link rel=\"canonical\" href=\"https:\/\/www.marisolredondo.com\/es\/2022-eventos\/\" \/>\n<meta property=\"og:locale\" content=\"es_ES\" \/>\n<meta property=\"og:type\" content=\"article\" \/>\n<meta property=\"og:title\" content=\"2022 Eventos - Marisol Redondo- Singer\" \/>\n<meta property=\"og:description\" content=\"Evento del \u201cD\u00eda de la Madre\u201d en el Centro Paraguayo de Zurich Marisol participa en el evento del \u201cD\u00eda de la Madre\u201d en el Centro Paraguayo de Zurich. Marisol Redondo en concierto con: Luis Alvarenga (teclados) Osvaldo Orrego (bajo) Enrique Harries \u00a0(guitarra) Centro Paraguayo de ZurichBodenacker 25, 8046 Zurich - SUIZAZurich\u2013 SuizaZurich\u2013 SuizaGastro and music [&hellip;]\" \/>\n<meta property=\"og:url\" content=\"https:\/\/www.marisolredondo.com\/es\/2022-eventos\/\" \/>\n<meta property=\"og:site_name\" content=\"Marisol Redondo- Singer\" \/>\n<meta property=\"article:modified_time\" content=\"2022-05-16T16:21:26+00:00\" \/>\n<meta name=\"twitter:card\" content=\"summary_large_image\" \/>\n<meta name=\"twitter:label1\" content=\"Tiempo de lectura\" \/>\n\t<meta name=\"twitter:data1\" content=\"11 minutos\" \/>\n<script type=\"application\/ld+json\" class=\"yoast-schema-graph\">{\"@context\":\"https:\/\/schema.org\",\"@graph\":[{\"@type\":\"WebPage\",\"@id\":\"https:\/\/www.marisolredondo.com\/es\/2022-eventos\/\",\"url\":\"https:\/\/www.marisolredondo.com\/es\/2022-eventos\/\",\"name\":\"2022 Eventos - Marisol Redondo- Singer\",\"isPartOf\":{\"@id\":\"https:\/\/www.marisolredondo.com\/#website\"},\"datePublished\":\"2021-08-05T11:45:15+00:00\",\"dateModified\":\"2022-05-16T16:21:26+00:00\",\"breadcrumb\":{\"@id\":\"https:\/\/www.marisolredondo.com\/es\/2022-eventos\/#breadcrumb\"},\"inLanguage\":\"es\",\"potentialAction\":[{\"@type\":\"ReadAction\",\"target\":[\"https:\/\/www.marisolredondo.com\/es\/2022-eventos\/\"]}]},{\"@type\":\"BreadcrumbList\",\"@id\":\"https:\/\/www.marisolredondo.com\/es\/2022-eventos\/#breadcrumb\",\"itemListElement\":[{\"@type\":\"ListItem\",\"position\":1,\"name\":\"Home\",\"item\":\"https:\/\/www.marisolredondo.com\/\"},{\"@type\":\"ListItem\",\"position\":2,\"name\":\"2022 Eventos\"}]},{\"@type\":\"WebSite\",\"@id\":\"https:\/\/www.marisolredondo.com\/#website\",\"url\":\"https:\/\/www.marisolredondo.com\/\",\"name\":\"Marisol Redondo\",\"description\":\"\",\"publisher\":{\"@id\":\"https:\/\/www.marisolredondo.com\/#\/schema\/person\/a7f4167392c64b100109903e48fe3898\"},\"potentialAction\":[{\"@type\":\"SearchAction\",\"target\":{\"@type\":\"EntryPoint\",\"urlTemplate\":\"https:\/\/www.marisolredondo.com\/?s={search_term_string}\"},\"query-input\":\"required name=search_term_string\"}],\"inLanguage\":\"es\"},{\"@type\":[\"Person\",\"Organization\"],\"@id\":\"https:\/\/www.marisolredondo.com\/#\/schema\/person\/a7f4167392c64b100109903e48fe3898\",\"name\":\"mredondo\",\"image\":{\"@type\":\"ImageObject\",\"inLanguage\":\"es\",\"@id\":\"https:\/\/www.marisolredondo.com\/#\/schema\/person\/image\/\",\"url\":\"https:\/\/secure.gravatar.com\/avatar\/0017f9752f1432e3e718b813e3e35442?s=96&d=mm&r=g\",\"contentUrl\":\"https:\/\/secure.gravatar.com\/avatar\/0017f9752f1432e3e718b813e3e35442?s=96&d=mm&r=g\",\"caption\":\"mredondo\"},\"logo\":{\"@id\":\"https:\/\/www.marisolredondo.com\/#\/schema\/person\/image\/\"}}]}<\/script>\n<!-- \/ Yoast SEO plugin. -->","yoast_head_json":{"title":"2022 Eventos - Marisol Redondo- Singer","robots":{"index":"index","follow":"follow","max-snippet":"max-snippet:-1","max-image-preview":"max-image-preview:large","max-video-preview":"max-video-preview:-1"},"canonical":"https:\/\/www.marisolredondo.com\/es\/2022-eventos\/","og_locale":"es_ES","og_type":"article","og_title":"2022 Eventos - Marisol Redondo- Singer","og_description":"Evento del \u201cD\u00eda de la Madre\u201d en el Centro Paraguayo de Zurich Marisol participa en el evento del \u201cD\u00eda de la Madre\u201d en el Centro Paraguayo de Zurich. Marisol Redondo en concierto con: Luis Alvarenga (teclados) Osvaldo Orrego (bajo) Enrique Harries \u00a0(guitarra) Centro Paraguayo de ZurichBodenacker 25, 8046 Zurich - SUIZAZurich\u2013 SuizaZurich\u2013 SuizaGastro and music [&hellip;]","og_url":"https:\/\/www.marisolredondo.com\/es\/2022-eventos\/","og_site_name":"Marisol Redondo- Singer","article_modified_time":"2022-05-16T16:21:26+00:00","twitter_card":"summary_large_image","twitter_misc":{"Tiempo de lectura":"11 minutos"},"schema":{"@context":"https:\/\/schema.org","@graph":[{"@type":"WebPage","@id":"https:\/\/www.marisolredondo.com\/es\/2022-eventos\/","url":"https:\/\/www.marisolredondo.com\/es\/2022-eventos\/","name":"2022 Eventos - Marisol Redondo- Singer","isPartOf":{"@id":"https:\/\/www.marisolredondo.com\/#website"},"datePublished":"2021-08-05T11:45:15+00:00","dateModified":"2022-05-16T16:21:26+00:00","breadcrumb":{"@id":"https:\/\/www.marisolredondo.com\/es\/2022-eventos\/#breadcrumb"},"inLanguage":"es","potentialAction":[{"@type":"ReadAction","target":["https:\/\/www.marisolredondo.com\/es\/2022-eventos\/"]}]},{"@type":"BreadcrumbList","@id":"https:\/\/www.marisolredondo.com\/es\/2022-eventos\/#breadcrumb","itemListElement":[{"@type":"ListItem","position":1,"name":"Home","item":"https:\/\/www.marisolredondo.com\/"},{"@type":"ListItem","position":2,"name":"2022 Eventos"}]},{"@type":"WebSite","@id":"https:\/\/www.marisolredondo.com\/#website","url":"https:\/\/www.marisolredondo.com\/","name":"Marisol Redondo","description":"","publisher":{"@id":"https:\/\/www.marisolredondo.com\/#\/schema\/person\/a7f4167392c64b100109903e48fe3898"},"potentialAction":[{"@type":"SearchAction","target":{"@type":"EntryPoint","urlTemplate":"https:\/\/www.marisolredondo.com\/?s={search_term_string}"},"query-input":"required name=search_term_string"}],"inLanguage":"es"},{"@type":["Person","Organization"],"@id":"https:\/\/www.marisolredondo.com\/#\/schema\/person\/a7f4167392c64b100109903e48fe3898","name":"mredondo","image":{"@type":"ImageObject","inLanguage":"es","@id":"https:\/\/www.marisolredondo.com\/#\/schema\/person\/image\/","url":"https:\/\/secure.gravatar.com\/avatar\/0017f9752f1432e3e718b813e3e35442?s=96&d=mm&r=g","contentUrl":"https:\/\/secure.gravatar.com\/avatar\/0017f9752f1432e3e718b813e3e35442?s=96&d=mm&r=g","caption":"mredondo"},"logo":{"@id":"https:\/\/www.marisolredondo.com\/#\/schema\/person\/image\/"}}]}},"_links":{"self":[{"href":"https:\/\/www.marisolredondo.com\/es\/wp-json\/wp\/v2\/pages\/35932"}],"collection":[{"href":"https:\/\/www.marisolredondo.com\/es\/wp-json\/wp\/v2\/pages"}],"about":[{"href":"https:\/\/www.marisolredondo.com\/es\/wp-json\/wp\/v2\/types\/page"}],"author":[{"embeddable":true,"href":"https:\/\/www.marisolredondo.com\/es\/wp-json\/wp\/v2\/users\/1"}],"replies":[{"embeddable":true,"href":"https:\/\/www.marisolredondo.com\/es\/wp-json\/wp\/v2\/comments?post=35932"}],"version-history":[{"count":0,"href":"https:\/\/www.marisolredondo.com\/es\/wp-json\/wp\/v2\/pages\/35932\/revisions"}],"wp:attachment":[{"href":"https:\/\/www.marisolredondo.com\/es\/wp-json\/wp\/v2\/media?parent=35932"}],"curies":[{"name":"wp","href":"https:\/\/api.w.org\/{rel}","templated":true}]}}