{"id":35926,"date":"2021-08-05T11:43:57","date_gmt":"2021-08-05T11:43:57","guid":{"rendered":"https:\/\/www.marisolredondo.com\/2021-eventos\/"},"modified":"2022-05-16T15:17:38","modified_gmt":"2022-05-16T15:17:38","slug":"2021-eventos","status":"publish","type":"page","link":"https:\/\/www.marisolredondo.com\/es\/2021-eventos\/","title":{"rendered":"2021 Eventos"},"content":{"rendered":"<p>[et_pb_section fb_built=\u00bb1&#8243; fullwidth=\u00bbon\u00bb _builder_version=\u00bb3.22&#8243;][et_pb_fullwidth_header title=\u00bb2021 Eventos\u00bb text_orientation=\u00bbcenter\u00bb header_fullscreen=\u00bbon\u00bb header_scroll_down=\u00bbon\u00bb scroll_down_icon_color=\u00bb#ffffff\u00bb scroll_down_icon_size=\u00bb34px\u00bb background_overlay_color=\u00bbrgba(15,22,38,0.47)\u00bb logo_image_url=\u00bbhttps:\/\/www.marisolredondo.com\/wp-content\/uploads\/2018\/08\/logo-large.png\u00bb _builder_version=\u00bb3.16&#8243; title_font=\u00bb|600|||||||\u00bb title_font_size=\u00bb31px\u00bb title_letter_spacing=\u00bb5px\u00bb content_font=\u00bb||||||||\u00bb subhead_font=\u00bb||||||||\u00bb background_image=\u00bbhttps:\/\/www.marisolredondo.com\/wp-content\/uploads\/2018\/11\/marisol-redondo-in-concert-1.jpg\u00bb custom_css_logo=\u00bbmargin-bottom:25px;\u00bb title_text_shadow_style=\u00bbpreset1&#8243; button_one_text_size__hover_enabled=\u00bboff\u00bb button_one_text_size__hover=\u00bbnull\u00bb button_two_text_size__hover_enabled=\u00bboff\u00bb button_two_text_size__hover=\u00bbnull\u00bb button_one_text_color__hover_enabled=\u00bboff\u00bb button_one_text_color__hover=\u00bbnull\u00bb button_two_text_color__hover_enabled=\u00bboff\u00bb button_two_text_color__hover=\u00bbnull\u00bb button_one_border_width__hover_enabled=\u00bboff\u00bb button_one_border_width__hover=\u00bbnull\u00bb button_two_border_width__hover_enabled=\u00bboff\u00bb button_two_border_width__hover=\u00bbnull\u00bb button_one_border_color__hover_enabled=\u00bboff\u00bb button_one_border_color__hover=\u00bbnull\u00bb button_two_border_color__hover_enabled=\u00bboff\u00bb button_two_border_color__hover=\u00bbnull\u00bb button_one_border_radius__hover_enabled=\u00bboff\u00bb button_one_border_radius__hover=\u00bbnull\u00bb button_two_border_radius__hover_enabled=\u00bboff\u00bb button_two_border_radius__hover=\u00bbnull\u00bb button_one_letter_spacing__hover_enabled=\u00bboff\u00bb button_one_letter_spacing__hover=\u00bbnull\u00bb button_two_letter_spacing__hover_enabled=\u00bboff\u00bb button_two_letter_spacing__hover=\u00bbnull\u00bb button_one_bg_color__hover_enabled=\u00bboff\u00bb button_one_bg_color__hover=\u00bbnull\u00bb button_two_bg_color__hover_enabled=\u00bboff\u00bb button_two_bg_color__hover=\u00bbnull\u00bb]<\/p>\n<hr class=\"underline-style\" \/>\n[\/et_pb_fullwidth_header][\/et_pb_section][et_pb_section fb_built=\u00bb1&#8243; _builder_version=\u00bb3.22&#8243;][et_pb_row column_structure=\u00bb1_2,1_2&#8243; _builder_version=\u00bb3.25&#8243;][et_pb_column type=\u00bb1_2&#8243; _builder_version=\u00bb3.25&#8243; custom_padding=\u00bb|||\u00bb custom_padding__hover=\u00bb|||\u00bb][et_pb_blurb title=\u00bb26.- 30. Abril 2021&#8243; use_icon=\u00bbon\u00bb font_icon=\u00bb%%128%%\u00bb icon_color=\u00bb#ff533d\u00bb icon_placement=\u00bbleft\u00bb use_icon_font_size=\u00bbon\u00bb icon_font_size=\u00bb23px\u00bb _builder_version=\u00bb4.9.7&#8243; header_font=\u00bb|600|||||||\u00bb header_text_color=\u00bb#ab987a\u00bb header_font_size=\u00bb21px\u00bb header_letter_spacing=\u00bb2px\u00bb custom_margin=\u00bb||10px|\u00bb custom_padding=\u00bb|||\u00bb][\/et_pb_blurb][et_pb_text ul_item_indent=\u00bb35px\u00bb _builder_version=\u00bb4.9.7&#8243; text_line_height=\u00bb1.9em\u00bb link_text_color=\u00bb#3550a0&#8243; ul_line_height=\u00bb1.6em\u00bb header_3_font=\u00bb|700||on|||||\u00bb header_3_text_color=\u00bb#0f1626&#8243; header_3_font_size=\u00bb25px\u00bb header_3_line_height=\u00bb1.1em\u00bb header_4_font=\u00bbLato|700|||||||\u00bb header_4_text_color=\u00bb#3550a0&#8243; header_4_font_size=\u00bb16px\u00bb header_4_line_height=\u00bb1.5em\u00bb custom_margin=\u00bb|||\u00bb header_3_font_size_tablet=\u00bb\u00bb header_3_font_size_phone=\u00bb20px\u00bb header_3_font_size_last_edited=\u00bbon|phone\u00bb locked=\u00bboff\u00bb]<\/p>\n<h3>Grabaci\u00f3n del nuevo \u00e1lbum<\/h3>\n<h3>\u00abA la deriva\u00bb<\/h3>\n<p>Estudios Sondor<br \/>R\u00edo Branco 1530, 11100 Montevideo, Uruguay<\/p>\n<p>Piano y teclados keyboards: Ra\u00fal Medina<br \/>Bajo: <a href=\"https:\/\/www.facebook.com\/marcusmessina?__cft__%5b0%5d=AZWGSz6E_xZcp6sGUizCRvjl-kx69-M0ULiXOKFu4b8fD9D62l8ZJ1zM0xsWtF_7ickPWZB6_AKsIWxvZz2D279_3Wt_0kNOCTrVzlZLzsv1QlVfnBNFRfsDcQZqRo8shdWqc0omOG1yUQslHZNQ6-Oo&amp;__tn__=-%5dK-R\">Marco Messina<\/a><br \/>Contrabajo: Alfonso Santini<br \/>Bater\u00eda: <a href=\"https:\/\/www.facebook.com\/miguel.romano.319?__cft__%5b0%5d=AZWGSz6E_xZcp6sGUizCRvjl-kx69-M0ULiXOKFu4b8fD9D62l8ZJ1zM0xsWtF_7ickPWZB6_AKsIWxvZz2D279_3Wt_0kNOCTrVzlZLzsv1QlVfnBNFRfsDcQZqRo8shdWqc0omOG1yUQslHZNQ6-Oo&amp;__tn__=-%5dK-R\">Miguel Romano<\/a><br \/>Percusi\u00f3n: <a href=\"https:\/\/www.facebook.com\/enrique.guzman.9803?__cft__%5b0%5d=AZWGSz6E_xZcp6sGUizCRvjl-kx69-M0ULiXOKFu4b8fD9D62l8ZJ1zM0xsWtF_7ickPWZB6_AKsIWxvZz2D279_3Wt_0kNOCTrVzlZLzsv1QlVfnBNFRfsDcQZqRo8shdWqc0omOG1yUQslHZNQ6-Oo&amp;__tn__=-%5dK-R\">Enrique Guzman<\/a> \u00abPapo\u00bb<br \/>Guitarra ac\u00fastica: <a href=\"https:\/\/www.facebook.com\/profile.php?id=100003103511207&amp;__cft__%5b0%5d=AZWGSz6E_xZcp6sGUizCRvjl-kx69-M0ULiXOKFu4b8fD9D62l8ZJ1zM0xsWtF_7ickPWZB6_AKsIWxvZz2D279_3Wt_0kNOCTrVzlZLzsv1QlVfnBNFRfsDcQZqRo8shdWqc0omOG1yUQslHZNQ6-Oo&amp;__tn__=-%5dK-R\">Carlos G\u00f3mez<\/a><br \/>Guitarra el\u00e9ctrica: Diego Bonomo<br \/>Tambores: Hermanos Silva<br \/>Trumpet: Miguel Leal<br \/>Tromb\u00f3n: <a href=\"https:\/\/www.facebook.com\/artigas.lealumpierrez?__cft__%5b0%5d=AZWGSz6E_xZcp6sGUizCRvjl-kx69-M0ULiXOKFu4b8fD9D62l8ZJ1zM0xsWtF_7ickPWZB6_AKsIWxvZz2D279_3Wt_0kNOCTrVzlZLzsv1QlVfnBNFRfsDcQZqRo8shdWqc0omOG1yUQslHZNQ6-Oo&amp;__tn__=-%5dK-R\">Artigas Leal<\/a><br \/>Saxof\u00f3n: <a href=\"https:\/\/www.facebook.com\/gustavo.villalba.777158?__cft__%5b0%5d=AZWGSz6E_xZcp6sGUizCRvjl-kx69-M0ULiXOKFu4b8fD9D62l8ZJ1zM0xsWtF_7ickPWZB6_AKsIWxvZz2D279_3Wt_0kNOCTrVzlZLzsv1QlVfnBNFRfsDcQZqRo8shdWqc0omOG1yUQslHZNQ6-Oo&amp;__tn__=-%5dK-R\">Gustavo Villalba<\/a><br \/>Flauta: <a href=\"https:\/\/www.facebook.com\/profile.php?id=100013416758812&amp;__cft__%5b0%5d=AZWGSz6E_xZcp6sGUizCRvjl-kx69-M0ULiXOKFu4b8fD9D62l8ZJ1zM0xsWtF_7ickPWZB6_AKsIWxvZz2D279_3Wt_0kNOCTrVzlZLzsv1QlVfnBNFRfsDcQZqRo8shdWqc0omOG1yUQslHZNQ6-Oo&amp;__tn__=-%5dK-R\">Pablo Somma <\/a><br \/>Cello: <a href=\"https:\/\/www.facebook.com\/Juancellomagini?__cft__%5b0%5d=AZWGSz6E_xZcp6sGUizCRvjl-kx69-M0ULiXOKFu4b8fD9D62l8ZJ1zM0xsWtF_7ickPWZB6_AKsIWxvZz2D279_3Wt_0kNOCTrVzlZLzsv1QlVfnBNFRfsDcQZqRo8shdWqc0omOG1yUQslHZNQ6-Oo&amp;__tn__=-%5dK-R\">Juan A. Rodriguez<\/a><br \/>Viol\u00edn: <a href=\"https:\/\/www.facebook.com\/matias.craciun?__cft__%5b0%5d=AZWGSz6E_xZcp6sGUizCRvjl-kx69-M0ULiXOKFu4b8fD9D62l8ZJ1zM0xsWtF_7ickPWZB6_AKsIWxvZz2D279_3Wt_0kNOCTrVzlZLzsv1QlVfnBNFRfsDcQZqRo8shdWqc0omOG1yUQslHZNQ6-Oo&amp;__tn__=-%5dK-R\">Matias Craciun<\/a><br \/>Oboe: Gast\u00f3n Modernel<br \/>Bandoneon: <a href=\"https:\/\/www.facebook.com\/leonel.gasso?__cft__%5b0%5d=AZWGSz6E_xZcp6sGUizCRvjl-kx69-M0ULiXOKFu4b8fD9D62l8ZJ1zM0xsWtF_7ickPWZB6_AKsIWxvZz2D279_3Wt_0kNOCTrVzlZLzsv1QlVfnBNFRfsDcQZqRo8shdWqc0omOG1yUQslHZNQ6-Oo&amp;__tn__=-%5dK-R\">Leonel Gasso<\/a><br \/>Coros: Elisabeth Rodr\u00edguez, Esteban Monta\u00f1o, Jimena Molina y <a href=\"https:\/\/www.facebook.com\/omar.estrada.39?__cft__%5b0%5d=AZWGSz6E_xZcp6sGUizCRvjl-kx69-M0ULiXOKFu4b8fD9D62l8ZJ1zM0xsWtF_7ickPWZB6_AKsIWxvZz2D279_3Wt_0kNOCTrVzlZLzsv1QlVfnBNFRfsDcQZqRo8shdWqc0omOG1yUQslHZNQ6-Oo&amp;__tn__=-%5dK-R\">Omar Estrada<\/a><br \/>Voz y arpa: Marisol Redondo<\/p>\n<p>[\/et_pb_text][\/et_pb_column][et_pb_column type=\u00bb1_2&#8243; _builder_version=\u00bb3.25&#8243; custom_padding=\u00bb|||\u00bb custom_padding__hover=\u00bb|||\u00bb][\/et_pb_column][\/et_pb_row][et_pb_row _builder_version=\u00bb4.9.7&#8243; min_height=\u00bb33px\u00bb custom_margin=\u00bb|auto||228px||\u00bb custom_padding=\u00bb40px||0px|\u00bb global_module=\u00bb33961&#8243; saved_tabs=\u00bball\u00bb][et_pb_column type=\u00bb4_4&#8243; _builder_version=\u00bb3.25&#8243; custom_padding=\u00bb|||\u00bb custom_padding__hover=\u00bb|||\u00bb][et_pb_text _builder_version=\u00bb4.9.7&#8243; text_font=\u00bb|600|||||||\u00bb text_text_color=\u00bb#ff533d\u00bb text_font_size=\u00bb20px\u00bb][\/et_pb_text][\/et_pb_column][\/et_pb_row][et_pb_row column_structure=\u00bb1_2,1_2&#8243; _builder_version=\u00bb3.25&#8243;][et_pb_column type=\u00bb1_2&#8243; _builder_version=\u00bb3.25&#8243; custom_padding=\u00bb|||\u00bb custom_padding__hover=\u00bb|||\u00bb][et_pb_blurb title=\u00bb5. Junio 2021&#8243; use_icon=\u00bbon\u00bb font_icon=\u00bb%%128%%\u00bb icon_color=\u00bb#ff533d\u00bb icon_placement=\u00bbleft\u00bb use_icon_font_size=\u00bbon\u00bb icon_font_size=\u00bb23px\u00bb _builder_version=\u00bb4.9.7&#8243; header_font=\u00bb|600|||||||\u00bb header_text_color=\u00bb#ab987a\u00bb header_font_size=\u00bb21px\u00bb header_letter_spacing=\u00bb2px\u00bb custom_margin=\u00bb||10px|\u00bb custom_padding=\u00bb|||\u00bb][\/et_pb_blurb][et_pb_blurb title=\u00bb20:00&#8243; use_icon=\u00bbon\u00bb font_icon=\u00bb%%92%%\u00bb icon_color=\u00bb#ff533d\u00bb icon_placement=\u00bbleft\u00bb use_icon_font_size=\u00bbon\u00bb icon_font_size=\u00bb23px\u00bb _builder_version=\u00bb3.17.6&#8243; header_font=\u00bb|600|||||||\u00bb header_text_color=\u00bb#ab987a\u00bb header_font_size=\u00bb21px\u00bb header_letter_spacing=\u00bb2px\u00bb custom_margin=\u00bb||10px|\u00bb custom_padding=\u00bb||2px|||\u00bb][\/et_pb_blurb][et_pb_text ul_item_indent=\u00bb35px\u00bb _builder_version=\u00bb4.9.7&#8243; text_line_height=\u00bb1.9em\u00bb link_text_color=\u00bb#3550a0&#8243; ul_line_height=\u00bb1.6em\u00bb header_3_font=\u00bb|700||on|||||\u00bb header_3_text_color=\u00bb#0f1626&#8243; header_3_font_size=\u00bb25px\u00bb header_3_line_height=\u00bb1.1em\u00bb header_4_font=\u00bbLato|700|||||||\u00bb header_4_text_color=\u00bb#3550a0&#8243; header_4_font_size=\u00bb16px\u00bb header_4_line_height=\u00bb1.5em\u00bb custom_margin=\u00bb|||\u00bb header_3_font_size_tablet=\u00bb\u00bb header_3_font_size_phone=\u00bb20px\u00bb header_3_font_size_last_edited=\u00bbon|phone\u00bb locked=\u00bboff\u00bb]<\/p>\n<h3>Tangos and Candombe concert<\/h3>\n<h3>Kulturfest Herning<\/h3>\n<p>Marisol Redondo in concert with:<\/p>\n<ul>\n<li>Simone Tolomeo (bandoneon)<\/li>\n<\/ul>\n<p class=\"MR-event-address\">Torvet 5<br \/>7400 Herning, Denmark<\/p>\n<p>[\/et_pb_text][\/et_pb_column][et_pb_column type=\u00bb1_2&#8243; _builder_version=\u00bb3.25&#8243; custom_padding=\u00bb|||\u00bb custom_padding__hover=\u00bb|||\u00bb][et_pb_blurb title=\u00bbTorvet 5&#8243; use_icon=\u00bbon\u00bb font_icon=\u00bb%%249%%\u00bb icon_color=\u00bb#ff533d\u00bb icon_placement=\u00bbleft\u00bb use_icon_font_size=\u00bbon\u00bb icon_font_size=\u00bb23px\u00bb _builder_version=\u00bb4.9.7&#8243; header_font=\u00bb|600|||||||\u00bb header_text_color=\u00bb#ab987a\u00bb header_font_size=\u00bb21px\u00bb header_letter_spacing=\u00bb2px\u00bb custom_margin=\u00bb||10px|\u00bb custom_padding=\u00bb|||\u00bb]<\/p>\n<p>Herning &#8211; Denmark<\/p>\n<p>[\/et_pb_blurb][et_pb_map google_api_key=\u00bbAIzaSyBxJ1ITyn2Z69WIdWrXF3QGXVsn-aUV2iY\u00bb address=\u00bbTorvet 5, 7400 Herning, Denmark\u00bb zoom_level=\u00bb16&#8243; address_lat=\u00bb56.1369556&#8243; address_lng=\u00bb8.9748888&#8243; _builder_version=\u00bb4.9.7&#8243; background_color=\u00bb#FF533D\u00bb custom_margin=\u00bb15px|||\u00bb border_width_all=\u00bb6px\u00bb border_color_all=\u00bb#ffffff\u00bb box_shadow_style=\u00bbpreset3&#8243;][et_pb_map_pin title=\u00bbKatholisches Pfarreiheim\u00bb pin_address=\u00bbErlenstrasse 35, 8805 Richterswil, Switzerland\u00bb zoom_level=\u00bb11&#8243; pin_address_lat=\u00bb47.211992&#8243; pin_address_lng=\u00bb8.700232&#8243; _builder_version=\u00bb4.0.6&#8243;]<\/p>\n<p>Richterswil\u2013 Switzerland<\/p>\n<p>[\/et_pb_map_pin][\/et_pb_map][\/et_pb_column][\/et_pb_row][et_pb_row _builder_version=\u00bb4.9.7&#8243; min_height=\u00bb33px\u00bb custom_margin=\u00bb|auto||228px||\u00bb custom_padding=\u00bb40px||0px|\u00bb global_module=\u00bb33961&#8243; saved_tabs=\u00bball\u00bb][et_pb_column type=\u00bb4_4&#8243; _builder_version=\u00bb3.25&#8243; custom_padding=\u00bb|||\u00bb custom_padding__hover=\u00bb|||\u00bb][et_pb_text _builder_version=\u00bb4.9.7&#8243; text_font=\u00bb|600|||||||\u00bb text_text_color=\u00bb#ff533d\u00bb text_font_size=\u00bb20px\u00bb][\/et_pb_text][\/et_pb_column][\/et_pb_row][et_pb_row column_structure=\u00bb1_2,1_2&#8243; _builder_version=\u00bb3.25&#8243;][et_pb_column type=\u00bb1_2&#8243; _builder_version=\u00bb3.25&#8243; custom_padding=\u00bb|||\u00bb custom_padding__hover=\u00bb|||\u00bb][et_pb_blurb title=\u00bb26. -28. Agosto 2021&#8243; use_icon=\u00bbon\u00bb font_icon=\u00bb%%128%%\u00bb icon_color=\u00bb#ff533d\u00bb icon_placement=\u00bbleft\u00bb use_icon_font_size=\u00bbon\u00bb icon_font_size=\u00bb23px\u00bb _builder_version=\u00bb4.9.7&#8243; header_font=\u00bb|600|||||||\u00bb header_text_color=\u00bb#ab987a\u00bb header_font_size=\u00bb21px\u00bb header_letter_spacing=\u00bb2px\u00bb custom_margin=\u00bb||10px|\u00bb custom_padding=\u00bb|||\u00bb][\/et_pb_blurb][et_pb_blurb title=\u00bb21:00&#8243; use_icon=\u00bbon\u00bb font_icon=\u00bb%%92%%\u00bb icon_color=\u00bb#ff533d\u00bb icon_placement=\u00bbleft\u00bb use_icon_font_size=\u00bbon\u00bb icon_font_size=\u00bb23px\u00bb _builder_version=\u00bb4.9.7&#8243; header_font=\u00bb|600|||||||\u00bb header_text_color=\u00bb#ab987a\u00bb header_font_size=\u00bb21px\u00bb header_letter_spacing=\u00bb2px\u00bb custom_margin=\u00bb||10px|\u00bb custom_padding=\u00bb||2px|||\u00bb][\/et_pb_blurb][et_pb_text ul_item_indent=\u00bb35px\u00bb _builder_version=\u00bb4.9.7&#8243; text_line_height=\u00bb1.9em\u00bb link_text_color=\u00bb#3550a0&#8243; ul_line_height=\u00bb1.6em\u00bb header_3_font=\u00bb|700||on|||||\u00bb header_3_text_color=\u00bb#0f1626&#8243; header_3_font_size=\u00bb25px\u00bb header_3_line_height=\u00bb1.1em\u00bb header_4_font=\u00bbLato|700|||||||\u00bb header_4_text_color=\u00bb#3550a0&#8243; header_4_font_size=\u00bb16px\u00bb header_4_line_height=\u00bb1.5em\u00bb custom_margin=\u00bb|||\u00bb header_3_font_size_tablet=\u00bb\u00bb header_3_font_size_phone=\u00bb20px\u00bb header_3_font_size_last_edited=\u00bbon|phone\u00bb locked=\u00bboff\u00bb]<\/p>\n<h3>17. Festival de arpas (Mishquila de arpas virtual)<\/h3>\n<p>Santiago del Estero &#8211; Argentina<\/p>\n<p>[\/et_pb_text][\/et_pb_column][et_pb_column type=\u00bb1_2&#8243; _builder_version=\u00bb3.25&#8243; custom_padding=\u00bb|||\u00bb custom_padding__hover=\u00bb|||\u00bb][\/et_pb_column][\/et_pb_row][et_pb_row _builder_version=\u00bb4.9.7&#8243; min_height=\u00bb33px\u00bb custom_margin=\u00bb|auto||228px||\u00bb custom_padding=\u00bb40px||0px|\u00bb global_module=\u00bb33961&#8243; saved_tabs=\u00bball\u00bb][et_pb_column type=\u00bb4_4&#8243; _builder_version=\u00bb3.25&#8243; custom_padding=\u00bb|||\u00bb custom_padding__hover=\u00bb|||\u00bb][et_pb_text _builder_version=\u00bb4.9.7&#8243; text_font=\u00bb|600|||||||\u00bb text_text_color=\u00bb#ff533d\u00bb text_font_size=\u00bb20px\u00bb][\/et_pb_text][\/et_pb_column][\/et_pb_row][et_pb_row column_structure=\u00bb1_2,1_2&#8243; _builder_version=\u00bb3.25&#8243;][et_pb_column type=\u00bb1_2&#8243; _builder_version=\u00bb3.25&#8243; custom_padding=\u00bb|||\u00bb custom_padding__hover=\u00bb|||\u00bb][et_pb_blurb title=\u00bb26. Noviembre 2021&#8243; use_icon=\u00bbon\u00bb font_icon=\u00bb%%128%%\u00bb icon_color=\u00bb#ff533d\u00bb icon_placement=\u00bbleft\u00bb use_icon_font_size=\u00bbon\u00bb icon_font_size=\u00bb23px\u00bb _builder_version=\u00bb4.9.7&#8243; header_font=\u00bb|600|||||||\u00bb header_text_color=\u00bb#ab987a\u00bb header_font_size=\u00bb21px\u00bb header_letter_spacing=\u00bb2px\u00bb custom_margin=\u00bb||10px|\u00bb custom_padding=\u00bb|||\u00bb hover_enabled=\u00bb0&#8243; sticky_enabled=\u00bb0&#8243;][\/et_pb_blurb][et_pb_blurb title=\u00bb20:00&#8243; use_icon=\u00bbon\u00bb font_icon=\u00bb%%92%%\u00bb icon_color=\u00bb#ff533d\u00bb icon_placement=\u00bbleft\u00bb use_icon_font_size=\u00bbon\u00bb icon_font_size=\u00bb23px\u00bb _builder_version=\u00bb4.9.7&#8243; header_font=\u00bb|600|||||||\u00bb header_text_color=\u00bb#ab987a\u00bb header_font_size=\u00bb21px\u00bb header_letter_spacing=\u00bb2px\u00bb custom_margin=\u00bb||10px|\u00bb custom_padding=\u00bb||2px|||\u00bb hover_enabled=\u00bb0&#8243; sticky_enabled=\u00bb0&#8243;][\/et_pb_blurb][et_pb_text ul_item_indent=\u00bb35px\u00bb _builder_version=\u00bb4.9.7&#8243; text_line_height=\u00bb1.9em\u00bb link_text_color=\u00bb#3550a0&#8243; ul_line_height=\u00bb1.6em\u00bb header_3_font=\u00bb|700||on|||||\u00bb header_3_text_color=\u00bb#0f1626&#8243; header_3_font_size=\u00bb25px\u00bb header_3_line_height=\u00bb1.1em\u00bb header_4_font=\u00bbLato|700|||||||\u00bb header_4_text_color=\u00bb#3550a0&#8243; header_4_font_size=\u00bb16px\u00bb header_4_line_height=\u00bb1.5em\u00bb custom_margin=\u00bb|||\u00bb header_3_font_size_tablet=\u00bb\u00bb header_3_font_size_phone=\u00bb20px\u00bb header_3_font_size_last_edited=\u00bbon|phone\u00bb locked=\u00bboff\u00bb]<\/p>\n<p>Marisol canta Tango en el homenaje a Julio Sosa de los Premios Graffiti en Las Piedras<\/p>\n<p>Hip\u00f3dromo Las Piedras<\/p>\n<p>Las Piedras, Canelones, Uruguay<\/p>\n<p>Marisol Redondo en concierto con:<\/p>\n<ul>\n<li><span style=\"font-size: 16px;\">Nico Mora (guitarra ac\u00fastica)<\/span><\/li>\n<\/ul>\n<p class=\"MR-event-address\">\u00a0<\/p>\n<p>[\/et_pb_text][\/et_pb_column][et_pb_column type=\u00bb1_2&#8243; _builder_version=\u00bb3.25&#8243; custom_padding=\u00bb|||\u00bb custom_padding__hover=\u00bb|||\u00bb][et_pb_blurb title=\u00bbHip\u00f3dromo Las Piedras\u00bb use_icon=\u00bbon\u00bb font_icon=\u00bb%%249%%\u00bb icon_color=\u00bb#ff533d\u00bb icon_placement=\u00bbleft\u00bb use_icon_font_size=\u00bbon\u00bb icon_font_size=\u00bb23px\u00bb _builder_version=\u00bb4.9.7&#8243; header_font=\u00bb|600|||||||\u00bb header_text_color=\u00bb#ab987a\u00bb header_font_size=\u00bb21px\u00bb header_letter_spacing=\u00bb2px\u00bb custom_margin=\u00bb||10px|\u00bb custom_padding=\u00bb|||\u00bb hover_enabled=\u00bb0&#8243; sticky_enabled=\u00bb0&#8243;]<\/p>\n<p>Canelones- Uruguay<\/p>\n<p>[\/et_pb_blurb][et_pb_map google_api_key=\u00bbAIzaSyBxJ1ITyn2Z69WIdWrXF3QGXVsn-aUV2iY\u00bb address=\u00bbHipodromo de Las Piedras, Las Piedras, Departamento de Canelones, Uruguay\u00bb zoom_level=\u00bb14&#8243; address_lat=\u00bb-34.7289356&#8243; address_lng=\u00bb-56.2028406&#8243; _builder_version=\u00bb4.9.7&#8243; background_color=\u00bb#FF533D\u00bb custom_margin=\u00bb15px|||\u00bb hover_enabled=\u00bb0&#8243; border_width_all=\u00bb6px\u00bb border_color_all=\u00bb#ffffff\u00bb box_shadow_style=\u00bbpreset3&#8243; sticky_enabled=\u00bb0&#8243;][et_pb_map_pin title=\u00bbHip\u00f3dromo Las Piedras\u00bb pin_address=\u00bbHipodromo de Las Piedras, Las Piedras, Departamento de Canelones, Uruguay\u00bb zoom_level=\u00bb15&#8243; pin_address_lat=\u00bb-34.7289356&#8243; pin_address_lng=\u00bb-56.2028406&#8243; _builder_version=\u00bb4.9.7&#8243; hover_enabled=\u00bb0&#8243; sticky_enabled=\u00bb0&#8243;]<\/p>\n<p>Montevideo\u2013 Uruguay<\/p>\n<p>[\/et_pb_map_pin][\/et_pb_map][\/et_pb_column][\/et_pb_row][et_pb_row _builder_version=\u00bb4.9.7&#8243; min_height=\u00bb33px\u00bb custom_margin=\u00bb|auto||228px||\u00bb custom_padding=\u00bb40px||0px|\u00bb saved_tabs=\u00bball\u00bb global_module=\u00bb33961&#8243;][et_pb_column type=\u00bb4_4&#8243; _builder_version=\u00bb3.25&#8243; custom_padding=\u00bb|||\u00bb custom_padding__hover=\u00bb|||\u00bb][et_pb_text _builder_version=\u00bb4.9.7&#8243; text_font=\u00bb|600|||||||\u00bb text_text_color=\u00bb#ff533d\u00bb text_font_size=\u00bb20px\u00bb][\/et_pb_text][\/et_pb_column][\/et_pb_row][et_pb_row column_structure=\u00bb1_2,1_2&#8243; _builder_version=\u00bb3.25&#8243;][et_pb_column type=\u00bb1_2&#8243; _builder_version=\u00bb3.25&#8243; custom_padding=\u00bb|||\u00bb custom_padding__hover=\u00bb|||\u00bb][et_pb_blurb title=\u00bb28. Noviembre 2021&#8243; use_icon=\u00bbon\u00bb font_icon=\u00bb%%128%%\u00bb icon_color=\u00bb#ff533d\u00bb icon_placement=\u00bbleft\u00bb use_icon_font_size=\u00bbon\u00bb icon_font_size=\u00bb23px\u00bb _builder_version=\u00bb4.9.7&#8243; header_font=\u00bb|600|||||||\u00bb header_text_color=\u00bb#ab987a\u00bb header_font_size=\u00bb21px\u00bb header_letter_spacing=\u00bb2px\u00bb custom_margin=\u00bb||10px|\u00bb custom_padding=\u00bb|||\u00bb][\/et_pb_blurb][et_pb_blurb title=\u00bb19:30&#8243; use_icon=\u00bbon\u00bb font_icon=\u00bb%%92%%\u00bb icon_color=\u00bb#ff533d\u00bb icon_placement=\u00bbleft\u00bb use_icon_font_size=\u00bbon\u00bb icon_font_size=\u00bb23px\u00bb _builder_version=\u00bb4.9.7&#8243; header_font=\u00bb|600|||||||\u00bb header_text_color=\u00bb#ab987a\u00bb header_font_size=\u00bb21px\u00bb header_letter_spacing=\u00bb2px\u00bb custom_margin=\u00bb||10px|\u00bb custom_padding=\u00bb||2px|||\u00bb][\/et_pb_blurb][et_pb_text ul_item_indent=\u00bb35px\u00bb _builder_version=\u00bb4.9.7&#8243; text_line_height=\u00bb1.9em\u00bb link_text_color=\u00bb#3550a0&#8243; ul_line_height=\u00bb1.6em\u00bb header_3_font=\u00bb|700||on|||||\u00bb header_3_text_color=\u00bb#0f1626&#8243; header_3_font_size=\u00bb25px\u00bb header_3_line_height=\u00bb1.1em\u00bb header_4_font=\u00bbLato|700|||||||\u00bb header_4_text_color=\u00bb#3550a0&#8243; header_4_font_size=\u00bb16px\u00bb header_4_line_height=\u00bb1.5em\u00bb custom_margin=\u00bb|||\u00bb header_3_font_size_tablet=\u00bb\u00bb header_3_font_size_phone=\u00bb20px\u00bb header_3_font_size_last_edited=\u00bbon|phone\u00bb locked=\u00bboff\u00bb]<\/p>\n<h3>Marisol en concierto &#8211; \u00abA la deriva\u00bb<\/h3>\n<p>Teatro \u00abLa Colmena\u00bb<br \/>Maldonado 2182, Montevideo Uruguay<\/p>\n<p>Marisol Redondo in concert with:<\/p>\n<ul>\n<li>Ra\u00fal Medina (piano y teclados)<\/li>\n<li><a href=\"https:\/\/www.facebook.com\/marcusmessina?__cft__%5b0%5d=AZWGSz6E_xZcp6sGUizCRvjl-kx69-M0ULiXOKFu4b8fD9D62l8ZJ1zM0xsWtF_7ickPWZB6_AKsIWxvZz2D279_3Wt_0kNOCTrVzlZLzsv1QlVfnBNFRfsDcQZqRo8shdWqc0omOG1yUQslHZNQ6-Oo&amp;__tn__=-%5dK-R\">Marco Messina<\/a> (bajo)<\/li>\n<li><a href=\"https:\/\/www.facebook.com\/miguel.romano.319?__cft__%5b0%5d=AZWGSz6E_xZcp6sGUizCRvjl-kx69-M0ULiXOKFu4b8fD9D62l8ZJ1zM0xsWtF_7ickPWZB6_AKsIWxvZz2D279_3Wt_0kNOCTrVzlZLzsv1QlVfnBNFRfsDcQZqRo8shdWqc0omOG1yUQslHZNQ6-Oo&amp;__tn__=-%5dK-R\">Miguel Romano<\/a> (bater\u00eda)<\/li>\n<li>Nico Mora (guitarra el\u00e9ctrica and ac\u00fastica)<\/li>\n<li><a href=\"https:\/\/www.facebook.com\/gustavo.villalba.777158?__cft__%5b0%5d=AZWGSz6E_xZcp6sGUizCRvjl-kx69-M0ULiXOKFu4b8fD9D62l8ZJ1zM0xsWtF_7ickPWZB6_AKsIWxvZz2D279_3Wt_0kNOCTrVzlZLzsv1QlVfnBNFRfsDcQZqRo8shdWqc0omOG1yUQslHZNQ6-Oo&amp;__tn__=-%5dK-R\">Gustavo Villalba<\/a> (saxof\u00f3n y flauta)<\/li>\n<li><a href=\"https:\/\/www.facebook.com\/Juancellomagini?__cft__%5b0%5d=AZWGSz6E_xZcp6sGUizCRvjl-kx69-M0ULiXOKFu4b8fD9D62l8ZJ1zM0xsWtF_7ickPWZB6_AKsIWxvZz2D279_3Wt_0kNOCTrVzlZLzsv1QlVfnBNFRfsDcQZqRo8shdWqc0omOG1yUQslHZNQ6-Oo&amp;__tn__=-%5dK-R\">Juan A. Rodriguez<\/a> (cello)<\/li>\n<li><a href=\"https:\/\/www.facebook.com\/matias.craciun?__cft__%5b0%5d=AZWGSz6E_xZcp6sGUizCRvjl-kx69-M0ULiXOKFu4b8fD9D62l8ZJ1zM0xsWtF_7ickPWZB6_AKsIWxvZz2D279_3Wt_0kNOCTrVzlZLzsv1QlVfnBNFRfsDcQZqRo8shdWqc0omOG1yUQslHZNQ6-Oo&amp;__tn__=-%5dK-R\">Matias Craciun<\/a> (viol\u00edn)<\/li>\n<\/ul>\n<p class=\"MR-event-address\">\u00a0<\/p>\n<p>[\/et_pb_text][\/et_pb_column][et_pb_column type=\u00bb1_2&#8243; _builder_version=\u00bb3.25&#8243; custom_padding=\u00bb|||\u00bb custom_padding__hover=\u00bb|||\u00bb][et_pb_blurb title=\u00bbTeatro %22La Colmena%22&#8243; use_icon=\u00bbon\u00bb font_icon=\u00bb%%249%%\u00bb icon_color=\u00bb#ff533d\u00bb icon_placement=\u00bbleft\u00bb use_icon_font_size=\u00bbon\u00bb icon_font_size=\u00bb23px\u00bb _builder_version=\u00bb4.9.7&#8243; header_font=\u00bb|600|||||||\u00bb header_text_color=\u00bb#ab987a\u00bb header_font_size=\u00bb21px\u00bb header_letter_spacing=\u00bb2px\u00bb custom_margin=\u00bb||10px|\u00bb custom_padding=\u00bb|||\u00bb]<\/p>\n<p>Montevideo &#8211; Uruguay<\/p>\n<p>[\/et_pb_blurb][et_pb_map google_api_key=\u00bbAIzaSyBxJ1ITyn2Z69WIdWrXF3QGXVsn-aUV2iY\u00bb address=\u00bbMaldonado 2182, 11200 Montevideo, Departamento de Montevideo, Uruguay\u00bb zoom_level=\u00bb14&#8243; address_lat=\u00bb-34.908131&#8243; address_lng=\u00bb-56.167873&#8243; _builder_version=\u00bb4.9.7&#8243; background_color=\u00bb#FF533D\u00bb custom_margin=\u00bb15px|||\u00bb border_width_all=\u00bb6px\u00bb border_color_all=\u00bb#ffffff\u00bb box_shadow_style=\u00bbpreset3&#8243;][et_pb_map_pin title=\u00bbTeatro la Colmena\u00bb pin_address=\u00bbMaldonado 2182, 11200 Montevideo, Departamento de Montevideo, Uruguay\u00bb zoom_level=\u00bb15&#8243; pin_address_lat=\u00bb-34.908131&#8243; pin_address_lng=\u00bb-56.167873&#8243; _builder_version=\u00bb4.9.7&#8243;]<\/p>\n<p>Montevideo\u2013 Uruguay<\/p>\n<p>[\/et_pb_map_pin][\/et_pb_map][\/et_pb_column][\/et_pb_row][et_pb_row _builder_version=\u00bb4.9.7&#8243; min_height=\u00bb33px\u00bb custom_margin=\u00bb|auto||228px||\u00bb custom_padding=\u00bb40px||0px|\u00bb global_module=\u00bb33961&#8243; saved_tabs=\u00bball\u00bb][et_pb_column type=\u00bb4_4&#8243; _builder_version=\u00bb3.25&#8243; custom_padding=\u00bb|||\u00bb custom_padding__hover=\u00bb|||\u00bb][et_pb_text _builder_version=\u00bb4.9.7&#8243; text_font=\u00bb|600|||||||\u00bb text_text_color=\u00bb#ff533d\u00bb text_font_size=\u00bb20px\u00bb][\/et_pb_text][\/et_pb_column][\/et_pb_row][et_pb_row column_structure=\u00bb1_2,1_2&#8243; _builder_version=\u00bb3.25&#8243;][et_pb_column type=\u00bb1_2&#8243; _builder_version=\u00bb3.25&#8243; custom_padding=\u00bb|||\u00bb custom_padding__hover=\u00bb|||\u00bb][et_pb_blurb title=\u00bb7. &#8211; 9. Diciembre 2021&#8243; use_icon=\u00bbon\u00bb font_icon=\u00bb%%128%%\u00bb icon_color=\u00bb#ff533d\u00bb icon_placement=\u00bbleft\u00bb use_icon_font_size=\u00bbon\u00bb icon_font_size=\u00bb23px\u00bb _builder_version=\u00bb4.9.7&#8243; header_font=\u00bb|600|||||||\u00bb header_text_color=\u00bb#ab987a\u00bb header_font_size=\u00bb21px\u00bb header_letter_spacing=\u00bb2px\u00bb custom_margin=\u00bb||10px|\u00bb custom_padding=\u00bb|||\u00bb][\/et_pb_blurb][et_pb_text ul_item_indent=\u00bb35px\u00bb _builder_version=\u00bb4.9.7&#8243; text_line_height=\u00bb1.9em\u00bb link_text_color=\u00bb#3550a0&#8243; ul_line_height=\u00bb1.6em\u00bb header_3_font=\u00bb|700||on|||||\u00bb header_3_text_color=\u00bb#0f1626&#8243; header_3_font_size=\u00bb25px\u00bb header_3_line_height=\u00bb1.1em\u00bb header_4_font=\u00bbLato|700|||||||\u00bb header_4_text_color=\u00bb#3550a0&#8243; header_4_font_size=\u00bb16px\u00bb header_4_line_height=\u00bb1.5em\u00bb custom_margin=\u00bb|||\u00bb hover_enabled=\u00bb0&#8243; header_3_font_size_tablet=\u00bb\u00bb header_3_font_size_phone=\u00bb20px\u00bb header_3_font_size_last_edited=\u00bbon|phone\u00bb locked=\u00bboff\u00bb sticky_enabled=\u00bb0&#8243;]<\/p>\n<h3>Festival International de la Canci\u00f3n de Punta del Este<\/h3>\n<p>Punta del Este, Uruguay<\/p>\n<p>Marisol Redondo llega a la final del Festival representando a Suiza con el bolero \u201cInfinitamente 2\u201d.<\/p>\n<p>&nbsp;<\/p>\n<p>[\/et_pb_text][\/et_pb_column][et_pb_column type=\u00bb1_2&#8243; _builder_version=\u00bb3.25&#8243; custom_padding=\u00bb|||\u00bb custom_padding__hover=\u00bb|||\u00bb][et_pb_blurb title=\u00bbFestival Internationl de la Canci\u00f3n de Punta del Este\u00bb use_icon=\u00bbon\u00bb font_icon=\u00bb%%249%%\u00bb icon_color=\u00bb#ff533d\u00bb icon_placement=\u00bbleft\u00bb use_icon_font_size=\u00bbon\u00bb icon_font_size=\u00bb23px\u00bb _builder_version=\u00bb4.9.7&#8243; header_font=\u00bb|600|||||||\u00bb header_text_color=\u00bb#ab987a\u00bb header_font_size=\u00bb21px\u00bb header_letter_spacing=\u00bb2px\u00bb custom_margin=\u00bb||10px|\u00bb custom_padding=\u00bb|||\u00bb]<\/p>\n<p>Punta del Este &#8211; Uruguay<\/p>\n<p>[\/et_pb_blurb][et_pb_map google_api_key=\u00bbAIzaSyBxJ1ITyn2Z69WIdWrXF3QGXVsn-aUV2iY\u00bb address=\u00bbPunta del Este, Maldonado Department, Uruguay\u00bb zoom_level=\u00bb12&#8243; address_lat=\u00bb-34.9363205&#8243; address_lng=\u00bb-54.9377826&#8243; _builder_version=\u00bb4.9.7&#8243; background_color=\u00bb#FF533D\u00bb custom_margin=\u00bb15px|||\u00bb border_width_all=\u00bb6px\u00bb border_color_all=\u00bb#ffffff\u00bb box_shadow_style=\u00bbpreset3&#8243;][et_pb_map_pin title=\u00bbPunta del Este\u00bb pin_address=\u00bbPunta del Este, Maldonado Department, Uruguay\u00bb zoom_level=\u00bb10&#8243; pin_address_lat=\u00bb-34.9363205&#8243; pin_address_lng=\u00bb-54.9377826&#8243; _builder_version=\u00bb4.9.7&#8243;]<\/p>\n<p>Punta del Este \u2013 Uruguay<\/p>\n<p>[\/et_pb_map_pin][\/et_pb_map][\/et_pb_column][\/et_pb_row][\/et_pb_section][et_pb_section fb_built=\u00bb1&#8243; disabled_on=\u00bboff|off|off\u00bb admin_label=\u00bbFollow Along\u00bb _builder_version=\u00bb3.11.1&#8243; background_color=\u00bb#0f1626&#8243; background_position=\u00bbcenter_right\u00bb custom_padding=\u00bb0||0||false|false\u00bb top_divider_height=\u00bb43px\u00bb global_module=\u00bb33206&#8243; saved_tabs=\u00bball\u00bb][\/et_pb_section]<\/p>\n","protected":false},"excerpt":{"rendered":"<p>Grabaci\u00f3n del nuevo \u00e1lbum \u00abA la deriva\u00bb Estudios SondorR\u00edo Branco 1530, 11100 Montevideo, Uruguay Piano y teclados keyboards: Ra\u00fal MedinaBajo: Marco MessinaContrabajo: Alfonso SantiniBater\u00eda: Miguel RomanoPercusi\u00f3n: Enrique Guzman \u00abPapo\u00bbGuitarra ac\u00fastica: Carlos G\u00f3mezGuitarra el\u00e9ctrica: Diego BonomoTambores: Hermanos SilvaTrumpet: Miguel LealTromb\u00f3n: Artigas LealSaxof\u00f3n: Gustavo VillalbaFlauta: Pablo Somma Cello: Juan A. RodriguezViol\u00edn: Matias CraciunOboe: Gast\u00f3n ModernelBandoneon: Leonel GassoCoros: [&hellip;]<\/p>\n","protected":false},"author":1,"featured_media":0,"parent":0,"menu_order":0,"comment_status":"closed","ping_status":"closed","template":"","meta":{"_et_pb_use_builder":"on","_et_pb_old_content":"","_et_gb_content_width":"","footnotes":""},"yoast_head":"<!-- This site is optimized with the Yoast SEO plugin v21.2 - https:\/\/yoast.com\/wordpress\/plugins\/seo\/ -->\n<title>2021 Eventos - Marisol Redondo- Singer<\/title>\n<meta name=\"robots\" content=\"index, follow, max-snippet:-1, max-image-preview:large, max-video-preview:-1\" \/>\n<link rel=\"canonical\" href=\"https:\/\/www.marisolredondo.com\/es\/2021-eventos\/\" \/>\n<meta property=\"og:locale\" content=\"es_ES\" \/>\n<meta property=\"og:type\" content=\"article\" \/>\n<meta property=\"og:title\" content=\"2021 Eventos - Marisol Redondo- Singer\" \/>\n<meta property=\"og:description\" content=\"Grabaci\u00f3n del nuevo \u00e1lbum &quot;A la deriva&quot; Estudios SondorR\u00edo Branco 1530, 11100 Montevideo, Uruguay Piano y teclados keyboards: Ra\u00fal MedinaBajo: Marco MessinaContrabajo: Alfonso SantiniBater\u00eda: Miguel RomanoPercusi\u00f3n: Enrique Guzman &quot;Papo&quot;Guitarra ac\u00fastica: Carlos G\u00f3mezGuitarra el\u00e9ctrica: Diego BonomoTambores: Hermanos SilvaTrumpet: Miguel LealTromb\u00f3n: Artigas LealSaxof\u00f3n: Gustavo VillalbaFlauta: Pablo Somma Cello: Juan A. RodriguezViol\u00edn: Matias CraciunOboe: Gast\u00f3n ModernelBandoneon: Leonel GassoCoros: [&hellip;]\" \/>\n<meta property=\"og:url\" content=\"https:\/\/www.marisolredondo.com\/es\/2021-eventos\/\" \/>\n<meta property=\"og:site_name\" content=\"Marisol Redondo- Singer\" \/>\n<meta property=\"article:modified_time\" content=\"2022-05-16T15:17:38+00:00\" \/>\n<meta name=\"twitter:card\" content=\"summary_large_image\" \/>\n<meta name=\"twitter:label1\" content=\"Tiempo de lectura\" \/>\n\t<meta name=\"twitter:data1\" content=\"13 minutos\" \/>\n<script type=\"application\/ld+json\" class=\"yoast-schema-graph\">{\"@context\":\"https:\/\/schema.org\",\"@graph\":[{\"@type\":\"WebPage\",\"@id\":\"https:\/\/www.marisolredondo.com\/es\/2021-eventos\/\",\"url\":\"https:\/\/www.marisolredondo.com\/es\/2021-eventos\/\",\"name\":\"2021 Eventos - Marisol Redondo- Singer\",\"isPartOf\":{\"@id\":\"https:\/\/www.marisolredondo.com\/#website\"},\"datePublished\":\"2021-08-05T11:43:57+00:00\",\"dateModified\":\"2022-05-16T15:17:38+00:00\",\"breadcrumb\":{\"@id\":\"https:\/\/www.marisolredondo.com\/es\/2021-eventos\/#breadcrumb\"},\"inLanguage\":\"es\",\"potentialAction\":[{\"@type\":\"ReadAction\",\"target\":[\"https:\/\/www.marisolredondo.com\/es\/2021-eventos\/\"]}]},{\"@type\":\"BreadcrumbList\",\"@id\":\"https:\/\/www.marisolredondo.com\/es\/2021-eventos\/#breadcrumb\",\"itemListElement\":[{\"@type\":\"ListItem\",\"position\":1,\"name\":\"Home\",\"item\":\"https:\/\/www.marisolredondo.com\/\"},{\"@type\":\"ListItem\",\"position\":2,\"name\":\"2021 Eventos\"}]},{\"@type\":\"WebSite\",\"@id\":\"https:\/\/www.marisolredondo.com\/#website\",\"url\":\"https:\/\/www.marisolredondo.com\/\",\"name\":\"Marisol Redondo\",\"description\":\"\",\"publisher\":{\"@id\":\"https:\/\/www.marisolredondo.com\/#\/schema\/person\/a7f4167392c64b100109903e48fe3898\"},\"potentialAction\":[{\"@type\":\"SearchAction\",\"target\":{\"@type\":\"EntryPoint\",\"urlTemplate\":\"https:\/\/www.marisolredondo.com\/?s={search_term_string}\"},\"query-input\":\"required name=search_term_string\"}],\"inLanguage\":\"es\"},{\"@type\":[\"Person\",\"Organization\"],\"@id\":\"https:\/\/www.marisolredondo.com\/#\/schema\/person\/a7f4167392c64b100109903e48fe3898\",\"name\":\"mredondo\",\"image\":{\"@type\":\"ImageObject\",\"inLanguage\":\"es\",\"@id\":\"https:\/\/www.marisolredondo.com\/#\/schema\/person\/image\/\",\"url\":\"https:\/\/secure.gravatar.com\/avatar\/0017f9752f1432e3e718b813e3e35442?s=96&d=mm&r=g\",\"contentUrl\":\"https:\/\/secure.gravatar.com\/avatar\/0017f9752f1432e3e718b813e3e35442?s=96&d=mm&r=g\",\"caption\":\"mredondo\"},\"logo\":{\"@id\":\"https:\/\/www.marisolredondo.com\/#\/schema\/person\/image\/\"}}]}<\/script>\n<!-- \/ Yoast SEO plugin. -->","yoast_head_json":{"title":"2021 Eventos - Marisol Redondo- Singer","robots":{"index":"index","follow":"follow","max-snippet":"max-snippet:-1","max-image-preview":"max-image-preview:large","max-video-preview":"max-video-preview:-1"},"canonical":"https:\/\/www.marisolredondo.com\/es\/2021-eventos\/","og_locale":"es_ES","og_type":"article","og_title":"2021 Eventos - Marisol Redondo- Singer","og_description":"Grabaci\u00f3n del nuevo \u00e1lbum \"A la deriva\" Estudios SondorR\u00edo Branco 1530, 11100 Montevideo, Uruguay Piano y teclados keyboards: Ra\u00fal MedinaBajo: Marco MessinaContrabajo: Alfonso SantiniBater\u00eda: Miguel RomanoPercusi\u00f3n: Enrique Guzman \"Papo\"Guitarra ac\u00fastica: Carlos G\u00f3mezGuitarra el\u00e9ctrica: Diego BonomoTambores: Hermanos SilvaTrumpet: Miguel LealTromb\u00f3n: Artigas LealSaxof\u00f3n: Gustavo VillalbaFlauta: Pablo Somma Cello: Juan A. RodriguezViol\u00edn: Matias CraciunOboe: Gast\u00f3n ModernelBandoneon: Leonel GassoCoros: [&hellip;]","og_url":"https:\/\/www.marisolredondo.com\/es\/2021-eventos\/","og_site_name":"Marisol Redondo- Singer","article_modified_time":"2022-05-16T15:17:38+00:00","twitter_card":"summary_large_image","twitter_misc":{"Tiempo de lectura":"13 minutos"},"schema":{"@context":"https:\/\/schema.org","@graph":[{"@type":"WebPage","@id":"https:\/\/www.marisolredondo.com\/es\/2021-eventos\/","url":"https:\/\/www.marisolredondo.com\/es\/2021-eventos\/","name":"2021 Eventos - Marisol Redondo- Singer","isPartOf":{"@id":"https:\/\/www.marisolredondo.com\/#website"},"datePublished":"2021-08-05T11:43:57+00:00","dateModified":"2022-05-16T15:17:38+00:00","breadcrumb":{"@id":"https:\/\/www.marisolredondo.com\/es\/2021-eventos\/#breadcrumb"},"inLanguage":"es","potentialAction":[{"@type":"ReadAction","target":["https:\/\/www.marisolredondo.com\/es\/2021-eventos\/"]}]},{"@type":"BreadcrumbList","@id":"https:\/\/www.marisolredondo.com\/es\/2021-eventos\/#breadcrumb","itemListElement":[{"@type":"ListItem","position":1,"name":"Home","item":"https:\/\/www.marisolredondo.com\/"},{"@type":"ListItem","position":2,"name":"2021 Eventos"}]},{"@type":"WebSite","@id":"https:\/\/www.marisolredondo.com\/#website","url":"https:\/\/www.marisolredondo.com\/","name":"Marisol Redondo","description":"","publisher":{"@id":"https:\/\/www.marisolredondo.com\/#\/schema\/person\/a7f4167392c64b100109903e48fe3898"},"potentialAction":[{"@type":"SearchAction","target":{"@type":"EntryPoint","urlTemplate":"https:\/\/www.marisolredondo.com\/?s={search_term_string}"},"query-input":"required name=search_term_string"}],"inLanguage":"es"},{"@type":["Person","Organization"],"@id":"https:\/\/www.marisolredondo.com\/#\/schema\/person\/a7f4167392c64b100109903e48fe3898","name":"mredondo","image":{"@type":"ImageObject","inLanguage":"es","@id":"https:\/\/www.marisolredondo.com\/#\/schema\/person\/image\/","url":"https:\/\/secure.gravatar.com\/avatar\/0017f9752f1432e3e718b813e3e35442?s=96&d=mm&r=g","contentUrl":"https:\/\/secure.gravatar.com\/avatar\/0017f9752f1432e3e718b813e3e35442?s=96&d=mm&r=g","caption":"mredondo"},"logo":{"@id":"https:\/\/www.marisolredondo.com\/#\/schema\/person\/image\/"}}]}},"_links":{"self":[{"href":"https:\/\/www.marisolredondo.com\/es\/wp-json\/wp\/v2\/pages\/35926"}],"collection":[{"href":"https:\/\/www.marisolredondo.com\/es\/wp-json\/wp\/v2\/pages"}],"about":[{"href":"https:\/\/www.marisolredondo.com\/es\/wp-json\/wp\/v2\/types\/page"}],"author":[{"embeddable":true,"href":"https:\/\/www.marisolredondo.com\/es\/wp-json\/wp\/v2\/users\/1"}],"replies":[{"embeddable":true,"href":"https:\/\/www.marisolredondo.com\/es\/wp-json\/wp\/v2\/comments?post=35926"}],"version-history":[{"count":0,"href":"https:\/\/www.marisolredondo.com\/es\/wp-json\/wp\/v2\/pages\/35926\/revisions"}],"wp:attachment":[{"href":"https:\/\/www.marisolredondo.com\/es\/wp-json\/wp\/v2\/media?parent=35926"}],"curies":[{"name":"wp","href":"https:\/\/api.w.org\/{rel}","templated":true}]}}