{"id":35488,"date":"2020-01-27T18:15:28","date_gmt":"2020-01-27T18:15:28","guid":{"rendered":"https:\/\/www.marisolredondo.com\/?page_id=35488"},"modified":"2021-08-05T13:39:33","modified_gmt":"2021-08-05T13:39:33","slug":"2020-eventos","status":"publish","type":"page","link":"https:\/\/www.marisolredondo.com\/es\/2020-eventos\/","title":{"rendered":"2020 Eventos"},"content":{"rendered":"<p>[et_pb_section fb_built=\u00bb1&#8243; fullwidth=\u00bbon\u00bb _builder_version=\u00bb3.22&#8243;][et_pb_fullwidth_header title=\u00bb2020 Eventos\u00bb text_orientation=\u00bbcenter\u00bb header_fullscreen=\u00bbon\u00bb header_scroll_down=\u00bbon\u00bb scroll_down_icon_color=\u00bb#ffffff\u00bb scroll_down_icon_size=\u00bb34px\u00bb background_overlay_color=\u00bbrgba(15,22,38,0.47)\u00bb logo_image_url=\u00bbhttps:\/\/www.marisolredondo.com\/wp-content\/uploads\/2018\/08\/logo-large.png\u00bb _builder_version=\u00bb3.16&#8243; title_font=\u00bb|600|||||||\u00bb title_font_size=\u00bb31px\u00bb title_letter_spacing=\u00bb5px\u00bb content_font=\u00bb||||||||\u00bb subhead_font=\u00bb||||||||\u00bb background_image=\u00bbhttps:\/\/www.marisolredondo.com\/wp-content\/uploads\/2018\/11\/marisol-redondo-in-concert-1.jpg\u00bb custom_css_logo=\u00bbmargin-bottom:25px;\u00bb title_text_shadow_style=\u00bbpreset1&#8243; button_one_text_size__hover_enabled=\u00bboff\u00bb button_one_text_size__hover=\u00bbnull\u00bb button_two_text_size__hover_enabled=\u00bboff\u00bb button_two_text_size__hover=\u00bbnull\u00bb button_one_text_color__hover_enabled=\u00bboff\u00bb button_one_text_color__hover=\u00bbnull\u00bb button_two_text_color__hover_enabled=\u00bboff\u00bb button_two_text_color__hover=\u00bbnull\u00bb button_one_border_width__hover_enabled=\u00bboff\u00bb button_one_border_width__hover=\u00bbnull\u00bb button_two_border_width__hover_enabled=\u00bboff\u00bb button_two_border_width__hover=\u00bbnull\u00bb button_one_border_color__hover_enabled=\u00bboff\u00bb button_one_border_color__hover=\u00bbnull\u00bb button_two_border_color__hover_enabled=\u00bboff\u00bb button_two_border_color__hover=\u00bbnull\u00bb button_one_border_radius__hover_enabled=\u00bboff\u00bb button_one_border_radius__hover=\u00bbnull\u00bb button_two_border_radius__hover_enabled=\u00bboff\u00bb button_two_border_radius__hover=\u00bbnull\u00bb button_one_letter_spacing__hover_enabled=\u00bboff\u00bb button_one_letter_spacing__hover=\u00bbnull\u00bb button_two_letter_spacing__hover_enabled=\u00bboff\u00bb button_two_letter_spacing__hover=\u00bbnull\u00bb button_one_bg_color__hover_enabled=\u00bboff\u00bb button_one_bg_color__hover=\u00bbnull\u00bb button_two_bg_color__hover_enabled=\u00bboff\u00bb button_two_bg_color__hover=\u00bbnull\u00bb]<\/p>\n<hr class=\"underline-style\" \/>\n[\/et_pb_fullwidth_header][\/et_pb_section][et_pb_section fb_built=\u00bb1&#8243; _builder_version=\u00bb3.22&#8243;][et_pb_row column_structure=\u00bb1_2,1_2&#8243; _builder_version=\u00bb3.25&#8243;][et_pb_column type=\u00bb1_2&#8243; _builder_version=\u00bb3.25&#8243; custom_padding=\u00bb|||\u00bb custom_padding__hover=\u00bb|||\u00bb][et_pb_blurb title=\u00bb3 -5 de septiembre 2020&#8243; use_icon=\u00bbon\u00bb font_icon=\u00bb%%128%%\u00bb icon_color=\u00bb#ff533d\u00bb icon_placement=\u00bbleft\u00bb use_icon_font_size=\u00bbon\u00bb icon_font_size=\u00bb23px\u00bb _builder_version=\u00bb4.0.6&#8243; header_font=\u00bb|600|||||||\u00bb header_text_color=\u00bb#ab987a\u00bb header_font_size=\u00bb21px\u00bb header_letter_spacing=\u00bb2px\u00bb custom_margin=\u00bb||10px|\u00bb custom_padding=\u00bb|||\u00bb][\/et_pb_blurb][et_pb_text ul_item_indent=\u00bb35px\u00bb _builder_version=\u00bb4.0.6&#8243; text_line_height=\u00bb1.9em\u00bb link_text_color=\u00bb#3550a0&#8243; ul_line_height=\u00bb1.6em\u00bb header_3_font=\u00bb|700||on|||||\u00bb header_3_text_color=\u00bb#0f1626&#8243; header_3_font_size=\u00bb25px\u00bb header_3_line_height=\u00bb1.1em\u00bb header_4_font=\u00bbLato|700|||||||\u00bb header_4_text_color=\u00bb#3550a0&#8243; header_4_font_size=\u00bb16px\u00bb header_4_line_height=\u00bb1.5em\u00bb custom_margin=\u00bb|||\u00bb header_3_font_size_tablet=\u00bb\u00bb header_3_font_size_phone=\u00bb20px\u00bb header_3_font_size_last_edited=\u00bbon|phone\u00bb locked=\u00bboff\u00bb]<\/p>\n<h3>Mishquila virtual de arpas 2020<\/h3>\n<p>Santiago del Estero \u2013 Argentina[\/et_pb_text][\/et_pb_column][et_pb_column type=\u00bb1_2&#8243; _builder_version=\u00bb3.25&#8243; custom_padding=\u00bb|||\u00bb custom_padding__hover=\u00bb|||\u00bb][\/et_pb_column][\/et_pb_row][et_pb_row _builder_version=\u00bb3.25&#8243; min_height=\u00bb33px\u00bb custom_padding=\u00bb40px||0px|\u00bb global_module=\u00bb33961&#8243;][et_pb_column type=\u00bb4_4&#8243; _builder_version=\u00bb3.25&#8243; custom_padding=\u00bb|||\u00bb custom_padding__hover=\u00bb|||\u00bb][\/et_pb_column][\/et_pb_row][et_pb_row column_structure=\u00bb1_2,1_2&#8243; _builder_version=\u00bb3.25&#8243;][et_pb_column type=\u00bb1_2&#8243; _builder_version=\u00bb3.25&#8243; custom_padding=\u00bb|||\u00bb custom_padding__hover=\u00bb|||\u00bb][et_pb_blurb title=\u00bb5 de septiembre 2020&#8243; use_icon=\u00bbon\u00bb font_icon=\u00bb%%128%%\u00bb icon_color=\u00bb#ff533d\u00bb icon_placement=\u00bbleft\u00bb use_icon_font_size=\u00bbon\u00bb icon_font_size=\u00bb23px\u00bb _builder_version=\u00bb4.0.6&#8243; header_font=\u00bb|600|||||||\u00bb header_text_color=\u00bb#ab987a\u00bb header_font_size=\u00bb21px\u00bb header_letter_spacing=\u00bb2px\u00bb custom_margin=\u00bb||10px|\u00bb custom_padding=\u00bb|||\u00bb][\/et_pb_blurb][et_pb_blurb title=\u00bb20:00&#8243; use_icon=\u00bbon\u00bb font_icon=\u00bb%%92%%\u00bb icon_color=\u00bb#ff533d\u00bb icon_placement=\u00bbleft\u00bb use_icon_font_size=\u00bbon\u00bb icon_font_size=\u00bb23px\u00bb _builder_version=\u00bb3.17.6&#8243; header_font=\u00bb|600|||||||\u00bb header_text_color=\u00bb#ab987a\u00bb header_font_size=\u00bb21px\u00bb header_letter_spacing=\u00bb2px\u00bb custom_margin=\u00bb||10px|\u00bb custom_padding=\u00bb||2px|||\u00bb][\/et_pb_blurb][et_pb_text ul_item_indent=\u00bb35px\u00bb _builder_version=\u00bb4.0.6&#8243; text_line_height=\u00bb1.9em\u00bb link_text_color=\u00bb#3550a0&#8243; ul_line_height=\u00bb1.6em\u00bb header_3_font=\u00bb|700||on|||||\u00bb header_3_text_color=\u00bb#0f1626&#8243; header_3_font_size=\u00bb25px\u00bb header_3_line_height=\u00bb1.1em\u00bb header_4_font=\u00bbLato|700|||||||\u00bb header_4_text_color=\u00bb#3550a0&#8243; header_4_font_size=\u00bb16px\u00bb header_4_line_height=\u00bb1.5em\u00bb custom_margin=\u00bb|||\u00bb header_3_font_size_tablet=\u00bb\u00bb header_3_font_size_phone=\u00bb20px\u00bb header_3_font_size_last_edited=\u00bbon|phone\u00bb locked=\u00bboff\u00bb]<\/p>\n<h3>Marisol en concierto \u2013 Tango y Candombe<\/h3>\n<p>Marisol Redondo en concierto con:<\/p>\n<ul>\n<li>Simone Tolomeo (bandone\u00f3n)<\/li>\n<li>Sebasti\u00e1n Noya (piano)<\/li>\n<li>S\u00e1ndor T\u00f6r\u00f6k (contrabajo)<\/li>\n<\/ul>\n<p class=\"MR-event-address\">Katholischer Pfarreiheim,<\/p>\n<p class=\"MR-event-address\">Erlenstrasse 35,<br \/>\n8805 Richterswil \u2013 Suiza<\/p>\n<p>[\/et_pb_text][\/et_pb_column][et_pb_column type=\u00bb1_2&#8243; _builder_version=\u00bb3.25&#8243; custom_padding=\u00bb|||\u00bb custom_padding__hover=\u00bb|||\u00bb][et_pb_blurb title=\u00bbKatholisches Pfarreiheim\u00bb use_icon=\u00bbon\u00bb font_icon=\u00bb%%249%%\u00bb icon_color=\u00bb#ff533d\u00bb icon_placement=\u00bbleft\u00bb use_icon_font_size=\u00bbon\u00bb icon_font_size=\u00bb23px\u00bb _builder_version=\u00bb4.0.6&#8243; header_font=\u00bb|600|||||||\u00bb header_text_color=\u00bb#ab987a\u00bb header_font_size=\u00bb21px\u00bb header_letter_spacing=\u00bb2px\u00bb custom_margin=\u00bb||10px|\u00bb custom_padding=\u00bb|||\u00bb]Richterswil\u2013 Suiza[\/et_pb_blurb][et_pb_map address=\u00bbErlenstrasse 35, 8805 Richterswil, Switzerland\u00bb address_lat=\u00bb47.211992&#8243; address_lng=\u00bb8.700232&#8243; _builder_version=\u00bb4.0.6&#8243; custom_margin=\u00bb15px|||\u00bb border_width_all=\u00bb6px\u00bb border_color_all=\u00bb#ffffff\u00bb box_shadow_style=\u00bbpreset3&#8243;][et_pb_map_pin title=\u00bbKatholisches Pfarreiheim\u00bb pin_address=\u00bbErlenstrasse 35, 8805 Richterswil, Switzerland\u00bb zoom_level=\u00bb11&#8243; pin_address_lat=\u00bb47.211992&#8243; pin_address_lng=\u00bb8.700232&#8243; _builder_version=\u00bb4.0.6&#8243;]Richterswil\u2013 Suiza[\/et_pb_map_pin][\/et_pb_map][\/et_pb_column][\/et_pb_row][et_pb_row _builder_version=\u00bb3.25&#8243; min_height=\u00bb33px\u00bb custom_padding=\u00bb40px||0px|\u00bb global_module=\u00bb33961&#8243;][et_pb_column type=\u00bb4_4&#8243; _builder_version=\u00bb3.25&#8243; custom_padding=\u00bb|||\u00bb custom_padding__hover=\u00bb|||\u00bb][\/et_pb_column][\/et_pb_row][et_pb_row column_structure=\u00bb1_2,1_2&#8243; _builder_version=\u00bb3.25&#8243;][et_pb_column type=\u00bb1_2&#8243; _builder_version=\u00bb3.25&#8243; custom_padding=\u00bb|||\u00bb custom_padding__hover=\u00bb|||\u00bb][et_pb_blurb title=\u00bb23 &#8211; 24 de octubre 2020&#8243; use_icon=\u00bbon\u00bb font_icon=\u00bb%%128%%\u00bb icon_color=\u00bb#ff533d\u00bb icon_placement=\u00bbleft\u00bb use_icon_font_size=\u00bbon\u00bb icon_font_size=\u00bb23px\u00bb _builder_version=\u00bb4.0.6&#8243; header_font=\u00bb|600|||||||\u00bb header_text_color=\u00bb#ab987a\u00bb header_font_size=\u00bb21px\u00bb header_letter_spacing=\u00bb2px\u00bb custom_margin=\u00bb||10px|\u00bb custom_padding=\u00bb|||\u00bb][\/et_pb_blurb][et_pb_text ul_item_indent=\u00bb35px\u00bb _builder_version=\u00bb4.0.6&#8243; text_line_height=\u00bb1.9em\u00bb link_text_color=\u00bb#3550a0&#8243; ul_line_height=\u00bb1.6em\u00bb header_3_font=\u00bb|700||on|||||\u00bb header_3_text_color=\u00bb#0f1626&#8243; header_3_font_size=\u00bb25px\u00bb header_3_line_height=\u00bb1.1em\u00bb header_4_font=\u00bbLato|700|||||||\u00bb header_4_text_color=\u00bb#3550a0&#8243; header_4_font_size=\u00bb16px\u00bb header_4_line_height=\u00bb1.5em\u00bb custom_margin=\u00bb|||\u00bb header_3_font_size_tablet=\u00bb\u00bb header_3_font_size_phone=\u00bb20px\u00bb header_3_font_size_last_edited=\u00bbon|phone\u00bb locked=\u00bboff\u00bb]<\/p>\n<h3>Festival de arpa<\/h3>\n<p>Festival ArPaz &#8211; \u00a0Arpas por la Paz<\/p>\n<p class=\"MR-event-address\">Bogot\u00e1 \u2013 Colombia<\/p>\n<p>[\/et_pb_text][\/et_pb_column][et_pb_column type=\u00bb1_2&#8243; _builder_version=\u00bb3.25&#8243; custom_padding=\u00bb|||\u00bb custom_padding__hover=\u00bb|||\u00bb][et_pb_blurb title=\u00bbBogot\u00e1\u00bb use_icon=\u00bbon\u00bb font_icon=\u00bb%%249%%\u00bb icon_color=\u00bb#ff533d\u00bb icon_placement=\u00bbleft\u00bb use_icon_font_size=\u00bbon\u00bb icon_font_size=\u00bb23px\u00bb _builder_version=\u00bb4.0.6&#8243; header_font=\u00bb|600|||||||\u00bb header_text_color=\u00bb#ab987a\u00bb header_font_size=\u00bb21px\u00bb header_letter_spacing=\u00bb2px\u00bb custom_margin=\u00bb||10px|\u00bb custom_padding=\u00bb|||\u00bb]Colombia[\/et_pb_blurb][et_pb_map address=\u00bbBogota, Colombia\u00bb zoom_level=\u00bb16&#8243; address_lat=\u00bb4.7109886&#8243; address_lng=\u00bb-74.072092&#8243; _builder_version=\u00bb4.9.7&#8243; custom_margin=\u00bb15px|||\u00bb hover_enabled=\u00bb0&#8243; border_width_all=\u00bb6px\u00bb border_color_all=\u00bb#ffffff\u00bb box_shadow_style=\u00bbpreset3&#8243; sticky_enabled=\u00bb0&#8243;][et_pb_map_pin title=\u00bbBogot\u00e1\u00bb pin_address=\u00bbBogot\u00e1, Bogota, Colombia\u00bb zoom_level=\u00bb11&#8243; pin_address_lat=\u00bb4.7109886&#8243; pin_address_lng=\u00bb-74.072092&#8243; _builder_version=\u00bb4.9.7&#8243; hover_enabled=\u00bb0&#8243; sticky_enabled=\u00bb0&#8243;]Colombia[\/et_pb_map_pin][\/et_pb_map][\/et_pb_column][\/et_pb_row][et_pb_row _builder_version=\u00bb3.25&#8243; min_height=\u00bb33px\u00bb custom_padding=\u00bb40px||0px|\u00bb global_module=\u00bb33961&#8243;][et_pb_column type=\u00bb4_4&#8243; _builder_version=\u00bb3.25&#8243; custom_padding=\u00bb|||\u00bb custom_padding__hover=\u00bb|||\u00bb][\/et_pb_column][\/et_pb_row][et_pb_row column_structure=\u00bb1_2,1_2&#8243; _builder_version=\u00bb3.25&#8243;][et_pb_column type=\u00bb1_2&#8243; _builder_version=\u00bb3.25&#8243; custom_padding=\u00bb|||\u00bb custom_padding__hover=\u00bb|||\u00bb][et_pb_blurb title=\u00bbNoviembre \/ diciembre 2020&#8243; use_icon=\u00bbon\u00bb font_icon=\u00bb%%128%%\u00bb icon_color=\u00bb#ff533d\u00bb icon_placement=\u00bbleft\u00bb use_icon_font_size=\u00bbon\u00bb icon_font_size=\u00bb23px\u00bb _builder_version=\u00bb4.0.6&#8243; header_font=\u00bb|600|||||||\u00bb header_text_color=\u00bb#ab987a\u00bb header_font_size=\u00bb21px\u00bb header_letter_spacing=\u00bb2px\u00bb custom_margin=\u00bb||10px|\u00bb custom_padding=\u00bb|||\u00bb][\/et_pb_blurb][et_pb_text ul_item_indent=\u00bb35px\u00bb _builder_version=\u00bb4.0.6&#8243; text_line_height=\u00bb1.9em\u00bb link_text_color=\u00bb#3550a0&#8243; ul_line_height=\u00bb1.6em\u00bb header_3_font=\u00bb|700||on|||||\u00bb header_3_text_color=\u00bb#0f1626&#8243; header_3_font_size=\u00bb25px\u00bb header_3_line_height=\u00bb1.1em\u00bb header_4_font=\u00bbLato|700|||||||\u00bb header_4_text_color=\u00bb#3550a0&#8243; header_4_font_size=\u00bb16px\u00bb header_4_line_height=\u00bb1.5em\u00bb custom_margin=\u00bb|||\u00bb header_3_font_size_tablet=\u00bb\u00bb header_3_font_size_phone=\u00bb20px\u00bb header_3_font_size_last_edited=\u00bbon|phone\u00bb locked=\u00bboff\u00bb]<\/p>\n<h3>Festival Internacional de la Canci\u00f3n Punta del Este 2020<\/h3>\n<p class=\"MR-event-address\">Punta del Este,<br \/>\nUruguay<\/p>\n<p>[\/et_pb_text][et_pb_text _builder_version=\u00bb4.9.7&#8243; _module_preset=\u00bbdefault\u00bb background_color=\u00bb#FFC5A3&#8243; hover_enabled=\u00bb0&#8243; sticky_enabled=\u00bb0&#8243; custom_margin=\u00bb|283px|47px|||\u00bb width=\u00bb44.9%\u00bb min_height=\u00bb52px\u00bb]<\/p>\n<p style=\"text-align: center;\"><strong><span style=\"color: #ff0000;\"><\/span><\/strong><\/p>\n<p style=\"text-align: center;\"><strong><span style=\"color: #ff0000;\">Pospuesto<\/span><\/strong><\/p>\n<p>[\/et_pb_text][\/et_pb_column][et_pb_column type=\u00bb1_2&#8243; _builder_version=\u00bb3.25&#8243; custom_padding=\u00bb|||\u00bb custom_padding__hover=\u00bb|||\u00bb][et_pb_blurb title=\u00bbPunta del Este\u00bb use_icon=\u00bbon\u00bb font_icon=\u00bb%%249%%\u00bb icon_color=\u00bb#ff533d\u00bb icon_placement=\u00bbleft\u00bb use_icon_font_size=\u00bbon\u00bb icon_font_size=\u00bb23px\u00bb _builder_version=\u00bb4.0.6&#8243; header_font=\u00bb|600|||||||\u00bb header_text_color=\u00bb#ab987a\u00bb header_font_size=\u00bb21px\u00bb header_letter_spacing=\u00bb2px\u00bb custom_margin=\u00bb||10px|\u00bb custom_padding=\u00bb|||\u00bb]Uruguay[\/et_pb_blurb][et_pb_map address=\u00bbPunta del Este, Maldonado Department, Uruguay\u00bb zoom_level=\u00bb16&#8243; address_lat=\u00bb-34.9363205&#8243; address_lng=\u00bb-54.9377826&#8243; _builder_version=\u00bb4.9.7&#8243; custom_margin=\u00bb15px|||\u00bb hover_enabled=\u00bb0&#8243; border_width_all=\u00bb6px\u00bb border_color_all=\u00bb#ffffff\u00bb box_shadow_style=\u00bbpreset3&#8243; sticky_enabled=\u00bb0&#8243;][et_pb_map_pin title=\u00bbPunta del Este\u00bb pin_address=\u00bbPunta del Este, Maldonado Department, Uruguay\u00bb zoom_level=\u00bb11&#8243; pin_address_lat=\u00bb-34.9363205&#8243; pin_address_lng=\u00bb-54.9377826&#8243; _builder_version=\u00bb4.9.7&#8243; hover_enabled=\u00bb0&#8243; sticky_enabled=\u00bb0&#8243;]Uruguay[\/et_pb_map_pin][\/et_pb_map][\/et_pb_column][\/et_pb_row][et_pb_row _builder_version=\u00bb3.25&#8243; min_height=\u00bb33px\u00bb custom_padding=\u00bb40px||0px|\u00bb global_module=\u00bb33961&#8243;][et_pb_column type=\u00bb4_4&#8243; _builder_version=\u00bb3.25&#8243; custom_padding=\u00bb|||\u00bb custom_padding__hover=\u00bb|||\u00bb][\/et_pb_column][\/et_pb_row][et_pb_row column_structure=\u00bb1_2,1_2&#8243; _builder_version=\u00bb3.25&#8243;][et_pb_column type=\u00bb1_2&#8243; _builder_version=\u00bb3.25&#8243; custom_padding=\u00bb|||\u00bb custom_padding__hover=\u00bb|||\u00bb][et_pb_blurb title=\u00bb25. noviembre 2020&#8243; use_icon=\u00bbon\u00bb font_icon=\u00bb%%128%%\u00bb icon_color=\u00bb#ff533d\u00bb icon_placement=\u00bbleft\u00bb use_icon_font_size=\u00bbon\u00bb icon_font_size=\u00bb23px\u00bb _builder_version=\u00bb4.9.7&#8243; header_font=\u00bb|600|||||||\u00bb header_text_color=\u00bb#ab987a\u00bb header_font_size=\u00bb21px\u00bb header_letter_spacing=\u00bb2px\u00bb custom_margin=\u00bb||10px|\u00bb custom_padding=\u00bb|||\u00bb hover_enabled=\u00bb0&#8243; sticky_enabled=\u00bb0&#8243;][\/et_pb_blurb][et_pb_text ul_item_indent=\u00bb35px\u00bb _builder_version=\u00bb4.9.7&#8243; text_line_height=\u00bb1.9em\u00bb link_text_color=\u00bb#3550a0&#8243; ul_line_height=\u00bb1.6em\u00bb header_3_font=\u00bb|700||on|||||\u00bb header_3_text_color=\u00bb#0f1626&#8243; header_3_font_size=\u00bb25px\u00bb header_3_line_height=\u00bb1.1em\u00bb header_4_font=\u00bbLato|700|||||||\u00bb header_4_text_color=\u00bb#3550a0&#8243; header_4_font_size=\u00bb16px\u00bb header_4_line_height=\u00bb1.5em\u00bb custom_margin=\u00bb|||\u00bb hover_enabled=\u00bb0&#8243; header_3_font_size_tablet=\u00bb\u00bb header_3_font_size_phone=\u00bb20px\u00bb header_3_font_size_last_edited=\u00bbon|phone\u00bb locked=\u00bboff\u00bb sticky_enabled=\u00bb0&#8243;]<\/p>\n<h3>\u00abM\u00c1S CERCA\u00bb<\/h3>\n<p class=\"MR-event-address\">Concierto virtual organizado por el Museo Hist\u00f3rico Sarmiento de Buenos Aires<\/p>\n<p class=\"MR-event-address\">Voz y arpa: Marisol Redondo<br \/>\nPiano y contrabajo: Sebasti\u00e1n Noya<\/p>\n<p>[\/et_pb_text][\/et_pb_column][et_pb_column type=\u00bb1_2&#8243; _builder_version=\u00bb3.25&#8243; custom_padding=\u00bb|||\u00bb custom_padding__hover=\u00bb|||\u00bb][\/et_pb_column][\/et_pb_row][et_pb_row _builder_version=\u00bb3.25&#8243; min_height=\u00bb33px\u00bb custom_padding=\u00bb40px||0px|\u00bb global_module=\u00bb33961&#8243;][et_pb_column type=\u00bb4_4&#8243; _builder_version=\u00bb3.25&#8243; custom_padding=\u00bb|||\u00bb custom_padding__hover=\u00bb|||\u00bb][\/et_pb_column][\/et_pb_row][\/et_pb_section][et_pb_section fb_built=\u00bb1&#8243; disabled_on=\u00bboff|off|off\u00bb admin_label=\u00bbFollow Along\u00bb _builder_version=\u00bb3.11.1&#8243; background_color=\u00bb#0f1626&#8243; background_position=\u00bbcenter_right\u00bb custom_padding=\u00bb0||0||false|false\u00bb top_divider_height=\u00bb43px\u00bb global_module=\u00bb33206&#8243; saved_tabs=\u00bball\u00bb][\/et_pb_section]<\/p>\n","protected":false},"excerpt":{"rendered":"<p>Mishquila virtual de arpas 2020 Santiago del Estero \u2013 ArgentinaMarisol en concierto \u2013 Tango y Candombe Marisol Redondo en concierto con: Simone Tolomeo (bandone\u00f3n) Sebasti\u00e1n Noya (piano) S\u00e1ndor T\u00f6r\u00f6k (contrabajo) Katholischer Pfarreiheim, Erlenstrasse 35, 8805 Richterswil \u2013 SuizaRichterswil\u2013 SuizaRichterswil\u2013 SuizaFestival de arpa Festival ArPaz &#8211; \u00a0Arpas por la Paz Bogot\u00e1 \u2013 ColombiaColombiaColombiaFestival Internacional de la [&hellip;]<\/p>\n","protected":false},"author":4,"featured_media":0,"parent":0,"menu_order":0,"comment_status":"closed","ping_status":"closed","template":"","meta":{"_et_pb_use_builder":"on","_et_pb_old_content":"","_et_gb_content_width":"","footnotes":""},"yoast_head":"<!-- This site is optimized with the Yoast SEO plugin v21.2 - https:\/\/yoast.com\/wordpress\/plugins\/seo\/ -->\n<title>Marisol Redondo | 2020 Eventos<\/title>\n<meta name=\"robots\" content=\"index, follow, max-snippet:-1, max-image-preview:large, max-video-preview:-1\" \/>\n<link rel=\"canonical\" href=\"https:\/\/www.marisolredondo.com\/es\/2020-eventos\/\" \/>\n<meta property=\"og:locale\" content=\"es_ES\" \/>\n<meta property=\"og:type\" content=\"article\" \/>\n<meta property=\"og:title\" content=\"Marisol Redondo | 2020 Eventos\" \/>\n<meta property=\"og:description\" content=\"Mishquila virtual de arpas 2020 Santiago del Estero \u2013 ArgentinaMarisol en concierto \u2013 Tango y Candombe Marisol Redondo en concierto con: Simone Tolomeo (bandone\u00f3n) Sebasti\u00e1n Noya (piano) S\u00e1ndor T\u00f6r\u00f6k (contrabajo) Katholischer Pfarreiheim, Erlenstrasse 35, 8805 Richterswil \u2013 SuizaRichterswil\u2013 SuizaRichterswil\u2013 SuizaFestival de arpa Festival ArPaz - \u00a0Arpas por la Paz Bogot\u00e1 \u2013 ColombiaColombiaColombiaFestival Internacional de la [&hellip;]\" \/>\n<meta property=\"og:url\" content=\"https:\/\/www.marisolredondo.com\/es\/2020-eventos\/\" \/>\n<meta property=\"og:site_name\" content=\"Marisol Redondo- Singer\" \/>\n<meta property=\"article:modified_time\" content=\"2021-08-05T13:39:33+00:00\" \/>\n<meta name=\"twitter:card\" content=\"summary_large_image\" \/>\n<meta name=\"twitter:label1\" content=\"Tiempo de lectura\" \/>\n\t<meta name=\"twitter:data1\" content=\"9 minutos\" \/>\n<script type=\"application\/ld+json\" class=\"yoast-schema-graph\">{\"@context\":\"https:\/\/schema.org\",\"@graph\":[{\"@type\":\"WebPage\",\"@id\":\"https:\/\/www.marisolredondo.com\/es\/2020-eventos\/\",\"url\":\"https:\/\/www.marisolredondo.com\/es\/2020-eventos\/\",\"name\":\"Marisol Redondo | 2020 Eventos\",\"isPartOf\":{\"@id\":\"https:\/\/www.marisolredondo.com\/#website\"},\"datePublished\":\"2020-01-27T18:15:28+00:00\",\"dateModified\":\"2021-08-05T13:39:33+00:00\",\"breadcrumb\":{\"@id\":\"https:\/\/www.marisolredondo.com\/es\/2020-eventos\/#breadcrumb\"},\"inLanguage\":\"es\",\"potentialAction\":[{\"@type\":\"ReadAction\",\"target\":[\"https:\/\/www.marisolredondo.com\/es\/2020-eventos\/\"]}]},{\"@type\":\"BreadcrumbList\",\"@id\":\"https:\/\/www.marisolredondo.com\/es\/2020-eventos\/#breadcrumb\",\"itemListElement\":[{\"@type\":\"ListItem\",\"position\":1,\"name\":\"Home\",\"item\":\"https:\/\/www.marisolredondo.com\/\"},{\"@type\":\"ListItem\",\"position\":2,\"name\":\"2020 Eventos\"}]},{\"@type\":\"WebSite\",\"@id\":\"https:\/\/www.marisolredondo.com\/#website\",\"url\":\"https:\/\/www.marisolredondo.com\/\",\"name\":\"Marisol Redondo\",\"description\":\"\",\"publisher\":{\"@id\":\"https:\/\/www.marisolredondo.com\/#\/schema\/person\/a7f4167392c64b100109903e48fe3898\"},\"potentialAction\":[{\"@type\":\"SearchAction\",\"target\":{\"@type\":\"EntryPoint\",\"urlTemplate\":\"https:\/\/www.marisolredondo.com\/?s={search_term_string}\"},\"query-input\":\"required name=search_term_string\"}],\"inLanguage\":\"es\"},{\"@type\":[\"Person\",\"Organization\"],\"@id\":\"https:\/\/www.marisolredondo.com\/#\/schema\/person\/a7f4167392c64b100109903e48fe3898\",\"name\":\"mredondo\",\"image\":{\"@type\":\"ImageObject\",\"inLanguage\":\"es\",\"@id\":\"https:\/\/www.marisolredondo.com\/#\/schema\/person\/image\/\",\"url\":\"https:\/\/secure.gravatar.com\/avatar\/0017f9752f1432e3e718b813e3e35442?s=96&d=mm&r=g\",\"contentUrl\":\"https:\/\/secure.gravatar.com\/avatar\/0017f9752f1432e3e718b813e3e35442?s=96&d=mm&r=g\",\"caption\":\"mredondo\"},\"logo\":{\"@id\":\"https:\/\/www.marisolredondo.com\/#\/schema\/person\/image\/\"}}]}<\/script>\n<!-- \/ Yoast SEO plugin. -->","yoast_head_json":{"title":"Marisol Redondo | 2020 Eventos","robots":{"index":"index","follow":"follow","max-snippet":"max-snippet:-1","max-image-preview":"max-image-preview:large","max-video-preview":"max-video-preview:-1"},"canonical":"https:\/\/www.marisolredondo.com\/es\/2020-eventos\/","og_locale":"es_ES","og_type":"article","og_title":"Marisol Redondo | 2020 Eventos","og_description":"Mishquila virtual de arpas 2020 Santiago del Estero \u2013 ArgentinaMarisol en concierto \u2013 Tango y Candombe Marisol Redondo en concierto con: Simone Tolomeo (bandone\u00f3n) Sebasti\u00e1n Noya (piano) S\u00e1ndor T\u00f6r\u00f6k (contrabajo) Katholischer Pfarreiheim, Erlenstrasse 35, 8805 Richterswil \u2013 SuizaRichterswil\u2013 SuizaRichterswil\u2013 SuizaFestival de arpa Festival ArPaz - \u00a0Arpas por la Paz Bogot\u00e1 \u2013 ColombiaColombiaColombiaFestival Internacional de la [&hellip;]","og_url":"https:\/\/www.marisolredondo.com\/es\/2020-eventos\/","og_site_name":"Marisol Redondo- Singer","article_modified_time":"2021-08-05T13:39:33+00:00","twitter_card":"summary_large_image","twitter_misc":{"Tiempo de lectura":"9 minutos"},"schema":{"@context":"https:\/\/schema.org","@graph":[{"@type":"WebPage","@id":"https:\/\/www.marisolredondo.com\/es\/2020-eventos\/","url":"https:\/\/www.marisolredondo.com\/es\/2020-eventos\/","name":"Marisol Redondo | 2020 Eventos","isPartOf":{"@id":"https:\/\/www.marisolredondo.com\/#website"},"datePublished":"2020-01-27T18:15:28+00:00","dateModified":"2021-08-05T13:39:33+00:00","breadcrumb":{"@id":"https:\/\/www.marisolredondo.com\/es\/2020-eventos\/#breadcrumb"},"inLanguage":"es","potentialAction":[{"@type":"ReadAction","target":["https:\/\/www.marisolredondo.com\/es\/2020-eventos\/"]}]},{"@type":"BreadcrumbList","@id":"https:\/\/www.marisolredondo.com\/es\/2020-eventos\/#breadcrumb","itemListElement":[{"@type":"ListItem","position":1,"name":"Home","item":"https:\/\/www.marisolredondo.com\/"},{"@type":"ListItem","position":2,"name":"2020 Eventos"}]},{"@type":"WebSite","@id":"https:\/\/www.marisolredondo.com\/#website","url":"https:\/\/www.marisolredondo.com\/","name":"Marisol Redondo","description":"","publisher":{"@id":"https:\/\/www.marisolredondo.com\/#\/schema\/person\/a7f4167392c64b100109903e48fe3898"},"potentialAction":[{"@type":"SearchAction","target":{"@type":"EntryPoint","urlTemplate":"https:\/\/www.marisolredondo.com\/?s={search_term_string}"},"query-input":"required name=search_term_string"}],"inLanguage":"es"},{"@type":["Person","Organization"],"@id":"https:\/\/www.marisolredondo.com\/#\/schema\/person\/a7f4167392c64b100109903e48fe3898","name":"mredondo","image":{"@type":"ImageObject","inLanguage":"es","@id":"https:\/\/www.marisolredondo.com\/#\/schema\/person\/image\/","url":"https:\/\/secure.gravatar.com\/avatar\/0017f9752f1432e3e718b813e3e35442?s=96&d=mm&r=g","contentUrl":"https:\/\/secure.gravatar.com\/avatar\/0017f9752f1432e3e718b813e3e35442?s=96&d=mm&r=g","caption":"mredondo"},"logo":{"@id":"https:\/\/www.marisolredondo.com\/#\/schema\/person\/image\/"}}]}},"_links":{"self":[{"href":"https:\/\/www.marisolredondo.com\/es\/wp-json\/wp\/v2\/pages\/35488"}],"collection":[{"href":"https:\/\/www.marisolredondo.com\/es\/wp-json\/wp\/v2\/pages"}],"about":[{"href":"https:\/\/www.marisolredondo.com\/es\/wp-json\/wp\/v2\/types\/page"}],"author":[{"embeddable":true,"href":"https:\/\/www.marisolredondo.com\/es\/wp-json\/wp\/v2\/users\/4"}],"replies":[{"embeddable":true,"href":"https:\/\/www.marisolredondo.com\/es\/wp-json\/wp\/v2\/comments?post=35488"}],"version-history":[{"count":0,"href":"https:\/\/www.marisolredondo.com\/es\/wp-json\/wp\/v2\/pages\/35488\/revisions"}],"wp:attachment":[{"href":"https:\/\/www.marisolredondo.com\/es\/wp-json\/wp\/v2\/media?parent=35488"}],"curies":[{"name":"wp","href":"https:\/\/api.w.org\/{rel}","templated":true}]}}