{"id":34668,"date":"2018-11-09T01:13:29","date_gmt":"2018-11-09T01:13:29","guid":{"rendered":"https:\/\/www.marisolredondo.com\/2018-eventos\/"},"modified":"2019-07-14T11:50:13","modified_gmt":"2019-07-14T11:50:13","slug":"2018-eventos","status":"publish","type":"page","link":"https:\/\/www.marisolredondo.com\/es\/2018-eventos\/","title":{"rendered":"2018 Eventos"},"content":{"rendered":"<p>[et_pb_section bb_built=\u00bb1&#8243; fullwidth=\u00bbon\u00bb _builder_version=\u00bb3.11.1&#8243; next_background_color=\u00bb#000000&#8243;][et_pb_fullwidth_header title=\u00bb2018 Eventos\u00bb text_orientation=\u00bbcenter\u00bb header_fullscreen=\u00bbon\u00bb header_scroll_down=\u00bbon\u00bb scroll_down_icon_color=\u00bb#ffffff\u00bb scroll_down_icon_size=\u00bb34px\u00bb background_overlay_color=\u00bbrgba(15,22,38,0.47)\u00bb logo_image_url=\u00bbhttps:\/\/www.marisolredondo.com\/wp-content\/uploads\/2018\/08\/logo-large.png\u00bb _builder_version=\u00bb3.16&#8243; title_font=\u00bb|600|||||||\u00bb title_font_size=\u00bb31px\u00bb title_letter_spacing=\u00bb5px\u00bb title_text_shadow_style=\u00bbpreset1&#8243; content_font=\u00bb||||||||\u00bb subhead_font=\u00bb||||||||\u00bb background_image=\u00bbhttps:\/\/www.marisolredondo.com\/wp-content\/uploads\/2018\/09\/Marisol-Redondo-header-6.jpg\u00bb custom_css_logo=\u00bbmargin-bottom:25px;\u00bb button_one_text_size__hover_enabled=\u00bboff\u00bb button_two_text_size__hover_enabled=\u00bboff\u00bb button_one_text_color__hover_enabled=\u00bboff\u00bb button_two_text_color__hover_enabled=\u00bboff\u00bb button_one_border_width__hover_enabled=\u00bboff\u00bb button_two_border_width__hover_enabled=\u00bboff\u00bb button_one_border_color__hover_enabled=\u00bboff\u00bb button_two_border_color__hover_enabled=\u00bboff\u00bb button_one_border_radius__hover_enabled=\u00bboff\u00bb button_two_border_radius__hover_enabled=\u00bboff\u00bb button_one_letter_spacing__hover_enabled=\u00bboff\u00bb button_two_letter_spacing__hover_enabled=\u00bboff\u00bb button_one_bg_color__hover_enabled=\u00bboff\u00bb button_two_bg_color__hover_enabled=\u00bboff\u00bb]<\/p>\n<hr class=\"underline-style\" \/>\n<p>[\/et_pb_fullwidth_header][\/et_pb_section][et_pb_section bb_built=\u00bb1&#8243; _builder_version=\u00bb3.11.1&#8243; custom_margin=\u00bb|||\u00bb custom_padding=\u00bb|||\u00bb top_divider_height=\u00bb34px\u00bb top_divider_repeat=\u00bb20x\u00bb prev_background_color=\u00bb#000000&#8243; next_background_color=\u00bb#0f1626&#8243;][et_pb_row _builder_version=\u00bb3.11.1&#8243;][et_pb_column type=\u00bb1_2&#8243;][et_pb_blurb title=\u00bbSeptiembre 1, 2018&#8243; use_icon=\u00bbon\u00bb font_icon=\u00bb%%128%%\u00bb icon_color=\u00bb#ff533d\u00bb icon_placement=\u00bbleft\u00bb use_icon_font_size=\u00bbon\u00bb icon_font_size=\u00bb23px\u00bb _builder_version=\u00bb3.11.1&#8243; header_font=\u00bb|600|||||||\u00bb header_text_color=\u00bb#ab987a\u00bb header_font_size=\u00bb21px\u00bb header_letter_spacing=\u00bb2px\u00bb custom_margin=\u00bb||10px|\u00bb custom_padding=\u00bb|||\u00bb \/][et_pb_blurb title=\u00bb20:30&#8243; use_icon=\u00bbon\u00bb font_icon=\u00bb%%92%%\u00bb icon_color=\u00bb#ff533d\u00bb icon_placement=\u00bbleft\u00bb use_icon_font_size=\u00bbon\u00bb icon_font_size=\u00bb23px\u00bb _builder_version=\u00bb3.11.1&#8243; header_font=\u00bb|600|||||||\u00bb header_text_color=\u00bb#ab987a\u00bb header_font_size=\u00bb21px\u00bb header_letter_spacing=\u00bb2px\u00bb custom_margin=\u00bb||10px|\u00bb custom_padding=\u00bb|||\u00bb \/][et_pb_text ul_item_indent=\u00bb35px\u00bb _builder_version=\u00bb3.15&#8243; text_font=\u00bb||||||||\u00bb text_line_height=\u00bb1.9em\u00bb link_font=\u00bb||||||||\u00bb link_text_color=\u00bb#3550a0&#8243; ul_font=\u00bb||||||||\u00bb ul_line_height=\u00bb1.6em\u00bb header_font=\u00bb||||||||\u00bb header_2_font=\u00bb||||||||\u00bb header_3_font=\u00bb|700|||||||\u00bb header_3_text_color=\u00bb#0f1626&#8243; header_3_font_size=\u00bb25px\u00bb header_3_font_size_phone=\u00bb20px\u00bb header_3_font_size_last_edited=\u00bbon|phone\u00bb header_3_line_height=\u00bb1.1em\u00bb header_4_font=\u00bbLato|700|||||||\u00bb header_4_text_color=\u00bb#3550a0&#8243; header_4_font_size=\u00bb16px\u00bb header_4_line_height=\u00bb1.5em\u00bb custom_margin=\u00bb|||\u00bb locked=\u00bboff\u00bb]<\/p>\n<h3>TANGO PARA VOS(Z)<\/h3>\n<p>Marisol Redondo en concierto con:<\/p>\n<ul>\n<li>Orlando Dibelo (bandoneon)<\/li>\n<li>Sebasti\u00e1n Noya (piano)<\/li>\n<li>S\u00e1ndor T\u00f6r\u00f6k (contrabajo)<\/li>\n<li>Amaia Beloqui (moderadora)<\/li>\n<\/ul>\n<p class=\"MR-event-address\"><span class=\"MR-bold\">KULTURMARKT<\/span> &#8211; Aemtlerstrasse 23, 8003 Z\u00fcrich &#8211; CH<\/p>\n<p>[\/et_pb_text][\/et_pb_column][et_pb_column type=\u00bb1_2&#8243;][et_pb_blurb title=\u00bbKULTURMARKT\u00bb use_icon=\u00bbon\u00bb font_icon=\u00bb%%249%%\u00bb icon_color=\u00bb#ff533d\u00bb icon_placement=\u00bbleft\u00bb use_icon_font_size=\u00bbon\u00bb icon_font_size=\u00bb23px\u00bb _builder_version=\u00bb3.11.1&#8243; header_font=\u00bb|600|||||||\u00bb header_text_color=\u00bb#ab987a\u00bb header_font_size=\u00bb21px\u00bb header_letter_spacing=\u00bb2px\u00bb custom_margin=\u00bb||10px|\u00bb custom_padding=\u00bb|||\u00bb]<\/p>\n<p>Aemtlerstrasse 23, 8003 Z\u00fcrich &#8211; CH<\/p>\n<p>[\/et_pb_blurb][et_pb_map address=\u00bbAemtlerstrasse 23, 8003 Z\u00fcrich, Switzerland\u00bb address_lat=\u00bb47.3717735&#8243; address_lng=\u00bb8.5152852&#8243; _builder_version=\u00bb3.15&#8243; border_width_all=\u00bb6px\u00bb border_color_all=\u00bb#ffffff\u00bb box_shadow_style=\u00bbpreset3&#8243; custom_margin=\u00bb15px|||\u00bb][et_pb_map_pin title=\u00bbKULTURMARKT\u00bb pin_address=\u00bbAemtlerstrasse 23, 8003 Z\u00fcrich, Switzerland\u00bb pin_address_lat=\u00bb47.3717735&#8243; pin_address_lng=\u00bb8.5152852&#8243; _builder_version=\u00bb3.11.1&#8243;]Aemtlerstrasse 23, 8003 Z\u00fcrich, Switzerland[\/et_pb_map_pin][\/et_pb_map][\/et_pb_column][\/et_pb_row][et_pb_row custom_padding=\u00bb40px||0px|\u00bb _builder_version=\u00bb3.11.1&#8243;][et_pb_column type=\u00bb4_4&#8243;][et_pb_divider color=\u00bbrgba(224,97,0,0.24)\u00bb height=\u00bb0px\u00bb _builder_version=\u00bb3.11.1&#8243; max_width=\u00bb68%\u00bb module_alignment=\u00bbcenter\u00bb custom_margin=\u00bb||40px|\u00bb \/][\/et_pb_column][\/et_pb_row][et_pb_row _builder_version=\u00bb3.15&#8243;][et_pb_column type=\u00bb1_2&#8243;][et_pb_blurb title=\u00bbSeptiembre 3, 2018&#8243; use_icon=\u00bbon\u00bb font_icon=\u00bb%%128%%\u00bb icon_color=\u00bb#ff533d\u00bb icon_placement=\u00bbleft\u00bb use_icon_font_size=\u00bbon\u00bb icon_font_size=\u00bb23px\u00bb _builder_version=\u00bb3.15&#8243; header_font=\u00bb|600|||||||\u00bb header_text_color=\u00bb#ab987a\u00bb header_font_size=\u00bb21px\u00bb header_letter_spacing=\u00bb2px\u00bb custom_margin=\u00bb||10px|\u00bb custom_padding=\u00bb|||\u00bb \/][et_pb_blurb title=\u00bb20:00&#8243; use_icon=\u00bbon\u00bb font_icon=\u00bb%%92%%\u00bb icon_color=\u00bb#ff533d\u00bb icon_placement=\u00bbleft\u00bb use_icon_font_size=\u00bbon\u00bb icon_font_size=\u00bb23px\u00bb _builder_version=\u00bb3.15&#8243; header_font=\u00bb|600|||||||\u00bb header_text_color=\u00bb#ab987a\u00bb header_font_size=\u00bb21px\u00bb header_letter_spacing=\u00bb2px\u00bb custom_margin=\u00bb||10px|\u00bb custom_padding=\u00bb|||\u00bb \/][et_pb_text ul_item_indent=\u00bb35px\u00bb _builder_version=\u00bb3.15&#8243; text_font=\u00bb||||||||\u00bb text_line_height=\u00bb1.9em\u00bb link_font=\u00bb||||||||\u00bb link_text_color=\u00bb#3550a0&#8243; ul_font=\u00bb||||||||\u00bb ul_line_height=\u00bb1.6em\u00bb header_font=\u00bb||||||||\u00bb header_2_font=\u00bb||||||||\u00bb header_3_font=\u00bb|700|||||||\u00bb header_3_text_color=\u00bb#0f1626&#8243; header_3_font_size=\u00bb25px\u00bb header_3_font_size_phone=\u00bb20px\u00bb header_3_font_size_last_edited=\u00bbon|phone\u00bb header_3_line_height=\u00bb1.1em\u00bb header_4_font=\u00bbLato|700|||||||\u00bb header_4_text_color=\u00bb#3550a0&#8243; header_4_font_size=\u00bb16px\u00bb header_4_line_height=\u00bb1.5em\u00bb custom_margin=\u00bb|||\u00bb locked=\u00bboff\u00bb]<\/p>\n<h3>TANGO PARA VOS(Z)<\/h3>\n<p>Marisol Redondo in concert with:<\/p>\n<ul>\n<li>Orlando Dibelo (bandoneon)<\/li>\n<li>Sebasti\u00e1n Noya (piano)<\/li>\n<li>S\u00e1ndor T\u00f6r\u00f6k (double bass)<\/li>\n<li>Amaia Beloqui (moderator)<\/li>\n<\/ul>\n<p class=\"MR-event-address\"><span class=\"MR-bold\">LIECHTENSTEINISCHE MUSIKSCHULE<\/span> &#8211; Essanestrasse 11, 9492 Eschen &#8211; Liechtenstein<\/p>\n<p>[\/et_pb_text][\/et_pb_column][et_pb_column type=\u00bb1_2&#8243;][et_pb_blurb title=\u00bbLIECHTENSTEINISCHE MUSIKSCHULE\u00bb use_icon=\u00bbon\u00bb font_icon=\u00bb%%249%%\u00bb icon_color=\u00bb#ff533d\u00bb icon_placement=\u00bbleft\u00bb use_icon_font_size=\u00bbon\u00bb icon_font_size=\u00bb23px\u00bb _builder_version=\u00bb3.15&#8243; header_font=\u00bb|600|||||||\u00bb header_text_color=\u00bb#ab987a\u00bb header_font_size=\u00bb21px\u00bb header_letter_spacing=\u00bb2px\u00bb custom_margin=\u00bb||10px|\u00bb custom_padding=\u00bb|||\u00bb]<\/p>\n<p>Essanestrasse 11, 9492 Eschen &#8211; LIECHTENSTEIN<\/p>\n<p>[\/et_pb_blurb][et_pb_map address=\u00bbEssanestrasse 11, 9492 Eschen, Liechtenstein\u00bb address_lat=\u00bb47.2073769&#8243; address_lng=\u00bb9.5278875&#8243; _builder_version=\u00bb3.15&#8243; border_width_all=\u00bb6px\u00bb border_color_all=\u00bb#ffffff\u00bb box_shadow_style=\u00bbpreset3&#8243; custom_margin=\u00bb15px|||\u00bb][et_pb_map_pin title=\u00bbLIECHTENSTEINISCHE MUSIKSCHULE\u00bb pin_address=\u00bbEssanestrasse 11, 9492 Eschen, Liechtenstein\u00bb pin_address_lat=\u00bb47.2073769&#8243; pin_address_lng=\u00bb9.5278875&#8243; _builder_version=\u00bb3.15&#8243;]Essanestrasse 11, 9492 Eschen &#8211; LIECHTENSTEIN[\/et_pb_map_pin][\/et_pb_map][\/et_pb_column][\/et_pb_row][et_pb_row custom_padding=\u00bb40px||0px|\u00bb _builder_version=\u00bb3.11.1&#8243;][et_pb_column type=\u00bb4_4&#8243;][et_pb_divider color=\u00bbrgba(224,97,0,0.24)\u00bb height=\u00bb0px\u00bb _builder_version=\u00bb3.11.1&#8243; max_width=\u00bb68%\u00bb module_alignment=\u00bbcenter\u00bb custom_margin=\u00bb||40px|\u00bb \/][\/et_pb_column][\/et_pb_row][et_pb_row _builder_version=\u00bb3.11.1&#8243;][et_pb_column type=\u00bb1_2&#8243;][et_pb_blurb title=\u00bbDiciembre 7,  2018&#8243; use_icon=\u00bbon\u00bb font_icon=\u00bb%%128%%\u00bb icon_color=\u00bb#ff533d\u00bb icon_placement=\u00bbleft\u00bb use_icon_font_size=\u00bbon\u00bb icon_font_size=\u00bb23px\u00bb _builder_version=\u00bb3.11.1&#8243; header_font=\u00bb|600|||||||\u00bb header_text_color=\u00bb#ab987a\u00bb header_font_size=\u00bb21px\u00bb header_letter_spacing=\u00bb2px\u00bb custom_margin=\u00bb||10px|\u00bb custom_padding=\u00bb|||\u00bb \/][et_pb_blurb title=\u00bb20:30&#8243; use_icon=\u00bbon\u00bb font_icon=\u00bb%%92%%\u00bb icon_color=\u00bb#ff533d\u00bb icon_placement=\u00bbleft\u00bb use_icon_font_size=\u00bbon\u00bb icon_font_size=\u00bb23px\u00bb _builder_version=\u00bb3.17.6&#8243; header_font=\u00bb|600|||||||\u00bb header_text_color=\u00bb#ab987a\u00bb header_font_size=\u00bb21px\u00bb header_letter_spacing=\u00bb2px\u00bb custom_margin=\u00bb||10px|\u00bb custom_padding=\u00bb|||\u00bb \/][et_pb_text ul_item_indent=\u00bb35px\u00bb _builder_version=\u00bb3.17.6&#8243; text_font=\u00bb||||||||\u00bb text_line_height=\u00bb1.9em\u00bb link_font=\u00bb||||||||\u00bb link_text_color=\u00bb#3550a0&#8243; ul_font=\u00bb||||||||\u00bb ul_line_height=\u00bb1.6em\u00bb header_font=\u00bb||||||||\u00bb header_2_font=\u00bb||||||||\u00bb header_3_font=\u00bb|700|||||||\u00bb header_3_text_color=\u00bb#0f1626&#8243; header_3_font_size=\u00bb25px\u00bb header_3_font_size_phone=\u00bb20px\u00bb header_3_font_size_last_edited=\u00bbon|phone\u00bb header_3_line_height=\u00bb1.1em\u00bb header_4_font=\u00bbLato|700|||||||\u00bb header_4_text_color=\u00bb#3550a0&#8243; header_4_font_size=\u00bb16px\u00bb header_4_line_height=\u00bb1.5em\u00bb custom_margin=\u00bb|||\u00bb locked=\u00bboff\u00bb]<\/p>\n<p>Calle Andes esquina Mercedes, 11100 Montevideo &#8211; Uruguay<\/p>\n<p>[\/et_pb_text][\/et_pb_column][et_pb_column type=\u00bb1_2&#8243;][et_pb_blurb title=\u00bbSALA HUGO BALZO\u00bb use_icon=\u00bbon\u00bb font_icon=\u00bb%%249%%\u00bb icon_color=\u00bb#ff533d\u00bb icon_placement=\u00bbleft\u00bb use_icon_font_size=\u00bbon\u00bb icon_font_size=\u00bb23px\u00bb _builder_version=\u00bb3.17.6&#8243; header_font=\u00bb|600||on|||||\u00bb header_text_color=\u00bb#ab987a\u00bb header_font_size=\u00bb21px\u00bb header_letter_spacing=\u00bb2px\u00bb custom_margin=\u00bb||10px|\u00bb custom_padding=\u00bb|||\u00bb]<\/p>\n<p>Calle Andes esquina Mercedes, 11100 Montevideo &#8211; Uruguay<\/p>\n<p>[\/et_pb_blurb][et_pb_map address=\u00bbCalle Andes esquina Mercedes, 11100 Montevideo, Uruguay\u00bb address_lat=\u00bb-34.9043938&#8243; address_lng=\u00bb-56.1984441&#8243; _builder_version=\u00bb3.17.6&#8243; border_width_all=\u00bb6px\u00bb border_color_all=\u00bb#ffffff\u00bb box_shadow_style=\u00bbpreset3&#8243; custom_margin=\u00bb15px|||\u00bb][et_pb_map_pin title=\u00bbSALA HUGO BALZO\u00bb pin_address=\u00bbCalle Andes esquina Mercedes, 11100 Montevideo, Uruguay\u00bb pin_address_lat=\u00bb-34.9043938&#8243; pin_address_lng=\u00bb-56.1984441&#8243; _builder_version=\u00bb3.17.6&#8243;]Calle Andes esquina Mercedes, 11100 Montevideo &#8211; Uruguay[\/et_pb_map_pin][\/et_pb_map][\/et_pb_column][\/et_pb_row][et_pb_row custom_padding=\u00bb40px||40px||true|false\u00bb _builder_version=\u00bb3.11.1&#8243;][et_pb_column type=\u00bb4_4&#8243;][et_pb_divider color=\u00bbrgba(224,97,0,0.24)\u00bb height=\u00bb0px\u00bb _builder_version=\u00bb3.11.1&#8243; max_width=\u00bb68%\u00bb module_alignment=\u00bbcenter\u00bb custom_margin=\u00bb||40px|\u00bb \/][\/et_pb_column][\/et_pb_row][et_pb_row _builder_version=\u00bb3.11.1&#8243;][et_pb_column type=\u00bb1_2&#8243;][et_pb_blurb title=\u00bbDiciembre 9,  2018&#8243; use_icon=\u00bbon\u00bb font_icon=\u00bb%%128%%\u00bb icon_color=\u00bb#ff533d\u00bb icon_placement=\u00bbleft\u00bb use_icon_font_size=\u00bbon\u00bb icon_font_size=\u00bb23px\u00bb _builder_version=\u00bb3.15&#8243; header_font=\u00bb|600|||||||\u00bb header_text_color=\u00bb#ab987a\u00bb header_font_size=\u00bb21px\u00bb header_letter_spacing=\u00bb2px\u00bb custom_margin=\u00bb||10px|\u00bb custom_padding=\u00bb|||\u00bb \/][et_pb_blurb title=\u00bb20:00&#8243; use_icon=\u00bbon\u00bb font_icon=\u00bb%%92%%\u00bb icon_color=\u00bb#ff533d\u00bb icon_placement=\u00bbleft\u00bb use_icon_font_size=\u00bbon\u00bb icon_font_size=\u00bb23px\u00bb _builder_version=\u00bb3.15&#8243; header_font=\u00bb|600|||||||\u00bb header_text_color=\u00bb#ab987a\u00bb header_font_size=\u00bb21px\u00bb header_letter_spacing=\u00bb2px\u00bb custom_margin=\u00bb||10px|\u00bb custom_padding=\u00bb|||\u00bb \/][et_pb_text ul_item_indent=\u00bb35px\u00bb _builder_version=\u00bb3.15&#8243; text_font=\u00bb||||||||\u00bb text_line_height=\u00bb1.9em\u00bb link_font=\u00bb||||||||\u00bb link_text_color=\u00bb#3550a0&#8243; ul_font=\u00bb||||||||\u00bb ul_line_height=\u00bb1.6em\u00bb header_font=\u00bb||||||||\u00bb header_2_font=\u00bb||||||||\u00bb header_3_font=\u00bb|700|||||||\u00bb header_3_text_color=\u00bb#0f1626&#8243; header_3_font_size=\u00bb25px\u00bb header_3_font_size_phone=\u00bb20px\u00bb header_3_font_size_last_edited=\u00bbon|phone\u00bb header_3_line_height=\u00bb1.1em\u00bb header_4_font=\u00bbLato|700|||||||\u00bb header_4_text_color=\u00bb#3550a0&#8243; header_4_font_size=\u00bb16px\u00bb header_4_line_height=\u00bb1.5em\u00bb custom_margin=\u00bb|||\u00bb locked=\u00bboff\u00bb]<\/p>\n<p>27200 Castillos, Rocha &#8211; Uruguay<\/p>\n<p>[\/et_pb_text][\/et_pb_column][et_pb_column type=\u00bb1_2&#8243;][et_pb_blurb title=\u00bbCOMPLEJO CULTURAL 2 DE MAYO\u00bb use_icon=\u00bbon\u00bb font_icon=\u00bb%%249%%\u00bb icon_color=\u00bb#ff533d\u00bb icon_placement=\u00bbleft\u00bb use_icon_font_size=\u00bbon\u00bb icon_font_size=\u00bb23px\u00bb _builder_version=\u00bb3.15&#8243; header_font=\u00bb|600|||||||\u00bb header_text_color=\u00bb#ab987a\u00bb header_font_size=\u00bb21px\u00bb header_letter_spacing=\u00bb2px\u00bb custom_margin=\u00bb||10px|\u00bb custom_padding=\u00bb|||\u00bb]<\/p>\n<p>27200 Castillos, Rocha &#8211; Uruguay<\/p>\n<p>[\/et_pb_blurb][et_pb_map address=\u00bb27200 Castillos, Rocha Department, Uruguay\u00bb address_lat=\u00bb-34.1979128&#8243; address_lng=\u00bb-53.8617544&#8243; _builder_version=\u00bb3.15&#8243; border_width_all=\u00bb6px\u00bb border_color_all=\u00bb#ffffff\u00bb box_shadow_style=\u00bbpreset3&#8243; custom_margin=\u00bb15px|||\u00bb][et_pb_map_pin title=\u00bbCOMPLEJO CULTURAL 2 DE MAYO\u00bb pin_address=\u00bb27200 Castillos, Rocha Department, Uruguay\u00bb pin_address_lat=\u00bb-34.1979128&#8243; pin_address_lng=\u00bb-53.8617544&#8243; _builder_version=\u00bb3.15&#8243;]27200 Castillos, Rocha[\/et_pb_map_pin][\/et_pb_map][\/et_pb_column][\/et_pb_row][et_pb_row custom_padding=\u00bb40px||0px|\u00bb _builder_version=\u00bb3.11.1&#8243;][et_pb_column type=\u00bb4_4&#8243;][et_pb_divider color=\u00bbrgba(224,97,0,0.24)\u00bb height=\u00bb0px\u00bb _builder_version=\u00bb3.11.1&#8243; max_width=\u00bb68%\u00bb module_alignment=\u00bbcenter\u00bb custom_margin=\u00bb||40px|\u00bb \/][\/et_pb_column][\/et_pb_row][et_pb_row _builder_version=\u00bb3.11.1&#8243;][et_pb_column type=\u00bb1_2&#8243;][et_pb_blurb title=\u00bbDiciembre 15,  2018&#8243; use_icon=\u00bbon\u00bb font_icon=\u00bb%%128%%\u00bb icon_color=\u00bb#ff533d\u00bb icon_placement=\u00bbleft\u00bb use_icon_font_size=\u00bbon\u00bb icon_font_size=\u00bb23px\u00bb _builder_version=\u00bb3.15&#8243; header_font=\u00bb|600|||||||\u00bb header_text_color=\u00bb#ab987a\u00bb header_font_size=\u00bb21px\u00bb header_letter_spacing=\u00bb2px\u00bb custom_margin=\u00bb||10px|\u00bb custom_padding=\u00bb|||\u00bb \/][et_pb_blurb title=\u00bb20:00&#8243; use_icon=\u00bbon\u00bb font_icon=\u00bb%%92%%\u00bb icon_color=\u00bb#ff533d\u00bb icon_placement=\u00bbleft\u00bb use_icon_font_size=\u00bbon\u00bb icon_font_size=\u00bb23px\u00bb _builder_version=\u00bb3.15&#8243; header_font=\u00bb|600|||||||\u00bb header_text_color=\u00bb#ab987a\u00bb header_font_size=\u00bb21px\u00bb header_letter_spacing=\u00bb2px\u00bb custom_margin=\u00bb||10px|\u00bb custom_padding=\u00bb|||\u00bb \/][et_pb_text ul_item_indent=\u00bb35px\u00bb _builder_version=\u00bb3.17.6&#8243; text_font=\u00bb||||||||\u00bb text_line_height=\u00bb1.9em\u00bb link_font=\u00bb||||||||\u00bb link_text_color=\u00bb#3550a0&#8243; ul_font=\u00bb||||||||\u00bb ul_line_height=\u00bb1.4em\u00bb header_font=\u00bb||||||||\u00bb header_2_font=\u00bb||||||||\u00bb header_3_font=\u00bb|700|||||||\u00bb header_3_text_color=\u00bb#0f1626&#8243; header_3_font_size=\u00bb25px\u00bb header_3_font_size_phone=\u00bb20px\u00bb header_3_font_size_last_edited=\u00bbon|phone\u00bb header_3_line_height=\u00bb1.1em\u00bb header_4_font=\u00bbLato|700|||||||\u00bb header_4_text_color=\u00bb#3550a0&#8243; header_4_font_size=\u00bb16px\u00bb header_4_line_height=\u00bb1.5em\u00bb custom_margin=\u00bb|||\u00bb locked=\u00bboff\u00bb]<\/p>\n<p>Rafael P\u00e9rez del Puerto 745 &#8211; Maldonado &#8211; Uruguay<\/p>\n<p>[\/et_pb_text][\/et_pb_column][et_pb_column type=\u00bb1_2&#8243;][et_pb_blurb title=\u00bbCASA DE LA CULTURA DE MALDONADO\u00bb use_icon=\u00bbon\u00bb font_icon=\u00bb%%249%%\u00bb icon_color=\u00bb#ff533d\u00bb icon_placement=\u00bbleft\u00bb use_icon_font_size=\u00bbon\u00bb icon_font_size=\u00bb23px\u00bb _builder_version=\u00bb3.15&#8243; header_font=\u00bb|600|||||||\u00bb header_text_color=\u00bb#ab987a\u00bb header_font_size=\u00bb21px\u00bb header_letter_spacing=\u00bb2px\u00bb custom_margin=\u00bb||10px|\u00bb custom_padding=\u00bb|||\u00bb]<\/p>\n<p>Rafael P\u00e9rez del Puerto 745 &#8211; Maldonado &#8211; Uruguay<\/p>\n<p>[\/et_pb_blurb][et_pb_map address=\u00bbRafael Perez del Puerto 745, 20000 Maldonado, Departamento de Maldonado, Uruguay\u00bb address_lat=\u00bb-34.9102465&#8243; address_lng=\u00bb-54.9601043&#8243; _builder_version=\u00bb3.15&#8243; border_width_all=\u00bb6px\u00bb border_color_all=\u00bb#ffffff\u00bb box_shadow_style=\u00bbpreset3&#8243; custom_margin=\u00bb15px|||\u00bb][et_pb_map_pin title=\u00bbKULTURMARKT\u00bb pin_address=\u00bbRafael Perez del Puerto 745, 20000 Maldonado, Departamento de Maldonado, Uruguay\u00bb pin_address_lat=\u00bb-34.9102465&#8243; pin_address_lng=\u00bb-54.9601043&#8243; _builder_version=\u00bb3.15&#8243;]Aemtlerstrasse 23, 8003 Z\u00fcrich, Switzerland[\/et_pb_map_pin][\/et_pb_map][\/et_pb_column][\/et_pb_row][\/et_pb_section][et_pb_section bb_built=\u00bb1&#8243; admin_label=\u00bbFollow Along\u00bb disabled_on=\u00bboff|off|off\u00bb _builder_version=\u00bb3.11.1&#8243; background_color=\u00bb#0f1626&#8243; background_position=\u00bbcenter_right\u00bb custom_padding=\u00bb0||0||false|false\u00bb top_divider_height=\u00bb43px\u00bb saved_tabs=\u00bball\u00bb prev_background_color=\u00bb#ffffff\u00bb global_module=\u00bb33206&#8243;][et_pb_row global_parent=\u00bb33206&#8243; make_fullwidth=\u00bbon\u00bb custom_padding=\u00bb76px|0px|27px|0px|false|false\u00bb custom_margin=\u00bb0px|||\u00bb _builder_version=\u00bb3.2.1&#8243;][et_pb_column type=\u00bb1_3&#8243;][\/et_pb_column][et_pb_column type=\u00bb1_3&#8243;][et_pb_text global_parent=\u00bb33206&#8243; _builder_version=\u00bb3.15&#8243; header_font=\u00bb||||||||\u00bb header_2_font=\u00bb|600|||||||\u00bb header_2_text_align=\u00bbcenter\u00bb header_2_text_color=\u00bb#f5f5f5&#8243; custom_margin=\u00bb||0px|\u00bb]<\/p>\n<h2>Mantenerse al d\u00eda<\/h2>\n<p>[\/et_pb_text][et_pb_divider global_parent=\u00bb33206&#8243; color=\u00bb#ff533d\u00bb divider_weight=\u00bb6px\u00bb height=\u00bb0px\u00bb _builder_version=\u00bb3.15&#8243; max_width=\u00bb10%\u00bb module_alignment=\u00bbcenter\u00bb custom_margin=\u00bb||17px|\u00bb \/][et_pb_signup global_parent=\u00bb33206&#8243; mailchimp_list=\u00bbmarisolredondo|a06e5e1c02&#8243; mailchimp_account_name=\u00bbmarisolredondo\u00bb mailchimp_api_key=\u00bbbeb92e33eb7aaaf3c2cd92ecaa9f9be9-us19&#8243; first_name_field=\u00bboff\u00bb last_name_field=\u00bboff\u00bb form_field_background_color=\u00bb#ffffff\u00bb form_field_text_color=\u00bb#929292&#8243; focus_background_color=\u00bb#000000&#8243; _builder_version=\u00bb3.15&#8243; header_font=\u00bb|700|||||||\u00bb header_text_align=\u00bbcenter\u00bb header_text_color=\u00bb#ffffff\u00bb header_font_size=\u00bb50px\u00bb header_font_size_phone=\u00bb40px\u00bb header_font_size_last_edited=\u00bbon|phone\u00bb header_line_height=\u00bb1.5em\u00bb body_font=\u00bb||||||||\u00bb body_text_color=\u00bbrgba(255,255,255,0.75)\u00bb body_font_size=\u00bb17px\u00bb body_line_height=\u00bb2em\u00bb result_message_font=\u00bbNoto Sans||||||||\u00bb result_message_font_size=\u00bb17px\u00bb use_background_color=\u00bboff\u00bb border_radii_fields=\u00bbon|10px|10px|10px|10px\u00bb border_color_all_fields=\u00bb#ffffff\u00bb box_shadow_style_fields=\u00bbpreset1&#8243; box_shadow_vertical_fields=\u00bb52px\u00bb box_shadow_blur_fields=\u00bb80px\u00bb text_orientation=\u00bbcenter\u00bb background_layout=\u00bblight\u00bb module_alignment=\u00bbcenter\u00bb custom_margin=\u00bb|||\u00bb custom_padding=\u00bb|||\u00bb animation_style=\u00bbfade\u00bb button_text_size__hover_enabled=\u00bboff\u00bb button_text_size__hover=\u00bbnull\u00bb button_one_text_size__hover_enabled=\u00bboff\u00bb button_one_text_size__hover=\u00bbnull\u00bb button_two_text_size__hover_enabled=\u00bboff\u00bb button_two_text_size__hover=\u00bbnull\u00bb button_text_color__hover_enabled=\u00bboff\u00bb button_text_color__hover=\u00bbnull\u00bb button_one_text_color__hover_enabled=\u00bboff\u00bb button_one_text_color__hover=\u00bbnull\u00bb button_two_text_color__hover_enabled=\u00bboff\u00bb button_two_text_color__hover=\u00bbnull\u00bb button_border_width__hover_enabled=\u00bboff\u00bb button_border_width__hover=\u00bbnull\u00bb button_one_border_width__hover_enabled=\u00bboff\u00bb button_one_border_width__hover=\u00bbnull\u00bb button_two_border_width__hover_enabled=\u00bboff\u00bb button_two_border_width__hover=\u00bbnull\u00bb button_border_color__hover_enabled=\u00bboff\u00bb button_border_color__hover=\u00bbnull\u00bb button_one_border_color__hover_enabled=\u00bboff\u00bb button_one_border_color__hover=\u00bbnull\u00bb button_two_border_color__hover_enabled=\u00bboff\u00bb button_two_border_color__hover=\u00bbnull\u00bb button_border_radius__hover_enabled=\u00bboff\u00bb button_border_radius__hover=\u00bbnull\u00bb button_one_border_radius__hover_enabled=\u00bboff\u00bb button_one_border_radius__hover=\u00bbnull\u00bb button_two_border_radius__hover_enabled=\u00bboff\u00bb button_two_border_radius__hover=\u00bbnull\u00bb button_letter_spacing__hover_enabled=\u00bboff\u00bb button_letter_spacing__hover=\u00bbnull\u00bb button_one_letter_spacing__hover_enabled=\u00bboff\u00bb button_one_letter_spacing__hover=\u00bbnull\u00bb button_two_letter_spacing__hover_enabled=\u00bboff\u00bb button_two_letter_spacing__hover=\u00bbnull\u00bb button_bg_color__hover_enabled=\u00bboff\u00bb button_bg_color__hover=\u00bbnull\u00bb button_one_bg_color__hover_enabled=\u00bboff\u00bb button_one_bg_color__hover=\u00bbnull\u00bb button_two_bg_color__hover_enabled=\u00bboff\u00bb button_two_bg_color__hover=\u00bbnull\u00bb]Lorem ipsum dolor sit amet, consectetur adipiscing elit, sed do eiusmod tempor incididunt ut labore et dolore magna aliqua. Ut enim ad minim veniam.[\/et_pb_signup][et_pb_image global_parent=\u00bb33206&#8243; src=\u00bbhttps:\/\/www.marisolredondo.com\/wp-content\/uploads\/2018\/08\/logo-1.png\u00bb align=\u00bbcenter\u00bb _builder_version=\u00bb3.15&#8243; custom_margin=\u00bb||0px|\u00bb \/][et_pb_social_media_follow global_parent=\u00bb33206&#8243; _builder_version=\u00bb3.15&#8243; border_radii=\u00bbon|100%|100%|100%|100%\u00bb text_orientation=\u00bbcenter\u00bb background_layout=\u00bbdark\u00bb module_alignment=\u00bbright\u00bb custom_margin=\u00bb|||\u00bb animation_style=\u00bbslide\u00bb animation_direction=\u00bbtop\u00bb][et_pb_social_media_follow_network social_network=\u00bbfacebook\u00bb url=\u00bbhttps:\/\/www.facebook.com\/marisol.redondo.77920&#8243; _builder_version=\u00bb3.15&#8243; background_color=\u00bb#3b5998&#8243; follow_button=\u00bboff\u00bb url_new_window=\u00bbon\u00bb]facebook[\/et_pb_social_media_follow_network][et_pb_social_media_follow_network social_network=\u00bbinstagram\u00bb url=\u00bbhttps:\/\/www.instagram.com\/redondo.marisol\/\u00bb _builder_version=\u00bb3.15&#8243; background_color=\u00bb#ea2c59&#8243; follow_button=\u00bboff\u00bb url_new_window=\u00bbon\u00bb]instagram[\/et_pb_social_media_follow_network][\/et_pb_social_media_follow][\/et_pb_column][et_pb_column type=\u00bb1_3&#8243;][\/et_pb_column][\/et_pb_row][\/et_pb_section]<\/p>\n","protected":false},"excerpt":{"rendered":"<p>TANGO PARA VOS(Z) Marisol Redondo en concierto con: Orlando Dibelo (bandoneon) Sebasti\u00e1n Noya (piano) S\u00e1ndor T\u00f6r\u00f6k (contrabajo) Amaia Beloqui (moderadora) KULTURMARKT &#8211; Aemtlerstrasse 23, 8003 Z\u00fcrich &#8211; CH Aemtlerstrasse 23, 8003 Z\u00fcrich &#8211; CH Aemtlerstrasse 23, 8003 Z\u00fcrich, Switzerland TANGO PARA VOS(Z) Marisol Redondo in concert with: Orlando Dibelo (bandoneon) Sebasti\u00e1n Noya (piano) S\u00e1ndor T\u00f6r\u00f6k [&hellip;]<\/p>\n","protected":false},"author":1,"featured_media":0,"parent":0,"menu_order":0,"comment_status":"closed","ping_status":"closed","template":"","meta":{"_et_pb_use_builder":"on","_et_pb_old_content":"","_et_gb_content_width":"","footnotes":""},"yoast_head":"<!-- This site is optimized with the Yoast SEO plugin v21.2 - https:\/\/yoast.com\/wordpress\/plugins\/seo\/ -->\n<title>Marisol Redondo | 2018 Eventos<\/title>\n<meta name=\"robots\" content=\"index, follow, max-snippet:-1, max-image-preview:large, max-video-preview:-1\" \/>\n<link rel=\"canonical\" href=\"https:\/\/www.marisolredondo.com\/es\/2018-eventos\/\" \/>\n<meta property=\"og:locale\" content=\"es_ES\" \/>\n<meta property=\"og:type\" content=\"article\" \/>\n<meta property=\"og:title\" content=\"Marisol Redondo | 2018 Eventos\" \/>\n<meta property=\"og:description\" content=\"TANGO PARA VOS(Z) Marisol Redondo en concierto con: Orlando Dibelo (bandoneon) Sebasti\u00e1n Noya (piano) S\u00e1ndor T\u00f6r\u00f6k (contrabajo) Amaia Beloqui (moderadora) KULTURMARKT - Aemtlerstrasse 23, 8003 Z\u00fcrich - CH Aemtlerstrasse 23, 8003 Z\u00fcrich - CH Aemtlerstrasse 23, 8003 Z\u00fcrich, Switzerland TANGO PARA VOS(Z) Marisol Redondo in concert with: Orlando Dibelo (bandoneon) Sebasti\u00e1n Noya (piano) S\u00e1ndor T\u00f6r\u00f6k [&hellip;]\" \/>\n<meta property=\"og:url\" content=\"https:\/\/www.marisolredondo.com\/es\/2018-eventos\/\" \/>\n<meta property=\"og:site_name\" content=\"Marisol Redondo- Singer\" \/>\n<meta property=\"article:modified_time\" content=\"2019-07-14T11:50:13+00:00\" \/>\n<meta name=\"twitter:card\" content=\"summary_large_image\" \/>\n<meta name=\"twitter:label1\" content=\"Tiempo de lectura\" \/>\n\t<meta name=\"twitter:data1\" content=\"14 minutos\" \/>\n<script type=\"application\/ld+json\" class=\"yoast-schema-graph\">{\"@context\":\"https:\/\/schema.org\",\"@graph\":[{\"@type\":\"WebPage\",\"@id\":\"https:\/\/www.marisolredondo.com\/es\/2018-eventos\/\",\"url\":\"https:\/\/www.marisolredondo.com\/es\/2018-eventos\/\",\"name\":\"Marisol Redondo | 2018 Eventos\",\"isPartOf\":{\"@id\":\"https:\/\/www.marisolredondo.com\/#website\"},\"datePublished\":\"2018-11-09T01:13:29+00:00\",\"dateModified\":\"2019-07-14T11:50:13+00:00\",\"breadcrumb\":{\"@id\":\"https:\/\/www.marisolredondo.com\/es\/2018-eventos\/#breadcrumb\"},\"inLanguage\":\"es\",\"potentialAction\":[{\"@type\":\"ReadAction\",\"target\":[\"https:\/\/www.marisolredondo.com\/es\/2018-eventos\/\"]}]},{\"@type\":\"BreadcrumbList\",\"@id\":\"https:\/\/www.marisolredondo.com\/es\/2018-eventos\/#breadcrumb\",\"itemListElement\":[{\"@type\":\"ListItem\",\"position\":1,\"name\":\"Home\",\"item\":\"https:\/\/www.marisolredondo.com\/\"},{\"@type\":\"ListItem\",\"position\":2,\"name\":\"2018 Eventos\"}]},{\"@type\":\"WebSite\",\"@id\":\"https:\/\/www.marisolredondo.com\/#website\",\"url\":\"https:\/\/www.marisolredondo.com\/\",\"name\":\"Marisol Redondo\",\"description\":\"\",\"publisher\":{\"@id\":\"https:\/\/www.marisolredondo.com\/#\/schema\/person\/a7f4167392c64b100109903e48fe3898\"},\"potentialAction\":[{\"@type\":\"SearchAction\",\"target\":{\"@type\":\"EntryPoint\",\"urlTemplate\":\"https:\/\/www.marisolredondo.com\/?s={search_term_string}\"},\"query-input\":\"required name=search_term_string\"}],\"inLanguage\":\"es\"},{\"@type\":[\"Person\",\"Organization\"],\"@id\":\"https:\/\/www.marisolredondo.com\/#\/schema\/person\/a7f4167392c64b100109903e48fe3898\",\"name\":\"mredondo\",\"image\":{\"@type\":\"ImageObject\",\"inLanguage\":\"es\",\"@id\":\"https:\/\/www.marisolredondo.com\/#\/schema\/person\/image\/\",\"url\":\"https:\/\/secure.gravatar.com\/avatar\/0017f9752f1432e3e718b813e3e35442?s=96&d=mm&r=g\",\"contentUrl\":\"https:\/\/secure.gravatar.com\/avatar\/0017f9752f1432e3e718b813e3e35442?s=96&d=mm&r=g\",\"caption\":\"mredondo\"},\"logo\":{\"@id\":\"https:\/\/www.marisolredondo.com\/#\/schema\/person\/image\/\"}}]}<\/script>\n<!-- \/ Yoast SEO plugin. -->","yoast_head_json":{"title":"Marisol Redondo | 2018 Eventos","robots":{"index":"index","follow":"follow","max-snippet":"max-snippet:-1","max-image-preview":"max-image-preview:large","max-video-preview":"max-video-preview:-1"},"canonical":"https:\/\/www.marisolredondo.com\/es\/2018-eventos\/","og_locale":"es_ES","og_type":"article","og_title":"Marisol Redondo | 2018 Eventos","og_description":"TANGO PARA VOS(Z) Marisol Redondo en concierto con: Orlando Dibelo (bandoneon) Sebasti\u00e1n Noya (piano) S\u00e1ndor T\u00f6r\u00f6k (contrabajo) Amaia Beloqui (moderadora) KULTURMARKT - Aemtlerstrasse 23, 8003 Z\u00fcrich - CH Aemtlerstrasse 23, 8003 Z\u00fcrich - CH Aemtlerstrasse 23, 8003 Z\u00fcrich, Switzerland TANGO PARA VOS(Z) Marisol Redondo in concert with: Orlando Dibelo (bandoneon) Sebasti\u00e1n Noya (piano) S\u00e1ndor T\u00f6r\u00f6k [&hellip;]","og_url":"https:\/\/www.marisolredondo.com\/es\/2018-eventos\/","og_site_name":"Marisol Redondo- Singer","article_modified_time":"2019-07-14T11:50:13+00:00","twitter_card":"summary_large_image","twitter_misc":{"Tiempo de lectura":"14 minutos"},"schema":{"@context":"https:\/\/schema.org","@graph":[{"@type":"WebPage","@id":"https:\/\/www.marisolredondo.com\/es\/2018-eventos\/","url":"https:\/\/www.marisolredondo.com\/es\/2018-eventos\/","name":"Marisol Redondo | 2018 Eventos","isPartOf":{"@id":"https:\/\/www.marisolredondo.com\/#website"},"datePublished":"2018-11-09T01:13:29+00:00","dateModified":"2019-07-14T11:50:13+00:00","breadcrumb":{"@id":"https:\/\/www.marisolredondo.com\/es\/2018-eventos\/#breadcrumb"},"inLanguage":"es","potentialAction":[{"@type":"ReadAction","target":["https:\/\/www.marisolredondo.com\/es\/2018-eventos\/"]}]},{"@type":"BreadcrumbList","@id":"https:\/\/www.marisolredondo.com\/es\/2018-eventos\/#breadcrumb","itemListElement":[{"@type":"ListItem","position":1,"name":"Home","item":"https:\/\/www.marisolredondo.com\/"},{"@type":"ListItem","position":2,"name":"2018 Eventos"}]},{"@type":"WebSite","@id":"https:\/\/www.marisolredondo.com\/#website","url":"https:\/\/www.marisolredondo.com\/","name":"Marisol Redondo","description":"","publisher":{"@id":"https:\/\/www.marisolredondo.com\/#\/schema\/person\/a7f4167392c64b100109903e48fe3898"},"potentialAction":[{"@type":"SearchAction","target":{"@type":"EntryPoint","urlTemplate":"https:\/\/www.marisolredondo.com\/?s={search_term_string}"},"query-input":"required name=search_term_string"}],"inLanguage":"es"},{"@type":["Person","Organization"],"@id":"https:\/\/www.marisolredondo.com\/#\/schema\/person\/a7f4167392c64b100109903e48fe3898","name":"mredondo","image":{"@type":"ImageObject","inLanguage":"es","@id":"https:\/\/www.marisolredondo.com\/#\/schema\/person\/image\/","url":"https:\/\/secure.gravatar.com\/avatar\/0017f9752f1432e3e718b813e3e35442?s=96&d=mm&r=g","contentUrl":"https:\/\/secure.gravatar.com\/avatar\/0017f9752f1432e3e718b813e3e35442?s=96&d=mm&r=g","caption":"mredondo"},"logo":{"@id":"https:\/\/www.marisolredondo.com\/#\/schema\/person\/image\/"}}]}},"_links":{"self":[{"href":"https:\/\/www.marisolredondo.com\/es\/wp-json\/wp\/v2\/pages\/34668"}],"collection":[{"href":"https:\/\/www.marisolredondo.com\/es\/wp-json\/wp\/v2\/pages"}],"about":[{"href":"https:\/\/www.marisolredondo.com\/es\/wp-json\/wp\/v2\/types\/page"}],"author":[{"embeddable":true,"href":"https:\/\/www.marisolredondo.com\/es\/wp-json\/wp\/v2\/users\/1"}],"replies":[{"embeddable":true,"href":"https:\/\/www.marisolredondo.com\/es\/wp-json\/wp\/v2\/comments?post=34668"}],"version-history":[{"count":0,"href":"https:\/\/www.marisolredondo.com\/es\/wp-json\/wp\/v2\/pages\/34668\/revisions"}],"wp:attachment":[{"href":"https:\/\/www.marisolredondo.com\/es\/wp-json\/wp\/v2\/media?parent=34668"}],"curies":[{"name":"wp","href":"https:\/\/api.w.org\/{rel}","templated":true}]}}