{"id":33832,"date":"2018-10-01T16:40:57","date_gmt":"2018-10-01T16:40:57","guid":{"rendered":"https:\/\/www.marisolredondo.com\/contribuir-musicos\/"},"modified":"2020-06-09T12:50:04","modified_gmt":"2020-06-09T12:50:04","slug":"contribuir-musicos","status":"publish","type":"page","link":"https:\/\/www.marisolredondo.com\/es\/contribuir-musicos\/","title":{"rendered":"M\u00fasicos"},"content":{"rendered":"<p>[et_pb_section fb_built=\u00bb1&#8243; fullwidth=\u00bbon\u00bb _builder_version=\u00bb3.22&#8243;][et_pb_fullwidth_header title=\u00bbM\u00fasicos\u00bb text_orientation=\u00bbcenter\u00bb header_fullscreen=\u00bbon\u00bb header_scroll_down=\u00bbon\u00bb scroll_down_icon_color=\u00bb#ffffff\u00bb scroll_down_icon_size=\u00bb34px\u00bb background_overlay_color=\u00bbrgba(15,22,38,0.25)\u00bb logo_image_url=\u00bbhttps:\/\/www.marisolredondo.com\/wp-content\/uploads\/2018\/08\/logo-large.png\u00bb _builder_version=\u00bb4.0.6&#8243; title_font=\u00bb|600|||||||\u00bb title_font_size=\u00bb31px\u00bb title_letter_spacing=\u00bb5px\u00bb content_font=\u00bb||||||||\u00bb subhead_font=\u00bb||||||||\u00bb background_image=\u00bbhttps:\/\/www.marisolredondo.com\/wp-content\/uploads\/2020\/06\/Marisol_Recording_LBB-Studio_11-scaled.jpg\u00bb background_last_edited=\u00bbon|phone\u00bb background_size_phone=\u00bbcover\u00bb background_position_phone=\u00bbcenter\u00bb custom_css_logo=\u00bbmargin-bottom:25px;\u00bb title_text_shadow_style=\u00bbpreset1&#8243; button_one_text_size__hover_enabled=\u00bboff\u00bb button_one_text_size__hover=\u00bbnull\u00bb button_two_text_size__hover_enabled=\u00bboff\u00bb button_two_text_size__hover=\u00bbnull\u00bb button_one_text_color__hover_enabled=\u00bboff\u00bb button_one_text_color__hover=\u00bbnull\u00bb button_two_text_color__hover_enabled=\u00bboff\u00bb button_two_text_color__hover=\u00bbnull\u00bb button_one_border_width__hover_enabled=\u00bboff\u00bb button_one_border_width__hover=\u00bbnull\u00bb button_two_border_width__hover_enabled=\u00bboff\u00bb button_two_border_width__hover=\u00bbnull\u00bb button_one_border_color__hover_enabled=\u00bboff\u00bb button_one_border_color__hover=\u00bbnull\u00bb button_two_border_color__hover_enabled=\u00bboff\u00bb button_two_border_color__hover=\u00bbnull\u00bb button_one_border_radius__hover_enabled=\u00bboff\u00bb button_one_border_radius__hover=\u00bbnull\u00bb button_two_border_radius__hover_enabled=\u00bboff\u00bb button_two_border_radius__hover=\u00bbnull\u00bb button_one_letter_spacing__hover_enabled=\u00bboff\u00bb button_one_letter_spacing__hover=\u00bbnull\u00bb button_two_letter_spacing__hover_enabled=\u00bboff\u00bb button_two_letter_spacing__hover=\u00bbnull\u00bb button_one_bg_color__hover_enabled=\u00bboff\u00bb button_one_bg_color__hover=\u00bbnull\u00bb button_two_bg_color__hover_enabled=\u00bboff\u00bb button_two_bg_color__hover=\u00bbnull\u00bb]<\/p>\n<hr class=\"underline-style\" \/>[\/et_pb_fullwidth_header][\/et_pb_section][et_pb_section fb_built=\u00bb1&#8243; module_class=\u00bbMR-blurb-img-shadow\u00bb _builder_version=\u00bb3.22&#8243;][et_pb_row column_structure=\u00bb2_3,1_3&#8243; _builder_version=\u00bb3.25&#8243;][et_pb_column type=\u00bb2_3&#8243; _builder_version=\u00bb3.25&#8243; custom_padding=\u00bb|||\u00bb custom_padding__hover=\u00bb|||\u00bb][et_pb_text _builder_version=\u00bb3.27.4&#8243; text_font=\u00bb||||||||\u00bb link_font=\u00bb||||||||\u00bb link_text_color=\u00bb#3550a0&#8243; header_font=\u00bb||||||||\u00bb header_2_font=\u00bb|600|||||||\u00bb header_2_text_color=\u00bb#ff533d\u00bb header_2_font_size=\u00bb29px\u00bb header_3_font=\u00bb|700|||||||\u00bb header_3_text_color=\u00bb#0f1626&#8243; header_3_font_size=\u00bb30px\u00bb header_3_line_height=\u00bb1.5em\u00bb header_4_font=\u00bbLato|700|||||||\u00bb header_4_text_color=\u00bb#3550a0&#8243; header_4_font_size=\u00bb16px\u00bb header_4_line_height=\u00bb1.5em\u00bb custom_margin=\u00bb|||\u00bb header_3_font_size_tablet=\u00bb\u00bb header_3_font_size_phone=\u00bb20px\u00bb header_3_font_size_last_edited=\u00bbon|phone\u00bb locked=\u00bboff\u00bb]SEBASTIAN NOYA \u2013 como miembro de la Escuela de Tango \u00ab\u00a0Emilio Balcarce\u00a0\u00bb, particip\u00f3 en festivales musicales en Argentina, latinoam\u00e9rica, USA y Europa. Sebasti\u00e1n es contrabajista y pianista. Ha tocado con algunos de los artistas m\u00e1s conocidos en Buenos Aires, como Victor Lavall\u00e9n, Diego Schissis Quintet, Aca Seca Trio, Amores Tangos, Andr\u00e9s Linetzky y el Sexteto Vale Tango, Lidia Borda, Julio Pane, Ramiro Gallo und Daniel Melingo.<\/p>\n<p>Acompa\u00f1a a Marisol Redondo con el contrabajo y el piano en sus giras y produce los arreglos musicales de las canciones que interpreta la cantante.<br \/>\n[\/et_pb_text][\/et_pb_column][et_pb_column type=\u00bb1_3&#8243; _builder_version=\u00bb3.25&#8243; custom_padding=\u00bb|||\u00bb custom_padding__hover=\u00bb|||\u00bb][et_pb_image src=\u00bbhttps:\/\/www.marisolredondo.com\/wp-content\/uploads\/2018\/10\/sebastian-noya.jpg\u00bb align=\u00bbcenter\u00bb align_tablet=\u00bbcenter\u00bb align_phone=\u00bb\u00bb align_last_edited=\u00bbon|desktop\u00bb _builder_version=\u00bb3.23&#8243; border_radii=\u00bbon|150px|150px|150px|150px\u00bb][\/et_pb_image][\/et_pb_column][\/et_pb_row][et_pb_row column_structure=\u00bb2_3,1_3&#8243; _builder_version=\u00bb3.25&#8243;][et_pb_column type=\u00bb2_3&#8243; _builder_version=\u00bb3.25&#8243; custom_padding=\u00bb|||\u00bb custom_padding__hover=\u00bb|||\u00bb][et_pb_text _builder_version=\u00bb3.27.4&#8243; text_font=\u00bb||||||||\u00bb link_font=\u00bb||||||||\u00bb link_text_color=\u00bb#3550a0&#8243; header_font=\u00bb||||||||\u00bb header_2_font=\u00bb|600|||||||\u00bb header_2_text_color=\u00bb#ff533d\u00bb header_2_font_size=\u00bb29px\u00bb header_3_font=\u00bb|700|||||||\u00bb header_3_text_color=\u00bb#0f1626&#8243; header_3_font_size=\u00bb30px\u00bb header_3_line_height=\u00bb1.5em\u00bb header_4_font=\u00bbLato|700|||||||\u00bb header_4_text_color=\u00bb#3550a0&#8243; header_4_font_size=\u00bb16px\u00bb header_4_line_height=\u00bb1.5em\u00bb custom_margin=\u00bb|||\u00bb header_3_font_size_tablet=\u00bb\u00bb header_3_font_size_phone=\u00bb20px\u00bb header_3_font_size_last_edited=\u00bbon|phone\u00bb locked=\u00bboff\u00bb]SIMONE TOLOMEO naci\u00f3 en Italia y estudi\u00f3 piano y m\u00fasica en el Conservatorio de Palermo. Despu\u00e9s de tocar m\u00fasica mediterr\u00e1nea, Blues y Jazz comenz\u00f3 a dedicarse a tocar Tango, aprendi\u00f3 bandoneon con Federico Pereiro y arreglos con Ramiro Gallo. Desde 2008 act\u00faa en Caf\u00e9 Tortoni o en la Esquina Carlos Gardel y toca en varias orquestas t\u00edpicas.<\/p>\n<p>Hoy toca como solista en el Cuarteto El Mondongo de Palermo y en la orquesta Arquet\u00edpica de Ramiro Gallo, da clases de bandone\u00f3n en la Plata (Argentina) y acompa\u00f1a a Marisol Redondo en sus giras.<br \/>\n[\/et_pb_text][\/et_pb_column][et_pb_column type=\u00bb1_3&#8243; _builder_version=\u00bb3.25&#8243; custom_padding=\u00bb|||\u00bb custom_padding__hover=\u00bb|||\u00bb][et_pb_image src=\u00bbhttps:\/\/www.marisolredondo.com\/wp-content\/uploads\/2018\/11\/simone-tolomeo-bw.jpg\u00bb align=\u00bbcenter\u00bb align_tablet=\u00bbcenter\u00bb align_phone=\u00bb\u00bb align_last_edited=\u00bbon|desktop\u00bb _builder_version=\u00bb3.23&#8243; border_radii=\u00bbon|150px|150px|150px|150px\u00bb][\/et_pb_image][\/et_pb_column][\/et_pb_row][et_pb_row column_structure=\u00bb2_3,1_3&#8243; _builder_version=\u00bb3.25&#8243;][et_pb_column type=\u00bb2_3&#8243; _builder_version=\u00bb3.25&#8243; custom_padding=\u00bb|||\u00bb custom_padding__hover=\u00bb|||\u00bb][et_pb_text _builder_version=\u00bb3.27.4&#8243; text_font=\u00bb||||||||\u00bb link_font=\u00bb||||||||\u00bb link_text_color=\u00bb#3550a0&#8243; header_font=\u00bb||||||||\u00bb header_2_font=\u00bb|600|||||||\u00bb header_2_text_color=\u00bb#ff533d\u00bb header_2_font_size=\u00bb29px\u00bb header_3_font=\u00bb|700|||||||\u00bb header_3_text_color=\u00bb#0f1626&#8243; header_3_font_size=\u00bb30px\u00bb header_3_line_height=\u00bb1.5em\u00bb header_4_font=\u00bbLato|700|||||||\u00bb header_4_text_color=\u00bb#3550a0&#8243; header_4_font_size=\u00bb16px\u00bb header_4_line_height=\u00bb1.5em\u00bb custom_margin=\u00bb|||\u00bb header_3_font_size_tablet=\u00bb\u00bb header_3_font_size_phone=\u00bb20px\u00bb header_3_font_size_last_edited=\u00bbon|phone\u00bb locked=\u00bboff\u00bb]S\u00c1NDOR T\u00d6R\u00d6K es compositor de m\u00fasica de pel\u00edculas. Es miembro de la Nueva Orquesta Sinf\u00f3nica y de la Orquesta Sinf\u00f3nica del Siglo 21 con las cuales toca regularmente el contrabajo y graba m\u00fasica de pel\u00edculas. Acompa\u00f1a a Marisol Redondo en sus giras.<br \/>\n[\/et_pb_text][\/et_pb_column][et_pb_column type=\u00bb1_3&#8243; _builder_version=\u00bb3.25&#8243; custom_padding=\u00bb|||\u00bb custom_padding__hover=\u00bb|||\u00bb][et_pb_image src=\u00bbhttps:\/\/www.marisolredondo.com\/wp-content\/uploads\/2018\/11\/sandor-torok-bw.jpg\u00bb align=\u00bbcenter\u00bb align_tablet=\u00bbcenter\u00bb align_phone=\u00bb\u00bb align_last_edited=\u00bbon|desktop\u00bb _builder_version=\u00bb3.23&#8243; border_radii=\u00bbon|150px|150px|150px|150px\u00bb][\/et_pb_image][\/et_pb_column][\/et_pb_row][et_pb_row column_structure=\u00bb2_3,1_3&#8243; _builder_version=\u00bb3.25&#8243;][et_pb_column type=\u00bb2_3&#8243; _builder_version=\u00bb3.25&#8243; custom_padding=\u00bb|||\u00bb custom_padding__hover=\u00bb|||\u00bb][et_pb_text _builder_version=\u00bb3.27.4&#8243; text_font=\u00bb||||||||\u00bb link_font=\u00bb||||||||\u00bb link_text_color=\u00bb#3550a0&#8243; header_font=\u00bb||||||||\u00bb header_2_font=\u00bb|600|||||||\u00bb header_2_text_color=\u00bb#ff533d\u00bb header_2_font_size=\u00bb29px\u00bb header_3_font=\u00bb|700|||||||\u00bb header_3_text_color=\u00bb#0f1626&#8243; header_3_font_size=\u00bb30px\u00bb header_3_line_height=\u00bb1.5em\u00bb header_4_font=\u00bbLato|700|||||||\u00bb header_4_text_color=\u00bb#3550a0&#8243; header_4_font_size=\u00bb16px\u00bb header_4_line_height=\u00bb1.5em\u00bb custom_margin=\u00bb|||\u00bb header_3_font_size_tablet=\u00bb\u00bb header_3_font_size_phone=\u00bb20px\u00bb header_3_font_size_last_edited=\u00bbon|phone\u00bb locked=\u00bboff\u00bb]LUIS ALVARENGA Guitarrista y arpista paraguayo, fundador de \u00abLos Toners\u00bb y l\u00edder de la banda desde 1989. Ha colaborado con Marisol, tocando el arpa paraguaya y la guitarra en su \u00e1lbum \u00ab\u00a0El d\u00eda que me quieras\u00a0\u00bb.<br \/>\n[\/et_pb_text][\/et_pb_column][et_pb_column type=\u00bb1_3&#8243; _builder_version=\u00bb3.25&#8243; custom_padding=\u00bb|||\u00bb custom_padding__hover=\u00bb|||\u00bb][et_pb_image src=\u00bbhttps:\/\/www.marisolredondo.com\/wp-content\/uploads\/2018\/09\/luis-alvarenga.jpg\u00bb align=\u00bbcenter\u00bb align_tablet=\u00bbcenter\u00bb align_phone=\u00bb\u00bb align_last_edited=\u00bbon|desktop\u00bb _builder_version=\u00bb3.23&#8243; border_radii=\u00bbon|150px|150px|150px|150px\u00bb][\/et_pb_image][\/et_pb_column][\/et_pb_row][et_pb_row column_structure=\u00bb2_3,1_3&#8243; _builder_version=\u00bb3.25&#8243;][et_pb_column type=\u00bb2_3&#8243; _builder_version=\u00bb3.25&#8243; custom_padding=\u00bb|||\u00bb custom_padding__hover=\u00bb|||\u00bb][et_pb_text _builder_version=\u00bb3.27.4&#8243; text_font=\u00bb||||||||\u00bb link_font=\u00bb||||||||\u00bb link_text_color=\u00bb#3550a0&#8243; header_font=\u00bb||||||||\u00bb header_2_font=\u00bb|600|||||||\u00bb header_2_text_color=\u00bb#ff533d\u00bb header_2_font_size=\u00bb29px\u00bb header_3_font=\u00bb|700|||||||\u00bb header_3_text_color=\u00bb#0f1626&#8243; header_3_font_size=\u00bb30px\u00bb header_3_line_height=\u00bb1.5em\u00bb header_4_font=\u00bbLato|700|||||||\u00bb header_4_text_color=\u00bb#3550a0&#8243; header_4_font_size=\u00bb16px\u00bb header_4_line_height=\u00bb1.5em\u00bb custom_margin=\u00bb|||\u00bb header_3_font_size_tablet=\u00bb\u00bb header_3_font_size_phone=\u00bb20px\u00bb header_3_font_size_last_edited=\u00bbon|phone\u00bb locked=\u00bboff\u00bb]ORLANDO DIBELO es uno de los bandoneonistas argentinos m\u00e1s importantes e influyentes de su generaci\u00f3n. A lo largo de su extensa carrera, ha participado en numerosas actividades internacionales de conciertos como bandoneonista.<\/p>\n<p>Recientemente ha sido galardonado con el Premio Cavaion d&#8217;Oro en Italia, reconociendo su carrera y sus contribuciones a la promoci\u00f3n internacional del tango. Orlando combina sus actuaciones con tareas docentes y est\u00e1 invitado a dar clases magistrales de interpretaci\u00f3n de tango.<br \/>\n[\/et_pb_text][\/et_pb_column][et_pb_column type=\u00bb1_3&#8243; _builder_version=\u00bb3.25&#8243; custom_padding=\u00bb|||\u00bb custom_padding__hover=\u00bb|||\u00bb][et_pb_image src=\u00bbhttps:\/\/www.marisolredondo.com\/wp-content\/uploads\/2018\/09\/orlando-dibelo.jpg\u00bb align=\u00bbcenter\u00bb align_tablet=\u00bbcenter\u00bb align_phone=\u00bb\u00bb align_last_edited=\u00bbon|desktop\u00bb _builder_version=\u00bb3.23&#8243; border_radii=\u00bbon|150px|150px|150px|150px\u00bb][\/et_pb_image][\/et_pb_column][\/et_pb_row][et_pb_row column_structure=\u00bb2_3,1_3&#8243; _builder_version=\u00bb3.25&#8243;][et_pb_column type=\u00bb2_3&#8243; _builder_version=\u00bb3.25&#8243; custom_padding=\u00bb|||\u00bb custom_padding__hover=\u00bb|||\u00bb][et_pb_text _builder_version=\u00bb3.27.4&#8243; text_font=\u00bb||||||||\u00bb link_font=\u00bb||||||||\u00bb link_text_color=\u00bb#3550a0&#8243; header_font=\u00bb||||||||\u00bb header_2_font=\u00bb|600|||||||\u00bb header_2_text_color=\u00bb#ff533d\u00bb header_2_font_size=\u00bb29px\u00bb header_3_font=\u00bb|700|||||||\u00bb header_3_text_color=\u00bb#0f1626&#8243; header_3_font_size=\u00bb30px\u00bb header_3_line_height=\u00bb1.5em\u00bb header_4_font=\u00bbLato|700|||||||\u00bb header_4_text_color=\u00bb#3550a0&#8243; header_4_font_size=\u00bb16px\u00bb header_4_line_height=\u00bb1.5em\u00bb custom_margin=\u00bb|||\u00bb header_3_font_size_tablet=\u00bb\u00bb header_3_font_size_phone=\u00bb20px\u00bb header_3_font_size_last_edited=\u00bbon|phone\u00bb locked=\u00bboff\u00bb]EDWARD SHERMAN estudi\u00f3 m\u00fasica en Pensilvania y en la Universidad de Towson, Maryland, con Michael Decker y ha pasado varios a\u00f1os como guitarrista en la banda Citizen Cain en varias giras por Norteam\u00e9rica. Posteriormente se traslad\u00f3 a Espa\u00f1a y posteriormente a Suiza.<\/p>\n<p>Es promotor de los conciertos de Marisol y adem\u00e1s, sigue tocando la guitarra, el bajo y la percusi\u00f3n.<br \/>\n[\/et_pb_text][\/et_pb_column][et_pb_column type=\u00bb1_3&#8243; _builder_version=\u00bb3.25&#8243; custom_padding=\u00bb|||\u00bb custom_padding__hover=\u00bb|||\u00bb][et_pb_image src=\u00bbhttps:\/\/www.marisolredondo.com\/wp-content\/uploads\/2018\/11\/edward-sherman-profile-pic.jpg\u00bb align=\u00bbcenter\u00bb align_tablet=\u00bbcenter\u00bb align_phone=\u00bb\u00bb align_last_edited=\u00bbon|desktop\u00bb _builder_version=\u00bb3.23&#8243; border_radii=\u00bbon|150px|150px|150px|150px\u00bb][\/et_pb_image][\/et_pb_column][\/et_pb_row][et_pb_row column_structure=\u00bb2_3,1_3&#8243; _builder_version=\u00bb3.25&#8243;][et_pb_column type=\u00bb2_3&#8243; _builder_version=\u00bb3.25&#8243; custom_padding=\u00bb|||\u00bb custom_padding__hover=\u00bb|||\u00bb][et_pb_text admin_label=\u00bbSARA KONN \u00bb _builder_version=\u00bb3.27.4&#8243; link_text_color=\u00bb#3550a0&#8243; header_2_font=\u00bb|600|||||||\u00bb header_2_text_color=\u00bb#ff533d\u00bb header_2_font_size=\u00bb29px\u00bb header_3_font=\u00bb|700|||||||\u00bb header_3_text_color=\u00bb#0f1626&#8243; header_3_font_size=\u00bb30px\u00bb header_3_line_height=\u00bb1.5em\u00bb header_4_font=\u00bbLato|700|||||||\u00bb header_4_text_color=\u00bb#3550a0&#8243; header_4_font_size=\u00bb16px\u00bb header_4_line_height=\u00bb1.5em\u00bb custom_margin=\u00bb|||\u00bb header_3_font_size_tablet=\u00bb\u00bb header_3_font_size_phone=\u00bb20px\u00bb header_3_font_size_last_edited=\u00bbon|phone\u00bb locked=\u00bboff\u00bb]SARA K\u00d6NN (hermana de Marisol) naci\u00f3 en Uruguay. La m\u00fasica le ha acompa\u00f1ando desde su infancia en forma de danza, canto y piano.<\/p>\n<p>Actu\u00f3 desde peque\u00f1a en la cadena nacional de televisi\u00f3n uruguaya y actualmente contin\u00faa con sus estudios de piano.<\/p>\n<p>Despu\u00e9s de emigrar a Alemania y a la edad de 16 a\u00f1os, Sara actu\u00f3 en solitario en diversos eventos p\u00fablicos en Alemania y junto a sus hermanos, ha actuado en diferentes locales de Barcelona para ofrecer un repertorio de m\u00fasica sudamericana y espa\u00f1ola.<br \/>\n[\/et_pb_text][\/et_pb_column][et_pb_column type=\u00bb1_3&#8243; _builder_version=\u00bb3.25&#8243; custom_padding=\u00bb|||\u00bb custom_padding__hover=\u00bb|||\u00bb][et_pb_image src=\u00bbhttps:\/\/www.marisolredondo.com\/wp-content\/uploads\/2018\/10\/sara-konn.jpg\u00bb align=\u00bbcenter\u00bb align_tablet=\u00bbcenter\u00bb align_phone=\u00bb\u00bb align_last_edited=\u00bbon|desktop\u00bb _builder_version=\u00bb3.23&#8243; border_radii=\u00bbon|150px|150px|150px|150px\u00bb][\/et_pb_image][\/et_pb_column][\/et_pb_row][et_pb_row column_structure=\u00bb2_3,1_3&#8243; _builder_version=\u00bb3.25&#8243;][et_pb_column type=\u00bb2_3&#8243; _builder_version=\u00bb3.25&#8243; custom_padding=\u00bb|||\u00bb custom_padding__hover=\u00bb|||\u00bb][et_pb_text _builder_version=\u00bb3.27.4&#8243; text_font=\u00bb||||||||\u00bb link_font=\u00bb||||||||\u00bb link_text_color=\u00bb#3550a0&#8243; header_font=\u00bb||||||||\u00bb header_2_font=\u00bb|600|||||||\u00bb header_2_text_color=\u00bb#ff533d\u00bb header_2_font_size=\u00bb29px\u00bb header_3_font=\u00bb|700|||||||\u00bb header_3_text_color=\u00bb#0f1626&#8243; header_3_font_size=\u00bb30px\u00bb header_3_line_height=\u00bb1.5em\u00bb header_4_font=\u00bbLato|700|||||||\u00bb header_4_text_color=\u00bb#3550a0&#8243; header_4_font_size=\u00bb16px\u00bb header_4_line_height=\u00bb1.5em\u00bb custom_margin=\u00bb|||\u00bb header_3_font_size_tablet=\u00bb\u00bb header_3_font_size_phone=\u00bb20px\u00bb header_3_font_size_last_edited=\u00bbon|phone\u00bb locked=\u00bboff\u00bb]MARIELA REDONDO (hermana de Marisol) naci\u00f3 en Uruguay y cuando era ni\u00f1a, junto con sus hermanos, comenz\u00f3 a actuar en televisi\u00f3n y en teatros de Uruguay y Barcelona. En Barcelona, donde reside actualmente, continu\u00f3 su educaci\u00f3n musical con estudios de canto, piano y guitarra.<\/p>\n<p>Mariela ha participado en varios grupos de m\u00fasica como solista, incluyendo orquestas de pop latino.<\/p>\n<p>Hoy en d\u00eda canta en el coro de gospel &#8216;Blackiblanc&#8217; de Barcelona.<br \/>\n[\/et_pb_text][\/et_pb_column][et_pb_column type=\u00bb1_3&#8243; _builder_version=\u00bb3.25&#8243; custom_padding=\u00bb|||\u00bb custom_padding__hover=\u00bb|||\u00bb][et_pb_image src=\u00bbhttps:\/\/www.marisolredondo.com\/wp-content\/uploads\/2018\/10\/mariella-redondo.jpg\u00bb align=\u00bbcenter\u00bb align_tablet=\u00bbcenter\u00bb align_phone=\u00bb\u00bb align_last_edited=\u00bbon|desktop\u00bb _builder_version=\u00bb3.23&#8243; border_radii=\u00bbon|150px|150px|150px|150px\u00bb][\/et_pb_image][\/et_pb_column][\/et_pb_row][et_pb_row column_structure=\u00bb2_3,1_3&#8243; _builder_version=\u00bb3.25&#8243;][et_pb_column type=\u00bb2_3&#8243; _builder_version=\u00bb3.25&#8243; custom_padding=\u00bb|||\u00bb custom_padding__hover=\u00bb|||\u00bb][et_pb_text _builder_version=\u00bb3.27.4&#8243; text_font=\u00bb||||||||\u00bb link_font=\u00bb||||||||\u00bb link_text_color=\u00bb#3550a0&#8243; header_font=\u00bb||||||||\u00bb header_2_font=\u00bb|600|||||||\u00bb header_2_text_color=\u00bb#ff533d\u00bb header_2_font_size=\u00bb29px\u00bb header_3_font=\u00bb|700|||||||\u00bb header_3_text_color=\u00bb#0f1626&#8243; header_3_font_size=\u00bb30px\u00bb header_3_line_height=\u00bb1.5em\u00bb header_4_font=\u00bbLato|700|||||||\u00bb header_4_text_color=\u00bb#3550a0&#8243; header_4_font_size=\u00bb16px\u00bb header_4_line_height=\u00bb1.5em\u00bb custom_margin=\u00bb|||\u00bb header_3_font_size_tablet=\u00bb\u00bb header_3_font_size_phone=\u00bb20px\u00bb header_3_font_size_last_edited=\u00bbon|phone\u00bb locked=\u00bboff\u00bb]AMAIA BELOQUI tom\u00f3 sus primeras lecciones de piano a la edad de 5 a\u00f1os. Cuatro a\u00f1os despu\u00e9s, particip\u00f3 con \u00e9xito en su primer concurso de m\u00fasica, para continuar participando en una larga serie de concursos nacionales e internacionales en Espa\u00f1a, Alemania y Suiza, donde cosech\u00f3 muchos premios. Trabaja como solista y en conjuntos de m\u00fasica de c\u00e1mara. Actualmente es estudiante del profesor Karl-Andreas Kolly en Winterthur y Zurich.<\/p>\n<p>Es moderadora y presentadora en los conciertos de Marisol Redondo<br \/>\n[\/et_pb_text][\/et_pb_column][et_pb_column type=\u00bb1_3&#8243; _builder_version=\u00bb3.25&#8243; custom_padding=\u00bb|||\u00bb custom_padding__hover=\u00bb|||\u00bb][et_pb_image src=\u00bbhttps:\/\/www.marisolredondo.com\/wp-content\/uploads\/2018\/09\/amaia-beloqui.jpg\u00bb align=\u00bbcenter\u00bb align_tablet=\u00bbcenter\u00bb align_phone=\u00bb\u00bb align_last_edited=\u00bbon|desktop\u00bb _builder_version=\u00bb3.23&#8243; border_radii=\u00bbon|150px|150px|150px|150px\u00bb][\/et_pb_image][\/et_pb_column][\/et_pb_row][\/et_pb_section][et_pb_section fb_built=\u00bb1&#8243; disabled_on=\u00bboff|off|off\u00bb admin_label=\u00bbFollow Along\u00bb _builder_version=\u00bb3.11.1&#8243; background_color=\u00bb#0f1626&#8243; background_position=\u00bbcenter_right\u00bb custom_padding=\u00bb0||0||false|false\u00bb top_divider_height=\u00bb43px\u00bb global_module=\u00bb33206&#8243; saved_tabs=\u00bball\u00bb][\/et_pb_section]<\/p>\n","protected":false},"excerpt":{"rendered":"<p>SEBASTIAN NOYA \u2013 como miembro de la Escuela de Tango \u00ab\u00a0Emilio Balcarce\u00a0\u00bb, particip\u00f3 en festivales musicales en Argentina, latinoam\u00e9rica, USA y Europa. Sebasti\u00e1n es contrabajista y pianista. Ha tocado con algunos de los artistas m\u00e1s conocidos en Buenos Aires, como Victor Lavall\u00e9n, Diego Schissis Quintet, Aca Seca Trio, Amores Tangos, Andr\u00e9s Linetzky y el Sexteto [&hellip;]<\/p>\n","protected":false},"author":1,"featured_media":0,"parent":0,"menu_order":0,"comment_status":"closed","ping_status":"closed","template":"","meta":{"_et_pb_use_builder":"on","_et_pb_old_content":"","_et_gb_content_width":"","footnotes":""},"yoast_head":"<!-- This site is optimized with the Yoast SEO plugin v21.2 - https:\/\/yoast.com\/wordpress\/plugins\/seo\/ -->\n<title>Marisol Redondo - M\u00fasicos<\/title>\n<meta name=\"robots\" content=\"index, follow, max-snippet:-1, max-image-preview:large, max-video-preview:-1\" \/>\n<link rel=\"canonical\" href=\"https:\/\/www.marisolredondo.com\/es\/contribuir-musicos\/\" \/>\n<meta property=\"og:locale\" content=\"es_ES\" \/>\n<meta property=\"og:type\" content=\"article\" \/>\n<meta property=\"og:title\" content=\"Marisol Redondo - M\u00fasicos\" \/>\n<meta property=\"og:description\" content=\"SEBASTIAN NOYA \u2013 como miembro de la Escuela de Tango \u00ab\u00a0Emilio Balcarce\u00a0\u00bb, particip\u00f3 en festivales musicales en Argentina, latinoam\u00e9rica, USA y Europa. Sebasti\u00e1n es contrabajista y pianista. Ha tocado con algunos de los artistas m\u00e1s conocidos en Buenos Aires, como Victor Lavall\u00e9n, Diego Schissis Quintet, Aca Seca Trio, Amores Tangos, Andr\u00e9s Linetzky y el Sexteto [&hellip;]\" \/>\n<meta property=\"og:url\" content=\"https:\/\/www.marisolredondo.com\/es\/contribuir-musicos\/\" \/>\n<meta property=\"og:site_name\" content=\"Marisol Redondo- Singer\" \/>\n<meta property=\"article:modified_time\" content=\"2020-06-09T12:50:04+00:00\" \/>\n<meta name=\"twitter:card\" content=\"summary_large_image\" \/>\n<meta name=\"twitter:label1\" content=\"Tiempo de lectura\" \/>\n\t<meta name=\"twitter:data1\" content=\"12 minutos\" \/>\n<script type=\"application\/ld+json\" class=\"yoast-schema-graph\">{\"@context\":\"https:\/\/schema.org\",\"@graph\":[{\"@type\":\"WebPage\",\"@id\":\"https:\/\/www.marisolredondo.com\/es\/contribuir-musicos\/\",\"url\":\"https:\/\/www.marisolredondo.com\/es\/contribuir-musicos\/\",\"name\":\"Marisol Redondo - M\u00fasicos\",\"isPartOf\":{\"@id\":\"https:\/\/www.marisolredondo.com\/#website\"},\"datePublished\":\"2018-10-01T16:40:57+00:00\",\"dateModified\":\"2020-06-09T12:50:04+00:00\",\"breadcrumb\":{\"@id\":\"https:\/\/www.marisolredondo.com\/es\/contribuir-musicos\/#breadcrumb\"},\"inLanguage\":\"es\",\"potentialAction\":[{\"@type\":\"ReadAction\",\"target\":[\"https:\/\/www.marisolredondo.com\/es\/contribuir-musicos\/\"]}]},{\"@type\":\"BreadcrumbList\",\"@id\":\"https:\/\/www.marisolredondo.com\/es\/contribuir-musicos\/#breadcrumb\",\"itemListElement\":[{\"@type\":\"ListItem\",\"position\":1,\"name\":\"Home\",\"item\":\"https:\/\/www.marisolredondo.com\/\"},{\"@type\":\"ListItem\",\"position\":2,\"name\":\"M\u00fasicos\"}]},{\"@type\":\"WebSite\",\"@id\":\"https:\/\/www.marisolredondo.com\/#website\",\"url\":\"https:\/\/www.marisolredondo.com\/\",\"name\":\"Marisol Redondo\",\"description\":\"\",\"publisher\":{\"@id\":\"https:\/\/www.marisolredondo.com\/#\/schema\/person\/a7f4167392c64b100109903e48fe3898\"},\"potentialAction\":[{\"@type\":\"SearchAction\",\"target\":{\"@type\":\"EntryPoint\",\"urlTemplate\":\"https:\/\/www.marisolredondo.com\/?s={search_term_string}\"},\"query-input\":\"required name=search_term_string\"}],\"inLanguage\":\"es\"},{\"@type\":[\"Person\",\"Organization\"],\"@id\":\"https:\/\/www.marisolredondo.com\/#\/schema\/person\/a7f4167392c64b100109903e48fe3898\",\"name\":\"mredondo\",\"image\":{\"@type\":\"ImageObject\",\"inLanguage\":\"es\",\"@id\":\"https:\/\/www.marisolredondo.com\/#\/schema\/person\/image\/\",\"url\":\"https:\/\/secure.gravatar.com\/avatar\/0017f9752f1432e3e718b813e3e35442?s=96&d=mm&r=g\",\"contentUrl\":\"https:\/\/secure.gravatar.com\/avatar\/0017f9752f1432e3e718b813e3e35442?s=96&d=mm&r=g\",\"caption\":\"mredondo\"},\"logo\":{\"@id\":\"https:\/\/www.marisolredondo.com\/#\/schema\/person\/image\/\"}}]}<\/script>\n<!-- \/ Yoast SEO plugin. -->","yoast_head_json":{"title":"Marisol Redondo - M\u00fasicos","robots":{"index":"index","follow":"follow","max-snippet":"max-snippet:-1","max-image-preview":"max-image-preview:large","max-video-preview":"max-video-preview:-1"},"canonical":"https:\/\/www.marisolredondo.com\/es\/contribuir-musicos\/","og_locale":"es_ES","og_type":"article","og_title":"Marisol Redondo - M\u00fasicos","og_description":"SEBASTIAN NOYA \u2013 como miembro de la Escuela de Tango \u00ab\u00a0Emilio Balcarce\u00a0\u00bb, particip\u00f3 en festivales musicales en Argentina, latinoam\u00e9rica, USA y Europa. Sebasti\u00e1n es contrabajista y pianista. Ha tocado con algunos de los artistas m\u00e1s conocidos en Buenos Aires, como Victor Lavall\u00e9n, Diego Schissis Quintet, Aca Seca Trio, Amores Tangos, Andr\u00e9s Linetzky y el Sexteto [&hellip;]","og_url":"https:\/\/www.marisolredondo.com\/es\/contribuir-musicos\/","og_site_name":"Marisol Redondo- Singer","article_modified_time":"2020-06-09T12:50:04+00:00","twitter_card":"summary_large_image","twitter_misc":{"Tiempo de lectura":"12 minutos"},"schema":{"@context":"https:\/\/schema.org","@graph":[{"@type":"WebPage","@id":"https:\/\/www.marisolredondo.com\/es\/contribuir-musicos\/","url":"https:\/\/www.marisolredondo.com\/es\/contribuir-musicos\/","name":"Marisol Redondo - M\u00fasicos","isPartOf":{"@id":"https:\/\/www.marisolredondo.com\/#website"},"datePublished":"2018-10-01T16:40:57+00:00","dateModified":"2020-06-09T12:50:04+00:00","breadcrumb":{"@id":"https:\/\/www.marisolredondo.com\/es\/contribuir-musicos\/#breadcrumb"},"inLanguage":"es","potentialAction":[{"@type":"ReadAction","target":["https:\/\/www.marisolredondo.com\/es\/contribuir-musicos\/"]}]},{"@type":"BreadcrumbList","@id":"https:\/\/www.marisolredondo.com\/es\/contribuir-musicos\/#breadcrumb","itemListElement":[{"@type":"ListItem","position":1,"name":"Home","item":"https:\/\/www.marisolredondo.com\/"},{"@type":"ListItem","position":2,"name":"M\u00fasicos"}]},{"@type":"WebSite","@id":"https:\/\/www.marisolredondo.com\/#website","url":"https:\/\/www.marisolredondo.com\/","name":"Marisol Redondo","description":"","publisher":{"@id":"https:\/\/www.marisolredondo.com\/#\/schema\/person\/a7f4167392c64b100109903e48fe3898"},"potentialAction":[{"@type":"SearchAction","target":{"@type":"EntryPoint","urlTemplate":"https:\/\/www.marisolredondo.com\/?s={search_term_string}"},"query-input":"required name=search_term_string"}],"inLanguage":"es"},{"@type":["Person","Organization"],"@id":"https:\/\/www.marisolredondo.com\/#\/schema\/person\/a7f4167392c64b100109903e48fe3898","name":"mredondo","image":{"@type":"ImageObject","inLanguage":"es","@id":"https:\/\/www.marisolredondo.com\/#\/schema\/person\/image\/","url":"https:\/\/secure.gravatar.com\/avatar\/0017f9752f1432e3e718b813e3e35442?s=96&d=mm&r=g","contentUrl":"https:\/\/secure.gravatar.com\/avatar\/0017f9752f1432e3e718b813e3e35442?s=96&d=mm&r=g","caption":"mredondo"},"logo":{"@id":"https:\/\/www.marisolredondo.com\/#\/schema\/person\/image\/"}}]}},"_links":{"self":[{"href":"https:\/\/www.marisolredondo.com\/es\/wp-json\/wp\/v2\/pages\/33832"}],"collection":[{"href":"https:\/\/www.marisolredondo.com\/es\/wp-json\/wp\/v2\/pages"}],"about":[{"href":"https:\/\/www.marisolredondo.com\/es\/wp-json\/wp\/v2\/types\/page"}],"author":[{"embeddable":true,"href":"https:\/\/www.marisolredondo.com\/es\/wp-json\/wp\/v2\/users\/1"}],"replies":[{"embeddable":true,"href":"https:\/\/www.marisolredondo.com\/es\/wp-json\/wp\/v2\/comments?post=33832"}],"version-history":[{"count":0,"href":"https:\/\/www.marisolredondo.com\/es\/wp-json\/wp\/v2\/pages\/33832\/revisions"}],"wp:attachment":[{"href":"https:\/\/www.marisolredondo.com\/es\/wp-json\/wp\/v2\/media?parent=33832"}],"curies":[{"name":"wp","href":"https:\/\/api.w.org\/{rel}","templated":true}]}}