{"id":33769,"date":"2018-10-01T04:30:34","date_gmt":"2018-10-01T04:30:34","guid":{"rendered":"https:\/\/www.marisolredondo.com\/biografia\/"},"modified":"2024-05-12T15:04:39","modified_gmt":"2024-05-12T15:04:39","slug":"biografia","status":"publish","type":"page","link":"https:\/\/www.marisolredondo.com\/es\/biografia\/","title":{"rendered":"Biograf\u00eda"},"content":{"rendered":"<p>[et_pb_section fb_built=\u00bb1&#8243; fullwidth=\u00bbon\u00bb _builder_version=\u00bb4.16&#8243; global_colors_info=\u00bb{}\u00bb][et_pb_fullwidth_header title=\u00bbBiograf\u00eda\u00bb text_orientation=\u00bbcenter\u00bb header_fullscreen=\u00bbon\u00bb header_scroll_down=\u00bbon\u00bb scroll_down_icon_color=\u00bb#ffffff\u00bb scroll_down_icon_size=\u00bb34px\u00bb background_overlay_color=\u00bbrgba(15,22,38,0.47)\u00bb logo_image_url=\u00bbhttps:\/\/www.marisolredondo.com\/wp-content\/uploads\/2018\/08\/logo-large.png\u00bb _builder_version=\u00bb4.16&#8243; title_font=\u00bb|600|||||||\u00bb title_font_size=\u00bb31px\u00bb title_letter_spacing=\u00bb5px\u00bb content_font=\u00bb||||||||\u00bb subhead_font=\u00bb||||||||\u00bb background_image=\u00bbhttps:\/\/www.marisolredondo.com\/wp-content\/uploads\/2020\/06\/Concert_Marisol-16-scaled.jpg\u00bb background_position=\u00bbtop_right\u00bb background_last_edited=\u00bbon|phone\u00bb background_size_phone=\u00bbcontain\u00bb custom_css_logo=\u00bbmargin-bottom:25px;\u00bb title_text_shadow_style=\u00bbpreset1&#8243; global_colors_info=\u00bb{}\u00bb button_one_text_size__hover_enabled=\u00bboff\u00bb button_two_text_size__hover_enabled=\u00bboff\u00bb button_one_text_color__hover_enabled=\u00bboff\u00bb button_two_text_color__hover_enabled=\u00bboff\u00bb button_one_border_width__hover_enabled=\u00bboff\u00bb button_two_border_width__hover_enabled=\u00bboff\u00bb button_one_border_color__hover_enabled=\u00bboff\u00bb button_two_border_color__hover_enabled=\u00bboff\u00bb button_one_border_radius__hover_enabled=\u00bboff\u00bb button_two_border_radius__hover_enabled=\u00bboff\u00bb button_one_letter_spacing__hover_enabled=\u00bboff\u00bb button_two_letter_spacing__hover_enabled=\u00bboff\u00bb button_one_bg_color__hover_enabled=\u00bboff\u00bb button_two_bg_color__hover_enabled=\u00bboff\u00bb]<\/p>\n<hr class=\"underline-style\" \/>[\/et_pb_fullwidth_header][\/et_pb_section][et_pb_section fb_built=\u00bb1&#8243; module_id=\u00bbMR-bio\u00bb _builder_version=\u00bb4.16&#8243; custom_margin=\u00bb|||\u00bb custom_padding=\u00bb|||\u00bb top_divider_height=\u00bb34px\u00bb top_divider_repeat=\u00bb20x\u00bb global_colors_info=\u00bb{}\u00bb][et_pb_row column_structure=\u00bb2_3,1_3&#8243; _builder_version=\u00bb4.16&#8243; global_colors_info=\u00bb{}\u00bb][et_pb_column type=\u00bb2_3&#8243; _builder_version=\u00bb4.16&#8243; custom_padding=\u00bb|||\u00bb global_colors_info=\u00bb{}\u00bb custom_padding__hover=\u00bb|||\u00bb][et_pb_text ul_item_indent=\u00bb45px\u00bb _builder_version=\u00bb4.16&#8243; text_font=\u00bb||||||||\u00bb link_text_color=\u00bb#3550a0&#8243; ul_font=\u00bb||on||||||\u00bb ul_font_size=\u00bb16px\u00bb ul_line_height=\u00bb1.7em\u00bb header_2_font=\u00bb|600|||||||\u00bb header_2_text_color=\u00bb#ff533d\u00bb header_2_font_size=\u00bb29px\u00bb header_3_font=\u00bb|700|||||||\u00bb header_3_text_color=\u00bb#0f1626&#8243; header_3_font_size=\u00bb30px\u00bb header_3_line_height=\u00bb1.5em\u00bb header_4_font=\u00bbLato|700|||||||\u00bb header_4_text_color=\u00bb#3550a0&#8243; header_4_font_size=\u00bb16px\u00bb header_4_line_height=\u00bb1.5em\u00bb custom_margin=\u00bb|||\u00bb header_3_font_size_tablet=\u00bb\u00bb header_3_font_size_phone=\u00bb20px\u00bb header_3_font_size_last_edited=\u00bbon|phone\u00bb locked=\u00bboff\u00bb global_colors_info=\u00bb{}\u00bb]<\/p>\n<p><span class=\"MR-dropcap\">M<\/span><span class=\"MR-dropcap-rest\">ARISOL REDONDO e<\/span>s una cantante uruguaya\/espa\u00f1ola\/suiza. Naci\u00f3 en Uruguay y se mud\u00f3 a Espa\u00f1a cuando ten\u00eda 13 a\u00f1os. All\u00ed se dio a conocer por su interpretaci\u00f3n de canciones espa\u00f1olas y sudamericanas a trav\u00e9s de numerosas apariciones p\u00fablicas (entre otras en el Palau de la M\u00fasica y el Teatro Poliorama de Barcelona).<\/p>\n<p>Su carrera musical comenz\u00f3 mientras participaba junto a su familia en el concurso de canto \u00abCantando en Familia\u00bb en Montevideo, Uruguay donde grab\u00f3 su primer single.<\/p>\n<p>En Espa\u00f1a, actu\u00f3 durante varios a\u00f1os en Barcelona, ofreciendo conciertos con canciones espa\u00f1olas y sudamericanas, continuando posteriormente su carrera en solitario.<\/p>\n<p>Recibi\u00f3 el premio \u00abCanci\u00f3n Catalana\u00bb, que la llev\u00f3 a realizar una gira por varios teatros de Barcelona (Palau de la M\u00fasica, Poliorama), as\u00ed como actuaciones en televisi\u00f3n y radio tras las cuales grab\u00f3 su segundo single \u00abT\u00fa \u2013 No soc feli\u00e7\u00bb y el disco \u00abHorizontes\u00bb junto a otros artistas en lengua catalana.\u00a0En 2018 regres\u00f3 a Uruguay y grab\u00f3 su disco \u00abEl d\u00eda que me quieras\u00bb en Montevideo junto al consumado y reconocido maestro guitarrista Julio Cobelli, adem\u00e1s de canciones en el arpa folcl\u00f3rica junto al arpista paraguayo Luis Alvarenga.<\/p>\n<p>Sus giras m\u00e1s memorables en Europa incluyen:<\/p>\n<p>\u00abA orillas del r\u00edo Uruguay\u00bb (2016)<br \/>\u00abM\u00fasica y Tango\u00bb (2017)<br \/>\u00abRichtertango\u00bb (2017)<br \/>\u00abTango para vos (z)\u00bb (2018)<\/p>\n<p>[\/et_pb_text][et_pb_button button_url=\u00bbhttps:\/\/www.marisolredondo.com\/es\/contribuir-musicos\/\u00bb button_text=\u00bbM\u00fasicos\u00bb _builder_version=\u00bb4.16&#8243; global_colors_info=\u00bb{}\u00bb button_text_size__hover_enabled=\u00bboff\u00bb button_one_text_size__hover_enabled=\u00bboff\u00bb button_two_text_size__hover_enabled=\u00bboff\u00bb button_text_color__hover_enabled=\u00bboff\u00bb button_one_text_color__hover_enabled=\u00bboff\u00bb button_two_text_color__hover_enabled=\u00bboff\u00bb button_border_width__hover_enabled=\u00bboff\u00bb button_one_border_width__hover_enabled=\u00bboff\u00bb button_two_border_width__hover_enabled=\u00bboff\u00bb button_border_color__hover_enabled=\u00bboff\u00bb button_one_border_color__hover_enabled=\u00bboff\u00bb button_two_border_color__hover_enabled=\u00bboff\u00bb button_border_radius__hover_enabled=\u00bboff\u00bb button_one_border_radius__hover_enabled=\u00bboff\u00bb button_two_border_radius__hover_enabled=\u00bboff\u00bb button_letter_spacing__hover_enabled=\u00bboff\u00bb button_one_letter_spacing__hover_enabled=\u00bboff\u00bb button_two_letter_spacing__hover_enabled=\u00bboff\u00bb button_bg_color__hover_enabled=\u00bboff\u00bb button_one_bg_color__hover_enabled=\u00bboff\u00bb button_two_bg_color__hover_enabled=\u00bboff\u00bb][\/et_pb_button][\/et_pb_column][et_pb_column type=\u00bb1_3&#8243; _builder_version=\u00bb4.16&#8243; custom_padding=\u00bb|||\u00bb global_colors_info=\u00bb{}\u00bb custom_padding__hover=\u00bb|||\u00bb][et_pb_image src=\u00bbhttps:\/\/www.marisolredondo.com\/wp-content\/uploads\/2018\/08\/image-1.png\u00bb align_tablet=\u00bbcenter\u00bb align_phone=\u00bb\u00bb align_last_edited=\u00bbon|desktop\u00bb _builder_version=\u00bb4.16&#8243; global_colors_info=\u00bb{}\u00bb][\/et_pb_image][\/et_pb_column][\/et_pb_row][\/et_pb_section][et_pb_section fb_built=\u00bb1&#8243; disabled_on=\u00bboff|off|off\u00bb admin_label=\u00bbFollow Along\u00bb _builder_version=\u00bb3.11.1&#8243; background_color=\u00bb#0f1626&#8243; background_position=\u00bbcenter_right\u00bb custom_padding=\u00bb0||0||false|false\u00bb top_divider_height=\u00bb43px\u00bb global_module=\u00bb33206&#8243; saved_tabs=\u00bball\u00bb global_colors_info=\u00bb{}\u00bb][\/et_pb_section]<\/p>\n","protected":false},"excerpt":{"rendered":"<p>MARISOL REDONDO es una cantante uruguaya\/espa\u00f1ola\/suiza. Naci\u00f3 en Uruguay y se mud\u00f3 a Espa\u00f1a cuando ten\u00eda 13 a\u00f1os. All\u00ed se dio a conocer por su interpretaci\u00f3n de canciones espa\u00f1olas y sudamericanas a trav\u00e9s de numerosas apariciones p\u00fablicas (entre otras en el Palau de la M\u00fasica y el Teatro Poliorama de Barcelona). Su carrera musical comenz\u00f3 [&hellip;]<\/p>\n","protected":false},"author":1,"featured_media":0,"parent":0,"menu_order":0,"comment_status":"closed","ping_status":"closed","template":"","meta":{"_et_pb_use_builder":"on","_et_pb_old_content":"","_et_gb_content_width":"","footnotes":""},"yoast_head":"<!-- This site is optimized with the Yoast SEO plugin v21.2 - https:\/\/yoast.com\/wordpress\/plugins\/seo\/ -->\n<title>Biograf\u00eda - Marisol Redondo- Singer<\/title>\n<meta name=\"robots\" content=\"index, follow, max-snippet:-1, max-image-preview:large, max-video-preview:-1\" \/>\n<link rel=\"canonical\" href=\"https:\/\/www.marisolredondo.com\/biography\/\" \/>\n<meta property=\"og:locale\" content=\"es_ES\" \/>\n<meta property=\"og:type\" content=\"article\" \/>\n<meta property=\"og:title\" content=\"Biograf\u00eda - Marisol Redondo- Singer\" \/>\n<meta property=\"og:description\" content=\"MARISOL REDONDO es una cantante uruguaya\/espa\u00f1ola\/suiza. Naci\u00f3 en Uruguay y se mud\u00f3 a Espa\u00f1a cuando ten\u00eda 13 a\u00f1os. All\u00ed se dio a conocer por su interpretaci\u00f3n de canciones espa\u00f1olas y sudamericanas a trav\u00e9s de numerosas apariciones p\u00fablicas (entre otras en el Palau de la M\u00fasica y el Teatro Poliorama de Barcelona). Su carrera musical comenz\u00f3 [&hellip;]\" \/>\n<meta property=\"og:url\" content=\"https:\/\/www.marisolredondo.com\/biography\/\" \/>\n<meta property=\"og:site_name\" content=\"Marisol Redondo- Singer\" \/>\n<meta property=\"article:modified_time\" content=\"2024-05-12T15:04:39+00:00\" \/>\n<meta name=\"twitter:card\" content=\"summary_large_image\" \/>\n<meta name=\"twitter:label1\" content=\"Tiempo de lectura\" \/>\n\t<meta name=\"twitter:data1\" content=\"4 minutos\" \/>\n<script type=\"application\/ld+json\" class=\"yoast-schema-graph\">{\"@context\":\"https:\/\/schema.org\",\"@graph\":[{\"@type\":\"WebPage\",\"@id\":\"https:\/\/www.marisolredondo.com\/biography\/\",\"url\":\"https:\/\/www.marisolredondo.com\/biography\/\",\"name\":\"Biograf\u00eda - Marisol Redondo- Singer\",\"isPartOf\":{\"@id\":\"https:\/\/www.marisolredondo.com\/#website\"},\"datePublished\":\"2018-10-01T04:30:34+00:00\",\"dateModified\":\"2024-05-12T15:04:39+00:00\",\"breadcrumb\":{\"@id\":\"https:\/\/www.marisolredondo.com\/biography\/#breadcrumb\"},\"inLanguage\":\"es\",\"potentialAction\":[{\"@type\":\"ReadAction\",\"target\":[\"https:\/\/www.marisolredondo.com\/biography\/\"]}]},{\"@type\":\"BreadcrumbList\",\"@id\":\"https:\/\/www.marisolredondo.com\/biography\/#breadcrumb\",\"itemListElement\":[{\"@type\":\"ListItem\",\"position\":1,\"name\":\"Home\",\"item\":\"https:\/\/www.marisolredondo.com\/\"},{\"@type\":\"ListItem\",\"position\":2,\"name\":\"Biograf\u00eda\"}]},{\"@type\":\"WebSite\",\"@id\":\"https:\/\/www.marisolredondo.com\/#website\",\"url\":\"https:\/\/www.marisolredondo.com\/\",\"name\":\"Marisol Redondo\",\"description\":\"\",\"publisher\":{\"@id\":\"https:\/\/www.marisolredondo.com\/#\/schema\/person\/a7f4167392c64b100109903e48fe3898\"},\"potentialAction\":[{\"@type\":\"SearchAction\",\"target\":{\"@type\":\"EntryPoint\",\"urlTemplate\":\"https:\/\/www.marisolredondo.com\/?s={search_term_string}\"},\"query-input\":\"required name=search_term_string\"}],\"inLanguage\":\"es\"},{\"@type\":[\"Person\",\"Organization\"],\"@id\":\"https:\/\/www.marisolredondo.com\/#\/schema\/person\/a7f4167392c64b100109903e48fe3898\",\"name\":\"mredondo\",\"image\":{\"@type\":\"ImageObject\",\"inLanguage\":\"es\",\"@id\":\"https:\/\/www.marisolredondo.com\/#\/schema\/person\/image\/\",\"url\":\"https:\/\/secure.gravatar.com\/avatar\/0017f9752f1432e3e718b813e3e35442?s=96&d=mm&r=g\",\"contentUrl\":\"https:\/\/secure.gravatar.com\/avatar\/0017f9752f1432e3e718b813e3e35442?s=96&d=mm&r=g\",\"caption\":\"mredondo\"},\"logo\":{\"@id\":\"https:\/\/www.marisolredondo.com\/#\/schema\/person\/image\/\"}}]}<\/script>\n<!-- \/ Yoast SEO plugin. -->","yoast_head_json":{"title":"Biograf\u00eda - Marisol Redondo- Singer","robots":{"index":"index","follow":"follow","max-snippet":"max-snippet:-1","max-image-preview":"max-image-preview:large","max-video-preview":"max-video-preview:-1"},"canonical":"https:\/\/www.marisolredondo.com\/biography\/","og_locale":"es_ES","og_type":"article","og_title":"Biograf\u00eda - Marisol Redondo- Singer","og_description":"MARISOL REDONDO es una cantante uruguaya\/espa\u00f1ola\/suiza. Naci\u00f3 en Uruguay y se mud\u00f3 a Espa\u00f1a cuando ten\u00eda 13 a\u00f1os. All\u00ed se dio a conocer por su interpretaci\u00f3n de canciones espa\u00f1olas y sudamericanas a trav\u00e9s de numerosas apariciones p\u00fablicas (entre otras en el Palau de la M\u00fasica y el Teatro Poliorama de Barcelona). Su carrera musical comenz\u00f3 [&hellip;]","og_url":"https:\/\/www.marisolredondo.com\/biography\/","og_site_name":"Marisol Redondo- Singer","article_modified_time":"2024-05-12T15:04:39+00:00","twitter_card":"summary_large_image","twitter_misc":{"Tiempo de lectura":"4 minutos"},"schema":{"@context":"https:\/\/schema.org","@graph":[{"@type":"WebPage","@id":"https:\/\/www.marisolredondo.com\/biography\/","url":"https:\/\/www.marisolredondo.com\/biography\/","name":"Biograf\u00eda - Marisol Redondo- Singer","isPartOf":{"@id":"https:\/\/www.marisolredondo.com\/#website"},"datePublished":"2018-10-01T04:30:34+00:00","dateModified":"2024-05-12T15:04:39+00:00","breadcrumb":{"@id":"https:\/\/www.marisolredondo.com\/biography\/#breadcrumb"},"inLanguage":"es","potentialAction":[{"@type":"ReadAction","target":["https:\/\/www.marisolredondo.com\/biography\/"]}]},{"@type":"BreadcrumbList","@id":"https:\/\/www.marisolredondo.com\/biography\/#breadcrumb","itemListElement":[{"@type":"ListItem","position":1,"name":"Home","item":"https:\/\/www.marisolredondo.com\/"},{"@type":"ListItem","position":2,"name":"Biograf\u00eda"}]},{"@type":"WebSite","@id":"https:\/\/www.marisolredondo.com\/#website","url":"https:\/\/www.marisolredondo.com\/","name":"Marisol Redondo","description":"","publisher":{"@id":"https:\/\/www.marisolredondo.com\/#\/schema\/person\/a7f4167392c64b100109903e48fe3898"},"potentialAction":[{"@type":"SearchAction","target":{"@type":"EntryPoint","urlTemplate":"https:\/\/www.marisolredondo.com\/?s={search_term_string}"},"query-input":"required name=search_term_string"}],"inLanguage":"es"},{"@type":["Person","Organization"],"@id":"https:\/\/www.marisolredondo.com\/#\/schema\/person\/a7f4167392c64b100109903e48fe3898","name":"mredondo","image":{"@type":"ImageObject","inLanguage":"es","@id":"https:\/\/www.marisolredondo.com\/#\/schema\/person\/image\/","url":"https:\/\/secure.gravatar.com\/avatar\/0017f9752f1432e3e718b813e3e35442?s=96&d=mm&r=g","contentUrl":"https:\/\/secure.gravatar.com\/avatar\/0017f9752f1432e3e718b813e3e35442?s=96&d=mm&r=g","caption":"mredondo"},"logo":{"@id":"https:\/\/www.marisolredondo.com\/#\/schema\/person\/image\/"}}]}},"_links":{"self":[{"href":"https:\/\/www.marisolredondo.com\/es\/wp-json\/wp\/v2\/pages\/33769"}],"collection":[{"href":"https:\/\/www.marisolredondo.com\/es\/wp-json\/wp\/v2\/pages"}],"about":[{"href":"https:\/\/www.marisolredondo.com\/es\/wp-json\/wp\/v2\/types\/page"}],"author":[{"embeddable":true,"href":"https:\/\/www.marisolredondo.com\/es\/wp-json\/wp\/v2\/users\/1"}],"replies":[{"embeddable":true,"href":"https:\/\/www.marisolredondo.com\/es\/wp-json\/wp\/v2\/comments?post=33769"}],"version-history":[{"count":3,"href":"https:\/\/www.marisolredondo.com\/es\/wp-json\/wp\/v2\/pages\/33769\/revisions"}],"predecessor-version":[{"id":36287,"href":"https:\/\/www.marisolredondo.com\/es\/wp-json\/wp\/v2\/pages\/33769\/revisions\/36287"}],"wp:attachment":[{"href":"https:\/\/www.marisolredondo.com\/es\/wp-json\/wp\/v2\/media?parent=33769"}],"curies":[{"name":"wp","href":"https:\/\/api.w.org\/{rel}","templated":true}]}}