{"id":36361,"date":"2025-10-24T07:31:21","date_gmt":"2025-10-24T07:31:21","guid":{"rendered":"https:\/\/www.marisolredondo.com\/2025-veranstaltungen\/"},"modified":"2025-10-24T09:56:26","modified_gmt":"2025-10-24T09:56:26","slug":"2025-veranstaltungen","status":"publish","type":"page","link":"https:\/\/www.marisolredondo.com\/de\/2025-veranstaltungen\/","title":{"rendered":"2025 Veranstaltungen"},"content":{"rendered":"<p>[et_pb_section fb_built=&#8220;1&#8243; fullwidth=&#8220;on&#8220; _builder_version=&#8220;4.16&#8243; global_colors_info=&#8220;{}&#8220;][et_pb_fullwidth_header title=&#8220;2025 Veranstaltungen &#8220; text_orientation=&#8220;center&#8220; header_fullscreen=&#8220;on&#8220; header_scroll_down=&#8220;on&#8220; scroll_down_icon_color=&#8220;#ffffff&#8220; scroll_down_icon_size=&#8220;34px&#8220; background_overlay_color=&#8220;rgba(15,22,38,0.47)&#8220; logo_image_url=&#8220;https:\/\/www.marisolredondo.com\/wp-content\/uploads\/2018\/08\/logo-large.png&#8220; _builder_version=&#8220;4.16&#8243; title_font=&#8220;|600|||||||&#8220; title_font_size=&#8220;31px&#8220; title_letter_spacing=&#8220;5px&#8220; content_font=&#8220;||||||||&#8220; subhead_font=&#8220;||||||||&#8220; background_image=&#8220;https:\/\/www.marisolredondo.com\/wp-content\/uploads\/2018\/11\/marisol-redondo-in-concert-1.jpg&#8220; custom_css_logo=&#8220;margin-bottom:25px;&#8220; title_text_shadow_style=&#8220;preset1&#8243; global_colors_info=&#8220;{}&#8220; button_one_text_size__hover_enabled=&#8220;off&#8220; button_one_text_size__hover=&#8220;null&#8220; button_two_text_size__hover_enabled=&#8220;off&#8220; button_two_text_size__hover=&#8220;null&#8220; button_one_text_color__hover_enabled=&#8220;off&#8220; button_one_text_color__hover=&#8220;null&#8220; button_two_text_color__hover_enabled=&#8220;off&#8220; button_two_text_color__hover=&#8220;null&#8220; button_one_border_width__hover_enabled=&#8220;off&#8220; button_one_border_width__hover=&#8220;null&#8220; button_two_border_width__hover_enabled=&#8220;off&#8220; button_two_border_width__hover=&#8220;null&#8220; button_one_border_color__hover_enabled=&#8220;off&#8220; button_one_border_color__hover=&#8220;null&#8220; button_two_border_color__hover_enabled=&#8220;off&#8220; button_two_border_color__hover=&#8220;null&#8220; button_one_border_radius__hover_enabled=&#8220;off&#8220; button_one_border_radius__hover=&#8220;null&#8220; button_two_border_radius__hover_enabled=&#8220;off&#8220; button_two_border_radius__hover=&#8220;null&#8220; button_one_letter_spacing__hover_enabled=&#8220;off&#8220; button_one_letter_spacing__hover=&#8220;null&#8220; button_two_letter_spacing__hover_enabled=&#8220;off&#8220; button_two_letter_spacing__hover=&#8220;null&#8220; button_one_bg_color__hover_enabled=&#8220;off&#8220; button_one_bg_color__hover=&#8220;null&#8220; button_two_bg_color__hover_enabled=&#8220;off&#8220; button_two_bg_color__hover=&#8220;null&#8220;]<\/p>\n<hr class=\"underline-style\">[\/et_pb_fullwidth_header][\/et_pb_section][et_pb_section fb_built=&#8220;1&#8243; _builder_version=&#8220;4.16&#8243; global_colors_info=&#8220;{}&#8220;][et_pb_row column_structure=&#8220;1_2,1_2&#8243; _builder_version=&#8220;4.16&#8243; global_colors_info=&#8220;{}&#8220;][et_pb_column type=&#8220;1_2&#8243; _builder_version=&#8220;4.16&#8243; custom_padding=&#8220;|||&#8220; global_colors_info=&#8220;{}&#8220; custom_padding__hover=&#8220;|||&#8220;][et_pb_blurb title=&#8220;25. Oktober 2025&#8243; use_icon=&#8220;on&#8220; font_icon=&#8220;&#xe023;||divi||400&#8243; icon_color=&#8220;#ff533d&#8220; icon_placement=&#8220;left&#8220; image_icon_width=&#8220;23px&#8220; _builder_version=&#8220;4.22.1&#8243; header_font=&#8220;|600|||||||&#8220; header_text_color=&#8220;#ab987a&#8220; header_font_size=&#8220;21px&#8220; header_letter_spacing=&#8220;2px&#8220; custom_margin=&#8220;||10px|&#8220; custom_padding=&#8220;|||&#8220; icon_font_size=&#8220;23px&#8220; global_colors_info=&#8220;{}&#8220;][\/et_pb_blurb][et_pb_blurb title=&#8220;20:00&#8243; use_icon=&#8220;on&#8220; font_icon=&#8220;&#x7d;||divi||400&#8243; icon_color=&#8220;#ff533d&#8220; icon_placement=&#8220;left&#8220; image_icon_width=&#8220;23px&#8220; _builder_version=&#8220;4.22.1&#8243; header_font=&#8220;|600|||||||&#8220; header_text_color=&#8220;#ab987a&#8220; header_font_size=&#8220;21px&#8220; header_letter_spacing=&#8220;2px&#8220; custom_margin=&#8220;||10px|&#8220; custom_padding=&#8220;||2px|||&#8220; icon_font_size=&#8220;23px&#8220; global_colors_info=&#8220;{}&#8220;][\/et_pb_blurb][et_pb_text ul_item_indent=&#8220;35px&#8220; _builder_version=&#8220;4.22.1&#8243; text_line_height=&#8220;1.9em&#8220; link_text_color=&#8220;#3550a0&#8243; ul_line_height=&#8220;1.6em&#8220; header_3_font=&#8220;|700||on|||||&#8220; header_3_text_color=&#8220;#0f1626&#8243; header_3_font_size=&#8220;25px&#8220; header_3_line_height=&#8220;1.1em&#8220; header_4_font=&#8220;Lato|700|||||||&#8220; header_4_text_color=&#8220;#3550a0&#8243; header_4_font_size=&#8220;16px&#8220; header_4_line_height=&#8220;1.5em&#8220; custom_margin=&#8220;|||&#8220; header_3_font_size_tablet=&#8220;&#8220; header_3_font_size_phone=&#8220;20px&#8220; header_3_font_size_last_edited=&#8220;on|phone&#8220; locked=&#8220;off&#8220; global_colors_info=&#8220;{}&#8220;]<\/p>\n<h3>VIVACE<\/h3>\n<ul>\n<li>Jos\u00e9 Kosito, Klavier<\/li>\n<li>Sebasti\u00e1n C\u00f3rdoba, Gitarre<\/li>\n<li>Dudu Penz, Bass<\/li>\n<li>Freddy Ben\u00edtez, Perkussion<\/li>\n<\/ul>\n<p>Rosengarten Saal, Richterswil, Schweiz<\/p>\n<p>Dorfstrasse 75 , 8805 Richterswil<\/p>\n<p>Tickets unter <a href=\"https:\/\/eventfrog.ch\/en\/p\/concert\/latin-music\/vivace-mit-marisol-redondo-band-7316886034289022716.html\" target=\"_blank\" rel=\"noopener\">eventfrog.ch<\/a><\/p>\n<p>[\/et_pb_text][\/et_pb_column][et_pb_column type=&#8220;1_2&#8243; _builder_version=&#8220;4.16&#8243; custom_padding=&#8220;|||&#8220; global_colors_info=&#8220;{}&#8220; custom_padding__hover=&#8220;|||&#8220;][\/et_pb_column][\/et_pb_row][et_pb_row column_structure=&#8220;1_2,1_2&#8243; _builder_version=&#8220;4.16&#8243; global_colors_info=&#8220;{}&#8220;][et_pb_column type=&#8220;1_2&#8243; _builder_version=&#8220;4.16&#8243; custom_padding=&#8220;|||&#8220; global_colors_info=&#8220;{}&#8220; custom_padding__hover=&#8220;|||&#8220;][et_pb_blurb title=&#8220;22. November 2025&#8243; use_icon=&#8220;on&#8220; font_icon=&#8220;&#xe023;||divi||400&#8243; icon_color=&#8220;#ff533d&#8220; icon_placement=&#8220;left&#8220; image_icon_width=&#8220;23px&#8220; _builder_version=&#8220;4.22.1&#8243; header_font=&#8220;|600|||||||&#8220; header_text_color=&#8220;#ab987a&#8220; header_font_size=&#8220;21px&#8220; header_letter_spacing=&#8220;2px&#8220; custom_margin=&#8220;||10px|&#8220; custom_padding=&#8220;|||&#8220; icon_font_size=&#8220;23px&#8220; global_colors_info=&#8220;{}&#8220;][\/et_pb_blurb][et_pb_blurb title=&#8220;20:00&#8243; use_icon=&#8220;on&#8220; font_icon=&#8220;&#x7d;||divi||400&#8243; icon_color=&#8220;#ff533d&#8220; icon_placement=&#8220;left&#8220; image_icon_width=&#8220;23px&#8220; _builder_version=&#8220;4.22.1&#8243; header_font=&#8220;|600|||||||&#8220; header_text_color=&#8220;#ab987a&#8220; header_font_size=&#8220;21px&#8220; header_letter_spacing=&#8220;2px&#8220; custom_margin=&#8220;||10px|&#8220; custom_padding=&#8220;||2px|||&#8220; icon_font_size=&#8220;23px&#8220; global_colors_info=&#8220;{}&#8220;][\/et_pb_blurb][et_pb_text ul_item_indent=&#8220;35px&#8220; _builder_version=&#8220;4.22.1&#8243; text_line_height=&#8220;1.9em&#8220; link_text_color=&#8220;#3550a0&#8243; ul_line_height=&#8220;1.6em&#8220; header_3_font=&#8220;|700||on|||||&#8220; header_3_text_color=&#8220;#0f1626&#8243; header_3_font_size=&#8220;25px&#8220; header_3_line_height=&#8220;1.1em&#8220; header_4_font=&#8220;Lato|700|||||||&#8220; header_4_text_color=&#8220;#3550a0&#8243; header_4_font_size=&#8220;16px&#8220; header_4_line_height=&#8220;1.5em&#8220; custom_margin=&#8220;|||&#8220; header_3_font_size_tablet=&#8220;&#8220; header_3_font_size_phone=&#8220;20px&#8220; header_3_font_size_last_edited=&#8220;on|phone&#8220; locked=&#8220;off&#8220; global_colors_info=&#8220;{}&#8220;]<\/p>\n<h3>CUBA Y URUGUAY &#8211; Kult-Art Festival<\/h3>\n<ul>\n<li>Susana Orta, Gesang<\/li>\n<li>Marisol Redondo, Gesang<\/li>\n<li>Jos\u00e9 Kosito, Klavier<\/li>\n<li>Dudu Penz, Bass<\/li>\n<li>Freddy Ben\u00edtez, Perkussion<\/li>\n<\/ul>\n<p>Theater Stok, Z\u00fcrich, Schweiz<\/p>\n<p>Hirschengraben 42, Z\u00fcrich, CH<\/p>\n<p>Tickets unter<a href=\"https:\/\/eventfrog.ch\/en\/p\/concert\/other-music-genres\/cuba-y-uruguay-nuestra-musica-y-sus-raices-africanas-7357449937712324941.html\" target=\"_blank\" rel=\"noopener\"> eventfrog.ch<\/a><\/p>\n<p>[\/et_pb_text][\/et_pb_column][et_pb_column type=&#8220;1_2&#8243; _builder_version=&#8220;4.16&#8243; custom_padding=&#8220;|||&#8220; global_colors_info=&#8220;{}&#8220; custom_padding__hover=&#8220;|||&#8220;][\/et_pb_column][\/et_pb_row][et_pb_row _builder_version=&#8220;4.9.7&#8243; min_height=&#8220;33px&#8220; custom_margin=&#8220;|auto||228px||&#8220; custom_padding=&#8220;40px||0px|&#8220; global_module=&#8220;33961&#8243; saved_tabs=&#8220;all&#8220; global_colors_info=&#8220;{}&#8220;][et_pb_column type=&#8220;4_4&#8243; _builder_version=&#8220;4.16&#8243; custom_padding=&#8220;|||&#8220; global_colors_info=&#8220;{}&#8220; custom_padding__hover=&#8220;|||&#8220;][et_pb_text admin_label=&#8220;Text&#8220; _builder_version=&#8220;4.16&#8243; text_font=&#8220;|600|||||||&#8220; text_text_color=&#8220;#ff533d&#8220; text_font_size=&#8220;20px&#8220; global_colors_info=&#8220;{}&#8220;][\/et_pb_text][\/et_pb_column][\/et_pb_row][et_pb_row _builder_version=&#8220;4.9.7&#8243; min_height=&#8220;33px&#8220; custom_margin=&#8220;|auto||228px||&#8220; custom_padding=&#8220;40px||0px|&#8220; global_module=&#8220;33961&#8243; saved_tabs=&#8220;all&#8220; global_colors_info=&#8220;{}&#8220;][et_pb_column type=&#8220;4_4&#8243; _builder_version=&#8220;4.16&#8243; custom_padding=&#8220;|||&#8220; global_colors_info=&#8220;{}&#8220; custom_padding__hover=&#8220;|||&#8220;][et_pb_text admin_label=&#8220;Text&#8220; _builder_version=&#8220;4.16&#8243; text_font=&#8220;|600|||||||&#8220; text_text_color=&#8220;#ff533d&#8220; text_font_size=&#8220;20px&#8220; global_colors_info=&#8220;{}&#8220;][\/et_pb_text][\/et_pb_column][\/et_pb_row][et_pb_row _builder_version=&#8220;4.9.7&#8243; min_height=&#8220;33px&#8220; custom_margin=&#8220;|auto||228px||&#8220; custom_padding=&#8220;40px||0px|&#8220; global_module=&#8220;33961&#8243; saved_tabs=&#8220;all&#8220; global_colors_info=&#8220;{}&#8220;][et_pb_column type=&#8220;4_4&#8243; _builder_version=&#8220;4.16&#8243; custom_padding=&#8220;|||&#8220; global_colors_info=&#8220;{}&#8220; custom_padding__hover=&#8220;|||&#8220;][et_pb_text admin_label=&#8220;Text&#8220; _builder_version=&#8220;4.16&#8243; text_font=&#8220;|600|||||||&#8220; text_text_color=&#8220;#ff533d&#8220; text_font_size=&#8220;20px&#8220; global_colors_info=&#8220;{}&#8220;][\/et_pb_text][\/et_pb_column][\/et_pb_row][\/et_pb_section][et_pb_section fb_built=&#8220;1&#8243; disabled_on=&#8220;off|off|off&#8220; admin_label=&#8220;Follow Along&#8220; _builder_version=&#8220;3.11.1&#8243; background_color=&#8220;#0f1626&#8243; background_position=&#8220;center_right&#8220; custom_padding=&#8220;0||0||false|false&#8220; top_divider_height=&#8220;43px&#8220; global_module=&#8220;33206&#8243; saved_tabs=&#8220;all&#8220; global_colors_info=&#8220;{}&#8220;][\/et_pb_section]<\/p>\n","protected":false},"excerpt":{"rendered":"<p>VIVACE Jos\u00e9 Kosito, Klavier Sebasti\u00e1n C\u00f3rdoba, Gitarre Dudu Penz, Bass Freddy Ben\u00edtez, Perkussion Rosengarten Saal, Richterswil, Schweiz Dorfstrasse 75 , 8805 Richterswil Tickets unter eventfrog.chCUBA Y URUGUAY &#8211; Kult-Art Festival Susana Orta, Gesang Marisol Redondo, Gesang Jos\u00e9 Kosito, Klavier Dudu Penz, Bass Freddy Ben\u00edtez, Perkussion Theater Stok, Z\u00fcrich, Schweiz Hirschengraben 42, Z\u00fcrich, CH Tickets unter [&hellip;]<\/p>\n","protected":false},"author":4,"featured_media":0,"parent":0,"menu_order":0,"comment_status":"closed","ping_status":"closed","template":"","meta":{"_et_pb_use_builder":"on","_et_pb_old_content":"","_et_gb_content_width":"","footnotes":""},"yoast_head":"<!-- This site is optimized with the Yoast SEO plugin v21.2 - https:\/\/yoast.com\/wordpress\/plugins\/seo\/ -->\n<title>2025 Veranstaltungen - Marisol Redondo- Singer<\/title>\n<meta name=\"robots\" content=\"index, follow, max-snippet:-1, max-image-preview:large, max-video-preview:-1\" \/>\n<link rel=\"canonical\" href=\"https:\/\/www.marisolredondo.com\/2024-events\/\" \/>\n<meta property=\"og:locale\" content=\"de_DE\" \/>\n<meta property=\"og:type\" content=\"article\" \/>\n<meta property=\"og:title\" content=\"2025 Veranstaltungen - Marisol Redondo- Singer\" \/>\n<meta property=\"og:description\" content=\"VIVACE Jos\u00e9 Kosito, Klavier Sebasti\u00e1n C\u00f3rdoba, Gitarre Dudu Penz, Bass Freddy Ben\u00edtez, Perkussion Rosengarten Saal, Richterswil, Schweiz Dorfstrasse 75 , 8805 Richterswil Tickets unter eventfrog.chCUBA Y URUGUAY - Kult-Art Festival Susana Orta, Gesang Marisol Redondo, Gesang Jos\u00e9 Kosito, Klavier Dudu Penz, Bass Freddy Ben\u00edtez, Perkussion Theater Stok, Z\u00fcrich, Schweiz Hirschengraben 42, Z\u00fcrich, CH Tickets unter [&hellip;]\" \/>\n<meta property=\"og:url\" content=\"https:\/\/www.marisolredondo.com\/2024-events\/\" \/>\n<meta property=\"og:site_name\" content=\"Marisol Redondo- Singer\" \/>\n<meta property=\"article:modified_time\" content=\"2025-10-24T09:56:26+00:00\" \/>\n<meta name=\"twitter:card\" content=\"summary_large_image\" \/>\n<meta name=\"twitter:label1\" content=\"Gesch\u00e4tzte Lesezeit\" \/>\n\t<meta name=\"twitter:data1\" content=\"5\u00a0Minuten\" \/>\n<script type=\"application\/ld+json\" class=\"yoast-schema-graph\">{\"@context\":\"https:\/\/schema.org\",\"@graph\":[{\"@type\":\"WebPage\",\"@id\":\"https:\/\/www.marisolredondo.com\/2024-events\/\",\"url\":\"https:\/\/www.marisolredondo.com\/2024-events\/\",\"name\":\"2025 Veranstaltungen - Marisol Redondo- Singer\",\"isPartOf\":{\"@id\":\"https:\/\/www.marisolredondo.com\/#website\"},\"datePublished\":\"2025-10-24T07:31:21+00:00\",\"dateModified\":\"2025-10-24T09:56:26+00:00\",\"breadcrumb\":{\"@id\":\"https:\/\/www.marisolredondo.com\/2024-events\/#breadcrumb\"},\"inLanguage\":\"de\",\"potentialAction\":[{\"@type\":\"ReadAction\",\"target\":[\"https:\/\/www.marisolredondo.com\/2024-events\/\"]}]},{\"@type\":\"BreadcrumbList\",\"@id\":\"https:\/\/www.marisolredondo.com\/2024-events\/#breadcrumb\",\"itemListElement\":[{\"@type\":\"ListItem\",\"position\":1,\"name\":\"Home\",\"item\":\"https:\/\/www.marisolredondo.com\/\"},{\"@type\":\"ListItem\",\"position\":2,\"name\":\"2025 Veranstaltungen\"}]},{\"@type\":\"WebSite\",\"@id\":\"https:\/\/www.marisolredondo.com\/#website\",\"url\":\"https:\/\/www.marisolredondo.com\/\",\"name\":\"Marisol Redondo\",\"description\":\"\",\"publisher\":{\"@id\":\"https:\/\/www.marisolredondo.com\/#\/schema\/person\/a7f4167392c64b100109903e48fe3898\"},\"potentialAction\":[{\"@type\":\"SearchAction\",\"target\":{\"@type\":\"EntryPoint\",\"urlTemplate\":\"https:\/\/www.marisolredondo.com\/?s={search_term_string}\"},\"query-input\":\"required name=search_term_string\"}],\"inLanguage\":\"de\"},{\"@type\":[\"Person\",\"Organization\"],\"@id\":\"https:\/\/www.marisolredondo.com\/#\/schema\/person\/a7f4167392c64b100109903e48fe3898\",\"name\":\"mredondo\",\"image\":{\"@type\":\"ImageObject\",\"inLanguage\":\"de\",\"@id\":\"https:\/\/www.marisolredondo.com\/#\/schema\/person\/image\/\",\"url\":\"https:\/\/secure.gravatar.com\/avatar\/0017f9752f1432e3e718b813e3e35442?s=96&d=mm&r=g\",\"contentUrl\":\"https:\/\/secure.gravatar.com\/avatar\/0017f9752f1432e3e718b813e3e35442?s=96&d=mm&r=g\",\"caption\":\"mredondo\"},\"logo\":{\"@id\":\"https:\/\/www.marisolredondo.com\/#\/schema\/person\/image\/\"}}]}<\/script>\n<!-- \/ Yoast SEO plugin. -->","yoast_head_json":{"title":"2025 Veranstaltungen - Marisol Redondo- Singer","robots":{"index":"index","follow":"follow","max-snippet":"max-snippet:-1","max-image-preview":"max-image-preview:large","max-video-preview":"max-video-preview:-1"},"canonical":"https:\/\/www.marisolredondo.com\/2024-events\/","og_locale":"de_DE","og_type":"article","og_title":"2025 Veranstaltungen - Marisol Redondo- Singer","og_description":"VIVACE Jos\u00e9 Kosito, Klavier Sebasti\u00e1n C\u00f3rdoba, Gitarre Dudu Penz, Bass Freddy Ben\u00edtez, Perkussion Rosengarten Saal, Richterswil, Schweiz Dorfstrasse 75 , 8805 Richterswil Tickets unter eventfrog.chCUBA Y URUGUAY - Kult-Art Festival Susana Orta, Gesang Marisol Redondo, Gesang Jos\u00e9 Kosito, Klavier Dudu Penz, Bass Freddy Ben\u00edtez, Perkussion Theater Stok, Z\u00fcrich, Schweiz Hirschengraben 42, Z\u00fcrich, CH Tickets unter [&hellip;]","og_url":"https:\/\/www.marisolredondo.com\/2024-events\/","og_site_name":"Marisol Redondo- Singer","article_modified_time":"2025-10-24T09:56:26+00:00","twitter_card":"summary_large_image","twitter_misc":{"Gesch\u00e4tzte Lesezeit":"5\u00a0Minuten"},"schema":{"@context":"https:\/\/schema.org","@graph":[{"@type":"WebPage","@id":"https:\/\/www.marisolredondo.com\/2024-events\/","url":"https:\/\/www.marisolredondo.com\/2024-events\/","name":"2025 Veranstaltungen - Marisol Redondo- Singer","isPartOf":{"@id":"https:\/\/www.marisolredondo.com\/#website"},"datePublished":"2025-10-24T07:31:21+00:00","dateModified":"2025-10-24T09:56:26+00:00","breadcrumb":{"@id":"https:\/\/www.marisolredondo.com\/2024-events\/#breadcrumb"},"inLanguage":"de","potentialAction":[{"@type":"ReadAction","target":["https:\/\/www.marisolredondo.com\/2024-events\/"]}]},{"@type":"BreadcrumbList","@id":"https:\/\/www.marisolredondo.com\/2024-events\/#breadcrumb","itemListElement":[{"@type":"ListItem","position":1,"name":"Home","item":"https:\/\/www.marisolredondo.com\/"},{"@type":"ListItem","position":2,"name":"2025 Veranstaltungen"}]},{"@type":"WebSite","@id":"https:\/\/www.marisolredondo.com\/#website","url":"https:\/\/www.marisolredondo.com\/","name":"Marisol Redondo","description":"","publisher":{"@id":"https:\/\/www.marisolredondo.com\/#\/schema\/person\/a7f4167392c64b100109903e48fe3898"},"potentialAction":[{"@type":"SearchAction","target":{"@type":"EntryPoint","urlTemplate":"https:\/\/www.marisolredondo.com\/?s={search_term_string}"},"query-input":"required name=search_term_string"}],"inLanguage":"de"},{"@type":["Person","Organization"],"@id":"https:\/\/www.marisolredondo.com\/#\/schema\/person\/a7f4167392c64b100109903e48fe3898","name":"mredondo","image":{"@type":"ImageObject","inLanguage":"de","@id":"https:\/\/www.marisolredondo.com\/#\/schema\/person\/image\/","url":"https:\/\/secure.gravatar.com\/avatar\/0017f9752f1432e3e718b813e3e35442?s=96&d=mm&r=g","contentUrl":"https:\/\/secure.gravatar.com\/avatar\/0017f9752f1432e3e718b813e3e35442?s=96&d=mm&r=g","caption":"mredondo"},"logo":{"@id":"https:\/\/www.marisolredondo.com\/#\/schema\/person\/image\/"}}]}},"_links":{"self":[{"href":"https:\/\/www.marisolredondo.com\/de\/wp-json\/wp\/v2\/pages\/36361"}],"collection":[{"href":"https:\/\/www.marisolredondo.com\/de\/wp-json\/wp\/v2\/pages"}],"about":[{"href":"https:\/\/www.marisolredondo.com\/de\/wp-json\/wp\/v2\/types\/page"}],"author":[{"embeddable":true,"href":"https:\/\/www.marisolredondo.com\/de\/wp-json\/wp\/v2\/users\/4"}],"replies":[{"embeddable":true,"href":"https:\/\/www.marisolredondo.com\/de\/wp-json\/wp\/v2\/comments?post=36361"}],"version-history":[{"count":4,"href":"https:\/\/www.marisolredondo.com\/de\/wp-json\/wp\/v2\/pages\/36361\/revisions"}],"predecessor-version":[{"id":36371,"href":"https:\/\/www.marisolredondo.com\/de\/wp-json\/wp\/v2\/pages\/36361\/revisions\/36371"}],"wp:attachment":[{"href":"https:\/\/www.marisolredondo.com\/de\/wp-json\/wp\/v2\/media?parent=36361"}],"curies":[{"name":"wp","href":"https:\/\/api.w.org\/{rel}","templated":true}]}}