{"id":36142,"date":"2023-10-20T12:34:47","date_gmt":"2023-10-20T12:34:47","guid":{"rendered":"https:\/\/www.marisolredondo.com\/?page_id=36142"},"modified":"2023-11-03T17:06:26","modified_gmt":"2023-11-03T17:06:26","slug":"2023-events","status":"publish","type":"page","link":"https:\/\/www.marisolredondo.com\/de\/2023-events\/","title":{"rendered":"2023 Veranstaltungen"},"content":{"rendered":"<p>[et_pb_section fb_built=&#8220;1&#8243; fullwidth=&#8220;on&#8220; _builder_version=&#8220;4.16&#8243; global_colors_info=&#8220;{}&#8220;][et_pb_fullwidth_header title=&#8220;2023 Events&#8220; text_orientation=&#8220;center&#8220; header_fullscreen=&#8220;on&#8220; header_scroll_down=&#8220;on&#8220; scroll_down_icon_color=&#8220;#ffffff&#8220; scroll_down_icon_size=&#8220;34px&#8220; background_overlay_color=&#8220;rgba(15,22,38,0.47)&#8220; logo_image_url=&#8220;https:\/\/www.marisolredondo.com\/wp-content\/uploads\/2018\/08\/logo-large.png&#8220; _builder_version=&#8220;4.16&#8243; title_font=&#8220;|600|||||||&#8220; title_font_size=&#8220;31px&#8220; title_letter_spacing=&#8220;5px&#8220; content_font=&#8220;||||||||&#8220; subhead_font=&#8220;||||||||&#8220; background_image=&#8220;https:\/\/www.marisolredondo.com\/wp-content\/uploads\/2018\/11\/marisol-redondo-in-concert-1.jpg&#8220; custom_css_logo=&#8220;margin-bottom:25px;&#8220; title_text_shadow_style=&#8220;preset1&#8243; global_colors_info=&#8220;{}&#8220; button_one_text_size__hover_enabled=&#8220;off&#8220; button_one_text_size__hover=&#8220;null&#8220; button_two_text_size__hover_enabled=&#8220;off&#8220; button_two_text_size__hover=&#8220;null&#8220; button_one_text_color__hover_enabled=&#8220;off&#8220; button_one_text_color__hover=&#8220;null&#8220; button_two_text_color__hover_enabled=&#8220;off&#8220; button_two_text_color__hover=&#8220;null&#8220; button_one_border_width__hover_enabled=&#8220;off&#8220; button_one_border_width__hover=&#8220;null&#8220; button_two_border_width__hover_enabled=&#8220;off&#8220; button_two_border_width__hover=&#8220;null&#8220; button_one_border_color__hover_enabled=&#8220;off&#8220; button_one_border_color__hover=&#8220;null&#8220; button_two_border_color__hover_enabled=&#8220;off&#8220; button_two_border_color__hover=&#8220;null&#8220; button_one_border_radius__hover_enabled=&#8220;off&#8220; button_one_border_radius__hover=&#8220;null&#8220; button_two_border_radius__hover_enabled=&#8220;off&#8220; button_two_border_radius__hover=&#8220;null&#8220; button_one_letter_spacing__hover_enabled=&#8220;off&#8220; button_one_letter_spacing__hover=&#8220;null&#8220; button_two_letter_spacing__hover_enabled=&#8220;off&#8220; button_two_letter_spacing__hover=&#8220;null&#8220; button_one_bg_color__hover_enabled=&#8220;off&#8220; button_one_bg_color__hover=&#8220;null&#8220; button_two_bg_color__hover_enabled=&#8220;off&#8220; button_two_bg_color__hover=&#8220;null&#8220;]<\/p>\n<hr class=\"underline-style\" \/>[\/et_pb_fullwidth_header][\/et_pb_section][et_pb_section fb_built=&#8220;1&#8243; _builder_version=&#8220;4.16&#8243; global_colors_info=&#8220;{}&#8220;][et_pb_row column_structure=&#8220;1_2,1_2&#8243; _builder_version=&#8220;4.16&#8243; global_colors_info=&#8220;{}&#8220;][et_pb_column type=&#8220;1_2&#8243; _builder_version=&#8220;4.16&#8243; custom_padding=&#8220;|||&#8220; global_colors_info=&#8220;{}&#8220; custom_padding__hover=&#8220;|||&#8220;][et_pb_blurb title=&#8220;10 November 2023&#8243; use_icon=&#8220;on&#8220; font_icon=&#8220;&#xe023;||divi||400&#8243; icon_color=&#8220;#ff533d&#8220; icon_placement=&#8220;left&#8220; image_icon_width=&#8220;23px&#8220; _builder_version=&#8220;4.22.1&#8243; header_font=&#8220;|600|||||||&#8220; header_text_color=&#8220;#ab987a&#8220; header_font_size=&#8220;21px&#8220; header_letter_spacing=&#8220;2px&#8220; custom_margin=&#8220;||10px|&#8220; custom_padding=&#8220;9px|||||&#8220; icon_font_size=&#8220;23px&#8220; global_colors_info=&#8220;{}&#8220;][\/et_pb_blurb][et_pb_blurb title=&#8220;20:00&#8243; use_icon=&#8220;on&#8220; font_icon=&#8220;&#x7d;||divi||400&#8243; icon_color=&#8220;#ff533d&#8220; icon_placement=&#8220;left&#8220; image_icon_width=&#8220;23px&#8220; _builder_version=&#8220;4.22.1&#8243; header_font=&#8220;|600|||||||&#8220; header_text_color=&#8220;#ab987a&#8220; header_font_size=&#8220;21px&#8220; header_letter_spacing=&#8220;2px&#8220; custom_margin=&#8220;||10px|&#8220; custom_padding=&#8220;||2px|||&#8220; icon_font_size=&#8220;23px&#8220; global_colors_info=&#8220;{}&#8220;][\/et_pb_blurb][et_pb_text ul_item_indent=&#8220;35px&#8220; _builder_version=&#8220;4.22.1&#8243; text_line_height=&#8220;1.9em&#8220; link_text_color=&#8220;#3550a0&#8243; ul_line_height=&#8220;1.6em&#8220; header_3_font=&#8220;|700||on|||||&#8220; header_3_text_color=&#8220;#0f1626&#8243; header_3_font_size=&#8220;25px&#8220; header_3_line_height=&#8220;1.1em&#8220; header_4_font=&#8220;Lato|700|||||||&#8220; header_4_text_color=&#8220;#3550a0&#8243; header_4_font_size=&#8220;16px&#8220; header_4_line_height=&#8220;1.5em&#8220; custom_margin=&#8220;|||&#8220; header_3_font_size_tablet=&#8220;&#8220; header_3_font_size_phone=&#8220;20px&#8220; header_3_font_size_last_edited=&#8220;on|phone&#8220; locked=&#8220;off&#8220; global_colors_info=&#8220;{}&#8220;]<\/p>\n<h3>NOVEMBER<\/h3>\n<ul>\n<li>Alejandro Sarmentero, Klavier<\/li>\n<li>Jonatan Blatty, Guitarre und Bandoneon<\/li>\n<li>S\u00e1ndor T\u00f6r\u00f6k, Kontrabass<\/li>\n<li>Freddy Benitez, Perkussion<\/li>\n<\/ul>\n<p>Rosengarten, Dorfstrasse 75, 8805 Richterswil, Schweiz<\/p>\n<p>[\/et_pb_text][\/et_pb_column][et_pb_column type=&#8220;1_2&#8243; _builder_version=&#8220;4.16&#8243; custom_padding=&#8220;|||&#8220; global_colors_info=&#8220;{}&#8220; custom_padding__hover=&#8220;|||&#8220;][\/et_pb_column][\/et_pb_row][et_pb_row column_structure=&#8220;1_2,1_2&#8243; _builder_version=&#8220;4.16&#8243; global_colors_info=&#8220;{}&#8220;][et_pb_column type=&#8220;1_2&#8243; _builder_version=&#8220;4.16&#8243; custom_padding=&#8220;|||&#8220; global_colors_info=&#8220;{}&#8220; custom_padding__hover=&#8220;|||&#8220;][et_pb_blurb title=&#8220;23 Juni 2023&#8243; use_icon=&#8220;on&#8220; font_icon=&#8220;&#xe023;||divi||400&#8243; icon_color=&#8220;#ff533d&#8220; icon_placement=&#8220;left&#8220; image_icon_width=&#8220;23px&#8220; _builder_version=&#8220;4.22.1&#8243; header_font=&#8220;|600|||||||&#8220; header_text_color=&#8220;#ab987a&#8220; header_font_size=&#8220;21px&#8220; header_letter_spacing=&#8220;2px&#8220; custom_margin=&#8220;||10px|&#8220; custom_padding=&#8220;|||&#8220; icon_font_size=&#8220;23px&#8220; global_colors_info=&#8220;{}&#8220;][\/et_pb_blurb][et_pb_blurb title=&#8220;20:00&#8243; use_icon=&#8220;on&#8220; font_icon=&#8220;&#x7d;||divi||400&#8243; icon_color=&#8220;#ff533d&#8220; icon_placement=&#8220;left&#8220; image_icon_width=&#8220;23px&#8220; _builder_version=&#8220;4.22.1&#8243; header_font=&#8220;|600|||||||&#8220; header_text_color=&#8220;#ab987a&#8220; header_font_size=&#8220;21px&#8220; header_letter_spacing=&#8220;2px&#8220; custom_margin=&#8220;||10px|&#8220; custom_padding=&#8220;||2px|||&#8220; icon_font_size=&#8220;23px&#8220; global_colors_info=&#8220;{}&#8220;][\/et_pb_blurb][et_pb_text ul_item_indent=&#8220;35px&#8220; _builder_version=&#8220;4.22.1&#8243; text_line_height=&#8220;1.9em&#8220; link_text_color=&#8220;#3550a0&#8243; ul_line_height=&#8220;1.6em&#8220; header_3_font=&#8220;|700||on|||||&#8220; header_3_text_color=&#8220;#0f1626&#8243; header_3_font_size=&#8220;25px&#8220; header_3_line_height=&#8220;1.1em&#8220; header_4_font=&#8220;Lato|700|||||||&#8220; header_4_text_color=&#8220;#3550a0&#8243; header_4_font_size=&#8220;16px&#8220; header_4_line_height=&#8220;1.5em&#8220; custom_margin=&#8220;|||&#8220; header_3_font_size_tablet=&#8220;&#8220; header_3_font_size_phone=&#8220;20px&#8220; header_3_font_size_last_edited=&#8220;on|phone&#8220; locked=&#8220;off&#8220; global_colors_info=&#8220;{}&#8220;]<\/p>\n<h3>\u00a0tango y candombe<\/h3>\n<ul>\n<li>Ale S., Klavier<\/li>\n<li>Jonatan Blatty, Gitarre und Bandoneon<\/li>\n<li>S\u00e1ndor T\u00f6r\u00f6k, Kontrabass<\/li>\n<\/ul>\n<p>Hotel Marina, Lachen, Schweiz<\/p>\n<p>[\/et_pb_text][\/et_pb_column][et_pb_column type=&#8220;1_2&#8243; _builder_version=&#8220;4.16&#8243; custom_padding=&#8220;|||&#8220; global_colors_info=&#8220;{}&#8220; custom_padding__hover=&#8220;|||&#8220;][\/et_pb_column][\/et_pb_row][et_pb_row column_structure=&#8220;1_2,1_2&#8243; _builder_version=&#8220;4.16&#8243; global_colors_info=&#8220;{}&#8220;][et_pb_column type=&#8220;1_2&#8243; _builder_version=&#8220;4.16&#8243; custom_padding=&#8220;|||&#8220; global_colors_info=&#8220;{}&#8220; custom_padding__hover=&#8220;|||&#8220;][et_pb_blurb title=&#8220;1 April 2023&#8243; use_icon=&#8220;on&#8220; font_icon=&#8220;&#xe023;||divi||400&#8243; icon_color=&#8220;#ff533d&#8220; icon_placement=&#8220;left&#8220; image_icon_width=&#8220;23px&#8220; _builder_version=&#8220;4.22.1&#8243; header_font=&#8220;|600|||||||&#8220; header_text_color=&#8220;#ab987a&#8220; header_font_size=&#8220;21px&#8220; header_letter_spacing=&#8220;2px&#8220; custom_margin=&#8220;||10px|&#8220; custom_padding=&#8220;|||&#8220; icon_font_size=&#8220;23px&#8220; global_colors_info=&#8220;{}&#8220;][\/et_pb_blurb][et_pb_blurb title=&#8220;20:30&#8243; use_icon=&#8220;on&#8220; font_icon=&#8220;&#x7d;||divi||400&#8243; icon_color=&#8220;#ff533d&#8220; icon_placement=&#8220;left&#8220; image_icon_width=&#8220;23px&#8220; _builder_version=&#8220;4.22.1&#8243; header_font=&#8220;|600|||||||&#8220; header_text_color=&#8220;#ab987a&#8220; header_font_size=&#8220;21px&#8220; header_letter_spacing=&#8220;2px&#8220; custom_margin=&#8220;||10px|&#8220; custom_padding=&#8220;||2px|||&#8220; icon_font_size=&#8220;23px&#8220; global_colors_info=&#8220;{}&#8220;][\/et_pb_blurb][et_pb_text ul_item_indent=&#8220;35px&#8220; _builder_version=&#8220;4.22.1&#8243; text_line_height=&#8220;1.9em&#8220; link_text_color=&#8220;#3550a0&#8243; ul_line_height=&#8220;1.6em&#8220; header_3_font=&#8220;|700||on|||||&#8220; header_3_text_color=&#8220;#0f1626&#8243; header_3_font_size=&#8220;25px&#8220; header_3_line_height=&#8220;1.1em&#8220; header_4_font=&#8220;Lato|700|||||||&#8220; header_4_text_color=&#8220;#3550a0&#8243; header_4_font_size=&#8220;16px&#8220; header_4_line_height=&#8220;1.5em&#8220; custom_margin=&#8220;|||&#8220; header_3_font_size_tablet=&#8220;&#8220; header_3_font_size_phone=&#8220;20px&#8220; header_3_font_size_last_edited=&#8220;on|phone&#8220; locked=&#8220;off&#8220; global_colors_info=&#8220;{}&#8220;]<\/p>\n<h3>A la deriva por azul<\/h3>\n<ul>\n<li>Ra\u00fal Medina, Klavier<\/li>\n<li>Carlos G\u00f3mez, Gitarre<\/li>\n<li>Maxi Cl\u00e9rici, Kontrabass<\/li>\n<li>Samuel Carabajal, Perkussion<\/li>\n<\/ul>\n<p>Teatro Espa\u00f1ol, Azul, Buenos Aires, Argentina<\/p>\n<p>[\/et_pb_text][\/et_pb_column][et_pb_column type=&#8220;1_2&#8243; _builder_version=&#8220;4.16&#8243; custom_padding=&#8220;|||&#8220; global_colors_info=&#8220;{}&#8220; custom_padding__hover=&#8220;|||&#8220;][\/et_pb_column][\/et_pb_row][et_pb_row column_structure=&#8220;1_2,1_2&#8243; _builder_version=&#8220;4.16&#8243; global_colors_info=&#8220;{}&#8220;][et_pb_column type=&#8220;1_2&#8243; _builder_version=&#8220;4.16&#8243; custom_padding=&#8220;|||&#8220; global_colors_info=&#8220;{}&#8220; custom_padding__hover=&#8220;|||&#8220;][et_pb_blurb title=&#8220;30 M\u00e4rz 2023&#8243; use_icon=&#8220;on&#8220; font_icon=&#8220;&#xe023;||divi||400&#8243; icon_color=&#8220;#ff533d&#8220; icon_placement=&#8220;left&#8220; image_icon_width=&#8220;23px&#8220; _builder_version=&#8220;4.22.1&#8243; header_font=&#8220;|600|||||||&#8220; header_text_color=&#8220;#ab987a&#8220; header_font_size=&#8220;21px&#8220; header_letter_spacing=&#8220;2px&#8220; custom_margin=&#8220;||10px|&#8220; custom_padding=&#8220;|||&#8220; icon_font_size=&#8220;23px&#8220; global_colors_info=&#8220;{}&#8220;][\/et_pb_blurb][et_pb_blurb title=&#8220;20:30&#8243; use_icon=&#8220;on&#8220; font_icon=&#8220;&#x7d;||divi||400&#8243; icon_color=&#8220;#ff533d&#8220; icon_placement=&#8220;left&#8220; image_icon_width=&#8220;23px&#8220; _builder_version=&#8220;4.22.1&#8243; header_font=&#8220;|600|||||||&#8220; header_text_color=&#8220;#ab987a&#8220; header_font_size=&#8220;21px&#8220; header_letter_spacing=&#8220;2px&#8220; custom_margin=&#8220;||10px|&#8220; custom_padding=&#8220;||2px|||&#8220; icon_font_size=&#8220;23px&#8220; global_colors_info=&#8220;{}&#8220;][\/et_pb_blurb][et_pb_text ul_item_indent=&#8220;35px&#8220; _builder_version=&#8220;4.22.1&#8243; text_line_height=&#8220;1.9em&#8220; link_text_color=&#8220;#3550a0&#8243; ul_line_height=&#8220;1.6em&#8220; header_3_font=&#8220;|700||on|||||&#8220; header_3_text_color=&#8220;#0f1626&#8243; header_3_font_size=&#8220;25px&#8220; header_3_line_height=&#8220;1.1em&#8220; header_4_font=&#8220;Lato|700|||||||&#8220; header_4_text_color=&#8220;#3550a0&#8243; header_4_font_size=&#8220;16px&#8220; header_4_line_height=&#8220;1.5em&#8220; custom_margin=&#8220;|||&#8220; header_3_font_size_tablet=&#8220;&#8220; header_3_font_size_phone=&#8220;20px&#8220; header_3_font_size_last_edited=&#8220;on|phone&#8220; locked=&#8220;off&#8220; global_colors_info=&#8220;{}&#8220;]<\/p>\n<h3>A la deriva por la Plata<\/h3>\n<ul>\n<li>Ra\u00fal Medina, Klavier<\/li>\n<li>Carlos G\u00f3mez, Guitarre<\/li>\n<li>Maxi Cl\u00e9rici, Kontrabass<\/li>\n<\/ul>\n<p>Teatro Pasaje Dardo Rocha \u2013 La Plata, Argentinien<\/p>\n<p>[\/et_pb_text][\/et_pb_column][et_pb_column type=&#8220;1_2&#8243; _builder_version=&#8220;4.16&#8243; custom_padding=&#8220;|||&#8220; global_colors_info=&#8220;{}&#8220; custom_padding__hover=&#8220;|||&#8220;][\/et_pb_column][\/et_pb_row][et_pb_row column_structure=&#8220;1_2,1_2&#8243; _builder_version=&#8220;4.16&#8243; global_colors_info=&#8220;{}&#8220;][et_pb_column type=&#8220;1_2&#8243; _builder_version=&#8220;4.16&#8243; custom_padding=&#8220;|||&#8220; global_colors_info=&#8220;{}&#8220; custom_padding__hover=&#8220;|||&#8220;][et_pb_blurb title=&#8220;29 M\u00e4rz 2023&#8243; use_icon=&#8220;on&#8220; font_icon=&#8220;&#xe023;||divi||400&#8243; icon_color=&#8220;#ff533d&#8220; icon_placement=&#8220;left&#8220; image_icon_width=&#8220;23px&#8220; _builder_version=&#8220;4.22.1&#8243; header_font=&#8220;|600|||||||&#8220; header_text_color=&#8220;#ab987a&#8220; header_font_size=&#8220;21px&#8220; header_letter_spacing=&#8220;2px&#8220; custom_margin=&#8220;||10px|&#8220; custom_padding=&#8220;|||&#8220; icon_font_size=&#8220;23px&#8220; global_colors_info=&#8220;{}&#8220;][\/et_pb_blurb][et_pb_blurb title=&#8220;20:30&#8243; use_icon=&#8220;on&#8220; font_icon=&#8220;&#x7d;||divi||400&#8243; icon_color=&#8220;#ff533d&#8220; icon_placement=&#8220;left&#8220; image_icon_width=&#8220;23px&#8220; _builder_version=&#8220;4.22.1&#8243; header_font=&#8220;|600|||||||&#8220; header_text_color=&#8220;#ab987a&#8220; header_font_size=&#8220;21px&#8220; header_letter_spacing=&#8220;2px&#8220; custom_margin=&#8220;||10px|&#8220; custom_padding=&#8220;||2px|||&#8220; icon_font_size=&#8220;23px&#8220; global_colors_info=&#8220;{}&#8220;][\/et_pb_blurb][et_pb_text ul_item_indent=&#8220;35px&#8220; _builder_version=&#8220;4.22.1&#8243; text_line_height=&#8220;1.9em&#8220; link_text_color=&#8220;#3550a0&#8243; ul_line_height=&#8220;1.6em&#8220; header_3_font=&#8220;|700||on|||||&#8220; header_3_text_color=&#8220;#0f1626&#8243; header_3_font_size=&#8220;25px&#8220; header_3_line_height=&#8220;1.1em&#8220; header_4_font=&#8220;Lato|700|||||||&#8220; header_4_text_color=&#8220;#3550a0&#8243; header_4_font_size=&#8220;16px&#8220; header_4_line_height=&#8220;1.5em&#8220; custom_margin=&#8220;|||&#8220; header_3_font_size_tablet=&#8220;&#8220; header_3_font_size_phone=&#8220;20px&#8220; header_3_font_size_last_edited=&#8220;on|phone&#8220; locked=&#8220;off&#8220; global_colors_info=&#8220;{}&#8220;]<\/p>\n<h3>A la deriva por el Sarmiento<\/h3>\n<ul>\n<li>Ra\u00fal Medina, Klavier<\/li>\n<li>Carlos G\u00f3mez, Gitarre<\/li>\n<li>Maxi Cl\u00e9rici,Kontrabass<\/li>\n<\/ul>\n<p>Museo Hist\u00f3rico Sarmiento, \u00a0Buenos Aires capital, Argentina<\/p>\n<p>[\/et_pb_text][\/et_pb_column][et_pb_column type=&#8220;1_2&#8243; _builder_version=&#8220;4.16&#8243; custom_padding=&#8220;|||&#8220; global_colors_info=&#8220;{}&#8220; custom_padding__hover=&#8220;|||&#8220;][\/et_pb_column][\/et_pb_row][et_pb_row column_structure=&#8220;1_2,1_2&#8243; _builder_version=&#8220;4.16&#8243; global_colors_info=&#8220;{}&#8220;][et_pb_column type=&#8220;1_2&#8243; _builder_version=&#8220;4.16&#8243; custom_padding=&#8220;|||&#8220; global_colors_info=&#8220;{}&#8220; custom_padding__hover=&#8220;|||&#8220;][et_pb_blurb title=&#8220;19 M\u00e4rz 2023&#8243; use_icon=&#8220;on&#8220; font_icon=&#8220;&#xe023;||divi||400&#8243; icon_color=&#8220;#ff533d&#8220; icon_placement=&#8220;left&#8220; image_icon_width=&#8220;23px&#8220; _builder_version=&#8220;4.22.1&#8243; header_font=&#8220;|600|||||||&#8220; header_text_color=&#8220;#ab987a&#8220; header_font_size=&#8220;21px&#8220; header_letter_spacing=&#8220;2px&#8220; custom_margin=&#8220;||10px|&#8220; custom_padding=&#8220;|||&#8220; icon_font_size=&#8220;23px&#8220; global_colors_info=&#8220;{}&#8220;][\/et_pb_blurb][et_pb_blurb title=&#8220;20:30&#8243; use_icon=&#8220;on&#8220; font_icon=&#8220;&#x7d;||divi||400&#8243; icon_color=&#8220;#ff533d&#8220; icon_placement=&#8220;left&#8220; image_icon_width=&#8220;23px&#8220; _builder_version=&#8220;4.22.1&#8243; header_font=&#8220;|600|||||||&#8220; header_text_color=&#8220;#ab987a&#8220; header_font_size=&#8220;21px&#8220; header_letter_spacing=&#8220;2px&#8220; custom_margin=&#8220;||10px|&#8220; custom_padding=&#8220;||2px|||&#8220; icon_font_size=&#8220;23px&#8220; global_colors_info=&#8220;{}&#8220;][\/et_pb_blurb][et_pb_text ul_item_indent=&#8220;35px&#8220; _builder_version=&#8220;4.22.1&#8243; text_line_height=&#8220;1.9em&#8220; link_text_color=&#8220;#3550a0&#8243; ul_line_height=&#8220;1.6em&#8220; header_3_font=&#8220;|700||on|||||&#8220; header_3_text_color=&#8220;#0f1626&#8243; header_3_font_size=&#8220;25px&#8220; header_3_line_height=&#8220;1.1em&#8220; header_4_font=&#8220;Lato|700|||||||&#8220; header_4_text_color=&#8220;#3550a0&#8243; header_4_font_size=&#8220;16px&#8220; header_4_line_height=&#8220;1.5em&#8220; custom_margin=&#8220;|||&#8220; header_3_font_size_tablet=&#8220;&#8220; header_3_font_size_phone=&#8220;20px&#8220; header_3_font_size_last_edited=&#8220;on|phone&#8220; locked=&#8220;off&#8220; global_colors_info=&#8220;{}&#8220;]<\/p>\n<h3>A la deriva por Montevideo<\/h3>\n<ul>\n<li>Ra\u00fal Medina, Klavier<\/li>\n<li>Carlos G\u00f3mez, Gitarre<\/li>\n<li>Maxi Cl\u00e9rici, Kontrabass<\/li>\n<li>Enrique Guzm\u00e1n, Perkussion<\/li>\n<\/ul>\n<p>Ateneo de Montevideo, Uruguay<\/p>\n<p>[\/et_pb_text][\/et_pb_column][et_pb_column type=&#8220;1_2&#8243; _builder_version=&#8220;4.16&#8243; custom_padding=&#8220;|||&#8220; global_colors_info=&#8220;{}&#8220; custom_padding__hover=&#8220;|||&#8220;][\/et_pb_column][\/et_pb_row][et_pb_row _builder_version=&#8220;4.9.7&#8243; min_height=&#8220;33px&#8220; custom_margin=&#8220;|auto||228px||&#8220; custom_padding=&#8220;40px||0px|&#8220; global_module=&#8220;33961&#8243; saved_tabs=&#8220;all&#8220; global_colors_info=&#8220;{}&#8220;][et_pb_column type=&#8220;4_4&#8243; _builder_version=&#8220;4.16&#8243; custom_padding=&#8220;|||&#8220; global_colors_info=&#8220;{}&#8220; custom_padding__hover=&#8220;|||&#8220;][et_pb_text admin_label=&#8220;Text&#8220; _builder_version=&#8220;4.16&#8243; text_font=&#8220;|600|||||||&#8220; text_text_color=&#8220;#ff533d&#8220; text_font_size=&#8220;20px&#8220; global_colors_info=&#8220;{}&#8220;][\/et_pb_text][\/et_pb_column][\/et_pb_row][et_pb_row column_structure=&#8220;1_2,1_2&#8243; _builder_version=&#8220;4.16&#8243; global_colors_info=&#8220;{}&#8220;][et_pb_column type=&#8220;1_2&#8243; _builder_version=&#8220;4.16&#8243; custom_padding=&#8220;|||&#8220; global_colors_info=&#8220;{}&#8220; custom_padding__hover=&#8220;|||&#8220;][et_pb_blurb title=&#8220;13-17 M\u00e4rz 2023&#8243; use_icon=&#8220;on&#8220; font_icon=&#8220;&#xe023;||divi||400&#8243; icon_color=&#8220;#ff533d&#8220; icon_placement=&#8220;left&#8220; image_icon_width=&#8220;23px&#8220; _builder_version=&#8220;4.22.1&#8243; header_font=&#8220;|600|||||||&#8220; header_text_color=&#8220;#ab987a&#8220; header_font_size=&#8220;21px&#8220; header_letter_spacing=&#8220;2px&#8220; custom_margin=&#8220;||10px|&#8220; custom_padding=&#8220;|||&#8220; icon_font_size=&#8220;23px&#8220; global_colors_info=&#8220;{}&#8220;][\/et_pb_blurb][et_pb_text ul_item_indent=&#8220;35px&#8220; _builder_version=&#8220;4.16&#8243; text_line_height=&#8220;1.9em&#8220; link_text_color=&#8220;#3550a0&#8243; ul_line_height=&#8220;1.6em&#8220; header_3_font=&#8220;|700||on|||||&#8220; header_3_text_color=&#8220;#0f1626&#8243; header_3_font_size=&#8220;25px&#8220; header_3_line_height=&#8220;1.1em&#8220; header_4_font=&#8220;Lato|700|||||||&#8220; header_4_text_color=&#8220;#3550a0&#8243; header_4_font_size=&#8220;16px&#8220; header_4_line_height=&#8220;1.5em&#8220; custom_margin=&#8220;|||&#8220; header_3_font_size_tablet=&#8220;&#8220; header_3_font_size_phone=&#8220;20px&#8220; header_3_font_size_last_edited=&#8220;on|phone&#8220; locked=&#8220;off&#8220; global_colors_info=&#8220;{}&#8220;]<\/p>\n<h3>album &#8222;Piruetas&#8220;<\/h3>\n<p id=\"tw-target-text\" class=\"tw-data-text tw-text-large tw-ta\" dir=\"ltr\" data-placeholder=\"Translation\" data-ved=\"2ahUKEwiHpbycyYSCAxWi_7sIHbSoCW0Q3ewLegQICxAQ\"><span class=\"Y2IQFc\" lang=\"de\">Aufnahme des neuen Albums PIRUETAS unter der Leitung von Maestro Ra\u00fal Medina zusammen mit<\/span><\/p>\n<ul>\n<li>\n<p>Carlos G\u00f3mez, Gitarre<\/p>\n<\/li>\n<li>\n<p>Maxi Cl\u00e9rici, Kontrabass<\/p>\n<\/li>\n<li>\n<p>Enrique Guzm\u00e1n, Perkussion<\/p>\n<\/li>\n<li>\n<p>Samuel Carabajal, Bombo Leguero<\/p>\n<\/li>\n<li>\n<p>Juan Rodr\u00edguez, Cello<\/p>\n<\/li>\n<li>\n<p>Mat\u00edas Craciun, Violine\u00a0\u00a0<\/p>\n<\/li>\n<\/ul>\n<p>Estudios Sondor de Montevideo, Uruguay<\/p>\n<p>[\/et_pb_text][\/et_pb_column][et_pb_column type=&#8220;1_2&#8243; _builder_version=&#8220;4.16&#8243; custom_padding=&#8220;|||&#8220; global_colors_info=&#8220;{}&#8220; custom_padding__hover=&#8220;|||&#8220;][\/et_pb_column][\/et_pb_row][et_pb_row _builder_version=&#8220;4.9.7&#8243; min_height=&#8220;33px&#8220; custom_margin=&#8220;|auto||228px||&#8220; custom_padding=&#8220;40px||0px|&#8220; global_module=&#8220;33961&#8243; saved_tabs=&#8220;all&#8220; global_colors_info=&#8220;{}&#8220;][et_pb_column type=&#8220;4_4&#8243; _builder_version=&#8220;4.16&#8243; custom_padding=&#8220;|||&#8220; global_colors_info=&#8220;{}&#8220; custom_padding__hover=&#8220;|||&#8220;][et_pb_text admin_label=&#8220;Text&#8220; _builder_version=&#8220;4.16&#8243; text_font=&#8220;|600|||||||&#8220; text_text_color=&#8220;#ff533d&#8220; text_font_size=&#8220;20px&#8220; global_colors_info=&#8220;{}&#8220;][\/et_pb_text][\/et_pb_column][\/et_pb_row][et_pb_row column_structure=&#8220;1_2,1_2&#8243; _builder_version=&#8220;4.22.1&#8243; global_colors_info=&#8220;{}&#8220;][et_pb_column type=&#8220;1_2&#8243; _builder_version=&#8220;4.16&#8243; custom_padding=&#8220;|||&#8220; global_colors_info=&#8220;{}&#8220; custom_padding__hover=&#8220;|||&#8220;][et_pb_blurb title=&#8220;10 + 11 M\u00e4rz 2023&#8243; use_icon=&#8220;on&#8220; font_icon=&#8220;&#xe023;||divi||400&#8243; icon_color=&#8220;#ff533d&#8220; icon_placement=&#8220;left&#8220; image_icon_width=&#8220;23px&#8220; _builder_version=&#8220;4.22.1&#8243; header_font=&#8220;|600|||||||&#8220; header_text_color=&#8220;#ab987a&#8220; header_font_size=&#8220;21px&#8220; header_letter_spacing=&#8220;2px&#8220; custom_margin=&#8220;||10px|&#8220; custom_padding=&#8220;|||&#8220; icon_font_size=&#8220;23px&#8220; global_colors_info=&#8220;{}&#8220;][\/et_pb_blurb][et_pb_blurb title=&#8220;21:00&#8243; use_icon=&#8220;on&#8220; font_icon=&#8220;&#x7d;||divi||400&#8243; icon_color=&#8220;#ff533d&#8220; icon_placement=&#8220;left&#8220; image_icon_width=&#8220;23px&#8220; _builder_version=&#8220;4.22.1&#8243; header_font=&#8220;|600|||||||&#8220; header_text_color=&#8220;#ab987a&#8220; header_font_size=&#8220;21px&#8220; header_letter_spacing=&#8220;2px&#8220; custom_margin=&#8220;||10px|&#8220; custom_padding=&#8220;||2px|||&#8220; icon_font_size=&#8220;23px&#8220; global_colors_info=&#8220;{}&#8220;][\/et_pb_blurb][et_pb_text ul_item_indent=&#8220;35px&#8220; _builder_version=&#8220;4.16&#8243; text_line_height=&#8220;1.9em&#8220; link_text_color=&#8220;#3550a0&#8243; ul_line_height=&#8220;1.6em&#8220; header_3_font=&#8220;|700||on|||||&#8220; header_3_text_color=&#8220;#0f1626&#8243; header_3_font_size=&#8220;25px&#8220; header_3_line_height=&#8220;1.1em&#8220; header_4_font=&#8220;Lato|700|||||||&#8220; header_4_text_color=&#8220;#3550a0&#8243; header_4_font_size=&#8220;16px&#8220; header_4_line_height=&#8220;1.5em&#8220; custom_margin=&#8220;|||&#8220; header_3_font_size_tablet=&#8220;&#8220; header_3_font_size_phone=&#8220;20px&#8220; header_3_font_size_last_edited=&#8220;on|phone&#8220; locked=&#8220;off&#8220; global_colors_info=&#8220;{}&#8220;]<\/p>\n<h3>Esperanza de Arpas &#8211; Internationales Harfenfestival\u00a0\u00a0<\/h3>\n<p>Teatro Dante Allighieri, Esperanza, Santa F\u00e9, Argentina<\/p>\n<p>[\/et_pb_text][\/et_pb_column][et_pb_column type=&#8220;1_2&#8243; _builder_version=&#8220;4.16&#8243; custom_padding=&#8220;|||&#8220; global_colors_info=&#8220;{}&#8220; custom_padding__hover=&#8220;|||&#8220;][\/et_pb_column][\/et_pb_row][et_pb_row _builder_version=&#8220;4.9.7&#8243; min_height=&#8220;33px&#8220; custom_margin=&#8220;|auto||228px||&#8220; custom_padding=&#8220;40px||0px|&#8220; global_module=&#8220;33961&#8243; saved_tabs=&#8220;all&#8220; global_colors_info=&#8220;{}&#8220;][et_pb_column type=&#8220;4_4&#8243; _builder_version=&#8220;4.16&#8243; custom_padding=&#8220;|||&#8220; global_colors_info=&#8220;{}&#8220; custom_padding__hover=&#8220;|||&#8220;][et_pb_text admin_label=&#8220;Text&#8220; _builder_version=&#8220;4.16&#8243; text_font=&#8220;|600|||||||&#8220; text_text_color=&#8220;#ff533d&#8220; text_font_size=&#8220;20px&#8220; global_colors_info=&#8220;{}&#8220;][\/et_pb_text][\/et_pb_column][\/et_pb_row][et_pb_row column_structure=&#8220;1_2,1_2&#8243; _builder_version=&#8220;4.16&#8243; global_colors_info=&#8220;{}&#8220;][et_pb_column type=&#8220;1_2&#8243; _builder_version=&#8220;4.16&#8243; custom_padding=&#8220;|||&#8220; global_colors_info=&#8220;{}&#8220; custom_padding__hover=&#8220;|||&#8220;][et_pb_blurb title=&#8220;2 &#8211; 5 M\u00e4rz 2023&#8243; use_icon=&#8220;on&#8220; font_icon=&#8220;&#xe023;||divi||400&#8243; icon_color=&#8220;#ff533d&#8220; icon_placement=&#8220;left&#8220; image_icon_width=&#8220;23px&#8220; _builder_version=&#8220;4.22.1&#8243; header_font=&#8220;|600|||||||&#8220; header_text_color=&#8220;#ab987a&#8220; header_font_size=&#8220;21px&#8220; header_letter_spacing=&#8220;2px&#8220; custom_margin=&#8220;||10px|&#8220; custom_padding=&#8220;|||&#8220; icon_font_size=&#8220;23px&#8220; global_colors_info=&#8220;{}&#8220;][\/et_pb_blurb][et_pb_text ul_item_indent=&#8220;35px&#8220; _builder_version=&#8220;4.22.1&#8243; text_line_height=&#8220;1.9em&#8220; link_text_color=&#8220;#3550a0&#8243; ul_line_height=&#8220;1.6em&#8220; header_3_font=&#8220;|700||on|||||&#8220; header_3_text_color=&#8220;#0f1626&#8243; header_3_font_size=&#8220;25px&#8220; header_3_line_height=&#8220;1.1em&#8220; header_4_font=&#8220;Lato|700|||||||&#8220; header_4_text_color=&#8220;#3550a0&#8243; header_4_font_size=&#8220;16px&#8220; header_4_line_height=&#8220;1.5em&#8220; custom_margin=&#8220;|||&#8220; header_3_font_size_tablet=&#8220;&#8220; header_3_font_size_phone=&#8220;20px&#8220; header_3_font_size_last_edited=&#8220;on|phone&#8220; locked=&#8220;off&#8220; global_colors_info=&#8220;{}&#8220;]<\/p>\n<h3>Arte y Moda Uruguay Fashion 2023<\/h3>\n<p>&nbsp;<\/p>\n<p>2.3.2023: Casa de Artigas (SAUCE)<\/p>\n<p>3.3.2023: Teatro de Artigas (CARDONA)<\/p>\n<p>4.3.2023: Hotel Argentino, (PIRIAPOLIS)<\/p>\n<p>5.3.2023: \u00a0Tio Tom Arenas (PORTEZUELO)<\/p>\n<p>[\/et_pb_text][\/et_pb_column][et_pb_column type=&#8220;1_2&#8243; _builder_version=&#8220;4.16&#8243; custom_padding=&#8220;|||&#8220; global_colors_info=&#8220;{}&#8220; custom_padding__hover=&#8220;|||&#8220;][\/et_pb_column][\/et_pb_row][et_pb_row _builder_version=&#8220;4.9.7&#8243; min_height=&#8220;33px&#8220; custom_margin=&#8220;|auto||228px||&#8220; custom_padding=&#8220;40px||0px|&#8220; global_module=&#8220;33961&#8243; saved_tabs=&#8220;all&#8220; global_colors_info=&#8220;{}&#8220;][et_pb_column type=&#8220;4_4&#8243; _builder_version=&#8220;4.16&#8243; custom_padding=&#8220;|||&#8220; global_colors_info=&#8220;{}&#8220; custom_padding__hover=&#8220;|||&#8220;][et_pb_text admin_label=&#8220;Text&#8220; _builder_version=&#8220;4.16&#8243; text_font=&#8220;|600|||||||&#8220; text_text_color=&#8220;#ff533d&#8220; text_font_size=&#8220;20px&#8220; global_colors_info=&#8220;{}&#8220;][\/et_pb_text][\/et_pb_column][\/et_pb_row][et_pb_row _builder_version=&#8220;4.9.7&#8243; min_height=&#8220;33px&#8220; custom_margin=&#8220;|auto||228px||&#8220; custom_padding=&#8220;40px||0px|&#8220; global_module=&#8220;33961&#8243; saved_tabs=&#8220;all&#8220; global_colors_info=&#8220;{}&#8220;][et_pb_column type=&#8220;4_4&#8243; _builder_version=&#8220;4.16&#8243; custom_padding=&#8220;|||&#8220; global_colors_info=&#8220;{}&#8220; custom_padding__hover=&#8220;|||&#8220;][et_pb_text admin_label=&#8220;Text&#8220; _builder_version=&#8220;4.16&#8243; text_font=&#8220;|600|||||||&#8220; text_text_color=&#8220;#ff533d&#8220; text_font_size=&#8220;20px&#8220; global_colors_info=&#8220;{}&#8220;][\/et_pb_text][\/et_pb_column][\/et_pb_row][et_pb_row _builder_version=&#8220;4.9.7&#8243; min_height=&#8220;33px&#8220; custom_margin=&#8220;|auto||228px||&#8220; custom_padding=&#8220;40px||0px|&#8220; global_module=&#8220;33961&#8243; saved_tabs=&#8220;all&#8220; global_colors_info=&#8220;{}&#8220;][et_pb_column type=&#8220;4_4&#8243; _builder_version=&#8220;4.16&#8243; custom_padding=&#8220;|||&#8220; global_colors_info=&#8220;{}&#8220; custom_padding__hover=&#8220;|||&#8220;][et_pb_text admin_label=&#8220;Text&#8220; _builder_version=&#8220;4.16&#8243; text_font=&#8220;|600|||||||&#8220; text_text_color=&#8220;#ff533d&#8220; text_font_size=&#8220;20px&#8220; global_colors_info=&#8220;{}&#8220;][\/et_pb_text][\/et_pb_column][\/et_pb_row][\/et_pb_section][et_pb_section fb_built=&#8220;1&#8243; disabled_on=&#8220;off|off|off&#8220; admin_label=&#8220;Follow Along&#8220; _builder_version=&#8220;3.11.1&#8243; background_color=&#8220;#0f1626&#8243; background_position=&#8220;center_right&#8220; custom_padding=&#8220;0||0||false|false&#8220; top_divider_height=&#8220;43px&#8220; global_module=&#8220;33206&#8243; saved_tabs=&#8220;all&#8220; global_colors_info=&#8220;{}&#8220;][\/et_pb_section]<\/p>\n","protected":false},"excerpt":{"rendered":"<p>NOVEMBER Alejandro Sarmentero, Klavier Jonatan Blatty, Guitarre und Bandoneon S\u00e1ndor T\u00f6r\u00f6k, Kontrabass Freddy Benitez, Perkussion Rosengarten, Dorfstrasse 75, 8805 Richterswil, Schweiz\u00a0tango y candombe Ale S., Klavier Jonatan Blatty, Gitarre und Bandoneon S\u00e1ndor T\u00f6r\u00f6k, Kontrabass Hotel Marina, Lachen, SchweizA la deriva por azul Ra\u00fal Medina, Klavier Carlos G\u00f3mez, Gitarre Maxi Cl\u00e9rici, Kontrabass Samuel Carabajal, Perkussion Teatro [&hellip;]<\/p>\n","protected":false},"author":4,"featured_media":0,"parent":0,"menu_order":0,"comment_status":"closed","ping_status":"closed","template":"","meta":{"_et_pb_use_builder":"on","_et_pb_old_content":"","_et_gb_content_width":"","footnotes":""},"yoast_head":"<!-- This site is optimized with the Yoast SEO plugin v21.2 - https:\/\/yoast.com\/wordpress\/plugins\/seo\/ -->\n<title>2023 Veranstaltungen - Marisol Redondo- Singer<\/title>\n<meta name=\"robots\" content=\"index, follow, max-snippet:-1, max-image-preview:large, max-video-preview:-1\" \/>\n<link rel=\"canonical\" href=\"https:\/\/www.marisolredondo.com\/2023-events\/\" \/>\n<meta property=\"og:locale\" content=\"de_DE\" \/>\n<meta property=\"og:type\" content=\"article\" \/>\n<meta property=\"og:title\" content=\"2023 Veranstaltungen - Marisol Redondo- Singer\" \/>\n<meta property=\"og:description\" content=\"NOVEMBER Alejandro Sarmentero, Klavier Jonatan Blatty, Guitarre und Bandoneon S\u00e1ndor T\u00f6r\u00f6k, Kontrabass Freddy Benitez, Perkussion Rosengarten, Dorfstrasse 75, 8805 Richterswil, Schweiz\u00a0tango y candombe Ale S., Klavier Jonatan Blatty, Gitarre und Bandoneon S\u00e1ndor T\u00f6r\u00f6k, Kontrabass Hotel Marina, Lachen, SchweizA la deriva por azul Ra\u00fal Medina, Klavier Carlos G\u00f3mez, Gitarre Maxi Cl\u00e9rici, Kontrabass Samuel Carabajal, Perkussion Teatro [&hellip;]\" \/>\n<meta property=\"og:url\" content=\"https:\/\/www.marisolredondo.com\/2023-events\/\" \/>\n<meta property=\"og:site_name\" content=\"Marisol Redondo- Singer\" \/>\n<meta property=\"article:modified_time\" content=\"2023-11-03T17:06:26+00:00\" \/>\n<meta name=\"twitter:card\" content=\"summary_large_image\" \/>\n<meta name=\"twitter:label1\" content=\"Gesch\u00e4tzte Lesezeit\" \/>\n\t<meta name=\"twitter:data1\" content=\"15\u00a0Minuten\" \/>\n<script type=\"application\/ld+json\" class=\"yoast-schema-graph\">{\"@context\":\"https:\/\/schema.org\",\"@graph\":[{\"@type\":\"WebPage\",\"@id\":\"https:\/\/www.marisolredondo.com\/2023-events\/\",\"url\":\"https:\/\/www.marisolredondo.com\/2023-events\/\",\"name\":\"2023 Veranstaltungen - Marisol Redondo- Singer\",\"isPartOf\":{\"@id\":\"https:\/\/www.marisolredondo.com\/#website\"},\"datePublished\":\"2023-10-20T12:34:47+00:00\",\"dateModified\":\"2023-11-03T17:06:26+00:00\",\"breadcrumb\":{\"@id\":\"https:\/\/www.marisolredondo.com\/2023-events\/#breadcrumb\"},\"inLanguage\":\"de\",\"potentialAction\":[{\"@type\":\"ReadAction\",\"target\":[\"https:\/\/www.marisolredondo.com\/2023-events\/\"]}]},{\"@type\":\"BreadcrumbList\",\"@id\":\"https:\/\/www.marisolredondo.com\/2023-events\/#breadcrumb\",\"itemListElement\":[{\"@type\":\"ListItem\",\"position\":1,\"name\":\"Home\",\"item\":\"https:\/\/www.marisolredondo.com\/\"},{\"@type\":\"ListItem\",\"position\":2,\"name\":\"2023 Veranstaltungen\"}]},{\"@type\":\"WebSite\",\"@id\":\"https:\/\/www.marisolredondo.com\/#website\",\"url\":\"https:\/\/www.marisolredondo.com\/\",\"name\":\"Marisol Redondo\",\"description\":\"\",\"publisher\":{\"@id\":\"https:\/\/www.marisolredondo.com\/#\/schema\/person\/a7f4167392c64b100109903e48fe3898\"},\"potentialAction\":[{\"@type\":\"SearchAction\",\"target\":{\"@type\":\"EntryPoint\",\"urlTemplate\":\"https:\/\/www.marisolredondo.com\/?s={search_term_string}\"},\"query-input\":\"required name=search_term_string\"}],\"inLanguage\":\"de\"},{\"@type\":[\"Person\",\"Organization\"],\"@id\":\"https:\/\/www.marisolredondo.com\/#\/schema\/person\/a7f4167392c64b100109903e48fe3898\",\"name\":\"mredondo\",\"image\":{\"@type\":\"ImageObject\",\"inLanguage\":\"de\",\"@id\":\"https:\/\/www.marisolredondo.com\/#\/schema\/person\/image\/\",\"url\":\"https:\/\/secure.gravatar.com\/avatar\/0017f9752f1432e3e718b813e3e35442?s=96&d=mm&r=g\",\"contentUrl\":\"https:\/\/secure.gravatar.com\/avatar\/0017f9752f1432e3e718b813e3e35442?s=96&d=mm&r=g\",\"caption\":\"mredondo\"},\"logo\":{\"@id\":\"https:\/\/www.marisolredondo.com\/#\/schema\/person\/image\/\"}}]}<\/script>\n<!-- \/ Yoast SEO plugin. -->","yoast_head_json":{"title":"2023 Veranstaltungen - Marisol Redondo- Singer","robots":{"index":"index","follow":"follow","max-snippet":"max-snippet:-1","max-image-preview":"max-image-preview:large","max-video-preview":"max-video-preview:-1"},"canonical":"https:\/\/www.marisolredondo.com\/2023-events\/","og_locale":"de_DE","og_type":"article","og_title":"2023 Veranstaltungen - Marisol Redondo- Singer","og_description":"NOVEMBER Alejandro Sarmentero, Klavier Jonatan Blatty, Guitarre und Bandoneon S\u00e1ndor T\u00f6r\u00f6k, Kontrabass Freddy Benitez, Perkussion Rosengarten, Dorfstrasse 75, 8805 Richterswil, Schweiz\u00a0tango y candombe Ale S., Klavier Jonatan Blatty, Gitarre und Bandoneon S\u00e1ndor T\u00f6r\u00f6k, Kontrabass Hotel Marina, Lachen, SchweizA la deriva por azul Ra\u00fal Medina, Klavier Carlos G\u00f3mez, Gitarre Maxi Cl\u00e9rici, Kontrabass Samuel Carabajal, Perkussion Teatro [&hellip;]","og_url":"https:\/\/www.marisolredondo.com\/2023-events\/","og_site_name":"Marisol Redondo- Singer","article_modified_time":"2023-11-03T17:06:26+00:00","twitter_card":"summary_large_image","twitter_misc":{"Gesch\u00e4tzte Lesezeit":"15\u00a0Minuten"},"schema":{"@context":"https:\/\/schema.org","@graph":[{"@type":"WebPage","@id":"https:\/\/www.marisolredondo.com\/2023-events\/","url":"https:\/\/www.marisolredondo.com\/2023-events\/","name":"2023 Veranstaltungen - Marisol Redondo- Singer","isPartOf":{"@id":"https:\/\/www.marisolredondo.com\/#website"},"datePublished":"2023-10-20T12:34:47+00:00","dateModified":"2023-11-03T17:06:26+00:00","breadcrumb":{"@id":"https:\/\/www.marisolredondo.com\/2023-events\/#breadcrumb"},"inLanguage":"de","potentialAction":[{"@type":"ReadAction","target":["https:\/\/www.marisolredondo.com\/2023-events\/"]}]},{"@type":"BreadcrumbList","@id":"https:\/\/www.marisolredondo.com\/2023-events\/#breadcrumb","itemListElement":[{"@type":"ListItem","position":1,"name":"Home","item":"https:\/\/www.marisolredondo.com\/"},{"@type":"ListItem","position":2,"name":"2023 Veranstaltungen"}]},{"@type":"WebSite","@id":"https:\/\/www.marisolredondo.com\/#website","url":"https:\/\/www.marisolredondo.com\/","name":"Marisol Redondo","description":"","publisher":{"@id":"https:\/\/www.marisolredondo.com\/#\/schema\/person\/a7f4167392c64b100109903e48fe3898"},"potentialAction":[{"@type":"SearchAction","target":{"@type":"EntryPoint","urlTemplate":"https:\/\/www.marisolredondo.com\/?s={search_term_string}"},"query-input":"required name=search_term_string"}],"inLanguage":"de"},{"@type":["Person","Organization"],"@id":"https:\/\/www.marisolredondo.com\/#\/schema\/person\/a7f4167392c64b100109903e48fe3898","name":"mredondo","image":{"@type":"ImageObject","inLanguage":"de","@id":"https:\/\/www.marisolredondo.com\/#\/schema\/person\/image\/","url":"https:\/\/secure.gravatar.com\/avatar\/0017f9752f1432e3e718b813e3e35442?s=96&d=mm&r=g","contentUrl":"https:\/\/secure.gravatar.com\/avatar\/0017f9752f1432e3e718b813e3e35442?s=96&d=mm&r=g","caption":"mredondo"},"logo":{"@id":"https:\/\/www.marisolredondo.com\/#\/schema\/person\/image\/"}}]}},"_links":{"self":[{"href":"https:\/\/www.marisolredondo.com\/de\/wp-json\/wp\/v2\/pages\/36142"}],"collection":[{"href":"https:\/\/www.marisolredondo.com\/de\/wp-json\/wp\/v2\/pages"}],"about":[{"href":"https:\/\/www.marisolredondo.com\/de\/wp-json\/wp\/v2\/types\/page"}],"author":[{"embeddable":true,"href":"https:\/\/www.marisolredondo.com\/de\/wp-json\/wp\/v2\/users\/4"}],"replies":[{"embeddable":true,"href":"https:\/\/www.marisolredondo.com\/de\/wp-json\/wp\/v2\/comments?post=36142"}],"version-history":[{"count":24,"href":"https:\/\/www.marisolredondo.com\/de\/wp-json\/wp\/v2\/pages\/36142\/revisions"}],"predecessor-version":[{"id":36257,"href":"https:\/\/www.marisolredondo.com\/de\/wp-json\/wp\/v2\/pages\/36142\/revisions\/36257"}],"wp:attachment":[{"href":"https:\/\/www.marisolredondo.com\/de\/wp-json\/wp\/v2\/media?parent=36142"}],"curies":[{"name":"wp","href":"https:\/\/api.w.org\/{rel}","templated":true}]}}