{"id":35929,"date":"2021-08-05T11:44:39","date_gmt":"2021-08-05T11:44:39","guid":{"rendered":"https:\/\/www.marisolredondo.com\/2022-veranstaltungen\/"},"modified":"2022-05-16T16:19:40","modified_gmt":"2022-05-16T16:19:40","slug":"2022-veranstaltungen","status":"publish","type":"page","link":"https:\/\/www.marisolredondo.com\/de\/2022-veranstaltungen\/","title":{"rendered":"2022 Veranstaltungen"},"content":{"rendered":"<p>[et_pb_section fb_built=&#8220;1&#8243; fullwidth=&#8220;on&#8220; _builder_version=&#8220;3.22&#8243;][et_pb_fullwidth_header title=&#8220;2022 Veranstaltungen &#8220; text_orientation=&#8220;center&#8220; header_fullscreen=&#8220;on&#8220; header_scroll_down=&#8220;on&#8220; scroll_down_icon_color=&#8220;#ffffff&#8220; scroll_down_icon_size=&#8220;34px&#8220; background_overlay_color=&#8220;rgba(15,22,38,0.47)&#8220; logo_image_url=&#8220;https:\/\/www.marisolredondo.com\/wp-content\/uploads\/2018\/08\/logo-large.png&#8220; _builder_version=&#8220;3.16&#8243; title_font=&#8220;|600|||||||&#8220; title_font_size=&#8220;31px&#8220; title_letter_spacing=&#8220;5px&#8220; content_font=&#8220;||||||||&#8220; subhead_font=&#8220;||||||||&#8220; background_image=&#8220;https:\/\/www.marisolredondo.com\/wp-content\/uploads\/2018\/11\/marisol-redondo-in-concert-1.jpg&#8220; custom_css_logo=&#8220;margin-bottom:25px;&#8220; title_text_shadow_style=&#8220;preset1&#8243; button_one_text_size__hover_enabled=&#8220;off&#8220; button_one_text_size__hover=&#8220;null&#8220; button_two_text_size__hover_enabled=&#8220;off&#8220; button_two_text_size__hover=&#8220;null&#8220; button_one_text_color__hover_enabled=&#8220;off&#8220; button_one_text_color__hover=&#8220;null&#8220; button_two_text_color__hover_enabled=&#8220;off&#8220; button_two_text_color__hover=&#8220;null&#8220; button_one_border_width__hover_enabled=&#8220;off&#8220; button_one_border_width__hover=&#8220;null&#8220; button_two_border_width__hover_enabled=&#8220;off&#8220; button_two_border_width__hover=&#8220;null&#8220; button_one_border_color__hover_enabled=&#8220;off&#8220; button_one_border_color__hover=&#8220;null&#8220; button_two_border_color__hover_enabled=&#8220;off&#8220; button_two_border_color__hover=&#8220;null&#8220; button_one_border_radius__hover_enabled=&#8220;off&#8220; button_one_border_radius__hover=&#8220;null&#8220; button_two_border_radius__hover_enabled=&#8220;off&#8220; button_two_border_radius__hover=&#8220;null&#8220; button_one_letter_spacing__hover_enabled=&#8220;off&#8220; button_one_letter_spacing__hover=&#8220;null&#8220; button_two_letter_spacing__hover_enabled=&#8220;off&#8220; button_two_letter_spacing__hover=&#8220;null&#8220; button_one_bg_color__hover_enabled=&#8220;off&#8220; button_one_bg_color__hover=&#8220;null&#8220; button_two_bg_color__hover_enabled=&#8220;off&#8220; button_two_bg_color__hover=&#8220;null&#8220;]<\/p>\n<hr class=\"underline-style\" \/>\n[\/et_pb_fullwidth_header][\/et_pb_section][et_pb_section fb_built=&#8220;1&#8243; _builder_version=&#8220;3.22&#8243;][et_pb_row column_structure=&#8220;1_2,1_2&#8243; _builder_version=&#8220;3.25&#8243;][et_pb_column type=&#8220;1_2&#8243; _builder_version=&#8220;3.25&#8243; custom_padding=&#8220;|||&#8220; custom_padding__hover=&#8220;|||&#8220;][et_pb_blurb title=&#8220;8. Mai 2022&#8243; use_icon=&#8220;on&#8220; font_icon=&#8220;%%128%%&#8220; icon_color=&#8220;#ff533d&#8220; icon_placement=&#8220;left&#8220; use_icon_font_size=&#8220;on&#8220; icon_font_size=&#8220;23px&#8220; _builder_version=&#8220;4.9.7&#8243; header_font=&#8220;|600|||||||&#8220; header_text_color=&#8220;#ab987a&#8220; header_font_size=&#8220;21px&#8220; header_letter_spacing=&#8220;2px&#8220; custom_margin=&#8220;||10px|&#8220; custom_padding=&#8220;|||&#8220;][\/et_pb_blurb][et_pb_blurb title=&#8220;14:00&#8243; use_icon=&#8220;on&#8220; font_icon=&#8220;%%92%%&#8220; icon_color=&#8220;#ff533d&#8220; icon_placement=&#8220;left&#8220; use_icon_font_size=&#8220;on&#8220; icon_font_size=&#8220;23px&#8220; _builder_version=&#8220;4.9.7&#8243; header_font=&#8220;|600|||||||&#8220; header_text_color=&#8220;#ab987a&#8220; header_font_size=&#8220;21px&#8220; header_letter_spacing=&#8220;2px&#8220; custom_margin=&#8220;||10px|&#8220; custom_padding=&#8220;||2px|||&#8220;][\/et_pb_blurb][et_pb_text ul_item_indent=&#8220;35px&#8220; _builder_version=&#8220;4.9.7&#8243; text_line_height=&#8220;1.9em&#8220; link_text_color=&#8220;#3550a0&#8243; ul_line_height=&#8220;1.6em&#8220; header_3_font=&#8220;|700||on|||||&#8220; header_3_text_color=&#8220;#0f1626&#8243; header_3_font_size=&#8220;25px&#8220; header_3_line_height=&#8220;1.1em&#8220; header_4_font=&#8220;Lato|700|||||||&#8220; header_4_text_color=&#8220;#3550a0&#8243; header_4_font_size=&#8220;16px&#8220; header_4_line_height=&#8220;1.5em&#8220; custom_margin=&#8220;|||&#8220; header_3_font_size_tablet=&#8220;&#8220; header_3_font_size_phone=&#8220;20px&#8220; header_3_font_size_last_edited=&#8220;on|phone&#8220; locked=&#8220;off&#8220;]<\/p>\n<h3>Muttertag Event am Paraguayschn Zentrum in Z\u00fcrich<\/h3>\n<p>Marisol Redondo in Konzert mit:<\/p>\n<ul>\n<li>Luis Alvarenga (Keyboard)<\/li>\n<li>Osvaldo Orrego (Bass)<\/li>\n<li>Enrique Harries \u00a0(Gitarre)<\/li>\n<\/ul>\n<p>Centro Paraguayo de Zurich<br \/>Bodenacker 25, 8046 Zurich &#8211; SCHWEIZ<\/p>\n<p>[\/et_pb_text][\/et_pb_column][et_pb_column type=&#8220;1_2&#8243; _builder_version=&#8220;3.25&#8243; custom_padding=&#8220;|||&#8220; custom_padding__hover=&#8220;|||&#8220;][et_pb_blurb title=&#8220;Centro Paraguayo de Zurich&#8220; use_icon=&#8220;on&#8220; font_icon=&#8220;%%249%%&#8220; icon_color=&#8220;#ff533d&#8220; icon_placement=&#8220;left&#8220; use_icon_font_size=&#8220;on&#8220; icon_font_size=&#8220;23px&#8220; _builder_version=&#8220;4.9.7&#8243; header_font=&#8220;|600|||||||&#8220; header_text_color=&#8220;#ab987a&#8220; header_font_size=&#8220;21px&#8220; header_letter_spacing=&#8220;2px&#8220; custom_margin=&#8220;||10px|&#8220; custom_padding=&#8220;|||&#8220;]<\/p>\n<p>Z\u00fcrich\u2013 Switzerland<\/p>\n<p>[\/et_pb_blurb][et_pb_map address=&#8220;Bodenacker 25, 8046 Z\u00fcrich, Switzerland&#8220; zoom_level=&#8220;17&#8243; address_lat=&#8220;47.4246226&#8243; address_lng=&#8220;8.5109801&#8243; _builder_version=&#8220;4.9.7&#8243; custom_margin=&#8220;15px|||&#8220; border_width_all=&#8220;6px&#8220; border_color_all=&#8220;#ffffff&#8220; box_shadow_style=&#8220;preset3&#8243;][et_pb_map_pin title=&#8220;Centro Paraguayo Zurich&#8220; pin_address=&#8220;Bodenacker 25, 8046 Z\u00fcrich, Switzerland&#8220; zoom_level=&#8220;11&#8243; pin_address_lat=&#8220;47.4246226&#8243; pin_address_lng=&#8220;8.5109801&#8243; _builder_version=&#8220;4.9.7&#8243;]<\/p>\n<p>Z\u00fcrich\u2013 Switzerland<\/p>\n<p>[\/et_pb_map_pin][\/et_pb_map][\/et_pb_column][\/et_pb_row][et_pb_row _builder_version=&#8220;4.9.7&#8243; min_height=&#8220;33px&#8220; custom_margin=&#8220;|auto||228px||&#8220; custom_padding=&#8220;40px||0px|&#8220; global_module=&#8220;33961&#8243; saved_tabs=&#8220;all&#8220;][et_pb_column type=&#8220;4_4&#8243; _builder_version=&#8220;3.25&#8243; custom_padding=&#8220;|||&#8220; custom_padding__hover=&#8220;|||&#8220;][et_pb_text _builder_version=&#8220;4.9.7&#8243; text_font=&#8220;|600|||||||&#8220; text_text_color=&#8220;#ff533d&#8220; text_font_size=&#8220;20px&#8220;][\/et_pb_text][\/et_pb_column][\/et_pb_row][et_pb_row column_structure=&#8220;1_2,1_2&#8243; _builder_version=&#8220;3.25&#8243;][et_pb_column type=&#8220;1_2&#8243; _builder_version=&#8220;3.25&#8243; custom_padding=&#8220;|||&#8220; custom_padding__hover=&#8220;|||&#8220;][et_pb_blurb title=&#8220;5. Juni 2022&#8243; use_icon=&#8220;on&#8220; font_icon=&#8220;%%128%%&#8220; icon_color=&#8220;#ff533d&#8220; icon_placement=&#8220;left&#8220; use_icon_font_size=&#8220;on&#8220; icon_font_size=&#8220;23px&#8220; _builder_version=&#8220;4.9.7&#8243; header_font=&#8220;|600|||||||&#8220; header_text_color=&#8220;#ab987a&#8220; header_font_size=&#8220;21px&#8220; header_letter_spacing=&#8220;2px&#8220; custom_margin=&#8220;||10px|&#8220; custom_padding=&#8220;|||&#8220;][\/et_pb_blurb][et_pb_blurb title=&#8220;11:00 &#8211; 17:00&#8243; use_icon=&#8220;on&#8220; font_icon=&#8220;%%92%%&#8220; icon_color=&#8220;#ff533d&#8220; icon_placement=&#8220;left&#8220; use_icon_font_size=&#8220;on&#8220; icon_font_size=&#8220;23px&#8220; _builder_version=&#8220;4.9.7&#8243; header_font=&#8220;|600|||||||&#8220; header_text_color=&#8220;#ab987a&#8220; header_font_size=&#8220;21px&#8220; header_letter_spacing=&#8220;2px&#8220; custom_margin=&#8220;||10px|&#8220; custom_padding=&#8220;||2px|||&#8220;][\/et_pb_blurb][et_pb_text ul_item_indent=&#8220;35px&#8220; _builder_version=&#8220;4.9.7&#8243; text_line_height=&#8220;1.9em&#8220; link_text_color=&#8220;#3550a0&#8243; ul_line_height=&#8220;1.6em&#8220; header_3_font=&#8220;|700||on|||||&#8220; header_3_text_color=&#8220;#0f1626&#8243; header_3_font_size=&#8220;25px&#8220; header_3_line_height=&#8220;1.1em&#8220; header_4_font=&#8220;Lato|700|||||||&#8220; header_4_text_color=&#8220;#3550a0&#8243; header_4_font_size=&#8220;16px&#8220; header_4_line_height=&#8220;1.5em&#8220; custom_margin=&#8220;|||&#8220; header_3_font_size_tablet=&#8220;&#8220; header_3_font_size_phone=&#8220;20px&#8220; header_3_font_size_last_edited=&#8220;on|phone&#8220; locked=&#8220;off&#8220;]<\/p>\n<h3>Gastro- und Musikveranstaltung<\/h3>\n<p>Gastro- und Weinverkostung in einem Weingut in Schaffhausen, mit der live Performance der S\u00e4ngerin-Songwritering und Harfenisting Marisol Redondo, begleitet vom Maestro Nico Mora auf der Gitarre und auf dem Bandoneon.<\/p>\n<p>Weingut Lindenhof &#8211; Dorfstrasse 19, 8218 Osterfingen Schaffhausen &#8211; Schweiz<\/p>\n<p>Tickets: +41 52 681 21 25. \u00a0<\/p>\n<p><span style=\"font-size: 16px;\">\u00a0<\/span><\/p>\n<p>[\/et_pb_text][\/et_pb_column][et_pb_column type=&#8220;1_2&#8243; _builder_version=&#8220;3.25&#8243; custom_padding=&#8220;|||&#8220; custom_padding__hover=&#8220;|||&#8220;][et_pb_blurb title=&#8220;Weingut Lindenhof&#8220; use_icon=&#8220;on&#8220; font_icon=&#8220;%%249%%&#8220; icon_color=&#8220;#ff533d&#8220; icon_placement=&#8220;left&#8220; use_icon_font_size=&#8220;on&#8220; icon_font_size=&#8220;23px&#8220; _builder_version=&#8220;4.9.7&#8243; header_font=&#8220;|600|||||||&#8220; header_text_color=&#8220;#ab987a&#8220; header_font_size=&#8220;21px&#8220; header_letter_spacing=&#8220;2px&#8220; custom_margin=&#8220;||10px|&#8220; custom_padding=&#8220;|||&#8220;]<\/p>\n<p>Schaffhausen \u2013 Schweiz<\/p>\n<p>[\/et_pb_blurb][et_pb_map address=&#8220;Dorfstrasse 19, 8218 Osterfingen, Switzerland&#8220; zoom_level=&#8220;13&#8243; address_lat=&#8220;47.6631911&#8243; address_lng=&#8220;8.4888511&#8243; _builder_version=&#8220;4.9.7&#8243; custom_margin=&#8220;15px|||&#8220; border_width_all=&#8220;6px&#8220; border_color_all=&#8220;#ffffff&#8220; box_shadow_style=&#8220;preset3&#8243;][et_pb_map_pin title=&#8220;Weingut Lindenhof&#8220; pin_address=&#8220;Dorfstrasse 19, 8218 Osterfingen, Switzerland&#8220; zoom_level=&#8220;11&#8243; pin_address_lat=&#8220;47.6631911&#8243; pin_address_lng=&#8220;8.4888511&#8243; _builder_version=&#8220;4.9.7&#8243;]<\/p>\n<p>Schaffhausen \u2013 Schweiz<\/p>\n<p>[\/et_pb_map_pin][\/et_pb_map][\/et_pb_column][\/et_pb_row][et_pb_row _builder_version=&#8220;4.9.7&#8243; min_height=&#8220;33px&#8220; custom_margin=&#8220;|auto||228px||&#8220; custom_padding=&#8220;40px||0px|&#8220; global_module=&#8220;33961&#8243; saved_tabs=&#8220;all&#8220;][et_pb_column type=&#8220;4_4&#8243; _builder_version=&#8220;3.25&#8243; custom_padding=&#8220;|||&#8220; custom_padding__hover=&#8220;|||&#8220;][et_pb_text _builder_version=&#8220;4.9.7&#8243; text_font=&#8220;|600|||||||&#8220; text_text_color=&#8220;#ff533d&#8220; text_font_size=&#8220;20px&#8220;][\/et_pb_text][\/et_pb_column][\/et_pb_row][et_pb_row column_structure=&#8220;1_2,1_2&#8243; _builder_version=&#8220;3.25&#8243;][et_pb_column type=&#8220;1_2&#8243; _builder_version=&#8220;3.25&#8243; custom_padding=&#8220;|||&#8220; custom_padding__hover=&#8220;|||&#8220;][et_pb_blurb title=&#8220;11. Juni 2022&#8243; use_icon=&#8220;on&#8220; font_icon=&#8220;%%128%%&#8220; icon_color=&#8220;#ff533d&#8220; icon_placement=&#8220;left&#8220; use_icon_font_size=&#8220;on&#8220; icon_font_size=&#8220;23px&#8220; _builder_version=&#8220;4.9.7&#8243; header_font=&#8220;|600|||||||&#8220; header_text_color=&#8220;#ab987a&#8220; header_font_size=&#8220;21px&#8220; header_letter_spacing=&#8220;2px&#8220; custom_margin=&#8220;||10px|&#8220; custom_padding=&#8220;|||&#8220;][\/et_pb_blurb][et_pb_blurb title=&#8220;20:00&#8243; use_icon=&#8220;on&#8220; font_icon=&#8220;%%92%%&#8220; icon_color=&#8220;#ff533d&#8220; icon_placement=&#8220;left&#8220; use_icon_font_size=&#8220;on&#8220; icon_font_size=&#8220;23px&#8220; _builder_version=&#8220;4.9.7&#8243; header_font=&#8220;|600|||||||&#8220; header_text_color=&#8220;#ab987a&#8220; header_font_size=&#8220;21px&#8220; header_letter_spacing=&#8220;2px&#8220; custom_margin=&#8220;||10px|&#8220; custom_padding=&#8220;||2px|||&#8220;][\/et_pb_blurb][et_pb_text ul_item_indent=&#8220;35px&#8220; _builder_version=&#8220;4.9.7&#8243; text_line_height=&#8220;1.9em&#8220; link_text_color=&#8220;#3550a0&#8243; ul_line_height=&#8220;1.6em&#8220; header_3_font=&#8220;|700||on|||||&#8220; header_3_text_color=&#8220;#0f1626&#8243; header_3_font_size=&#8220;25px&#8220; header_3_line_height=&#8220;1.1em&#8220; header_4_font=&#8220;Lato|700|||||||&#8220; header_4_text_color=&#8220;#3550a0&#8243; header_4_font_size=&#8220;16px&#8220; header_4_line_height=&#8220;1.5em&#8220; custom_margin=&#8220;|||&#8220; header_3_font_size_tablet=&#8220;&#8220; header_3_font_size_phone=&#8220;20px&#8220; header_3_font_size_last_edited=&#8220;on|phone&#8220; locked=&#8220;off&#8220;]<\/p>\n<h3>\u00a0Espacio Buenos Aires &#8211; Basel<\/h3>\n<p>Marisol Redondo nimmt uns mit ihrer Stimme und ihrer Harfe, begleitet vom Maestro Nico Mora mit Gitarre und Bandoneon, mit auf eine Reise durch die Geschichte des Tangos. Wir werden uns auch einige der neuen Songs aus ihrem Album &#8222;A la deriva&#8220; anh\u00f6ren und Christian Neff und seine Geige werden einige Songs mit diesen beiden uruguayischen K\u00fcnstlern begleiten.<\/p>\n<p>Espacio Buenos Aires &#8211; Petersgasse 40, 4051 Basel &#8211; SCHWEIZ<\/p>\n<p>Tickets: christian.neff@bluewin.ch<\/p>\n<p>&nbsp;<\/p>\n<p>[\/et_pb_text][\/et_pb_column][et_pb_column type=&#8220;1_2&#8243; _builder_version=&#8220;3.25&#8243; custom_padding=&#8220;|||&#8220; custom_padding__hover=&#8220;|||&#8220;][et_pb_blurb title=&#8220;Espacio Buenos Aires&#8220; use_icon=&#8220;on&#8220; font_icon=&#8220;%%249%%&#8220; icon_color=&#8220;#ff533d&#8220; icon_placement=&#8220;left&#8220; use_icon_font_size=&#8220;on&#8220; icon_font_size=&#8220;23px&#8220; _builder_version=&#8220;4.9.7&#8243; header_font=&#8220;|600|||||||&#8220; header_text_color=&#8220;#ab987a&#8220; header_font_size=&#8220;21px&#8220; header_letter_spacing=&#8220;2px&#8220; custom_margin=&#8220;||10px|&#8220; custom_padding=&#8220;|||&#8220;]<\/p>\n<p>Basel \u2013 Schweiz<\/p>\n<p>[\/et_pb_blurb][et_pb_map address=&#8220;Petersgasse 40, 4051 Basel, Switzerland&#8220; zoom_level=&#8220;13&#8243; address_lat=&#8220;47.5598495&#8243; address_lng=&#8220;7.5859501&#8243; _builder_version=&#8220;4.9.7&#8243; custom_margin=&#8220;15px|||&#8220; border_width_all=&#8220;6px&#8220; border_color_all=&#8220;#ffffff&#8220; box_shadow_style=&#8220;preset3&#8243;][et_pb_map_pin title=&#8220;Espacio Buenos Aires&#8220; pin_address=&#8220;Petersgasse 40, 4051 Basel, Switzerland&#8220; zoom_level=&#8220;11&#8243; pin_address_lat=&#8220;47.5598495&#8243; pin_address_lng=&#8220;7.5859501&#8243; _builder_version=&#8220;4.9.7&#8243;]<\/p>\n<p>Basel \u2013 Schweiz<\/p>\n<p>[\/et_pb_map_pin][\/et_pb_map][\/et_pb_column][\/et_pb_row][et_pb_row _builder_version=&#8220;4.9.7&#8243; min_height=&#8220;33px&#8220; custom_margin=&#8220;|auto||228px||&#8220; custom_padding=&#8220;40px||0px|&#8220; global_module=&#8220;33961&#8243; saved_tabs=&#8220;all&#8220;][et_pb_column type=&#8220;4_4&#8243; _builder_version=&#8220;3.25&#8243; custom_padding=&#8220;|||&#8220; custom_padding__hover=&#8220;|||&#8220;][et_pb_text _builder_version=&#8220;4.9.7&#8243; text_font=&#8220;|600|||||||&#8220; text_text_color=&#8220;#ff533d&#8220; text_font_size=&#8220;20px&#8220;][\/et_pb_text][\/et_pb_column][\/et_pb_row][et_pb_row column_structure=&#8220;1_2,1_2&#8243; _builder_version=&#8220;4.9.7&#8243;][et_pb_column type=&#8220;1_2&#8243; _builder_version=&#8220;3.25&#8243; custom_padding=&#8220;|||&#8220; custom_padding__hover=&#8220;|||&#8220;][et_pb_blurb title=&#8220;25. Juni 2022&#8243; use_icon=&#8220;on&#8220; font_icon=&#8220;%%128%%&#8220; icon_color=&#8220;#ff533d&#8220; icon_placement=&#8220;left&#8220; use_icon_font_size=&#8220;on&#8220; icon_font_size=&#8220;23px&#8220; _builder_version=&#8220;4.9.7&#8243; header_font=&#8220;|600|||||||&#8220; header_text_color=&#8220;#ab987a&#8220; header_font_size=&#8220;21px&#8220; header_letter_spacing=&#8220;2px&#8220; custom_margin=&#8220;||10px|&#8220; custom_padding=&#8220;|||&#8220;][\/et_pb_blurb][et_pb_text ul_item_indent=&#8220;35px&#8220; _builder_version=&#8220;4.9.7&#8243; text_line_height=&#8220;1.9em&#8220; link_text_color=&#8220;#3550a0&#8243; ul_line_height=&#8220;1.6em&#8220; header_3_font=&#8220;|700||on|||||&#8220; header_3_text_color=&#8220;#0f1626&#8243; header_3_font_size=&#8220;25px&#8220; header_3_line_height=&#8220;1.1em&#8220; header_4_font=&#8220;Lato|700|||||||&#8220; header_4_text_color=&#8220;#3550a0&#8243; header_4_font_size=&#8220;16px&#8220; header_4_line_height=&#8220;1.5em&#8220; custom_margin=&#8220;|||&#8220; hover_enabled=&#8220;0&#8243; header_3_font_size_tablet=&#8220;&#8220; header_3_font_size_phone=&#8220;20px&#8220; header_3_font_size_last_edited=&#8220;on|phone&#8220; locked=&#8220;off&#8220; sticky_enabled=&#8220;0&#8243;]<\/p>\n<h3>F\u00eate Multiculturelle Vevey 2022<\/h3>\n<p>Candombe, Tango, Litorale\u00f1as und vieles mehr in einer unglaublichen multikulturellen Umgebung, mit der Stimme von Marisol Redondo und ihrer Harfe.<\/p>\n<p>&#8222;F\u00eate Multiculturelle Vevey 2022&#8220; (Multikulturelles Festival von Vevey), das vom 24. bis 26. Juni mit einer gro\u00dfen Anzahl internationaler K\u00fcnstler stattfindet.<\/p>\n<p>Marisol im Konzert mit:<br \/>Javier Fernandez (Klavier)<br \/>Nico Mora (Gitarre und Bandoneon)<br \/>Gonzalo Prieto (Piano trommel)<br \/>Angel Viera (Repique Trommel)<br \/>Harley Ferreira (kleine Trommel)<\/p>\n<p>Place Robin, Vevey &#8211; SCHWEIZ<\/p>\n<p>Eintritt frei<\/p>\n<p>&nbsp;<\/p>\n<p>[\/et_pb_text][\/et_pb_column][et_pb_column type=&#8220;1_2&#8243; _builder_version=&#8220;3.25&#8243; custom_padding=&#8220;|||&#8220; custom_padding__hover=&#8220;|||&#8220;][et_pb_blurb title=&#8220;Place Robin&#8220; use_icon=&#8220;on&#8220; font_icon=&#8220;%%249%%&#8220; icon_color=&#8220;#ff533d&#8220; icon_placement=&#8220;left&#8220; use_icon_font_size=&#8220;on&#8220; icon_font_size=&#8220;23px&#8220; _builder_version=&#8220;4.9.7&#8243; header_font=&#8220;|600|||||||&#8220; header_text_color=&#8220;#ab987a&#8220; header_font_size=&#8220;21px&#8220; header_letter_spacing=&#8220;2px&#8220; custom_margin=&#8220;||10px|&#8220; custom_padding=&#8220;|||&#8220;]<\/p>\n<p>Vevey \u2013 Schweiz<\/p>\n<p>[\/et_pb_blurb][et_pb_map address=&#8220;Place Robin, 1800 Vevey, Switzerland&#8220; zoom_level=&#8220;13&#8243; address_lat=&#8220;46.4673835&#8243; address_lng=&#8220;6.8417065&#8243; _builder_version=&#8220;4.9.7&#8243; custom_margin=&#8220;15px|||&#8220; border_width_all=&#8220;6px&#8220; border_color_all=&#8220;#ffffff&#8220; box_shadow_style=&#8220;preset3&#8243;][et_pb_map_pin title=&#8220;Place Robin&#8220; pin_address=&#8220;Place Robin, 1800 Vevey, Switzerland&#8220; zoom_level=&#8220;11&#8243; pin_address_lat=&#8220;46.4673835&#8243; pin_address_lng=&#8220;6.8417065&#8243; _builder_version=&#8220;4.9.7&#8243;]<\/p>\n<p>Vevey \u2013 Schweiz<\/p>\n<p>[\/et_pb_map_pin][\/et_pb_map][\/et_pb_column][\/et_pb_row][et_pb_row _builder_version=&#8220;4.9.7&#8243; min_height=&#8220;33px&#8220; custom_margin=&#8220;|auto||228px||&#8220; custom_padding=&#8220;40px||0px|&#8220; global_module=&#8220;33961&#8243; saved_tabs=&#8220;all&#8220;][et_pb_column type=&#8220;4_4&#8243; _builder_version=&#8220;3.25&#8243; custom_padding=&#8220;|||&#8220; custom_padding__hover=&#8220;|||&#8220;][et_pb_text _builder_version=&#8220;4.9.7&#8243; text_font=&#8220;|600|||||||&#8220; text_text_color=&#8220;#ff533d&#8220; text_font_size=&#8220;20px&#8220;][\/et_pb_text][\/et_pb_column][\/et_pb_row][et_pb_row _builder_version=&#8220;4.9.7&#8243; min_height=&#8220;33px&#8220; custom_margin=&#8220;|auto||228px||&#8220; custom_padding=&#8220;40px||0px|&#8220; global_module=&#8220;33961&#8243; saved_tabs=&#8220;all&#8220;][et_pb_column type=&#8220;4_4&#8243; _builder_version=&#8220;3.25&#8243; custom_padding=&#8220;|||&#8220; custom_padding__hover=&#8220;|||&#8220;][et_pb_text _builder_version=&#8220;4.9.7&#8243; text_font=&#8220;|600|||||||&#8220; text_text_color=&#8220;#ff533d&#8220; text_font_size=&#8220;20px&#8220;][\/et_pb_text][\/et_pb_column][\/et_pb_row][et_pb_row _builder_version=&#8220;4.9.7&#8243; min_height=&#8220;33px&#8220; custom_margin=&#8220;|auto||228px||&#8220; custom_padding=&#8220;40px||0px|&#8220; global_module=&#8220;33961&#8243; saved_tabs=&#8220;all&#8220;][et_pb_column type=&#8220;4_4&#8243; _builder_version=&#8220;3.25&#8243; custom_padding=&#8220;|||&#8220; custom_padding__hover=&#8220;|||&#8220;][et_pb_text _builder_version=&#8220;4.9.7&#8243; text_font=&#8220;|600|||||||&#8220; text_text_color=&#8220;#ff533d&#8220; text_font_size=&#8220;20px&#8220;][\/et_pb_text][\/et_pb_column][\/et_pb_row][\/et_pb_section][et_pb_section fb_built=&#8220;1&#8243; disabled_on=&#8220;off|off|off&#8220; admin_label=&#8220;Follow Along&#8220; _builder_version=&#8220;3.11.1&#8243; background_color=&#8220;#0f1626&#8243; background_position=&#8220;center_right&#8220; custom_padding=&#8220;0||0||false|false&#8220; top_divider_height=&#8220;43px&#8220; global_module=&#8220;33206&#8243; saved_tabs=&#8220;all&#8220;][\/et_pb_section]<\/p>\n","protected":false},"excerpt":{"rendered":"<p>Muttertag Event am Paraguayschn Zentrum in Z\u00fcrich Marisol Redondo in Konzert mit: Luis Alvarenga (Keyboard) Osvaldo Orrego (Bass) Enrique Harries \u00a0(Gitarre) Centro Paraguayo de ZurichBodenacker 25, 8046 Zurich &#8211; SCHWEIZZ\u00fcrich\u2013 SwitzerlandZ\u00fcrich\u2013 SwitzerlandGastro- und Musikveranstaltung Gastro- und Weinverkostung in einem Weingut in Schaffhausen, mit der live Performance der S\u00e4ngerin-Songwritering und Harfenisting Marisol Redondo, begleitet vom Maestro [&hellip;]<\/p>\n","protected":false},"author":1,"featured_media":0,"parent":0,"menu_order":0,"comment_status":"closed","ping_status":"closed","template":"","meta":{"_et_pb_use_builder":"on","_et_pb_old_content":"","_et_gb_content_width":"","footnotes":""},"yoast_head":"<!-- This site is optimized with the Yoast SEO plugin v21.2 - https:\/\/yoast.com\/wordpress\/plugins\/seo\/ -->\n<title>2022 Veranstaltungen - Marisol Redondo- Singer<\/title>\n<meta name=\"robots\" content=\"index, follow, max-snippet:-1, max-image-preview:large, max-video-preview:-1\" \/>\n<link rel=\"canonical\" href=\"https:\/\/www.marisolredondo.com\/de\/2022-veranstaltungen\/\" \/>\n<meta property=\"og:locale\" content=\"de_DE\" \/>\n<meta property=\"og:type\" content=\"article\" \/>\n<meta property=\"og:title\" content=\"2022 Veranstaltungen - Marisol Redondo- Singer\" \/>\n<meta property=\"og:description\" content=\"Muttertag Event am Paraguayschn Zentrum in Z\u00fcrich Marisol Redondo in Konzert mit: Luis Alvarenga (Keyboard) Osvaldo Orrego (Bass) Enrique Harries \u00a0(Gitarre) Centro Paraguayo de ZurichBodenacker 25, 8046 Zurich - SCHWEIZZ\u00fcrich\u2013 SwitzerlandZ\u00fcrich\u2013 SwitzerlandGastro- und Musikveranstaltung Gastro- und Weinverkostung in einem Weingut in Schaffhausen, mit der live Performance der S\u00e4ngerin-Songwritering und Harfenisting Marisol Redondo, begleitet vom Maestro [&hellip;]\" \/>\n<meta property=\"og:url\" content=\"https:\/\/www.marisolredondo.com\/de\/2022-veranstaltungen\/\" \/>\n<meta property=\"og:site_name\" content=\"Marisol Redondo- Singer\" \/>\n<meta property=\"article:modified_time\" content=\"2022-05-16T16:19:40+00:00\" \/>\n<meta name=\"twitter:card\" content=\"summary_large_image\" \/>\n<meta name=\"twitter:label1\" content=\"Gesch\u00e4tzte Lesezeit\" \/>\n\t<meta name=\"twitter:data1\" content=\"11\u00a0Minuten\" \/>\n<script type=\"application\/ld+json\" class=\"yoast-schema-graph\">{\"@context\":\"https:\/\/schema.org\",\"@graph\":[{\"@type\":\"WebPage\",\"@id\":\"https:\/\/www.marisolredondo.com\/de\/2022-veranstaltungen\/\",\"url\":\"https:\/\/www.marisolredondo.com\/de\/2022-veranstaltungen\/\",\"name\":\"2022 Veranstaltungen - Marisol Redondo- Singer\",\"isPartOf\":{\"@id\":\"https:\/\/www.marisolredondo.com\/#website\"},\"datePublished\":\"2021-08-05T11:44:39+00:00\",\"dateModified\":\"2022-05-16T16:19:40+00:00\",\"breadcrumb\":{\"@id\":\"https:\/\/www.marisolredondo.com\/de\/2022-veranstaltungen\/#breadcrumb\"},\"inLanguage\":\"de\",\"potentialAction\":[{\"@type\":\"ReadAction\",\"target\":[\"https:\/\/www.marisolredondo.com\/de\/2022-veranstaltungen\/\"]}]},{\"@type\":\"BreadcrumbList\",\"@id\":\"https:\/\/www.marisolredondo.com\/de\/2022-veranstaltungen\/#breadcrumb\",\"itemListElement\":[{\"@type\":\"ListItem\",\"position\":1,\"name\":\"Home\",\"item\":\"https:\/\/www.marisolredondo.com\/\"},{\"@type\":\"ListItem\",\"position\":2,\"name\":\"2022 Veranstaltungen\"}]},{\"@type\":\"WebSite\",\"@id\":\"https:\/\/www.marisolredondo.com\/#website\",\"url\":\"https:\/\/www.marisolredondo.com\/\",\"name\":\"Marisol Redondo\",\"description\":\"\",\"publisher\":{\"@id\":\"https:\/\/www.marisolredondo.com\/#\/schema\/person\/a7f4167392c64b100109903e48fe3898\"},\"potentialAction\":[{\"@type\":\"SearchAction\",\"target\":{\"@type\":\"EntryPoint\",\"urlTemplate\":\"https:\/\/www.marisolredondo.com\/?s={search_term_string}\"},\"query-input\":\"required name=search_term_string\"}],\"inLanguage\":\"de\"},{\"@type\":[\"Person\",\"Organization\"],\"@id\":\"https:\/\/www.marisolredondo.com\/#\/schema\/person\/a7f4167392c64b100109903e48fe3898\",\"name\":\"mredondo\",\"image\":{\"@type\":\"ImageObject\",\"inLanguage\":\"de\",\"@id\":\"https:\/\/www.marisolredondo.com\/#\/schema\/person\/image\/\",\"url\":\"https:\/\/secure.gravatar.com\/avatar\/0017f9752f1432e3e718b813e3e35442?s=96&d=mm&r=g\",\"contentUrl\":\"https:\/\/secure.gravatar.com\/avatar\/0017f9752f1432e3e718b813e3e35442?s=96&d=mm&r=g\",\"caption\":\"mredondo\"},\"logo\":{\"@id\":\"https:\/\/www.marisolredondo.com\/#\/schema\/person\/image\/\"}}]}<\/script>\n<!-- \/ Yoast SEO plugin. -->","yoast_head_json":{"title":"2022 Veranstaltungen - Marisol Redondo- Singer","robots":{"index":"index","follow":"follow","max-snippet":"max-snippet:-1","max-image-preview":"max-image-preview:large","max-video-preview":"max-video-preview:-1"},"canonical":"https:\/\/www.marisolredondo.com\/de\/2022-veranstaltungen\/","og_locale":"de_DE","og_type":"article","og_title":"2022 Veranstaltungen - Marisol Redondo- Singer","og_description":"Muttertag Event am Paraguayschn Zentrum in Z\u00fcrich Marisol Redondo in Konzert mit: Luis Alvarenga (Keyboard) Osvaldo Orrego (Bass) Enrique Harries \u00a0(Gitarre) Centro Paraguayo de ZurichBodenacker 25, 8046 Zurich - SCHWEIZZ\u00fcrich\u2013 SwitzerlandZ\u00fcrich\u2013 SwitzerlandGastro- und Musikveranstaltung Gastro- und Weinverkostung in einem Weingut in Schaffhausen, mit der live Performance der S\u00e4ngerin-Songwritering und Harfenisting Marisol Redondo, begleitet vom Maestro [&hellip;]","og_url":"https:\/\/www.marisolredondo.com\/de\/2022-veranstaltungen\/","og_site_name":"Marisol Redondo- Singer","article_modified_time":"2022-05-16T16:19:40+00:00","twitter_card":"summary_large_image","twitter_misc":{"Gesch\u00e4tzte Lesezeit":"11\u00a0Minuten"},"schema":{"@context":"https:\/\/schema.org","@graph":[{"@type":"WebPage","@id":"https:\/\/www.marisolredondo.com\/de\/2022-veranstaltungen\/","url":"https:\/\/www.marisolredondo.com\/de\/2022-veranstaltungen\/","name":"2022 Veranstaltungen - Marisol Redondo- Singer","isPartOf":{"@id":"https:\/\/www.marisolredondo.com\/#website"},"datePublished":"2021-08-05T11:44:39+00:00","dateModified":"2022-05-16T16:19:40+00:00","breadcrumb":{"@id":"https:\/\/www.marisolredondo.com\/de\/2022-veranstaltungen\/#breadcrumb"},"inLanguage":"de","potentialAction":[{"@type":"ReadAction","target":["https:\/\/www.marisolredondo.com\/de\/2022-veranstaltungen\/"]}]},{"@type":"BreadcrumbList","@id":"https:\/\/www.marisolredondo.com\/de\/2022-veranstaltungen\/#breadcrumb","itemListElement":[{"@type":"ListItem","position":1,"name":"Home","item":"https:\/\/www.marisolredondo.com\/"},{"@type":"ListItem","position":2,"name":"2022 Veranstaltungen"}]},{"@type":"WebSite","@id":"https:\/\/www.marisolredondo.com\/#website","url":"https:\/\/www.marisolredondo.com\/","name":"Marisol Redondo","description":"","publisher":{"@id":"https:\/\/www.marisolredondo.com\/#\/schema\/person\/a7f4167392c64b100109903e48fe3898"},"potentialAction":[{"@type":"SearchAction","target":{"@type":"EntryPoint","urlTemplate":"https:\/\/www.marisolredondo.com\/?s={search_term_string}"},"query-input":"required name=search_term_string"}],"inLanguage":"de"},{"@type":["Person","Organization"],"@id":"https:\/\/www.marisolredondo.com\/#\/schema\/person\/a7f4167392c64b100109903e48fe3898","name":"mredondo","image":{"@type":"ImageObject","inLanguage":"de","@id":"https:\/\/www.marisolredondo.com\/#\/schema\/person\/image\/","url":"https:\/\/secure.gravatar.com\/avatar\/0017f9752f1432e3e718b813e3e35442?s=96&d=mm&r=g","contentUrl":"https:\/\/secure.gravatar.com\/avatar\/0017f9752f1432e3e718b813e3e35442?s=96&d=mm&r=g","caption":"mredondo"},"logo":{"@id":"https:\/\/www.marisolredondo.com\/#\/schema\/person\/image\/"}}]}},"_links":{"self":[{"href":"https:\/\/www.marisolredondo.com\/de\/wp-json\/wp\/v2\/pages\/35929"}],"collection":[{"href":"https:\/\/www.marisolredondo.com\/de\/wp-json\/wp\/v2\/pages"}],"about":[{"href":"https:\/\/www.marisolredondo.com\/de\/wp-json\/wp\/v2\/types\/page"}],"author":[{"embeddable":true,"href":"https:\/\/www.marisolredondo.com\/de\/wp-json\/wp\/v2\/users\/1"}],"replies":[{"embeddable":true,"href":"https:\/\/www.marisolredondo.com\/de\/wp-json\/wp\/v2\/comments?post=35929"}],"version-history":[{"count":0,"href":"https:\/\/www.marisolredondo.com\/de\/wp-json\/wp\/v2\/pages\/35929\/revisions"}],"wp:attachment":[{"href":"https:\/\/www.marisolredondo.com\/de\/wp-json\/wp\/v2\/media?parent=35929"}],"curies":[{"name":"wp","href":"https:\/\/api.w.org\/{rel}","templated":true}]}}