{"id":34670,"date":"2018-11-09T01:15:26","date_gmt":"2018-11-09T01:15:26","guid":{"rendered":"https:\/\/www.marisolredondo.com\/2019-events\/"},"modified":"2020-06-17T07:32:41","modified_gmt":"2020-06-17T07:32:41","slug":"2019-events","status":"publish","type":"page","link":"https:\/\/www.marisolredondo.com\/de\/2019-events\/","title":{"rendered":"2019 Veranstaltungen"},"content":{"rendered":"<p>[et_pb_section fb_built=&#8220;1&#8243; fullwidth=&#8220;on&#8220; _builder_version=&#8220;3.22&#8243;][et_pb_fullwidth_header title=&#8220;Veranstaltungen 2019&#8243; text_orientation=&#8220;center&#8220; header_fullscreen=&#8220;on&#8220; header_scroll_down=&#8220;on&#8220; scroll_down_icon_color=&#8220;#ffffff&#8220; scroll_down_icon_size=&#8220;34px&#8220; background_overlay_color=&#8220;rgba(15,22,38,0.47)&#8220; logo_image_url=&#8220;https:\/\/www.marisolredondo.com\/wp-content\/uploads\/2018\/08\/logo-large.png&#8220; _builder_version=&#8220;3.16&#8243; title_font=&#8220;|600|||||||&#8220; title_font_size=&#8220;31px&#8220; title_letter_spacing=&#8220;5px&#8220; content_font=&#8220;||||||||&#8220; subhead_font=&#8220;||||||||&#8220; background_image=&#8220;https:\/\/www.marisolredondo.com\/wp-content\/uploads\/2018\/11\/marisol-redondo-in-concert-1.jpg&#8220; custom_css_logo=&#8220;margin-bottom:25px;&#8220; title_text_shadow_style=&#8220;preset1&#8243; button_one_text_size__hover_enabled=&#8220;off&#8220; button_one_text_size__hover=&#8220;null&#8220; button_two_text_size__hover_enabled=&#8220;off&#8220; button_two_text_size__hover=&#8220;null&#8220; button_one_text_color__hover_enabled=&#8220;off&#8220; button_one_text_color__hover=&#8220;null&#8220; button_two_text_color__hover_enabled=&#8220;off&#8220; button_two_text_color__hover=&#8220;null&#8220; button_one_border_width__hover_enabled=&#8220;off&#8220; button_one_border_width__hover=&#8220;null&#8220; button_two_border_width__hover_enabled=&#8220;off&#8220; button_two_border_width__hover=&#8220;null&#8220; button_one_border_color__hover_enabled=&#8220;off&#8220; button_one_border_color__hover=&#8220;null&#8220; button_two_border_color__hover_enabled=&#8220;off&#8220; button_two_border_color__hover=&#8220;null&#8220; button_one_border_radius__hover_enabled=&#8220;off&#8220; button_one_border_radius__hover=&#8220;null&#8220; button_two_border_radius__hover_enabled=&#8220;off&#8220; button_two_border_radius__hover=&#8220;null&#8220; button_one_letter_spacing__hover_enabled=&#8220;off&#8220; button_one_letter_spacing__hover=&#8220;null&#8220; button_two_letter_spacing__hover_enabled=&#8220;off&#8220; button_two_letter_spacing__hover=&#8220;null&#8220; button_one_bg_color__hover_enabled=&#8220;off&#8220; button_one_bg_color__hover=&#8220;null&#8220; button_two_bg_color__hover_enabled=&#8220;off&#8220; button_two_bg_color__hover=&#8220;null&#8220;]<\/p>\n<hr class=\"underline-style\" \/>\n[\/et_pb_fullwidth_header][\/et_pb_section][et_pb_section fb_built=&#8220;1&#8243; _builder_version=&#8220;3.22&#8243;][et_pb_row column_structure=&#8220;1_2,1_2&#8243; _builder_version=&#8220;3.25&#8243;][et_pb_column type=&#8220;1_2&#8243; _builder_version=&#8220;3.25&#8243; custom_padding=&#8220;|||&#8220; custom_padding__hover=&#8220;|||&#8220;][et_pb_blurb title=&#8220;6. &amp; 7. Januar 2019&#8243; use_icon=&#8220;on&#8220; font_icon=&#8220;%%128%%&#8220; icon_color=&#8220;#ff533d&#8220; icon_placement=&#8220;left&#8220; use_icon_font_size=&#8220;on&#8220; icon_font_size=&#8220;23px&#8220; _builder_version=&#8220;3.17.6&#8243; header_font=&#8220;|600|||||||&#8220; header_text_color=&#8220;#ab987a&#8220; header_font_size=&#8220;21px&#8220; header_letter_spacing=&#8220;2px&#8220; custom_margin=&#8220;||10px|&#8220; custom_padding=&#8220;|||&#8220;][\/et_pb_blurb][et_pb_text ul_item_indent=&#8220;35px&#8220; _builder_version=&#8220;4.0.6&#8243; text_font=&#8220;||||||||&#8220; text_line_height=&#8220;1.9em&#8220; link_font=&#8220;||||||||&#8220; link_text_color=&#8220;#3550a0&#8243; ul_font=&#8220;||||||||&#8220; ul_line_height=&#8220;1.6em&#8220; header_font=&#8220;||||||||&#8220; header_2_font=&#8220;||||||||&#8220; header_3_font=&#8220;|700||on|||||&#8220; header_3_text_color=&#8220;#0f1626&#8243; header_3_font_size=&#8220;25px&#8220; header_3_line_height=&#8220;1.1em&#8220; header_4_font=&#8220;Lato|700|||||||&#8220; header_4_text_color=&#8220;#3550a0&#8243; header_4_font_size=&#8220;16px&#8220; header_4_line_height=&#8220;1.5em&#8220; custom_margin=&#8220;|||&#8220; header_3_font_size_tablet=&#8220;&#8220; header_3_font_size_phone=&#8220;20px&#8220; header_3_font_size_last_edited=&#8220;on|phone&#8220; locked=&#8220;off&#8220;]<\/p>\n<h3>Volver<\/h3>\n<p>Marisol Redondo Albumaufnahme mit:<\/p>\n<ul>\n<li>Simone Tolomeo (Bandoneon)<\/li>\n<li>Sebasti\u00e1n Noya (Klavier)<\/li>\n<li>S\u00e1ndor T\u00f6r\u00f6k (Kontrabass)<\/li>\n<\/ul>\n<p class=\"MR-event-address\">Little Big Studios<br \/>\nEssanestrasse 164, 9492 Eschen, Liechtenstein<\/p>\n<p>[\/et_pb_text][\/et_pb_column][et_pb_column type=&#8220;1_2&#8243; _builder_version=&#8220;3.25&#8243; custom_padding=&#8220;|||&#8220; custom_padding__hover=&#8220;|||&#8220;][et_pb_blurb title=&#8220;Little Big Studios&#8220; use_icon=&#8220;on&#8220; font_icon=&#8220;%%249%%&#8220; icon_color=&#8220;#ff533d&#8220; icon_placement=&#8220;left&#8220; use_icon_font_size=&#8220;on&#8220; icon_font_size=&#8220;23px&#8220; _builder_version=&#8220;3.17.6&#8243; header_font=&#8220;|600|||||||&#8220; header_text_color=&#8220;#ab987a&#8220; header_font_size=&#8220;21px&#8220; header_letter_spacing=&#8220;2px&#8220; custom_margin=&#8220;||10px|&#8220; custom_padding=&#8220;|||&#8220;]Essanestrasse 164, 9492 Eschen, Liechtenstein<br \/>\n[\/et_pb_blurb][et_pb_map address=&#8220;Essanestrasse 164, 9492 Eschen, Liechtenstein&#8220; address_lat=&#8220;47.2101692&#8243; address_lng=&#8220;9.5127983&#8243; _builder_version=&#8220;3.17.6&#8243; custom_margin=&#8220;15px|||&#8220; border_width_all=&#8220;6px&#8220; border_color_all=&#8220;#ffffff&#8220; box_shadow_style=&#8220;preset3&#8243;][et_pb_map_pin title=&#8220;Little Big Studios Eschen&#8220; pin_address=&#8220;Essanestrasse 164, 9492 Eschen, Liechtenstein&#8220; pin_address_lat=&#8220;47.2101692&#8243; pin_address_lng=&#8220;9.5127983&#8243; _builder_version=&#8220;3.15&#8243;]H\u00e4ldele, 6833 Weiler, \u00d6sterreich[\/et_pb_map_pin][\/et_pb_map][\/et_pb_column][\/et_pb_row][et_pb_row _builder_version=&#8220;3.25&#8243; min_height=&#8220;33px&#8220; custom_padding=&#8220;40px||0px|&#8220; global_module=&#8220;33961&#8243;][et_pb_column type=&#8220;4_4&#8243; _builder_version=&#8220;3.25&#8243; custom_padding=&#8220;|||&#8220; custom_padding__hover=&#8220;|||&#8220;][\/et_pb_column][\/et_pb_row][et_pb_row column_structure=&#8220;1_2,1_2&#8243; _builder_version=&#8220;3.25&#8243;][et_pb_column type=&#8220;1_2&#8243; _builder_version=&#8220;3.25&#8243; custom_padding=&#8220;|||&#8220; custom_padding__hover=&#8220;|||&#8220;][et_pb_blurb title=&#8220;15. Februar 2019&#8243; use_icon=&#8220;on&#8220; font_icon=&#8220;%%128%%&#8220; icon_color=&#8220;#ff533d&#8220; icon_placement=&#8220;left&#8220; use_icon_font_size=&#8220;on&#8220; icon_font_size=&#8220;23px&#8220; _builder_version=&#8220;3.17.6&#8243; header_font=&#8220;|600|||||||&#8220; header_text_color=&#8220;#ab987a&#8220; header_font_size=&#8220;21px&#8220; header_letter_spacing=&#8220;2px&#8220; custom_margin=&#8220;||10px|&#8220; custom_padding=&#8220;|||&#8220;][\/et_pb_blurb][et_pb_blurb title=&#8220;20:00&#8243; use_icon=&#8220;on&#8220; font_icon=&#8220;%%92%%&#8220; icon_color=&#8220;#ff533d&#8220; icon_placement=&#8220;left&#8220; use_icon_font_size=&#8220;on&#8220; icon_font_size=&#8220;23px&#8220; _builder_version=&#8220;3.17.6&#8243; header_font=&#8220;|600|||||||&#8220; header_text_color=&#8220;#ab987a&#8220; header_font_size=&#8220;21px&#8220; header_letter_spacing=&#8220;2px&#8220; custom_margin=&#8220;||10px|&#8220; custom_padding=&#8220;|||&#8220;][\/et_pb_blurb][et_pb_text ul_item_indent=&#8220;35px&#8220; _builder_version=&#8220;3.27.4&#8243; text_line_height=&#8220;1.9em&#8220; link_text_color=&#8220;#3550a0&#8243; ul_line_height=&#8220;1.6em&#8220; header_3_font=&#8220;|700||on|||||&#8220; header_3_text_color=&#8220;#0f1626&#8243; header_3_font_size=&#8220;25px&#8220; header_3_line_height=&#8220;1.1em&#8220; header_4_font=&#8220;Lato|700|||||||&#8220; header_4_text_color=&#8220;#3550a0&#8243; header_4_font_size=&#8220;16px&#8220; header_4_line_height=&#8220;1.5em&#8220; custom_margin=&#8220;|||&#8220; header_3_font_size_tablet=&#8220;&#8220; header_3_font_size_phone=&#8220;20px&#8220; header_3_font_size_last_edited=&#8220;on|phone&#8220; locked=&#8220;off&#8220;]<\/p>\n<h3>Marisol in concert \u2013 Folklore, Tangos y Candombes<\/h3>\n<p>Marisol Redondo in Konzert mit:<\/p>\n<ul>\n<li>Simone Tolomeo (Bandoneon)<\/li>\n<li>Sebasti\u00e1n Noya (Klavier)<\/li>\n<\/ul>\n<p class=\"MR-event-address\">Ancienne Poste des Planches<br \/>\nMontreux \u2013 Schweiz<\/p>\n<p>[\/et_pb_text][\/et_pb_column][et_pb_column type=&#8220;1_2&#8243; _builder_version=&#8220;3.25&#8243; custom_padding=&#8220;|||&#8220; custom_padding__hover=&#8220;|||&#8220;][et_pb_blurb title=&#8220;Ancienne Poste des Planches&#8220; use_icon=&#8220;on&#8220; font_icon=&#8220;%%249%%&#8220; icon_color=&#8220;#ff533d&#8220; icon_placement=&#8220;left&#8220; use_icon_font_size=&#8220;on&#8220; icon_font_size=&#8220;23px&#8220; _builder_version=&#8220;3.17.6&#8243; header_font=&#8220;|600|||||||&#8220; header_text_color=&#8220;#ab987a&#8220; header_font_size=&#8220;21px&#8220; header_letter_spacing=&#8220;2px&#8220; custom_margin=&#8220;||10px|&#8220; custom_padding=&#8220;|||&#8220;]Montreux \u2013 Schweiz<br \/>\n[\/et_pb_blurb][et_pb_map address=&#8220;Place des Planches, 1820 Montreux, Switzerland&#8220; address_lat=&#8220;46.4330151&#8243; address_lng=&#8220;6.9167915&#8243; _builder_version=&#8220;3.17.6&#8243; custom_margin=&#8220;15px|||&#8220; border_width_all=&#8220;6px&#8220; border_color_all=&#8220;#ffffff&#8220; box_shadow_style=&#8220;preset3&#8243;][et_pb_map_pin title=&#8220;Ancienne Poste des Planches&#8220; pin_address=&#8220;Place des Planches, 1820 Montreux, Switzerland&#8220; zoom_level=&#8220;11&#8243; pin_address_lat=&#8220;46.4330151&#8243; pin_address_lng=&#8220;6.9167915&#8243; _builder_version=&#8220;3.15&#8243;]Montreux \u2013 Schweiz[\/et_pb_map_pin][\/et_pb_map][\/et_pb_column][\/et_pb_row][et_pb_row _builder_version=&#8220;3.25&#8243; min_height=&#8220;33px&#8220; custom_padding=&#8220;40px||0px|&#8220; global_module=&#8220;33961&#8243; saved_tabs=&#8220;all&#8220;][et_pb_column type=&#8220;4_4&#8243; _builder_version=&#8220;3.25&#8243; custom_padding=&#8220;|||&#8220; custom_padding__hover=&#8220;|||&#8220;][\/et_pb_column][\/et_pb_row][et_pb_row column_structure=&#8220;1_2,1_2&#8243; _builder_version=&#8220;3.25&#8243;][et_pb_column type=&#8220;1_2&#8243; _builder_version=&#8220;3.25&#8243; custom_padding=&#8220;|||&#8220; custom_padding__hover=&#8220;|||&#8220;][et_pb_blurb title=&#8220;26. &amp; 27. April 2019&#8243; use_icon=&#8220;on&#8220; font_icon=&#8220;%%128%%&#8220; icon_color=&#8220;#ff533d&#8220; icon_placement=&#8220;left&#8220; use_icon_font_size=&#8220;on&#8220; icon_font_size=&#8220;23px&#8220; _builder_version=&#8220;3.21&#8243; header_font=&#8220;|600|||||||&#8220; header_text_color=&#8220;#ab987a&#8220; header_font_size=&#8220;21px&#8220; header_letter_spacing=&#8220;2px&#8220; custom_margin=&#8220;||10px|&#8220; custom_padding=&#8220;|||&#8220;][\/et_pb_blurb][et_pb_blurb title=&#8220;20:00 \/ 14:00&#8243; use_icon=&#8220;on&#8220; font_icon=&#8220;%%92%%&#8220; icon_color=&#8220;#ff533d&#8220; icon_placement=&#8220;left&#8220; use_icon_font_size=&#8220;on&#8220; icon_font_size=&#8220;23px&#8220; _builder_version=&#8220;3.21&#8243; header_font=&#8220;|600|||||||&#8220; header_text_color=&#8220;#ab987a&#8220; header_font_size=&#8220;21px&#8220; header_letter_spacing=&#8220;2px&#8220; custom_margin=&#8220;||10px|&#8220; custom_padding=&#8220;|||&#8220;][\/et_pb_blurb][et_pb_text ul_item_indent=&#8220;35px&#8220; _builder_version=&#8220;3.27.4&#8243; text_line_height=&#8220;1.9em&#8220; link_text_color=&#8220;#3550a0&#8243; ul_line_height=&#8220;1.6em&#8220; header_3_font=&#8220;|700||on|||||&#8220; header_3_text_color=&#8220;#0f1626&#8243; header_3_font_size=&#8220;25px&#8220; header_3_line_height=&#8220;1.1em&#8220; header_4_font=&#8220;Lato|700|||||||&#8220; header_4_text_color=&#8220;#3550a0&#8243; header_4_font_size=&#8220;16px&#8220; header_4_line_height=&#8220;1.5em&#8220; custom_margin=&#8220;|||&#8220; header_3_font_size_tablet=&#8220;&#8220; header_3_font_size_phone=&#8220;20px&#8220; header_3_font_size_last_edited=&#8220;on|phone&#8220; locked=&#8220;off&#8220;]<\/p>\n<h3>Voz y Arpas \u2013 Uruguay, Argentina and Paraguay<\/h3>\n<p>Marisol Redondo in Konzert mit:<\/p>\n<ul>\n<li>Jacques Vandevelde (Harfe)<\/li>\n<\/ul>\n<p class=\"MR-event-address\">Kasteel van Laarne<br \/>\nLaarne \u2013 Belgien<\/p>\n<p>[\/et_pb_text][\/et_pb_column][et_pb_column type=&#8220;1_2&#8243; _builder_version=&#8220;3.25&#8243; custom_padding=&#8220;|||&#8220; custom_padding__hover=&#8220;|||&#8220;][et_pb_blurb title=&#8220;Kasteel van Laarne&#8220; use_icon=&#8220;on&#8220; font_icon=&#8220;%%249%%&#8220; icon_color=&#8220;#ff533d&#8220; icon_placement=&#8220;left&#8220; use_icon_font_size=&#8220;on&#8220; icon_font_size=&#8220;23px&#8220; _builder_version=&#8220;3.21&#8243; header_font=&#8220;|600|||||||&#8220; header_text_color=&#8220;#ab987a&#8220; header_font_size=&#8220;21px&#8220; header_letter_spacing=&#8220;2px&#8220; custom_margin=&#8220;||10px|&#8220; custom_padding=&#8220;|||&#8220;]Laarne\u2013 Belgien[\/et_pb_blurb][et_pb_map address=&#8220;Eekhoekstraat 5, 9270 Laarne, Belgium&#8220; zoom_level=&#8220;16&#8243; address_lat=&#8220;51.027383393914&#8243; address_lng=&#8220;3.8379936698365&#8243; _builder_version=&#8220;3.21&#8243; custom_margin=&#8220;15px|||&#8220; border_width_all=&#8220;6px&#8220; border_color_all=&#8220;#ffffff&#8220; box_shadow_style=&#8220;preset3&#8243;][et_pb_map_pin title=&#8220;Kasteel van Laarne&#8220; pin_address=&#8220;Eekhoekstraat 5, 9270 Laarne, Belgium&#8220; zoom_level=&#8220;15&#8243; pin_address_lat=&#8220;51.0273859&#8243; pin_address_lng=&#8220;3.8384085&#8243; _builder_version=&#8220;3.21&#8243;][\/et_pb_map_pin][\/et_pb_map][\/et_pb_column][\/et_pb_row][et_pb_row _builder_version=&#8220;3.25&#8243; min_height=&#8220;33px&#8220; custom_padding=&#8220;40px||0px|&#8220; global_module=&#8220;33961&#8243; saved_tabs=&#8220;all&#8220;][et_pb_column type=&#8220;4_4&#8243; _builder_version=&#8220;3.25&#8243; custom_padding=&#8220;|||&#8220; custom_padding__hover=&#8220;|||&#8220;][\/et_pb_column][\/et_pb_row][et_pb_row column_structure=&#8220;1_2,1_2&#8243; _builder_version=&#8220;3.25&#8243;][et_pb_column type=&#8220;1_2&#8243; _builder_version=&#8220;3.25&#8243; custom_padding=&#8220;|||&#8220; custom_padding__hover=&#8220;|||&#8220;][et_pb_blurb title=&#8220;14. Juni 2019&#8243; use_icon=&#8220;on&#8220; font_icon=&#8220;%%128%%&#8220; icon_color=&#8220;#ff533d&#8220; icon_placement=&#8220;left&#8220; use_icon_font_size=&#8220;on&#8220; icon_font_size=&#8220;23px&#8220; _builder_version=&#8220;3.17.6&#8243; header_font=&#8220;|600|||||||&#8220; header_text_color=&#8220;#ab987a&#8220; header_font_size=&#8220;21px&#8220; header_letter_spacing=&#8220;2px&#8220; custom_margin=&#8220;||10px|&#8220; custom_padding=&#8220;|||&#8220;][\/et_pb_blurb][et_pb_blurb title=&#8220;20:00&#8243; use_icon=&#8220;on&#8220; font_icon=&#8220;%%92%%&#8220; icon_color=&#8220;#ff533d&#8220; icon_placement=&#8220;left&#8220; use_icon_font_size=&#8220;on&#8220; icon_font_size=&#8220;23px&#8220; _builder_version=&#8220;3.17.6&#8243; header_font=&#8220;|600|||||||&#8220; header_text_color=&#8220;#ab987a&#8220; header_font_size=&#8220;21px&#8220; header_letter_spacing=&#8220;2px&#8220; custom_margin=&#8220;||10px|&#8220; custom_padding=&#8220;|||&#8220;][\/et_pb_blurb][et_pb_text ul_item_indent=&#8220;35px&#8220; _builder_version=&#8220;3.27.4&#8243; text_line_height=&#8220;1.9em&#8220; link_text_color=&#8220;#3550a0&#8243; ul_line_height=&#8220;1.6em&#8220; header_3_font=&#8220;|700||on|||||&#8220; header_3_text_color=&#8220;#0f1626&#8243; header_3_font_size=&#8220;25px&#8220; header_3_line_height=&#8220;1.1em&#8220; header_4_font=&#8220;Lato|700|||||||&#8220; header_4_text_color=&#8220;#3550a0&#8243; header_4_font_size=&#8220;16px&#8220; header_4_line_height=&#8220;1.5em&#8220; custom_margin=&#8220;|||&#8220; header_3_font_size_tablet=&#8220;&#8220; header_3_font_size_phone=&#8220;20px&#8220; header_3_font_size_last_edited=&#8220;on|phone&#8220; locked=&#8220;off&#8220;]<\/p>\n<h3>Marisol in concert \u2013 Tango y Candombe<\/h3>\n<p>Marisol Redondo in Konzert mit:<\/p>\n<ul>\n<li>Simone Tolomeo (Bandoneon)<\/li>\n<li>Sebasti\u00e1n Noya (Klavier)<\/li>\n<li>S\u00e1ndor T\u00f6r\u00f6k (Kontrabass)<\/li>\n<\/ul>\n<p class=\"MR-event-address\">Mimos<br \/>\nKornhausstrasse 18, 8006 Z\u00fcrich \u2013 Schweiz<\/p>\n<p>[\/et_pb_text][\/et_pb_column][et_pb_column type=&#8220;1_2&#8243; _builder_version=&#8220;3.25&#8243; custom_padding=&#8220;|||&#8220; custom_padding__hover=&#8220;|||&#8220;][et_pb_blurb title=&#8220;Mimos&#8220; use_icon=&#8220;on&#8220; font_icon=&#8220;%%249%%&#8220; icon_color=&#8220;#ff533d&#8220; icon_placement=&#8220;left&#8220; use_icon_font_size=&#8220;on&#8220; icon_font_size=&#8220;23px&#8220; _builder_version=&#8220;3.17.6&#8243; header_font=&#8220;|600|||||||&#8220; header_text_color=&#8220;#ab987a&#8220; header_font_size=&#8220;21px&#8220; header_letter_spacing=&#8220;2px&#8220; custom_margin=&#8220;||10px|&#8220; custom_padding=&#8220;|||&#8220;]Kornhausstrasse 18, 8006 Z\u00fcrich \u2013 Schweiz<br \/>\n[\/et_pb_blurb][et_pb_map address=&#8220;Kornhausstrasse 18, 8006 Z\u00fcrich, Switzerland&#8220; address_lat=&#8220;47.387605&#8243; address_lng=&#8220;8.5361098&#8243; _builder_version=&#8220;3.17.6&#8243; custom_margin=&#8220;15px|||&#8220; border_width_all=&#8220;6px&#8220; border_color_all=&#8220;#ffffff&#8220; box_shadow_style=&#8220;preset3&#8243;][et_pb_map_pin title=&#8220;Mimos&#8220; pin_address=&#8220;Kornhausstrasse 18, 8006 Z\u00fcrich, Switzerland&#8220; zoom_level=&#8220;14&#8243; pin_address_lat=&#8220;47.387605&#8243; pin_address_lng=&#8220;8.5361098&#8243; _builder_version=&#8220;3.17.6&#8243;]Z\u00fcrich &#8211; Schweiz[\/et_pb_map_pin][\/et_pb_map][\/et_pb_column][\/et_pb_row][et_pb_row _builder_version=&#8220;3.25&#8243; min_height=&#8220;33px&#8220; custom_padding=&#8220;40px||0px|&#8220; global_module=&#8220;33961&#8243; saved_tabs=&#8220;all&#8220;][et_pb_column type=&#8220;4_4&#8243; _builder_version=&#8220;3.25&#8243; custom_padding=&#8220;|||&#8220; custom_padding__hover=&#8220;|||&#8220;][\/et_pb_column][\/et_pb_row][et_pb_row column_structure=&#8220;1_2,1_2&#8243; _builder_version=&#8220;3.25&#8243;][et_pb_column type=&#8220;1_2&#8243; _builder_version=&#8220;3.25&#8243; custom_padding=&#8220;|||&#8220; custom_padding__hover=&#8220;|||&#8220;][et_pb_blurb title=&#8220;4. Oktober 2019&#8243; use_icon=&#8220;on&#8220; font_icon=&#8220;%%128%%&#8220; icon_color=&#8220;#ff533d&#8220; icon_placement=&#8220;left&#8220; use_icon_font_size=&#8220;on&#8220; icon_font_size=&#8220;23px&#8220; _builder_version=&#8220;3.17.6&#8243; header_font=&#8220;|600|||||||&#8220; header_text_color=&#8220;#ab987a&#8220; header_font_size=&#8220;21px&#8220; header_letter_spacing=&#8220;2px&#8220; custom_margin=&#8220;||10px|&#8220; custom_padding=&#8220;|||&#8220;][\/et_pb_blurb][et_pb_blurb title=&#8220;20:00&#8243; use_icon=&#8220;on&#8220; font_icon=&#8220;%%92%%&#8220; icon_color=&#8220;#ff533d&#8220; icon_placement=&#8220;left&#8220; use_icon_font_size=&#8220;on&#8220; icon_font_size=&#8220;23px&#8220; _builder_version=&#8220;3.17.6&#8243; header_font=&#8220;|600|||||||&#8220; header_text_color=&#8220;#ab987a&#8220; header_font_size=&#8220;21px&#8220; header_letter_spacing=&#8220;2px&#8220; custom_margin=&#8220;||10px|&#8220; custom_padding=&#8220;|||&#8220;][\/et_pb_blurb][et_pb_text ul_item_indent=&#8220;35px&#8220; _builder_version=&#8220;3.27.4&#8243; text_line_height=&#8220;1.9em&#8220; link_text_color=&#8220;#3550a0&#8243; ul_line_height=&#8220;1.6em&#8220; header_3_font=&#8220;|700||on|||||&#8220; header_3_text_color=&#8220;#0f1626&#8243; header_3_font_size=&#8220;25px&#8220; header_3_line_height=&#8220;1.1em&#8220; header_4_font=&#8220;Lato|700|||||||&#8220; header_4_text_color=&#8220;#3550a0&#8243; header_4_font_size=&#8220;16px&#8220; header_4_line_height=&#8220;1.5em&#8220; custom_margin=&#8220;|||&#8220; header_3_font_size_tablet=&#8220;&#8220; header_3_font_size_phone=&#8220;20px&#8220; header_3_font_size_last_edited=&#8220;on|phone&#8220; locked=&#8220;off&#8220;]<\/p>\n<h3>Marisol in concert \u2013 Tango y Candombe<\/h3>\n<p>Marisol Redondo in Konzert\u00a0 mit:<\/p>\n<ul>\n<li>Simone Tolomeo (Bandoneon)<\/li>\n<li>Sebasti\u00e1n Noya (Klavier)<\/li>\n<\/ul>\n<p class=\"MR-event-address\">Ancienne Poste des Planches<br \/>\nMontreux \u2013 Schweiz<\/p>\n<p>[\/et_pb_text][\/et_pb_column][et_pb_column type=&#8220;1_2&#8243; _builder_version=&#8220;3.25&#8243; custom_padding=&#8220;|||&#8220; custom_padding__hover=&#8220;|||&#8220;][et_pb_blurb title=&#8220;Ancienne Poste des Planches&#8220; use_icon=&#8220;on&#8220; font_icon=&#8220;%%249%%&#8220; icon_color=&#8220;#ff533d&#8220; icon_placement=&#8220;left&#8220; use_icon_font_size=&#8220;on&#8220; icon_font_size=&#8220;23px&#8220; _builder_version=&#8220;3.17.6&#8243; header_font=&#8220;|600|||||||&#8220; header_text_color=&#8220;#ab987a&#8220; header_font_size=&#8220;21px&#8220; header_letter_spacing=&#8220;2px&#8220; custom_margin=&#8220;||10px|&#8220; custom_padding=&#8220;|||&#8220;]Montreux \u2013 Schweiz<br \/>\n[\/et_pb_blurb][et_pb_map address=&#8220;Montreux-Les Planches, 1820 Montreux, Switzerland&#8220; address_lat=&#8220;46.433092&#8243; address_lng=&#8220;6.917563&#8243; _builder_version=&#8220;3.17.6&#8243; custom_margin=&#8220;15px|||&#8220; border_width_all=&#8220;6px&#8220; border_color_all=&#8220;#ffffff&#8220; box_shadow_style=&#8220;preset3&#8243;][et_pb_map_pin title=&#8220;Ancienne Poste des Planches&#8220; pin_address=&#8220;Place des Planches, 1820 Montreux, Switzerland&#8220; zoom_level=&#8220;14&#8243; pin_address_lat=&#8220;46.4330151&#8243; pin_address_lng=&#8220;6.9167915&#8243; _builder_version=&#8220;3.17.6&#8243;]Montreux &#8211; Schweiz[\/et_pb_map_pin][\/et_pb_map][\/et_pb_column][\/et_pb_row][et_pb_row _builder_version=&#8220;3.25&#8243; min_height=&#8220;33px&#8220; custom_padding=&#8220;40px||0px|&#8220; global_module=&#8220;33961&#8243; saved_tabs=&#8220;all&#8220;][et_pb_column type=&#8220;4_4&#8243; _builder_version=&#8220;3.25&#8243; custom_padding=&#8220;|||&#8220; custom_padding__hover=&#8220;|||&#8220;][\/et_pb_column][\/et_pb_row][et_pb_row column_structure=&#8220;1_2,1_2&#8243; _builder_version=&#8220;3.25&#8243;][et_pb_column type=&#8220;1_2&#8243; _builder_version=&#8220;3.25&#8243; custom_padding=&#8220;|||&#8220; custom_padding__hover=&#8220;|||&#8220;][et_pb_blurb title=&#8220;26. Oktober 2019&#8243; use_icon=&#8220;on&#8220; font_icon=&#8220;%%128%%&#8220; icon_color=&#8220;#ff533d&#8220; icon_placement=&#8220;left&#8220; use_icon_font_size=&#8220;on&#8220; icon_font_size=&#8220;23px&#8220; _builder_version=&#8220;3.21&#8243; header_font=&#8220;|600|||||||&#8220; header_text_color=&#8220;#ab987a&#8220; header_font_size=&#8220;21px&#8220; header_letter_spacing=&#8220;2px&#8220; custom_margin=&#8220;||10px|&#8220; custom_padding=&#8220;|||&#8220;][\/et_pb_blurb][et_pb_blurb title=&#8220;20:00&#8243; use_icon=&#8220;on&#8220; font_icon=&#8220;%%92%%&#8220; icon_color=&#8220;#ff533d&#8220; icon_placement=&#8220;left&#8220; use_icon_font_size=&#8220;on&#8220; icon_font_size=&#8220;23px&#8220; _builder_version=&#8220;3.21&#8243; header_font=&#8220;|600|||||||&#8220; header_text_color=&#8220;#ab987a&#8220; header_font_size=&#8220;21px&#8220; header_letter_spacing=&#8220;2px&#8220; custom_margin=&#8220;||10px|&#8220; custom_padding=&#8220;|||&#8220;][\/et_pb_blurb][et_pb_text ul_item_indent=&#8220;35px&#8220; _builder_version=&#8220;3.27.4&#8243; text_line_height=&#8220;1.9em&#8220; link_text_color=&#8220;#3550a0&#8243; ul_line_height=&#8220;1.6em&#8220; header_3_font=&#8220;|700||on|||||&#8220; header_3_text_color=&#8220;#0f1626&#8243; header_3_font_size=&#8220;25px&#8220; header_3_line_height=&#8220;1.1em&#8220; header_4_font=&#8220;Lato|700|||||||&#8220; header_4_text_color=&#8220;#3550a0&#8243; header_4_font_size=&#8220;16px&#8220; header_4_line_height=&#8220;1.5em&#8220; custom_margin=&#8220;|||&#8220; header_3_font_size_tablet=&#8220;&#8220; header_3_font_size_phone=&#8220;20px&#8220; header_3_font_size_last_edited=&#8220;on|phone&#8220; locked=&#8220;off&#8220;]Schaan \u2013 Liechtenstein[\/et_pb_text][\/et_pb_column][et_pb_column type=&#8220;1_2&#8243; _builder_version=&#8220;3.25&#8243; custom_padding=&#8220;|||&#8220; custom_padding__hover=&#8220;|||&#8220;][et_pb_blurb title=&#8220;Tak Theater Liechtenstein&#8220; use_icon=&#8220;on&#8220; font_icon=&#8220;%%249%%&#8220; icon_color=&#8220;#ff533d&#8220; icon_placement=&#8220;left&#8220; use_icon_font_size=&#8220;on&#8220; icon_font_size=&#8220;23px&#8220; _builder_version=&#8220;3.21&#8243; header_font=&#8220;|600|||||||&#8220; header_text_color=&#8220;#ab987a&#8220; header_font_size=&#8220;21px&#8220; header_letter_spacing=&#8220;2px&#8220; custom_margin=&#8220;||10px|&#8220; custom_padding=&#8220;|||&#8220;]Schaan \u2013 Liechtenstein[\/et_pb_blurb][et_pb_map address=&#8220;Reberastrasse 12, 9494 Schaan, Liechtenstein&#8220; address_lat=&#8220;47.1673875&#8243; address_lng=&#8220;9.5116274&#8243; _builder_version=&#8220;3.21&#8243; custom_margin=&#8220;15px|||&#8220; border_width_all=&#8220;6px&#8220; border_color_all=&#8220;#ffffff&#8220; box_shadow_style=&#8220;preset3&#8243;][et_pb_map_pin title=&#8220;Tak Theater Liechtenstein&#8220; pin_address=&#8220;Reberastrasse 12, 9494 Schaan, Liechtenstein&#8220; zoom_level=&#8220;17&#8243; pin_address_lat=&#8220;47.1673875&#8243; pin_address_lng=&#8220;9.5116274&#8243; _builder_version=&#8220;3.21&#8243;][\/et_pb_map_pin][\/et_pb_map][\/et_pb_column][\/et_pb_row][et_pb_row _builder_version=&#8220;3.25&#8243; min_height=&#8220;33px&#8220; custom_padding=&#8220;40px||0px|&#8220; global_module=&#8220;33961&#8243; saved_tabs=&#8220;all&#8220;][et_pb_column type=&#8220;4_4&#8243; _builder_version=&#8220;3.25&#8243; custom_padding=&#8220;|||&#8220; custom_padding__hover=&#8220;|||&#8220;][\/et_pb_column][\/et_pb_row][et_pb_row column_structure=&#8220;1_2,1_2&#8243; _builder_version=&#8220;3.25&#8243;][et_pb_column type=&#8220;1_2&#8243; _builder_version=&#8220;3.25&#8243; custom_padding=&#8220;|||&#8220; custom_padding__hover=&#8220;|||&#8220;][et_pb_blurb title=&#8220;2. November 2019&#8243; use_icon=&#8220;on&#8220; font_icon=&#8220;%%128%%&#8220; icon_color=&#8220;#ff533d&#8220; icon_placement=&#8220;left&#8220; use_icon_font_size=&#8220;on&#8220; icon_font_size=&#8220;23px&#8220; _builder_version=&#8220;3.21&#8243; header_font=&#8220;|600|||||||&#8220; header_text_color=&#8220;#ab987a&#8220; header_font_size=&#8220;21px&#8220; header_letter_spacing=&#8220;2px&#8220; custom_margin=&#8220;||10px|&#8220; custom_padding=&#8220;|||&#8220;][\/et_pb_blurb][et_pb_blurb title=&#8220;20:30&#8243; use_icon=&#8220;on&#8220; font_icon=&#8220;%%92%%&#8220; icon_color=&#8220;#ff533d&#8220; icon_placement=&#8220;left&#8220; use_icon_font_size=&#8220;on&#8220; icon_font_size=&#8220;23px&#8220; _builder_version=&#8220;3.21&#8243; header_font=&#8220;|600|||||||&#8220; header_text_color=&#8220;#ab987a&#8220; header_font_size=&#8220;21px&#8220; header_letter_spacing=&#8220;2px&#8220; custom_margin=&#8220;||10px|&#8220; custom_padding=&#8220;|||&#8220;][\/et_pb_blurb][et_pb_text ul_item_indent=&#8220;35px&#8220; _builder_version=&#8220;3.27.4&#8243; text_line_height=&#8220;1.9em&#8220; link_text_color=&#8220;#3550a0&#8243; ul_line_height=&#8220;1.6em&#8220; header_3_font=&#8220;|700||on|||||&#8220; header_3_text_color=&#8220;#0f1626&#8243; header_3_font_size=&#8220;25px&#8220; header_3_line_height=&#8220;1.1em&#8220; header_4_font=&#8220;Lato|700|||||||&#8220; header_4_text_color=&#8220;#3550a0&#8243; header_4_font_size=&#8220;16px&#8220; header_4_line_height=&#8220;1.5em&#8220; custom_margin=&#8220;|||&#8220; header_3_font_size_tablet=&#8220;&#8220; header_3_font_size_phone=&#8220;20px&#8220; header_3_font_size_last_edited=&#8220;on|phone&#8220; locked=&#8220;off&#8220;]<\/p>\n<h3>Volver<\/h3>\n<p>Marisol Redondo im Konzert mit:<\/p>\n<ul>\n<li>Simone Tolomeo (Bandoneon)<\/li>\n<li>Sebasti\u00e1n Noya (Klavier)<\/li>\n<li>S\u00e1ndor T\u00f6r\u00f6k (Kontrabass)<\/li>\n<\/ul>\n<p class=\"MR-event-address\">KULTURMARKT<br \/>\nAemtlerstrasse 23, 8003 Z\u00fcrich \u2013 Schweiz<\/p>\n<p>[\/et_pb_text][\/et_pb_column][et_pb_column type=&#8220;1_2&#8243; _builder_version=&#8220;3.25&#8243; custom_padding=&#8220;|||&#8220; custom_padding__hover=&#8220;|||&#8220;][et_pb_blurb title=&#8220;Kulturmarkt Z\u00fcrich&#8220; use_icon=&#8220;on&#8220; font_icon=&#8220;%%249%%&#8220; icon_color=&#8220;#ff533d&#8220; icon_placement=&#8220;left&#8220; use_icon_font_size=&#8220;on&#8220; icon_font_size=&#8220;23px&#8220; _builder_version=&#8220;3.21&#8243; header_font=&#8220;|600|||||||&#8220; header_text_color=&#8220;#ab987a&#8220; header_font_size=&#8220;21px&#8220; header_letter_spacing=&#8220;2px&#8220; custom_margin=&#8220;||10px|&#8220; custom_padding=&#8220;|||&#8220;]Z\u00fcrich \u2013 Schweiz[\/et_pb_blurb][et_pb_map address=&#8220;Aemtlerstrasse 23, 8003 Z\u00fcrich, Switzerland&#8220; address_lat=&#8220;47.3717735&#8243; address_lng=&#8220;8.5152852&#8243; _builder_version=&#8220;3.21&#8243; custom_margin=&#8220;15px|||&#8220; border_width_all=&#8220;6px&#8220; border_color_all=&#8220;#ffffff&#8220; box_shadow_style=&#8220;preset3&#8243;][et_pb_map_pin title=&#8220;Kulturmarkt Z\u00fcrich&#8220; pin_address=&#8220;Aemtlerstrasse 23, 8003 Z\u00fcrich, Switzerland&#8220; pin_address_lat=&#8220;47.3717735&#8243; pin_address_lng=&#8220;8.5152852&#8243; _builder_version=&#8220;3.21&#8243;][\/et_pb_map_pin][\/et_pb_map][\/et_pb_column][\/et_pb_row][et_pb_row _builder_version=&#8220;3.25&#8243; min_height=&#8220;33px&#8220; custom_padding=&#8220;40px||0px|&#8220; global_module=&#8220;33961&#8243; saved_tabs=&#8220;all&#8220;][et_pb_column type=&#8220;4_4&#8243; _builder_version=&#8220;3.25&#8243; custom_padding=&#8220;|||&#8220; custom_padding__hover=&#8220;|||&#8220;][\/et_pb_column][\/et_pb_row][et_pb_row column_structure=&#8220;1_2,1_2&#8243; _builder_version=&#8220;3.25&#8243;][et_pb_column type=&#8220;1_2&#8243; _builder_version=&#8220;3.25&#8243; custom_padding=&#8220;|||&#8220; custom_padding__hover=&#8220;|||&#8220;][et_pb_blurb title=&#8220;12. Dezember 2019&#8243; use_icon=&#8220;on&#8220; font_icon=&#8220;%%128%%&#8220; icon_color=&#8220;#ff533d&#8220; icon_placement=&#8220;left&#8220; use_icon_font_size=&#8220;on&#8220; icon_font_size=&#8220;23px&#8220; _builder_version=&#8220;3.21&#8243; header_font=&#8220;|600|||||||&#8220; header_text_color=&#8220;#ab987a&#8220; header_font_size=&#8220;21px&#8220; header_letter_spacing=&#8220;2px&#8220; custom_margin=&#8220;||10px|&#8220; custom_padding=&#8220;|||&#8220;][\/et_pb_blurb][et_pb_blurb title=&#8220;20:30&#8243; use_icon=&#8220;on&#8220; font_icon=&#8220;%%92%%&#8220; icon_color=&#8220;#ff533d&#8220; icon_placement=&#8220;left&#8220; use_icon_font_size=&#8220;on&#8220; icon_font_size=&#8220;23px&#8220; _builder_version=&#8220;3.21&#8243; header_font=&#8220;|600|||||||&#8220; header_text_color=&#8220;#ab987a&#8220; header_font_size=&#8220;21px&#8220; header_letter_spacing=&#8220;2px&#8220; custom_margin=&#8220;||10px|&#8220; custom_padding=&#8220;|||&#8220;][\/et_pb_blurb][et_pb_text ul_item_indent=&#8220;35px&#8220; _builder_version=&#8220;4.0.6&#8243; text_font=&#8220;||||||||&#8220; text_line_height=&#8220;1.9em&#8220; link_text_color=&#8220;#3550a0&#8243; ul_line_height=&#8220;1.6em&#8220; header_font=&#8220;||||||||&#8220; header_3_font=&#8220;|700||on|||||&#8220; header_3_text_color=&#8220;#0f1626&#8243; header_3_font_size=&#8220;25px&#8220; header_3_line_height=&#8220;1.1em&#8220; header_4_font=&#8220;Lato|700|||||||&#8220; header_4_text_color=&#8220;#3550a0&#8243; header_4_font_size=&#8220;16px&#8220; header_4_line_height=&#8220;1.5em&#8220; link_option_url=&#8220;https:\/\/tickantel.com.uy\/inicio\/espectaculo\/40007968\/espectaculo\/%E2%80%9CVolver%E2%80%9D%20Marisol%20Redondo?2&#8243; link_option_url_new_window=&#8220;on&#8220; hover_enabled=&#8220;0&#8243; header_3_font_size_tablet=&#8220;&#8220; header_3_font_size_phone=&#8220;20px&#8220; header_3_font_size_last_edited=&#8220;on|phone&#8220; locked=&#8220;off&#8220;]<\/p>\n<h3>Volver<\/h3>\n<p>Marisol Redondo im Konzert mit:<\/p>\n<ul>\n<li>Franco Polimeni (Musikalische Leitung)<\/li>\n<li>Sergio Astengo (Bandoneon)<\/li>\n<li>Juan Chilindr\u00f3n (Kontrabass)<\/li>\n<\/ul>\n<p>SALA HUGO BALZO &#8211; SODRE<\/p>\n<p>Andes, 11100 Montevideo, Departamento de Montevideo &#8211; Uruguay<\/p>\n<p>&nbsp;<\/p>\n<p>Karten: (hier clicken)<br \/>\n[\/et_pb_text][\/et_pb_column][et_pb_column type=&#8220;1_2&#8243; _builder_version=&#8220;3.25&#8243; custom_padding=&#8220;|||&#8220; custom_padding__hover=&#8220;|||&#8220;][et_pb_blurb title=&#8220;Sala Hugo Balzo &#8211; Sodre&#8220; use_icon=&#8220;on&#8220; font_icon=&#8220;%%249%%&#8220; icon_color=&#8220;#ff533d&#8220; icon_placement=&#8220;left&#8220; use_icon_font_size=&#8220;on&#8220; icon_font_size=&#8220;23px&#8220; _builder_version=&#8220;3.21&#8243; header_font=&#8220;|600|||||||&#8220; header_text_color=&#8220;#ab987a&#8220; header_font_size=&#8220;21px&#8220; header_letter_spacing=&#8220;2px&#8220; custom_margin=&#8220;||10px|&#8220; custom_padding=&#8220;|||&#8220;]Montevideo \u2013 Uruguay[\/et_pb_blurb][et_pb_map address=&#8220;Calle Andes esquina Mercedes, 11100 Montevideo, Departamento de Montevideo, Uruguay&#8220; address_lat=&#8220;-34.9043938&#8243; address_lng=&#8220;-56.1984441&#8243; _builder_version=&#8220;3.21&#8243; custom_margin=&#8220;15px|||&#8220; border_width_all=&#8220;6px&#8220; border_color_all=&#8220;#ffffff&#8220; box_shadow_style=&#8220;preset3&#8243;][et_pb_map_pin title=&#8220;Sodre &#8211; Montevideo&#8220; pin_address=&#8220;Calle Andes esquina Mercedes, 11100 Montevideo, Departamento de Montevideo, Uruguay&#8220; zoom_level=&#8220;17&#8243; pin_address_lat=&#8220;-34.9043938&#8243; pin_address_lng=&#8220;-56.1984441&#8243; _builder_version=&#8220;3.21&#8243;][\/et_pb_map_pin][\/et_pb_map][\/et_pb_column][\/et_pb_row][\/et_pb_section][et_pb_section fb_built=&#8220;1&#8243; disabled_on=&#8220;off|off|off&#8220; admin_label=&#8220;Follow Along&#8220; _builder_version=&#8220;3.11.1&#8243; background_color=&#8220;#0f1626&#8243; background_position=&#8220;center_right&#8220; custom_padding=&#8220;0||0||false|false&#8220; top_divider_height=&#8220;43px&#8220; global_module=&#8220;33206&#8243; saved_tabs=&#8220;all&#8220;][\/et_pb_section]<\/p>\n","protected":false},"excerpt":{"rendered":"<p>Volver Marisol Redondo Albumaufnahme mit: Simone Tolomeo (Bandoneon) Sebasti\u00e1n Noya (Klavier) S\u00e1ndor T\u00f6r\u00f6k (Kontrabass) Little Big Studios Essanestrasse 164, 9492 Eschen, LiechtensteinEssanestrasse 164, 9492 Eschen, Liechtenstein H\u00e4ldele, 6833 Weiler, \u00d6sterreichMarisol in concert \u2013 Folklore, Tangos y Candombes Marisol Redondo in Konzert mit: Simone Tolomeo (Bandoneon) Sebasti\u00e1n Noya (Klavier) Ancienne Poste des Planches Montreux \u2013 SchweizMontreux [&hellip;]<\/p>\n","protected":false},"author":1,"featured_media":0,"parent":0,"menu_order":0,"comment_status":"closed","ping_status":"closed","template":"","meta":{"_et_pb_use_builder":"on","_et_pb_old_content":"","_et_gb_content_width":"","footnotes":""},"yoast_head":"<!-- This site is optimized with the Yoast SEO plugin v21.2 - https:\/\/yoast.com\/wordpress\/plugins\/seo\/ -->\n<title>Marisol Redondo | 2019 Veranstaltungen<\/title>\n<meta name=\"robots\" content=\"index, follow, max-snippet:-1, max-image-preview:large, max-video-preview:-1\" \/>\n<link rel=\"canonical\" href=\"https:\/\/www.marisolredondo.com\/de\/2019-events\/\" \/>\n<meta property=\"og:locale\" content=\"de_DE\" \/>\n<meta property=\"og:type\" content=\"article\" \/>\n<meta property=\"og:title\" content=\"Marisol Redondo | 2019 Veranstaltungen\" \/>\n<meta property=\"og:description\" content=\"Volver Marisol Redondo Albumaufnahme mit: Simone Tolomeo (Bandoneon) Sebasti\u00e1n Noya (Klavier) S\u00e1ndor T\u00f6r\u00f6k (Kontrabass) Little Big Studios Essanestrasse 164, 9492 Eschen, LiechtensteinEssanestrasse 164, 9492 Eschen, Liechtenstein H\u00e4ldele, 6833 Weiler, \u00d6sterreichMarisol in concert \u2013 Folklore, Tangos y Candombes Marisol Redondo in Konzert mit: Simone Tolomeo (Bandoneon) Sebasti\u00e1n Noya (Klavier) Ancienne Poste des Planches Montreux \u2013 SchweizMontreux [&hellip;]\" \/>\n<meta property=\"og:url\" content=\"https:\/\/www.marisolredondo.com\/de\/2019-events\/\" \/>\n<meta property=\"og:site_name\" content=\"Marisol Redondo- Singer\" \/>\n<meta property=\"article:modified_time\" content=\"2020-06-17T07:32:41+00:00\" \/>\n<meta name=\"twitter:card\" content=\"summary_large_image\" \/>\n<meta name=\"twitter:label1\" content=\"Gesch\u00e4tzte Lesezeit\" \/>\n\t<meta name=\"twitter:data1\" content=\"17\u00a0Minuten\" \/>\n<script type=\"application\/ld+json\" class=\"yoast-schema-graph\">{\"@context\":\"https:\/\/schema.org\",\"@graph\":[{\"@type\":\"WebPage\",\"@id\":\"https:\/\/www.marisolredondo.com\/de\/2019-events\/\",\"url\":\"https:\/\/www.marisolredondo.com\/de\/2019-events\/\",\"name\":\"Marisol Redondo | 2019 Veranstaltungen\",\"isPartOf\":{\"@id\":\"https:\/\/www.marisolredondo.com\/#website\"},\"datePublished\":\"2018-11-09T01:15:26+00:00\",\"dateModified\":\"2020-06-17T07:32:41+00:00\",\"breadcrumb\":{\"@id\":\"https:\/\/www.marisolredondo.com\/de\/2019-events\/#breadcrumb\"},\"inLanguage\":\"de\",\"potentialAction\":[{\"@type\":\"ReadAction\",\"target\":[\"https:\/\/www.marisolredondo.com\/de\/2019-events\/\"]}]},{\"@type\":\"BreadcrumbList\",\"@id\":\"https:\/\/www.marisolredondo.com\/de\/2019-events\/#breadcrumb\",\"itemListElement\":[{\"@type\":\"ListItem\",\"position\":1,\"name\":\"Home\",\"item\":\"https:\/\/www.marisolredondo.com\/\"},{\"@type\":\"ListItem\",\"position\":2,\"name\":\"2019 Veranstaltungen\"}]},{\"@type\":\"WebSite\",\"@id\":\"https:\/\/www.marisolredondo.com\/#website\",\"url\":\"https:\/\/www.marisolredondo.com\/\",\"name\":\"Marisol Redondo\",\"description\":\"\",\"publisher\":{\"@id\":\"https:\/\/www.marisolredondo.com\/#\/schema\/person\/a7f4167392c64b100109903e48fe3898\"},\"potentialAction\":[{\"@type\":\"SearchAction\",\"target\":{\"@type\":\"EntryPoint\",\"urlTemplate\":\"https:\/\/www.marisolredondo.com\/?s={search_term_string}\"},\"query-input\":\"required name=search_term_string\"}],\"inLanguage\":\"de\"},{\"@type\":[\"Person\",\"Organization\"],\"@id\":\"https:\/\/www.marisolredondo.com\/#\/schema\/person\/a7f4167392c64b100109903e48fe3898\",\"name\":\"mredondo\",\"image\":{\"@type\":\"ImageObject\",\"inLanguage\":\"de\",\"@id\":\"https:\/\/www.marisolredondo.com\/#\/schema\/person\/image\/\",\"url\":\"https:\/\/secure.gravatar.com\/avatar\/0017f9752f1432e3e718b813e3e35442?s=96&d=mm&r=g\",\"contentUrl\":\"https:\/\/secure.gravatar.com\/avatar\/0017f9752f1432e3e718b813e3e35442?s=96&d=mm&r=g\",\"caption\":\"mredondo\"},\"logo\":{\"@id\":\"https:\/\/www.marisolredondo.com\/#\/schema\/person\/image\/\"}}]}<\/script>\n<!-- \/ Yoast SEO plugin. -->","yoast_head_json":{"title":"Marisol Redondo | 2019 Veranstaltungen","robots":{"index":"index","follow":"follow","max-snippet":"max-snippet:-1","max-image-preview":"max-image-preview:large","max-video-preview":"max-video-preview:-1"},"canonical":"https:\/\/www.marisolredondo.com\/de\/2019-events\/","og_locale":"de_DE","og_type":"article","og_title":"Marisol Redondo | 2019 Veranstaltungen","og_description":"Volver Marisol Redondo Albumaufnahme mit: Simone Tolomeo (Bandoneon) Sebasti\u00e1n Noya (Klavier) S\u00e1ndor T\u00f6r\u00f6k (Kontrabass) Little Big Studios Essanestrasse 164, 9492 Eschen, LiechtensteinEssanestrasse 164, 9492 Eschen, Liechtenstein H\u00e4ldele, 6833 Weiler, \u00d6sterreichMarisol in concert \u2013 Folklore, Tangos y Candombes Marisol Redondo in Konzert mit: Simone Tolomeo (Bandoneon) Sebasti\u00e1n Noya (Klavier) Ancienne Poste des Planches Montreux \u2013 SchweizMontreux [&hellip;]","og_url":"https:\/\/www.marisolredondo.com\/de\/2019-events\/","og_site_name":"Marisol Redondo- Singer","article_modified_time":"2020-06-17T07:32:41+00:00","twitter_card":"summary_large_image","twitter_misc":{"Gesch\u00e4tzte Lesezeit":"17\u00a0Minuten"},"schema":{"@context":"https:\/\/schema.org","@graph":[{"@type":"WebPage","@id":"https:\/\/www.marisolredondo.com\/de\/2019-events\/","url":"https:\/\/www.marisolredondo.com\/de\/2019-events\/","name":"Marisol Redondo | 2019 Veranstaltungen","isPartOf":{"@id":"https:\/\/www.marisolredondo.com\/#website"},"datePublished":"2018-11-09T01:15:26+00:00","dateModified":"2020-06-17T07:32:41+00:00","breadcrumb":{"@id":"https:\/\/www.marisolredondo.com\/de\/2019-events\/#breadcrumb"},"inLanguage":"de","potentialAction":[{"@type":"ReadAction","target":["https:\/\/www.marisolredondo.com\/de\/2019-events\/"]}]},{"@type":"BreadcrumbList","@id":"https:\/\/www.marisolredondo.com\/de\/2019-events\/#breadcrumb","itemListElement":[{"@type":"ListItem","position":1,"name":"Home","item":"https:\/\/www.marisolredondo.com\/"},{"@type":"ListItem","position":2,"name":"2019 Veranstaltungen"}]},{"@type":"WebSite","@id":"https:\/\/www.marisolredondo.com\/#website","url":"https:\/\/www.marisolredondo.com\/","name":"Marisol Redondo","description":"","publisher":{"@id":"https:\/\/www.marisolredondo.com\/#\/schema\/person\/a7f4167392c64b100109903e48fe3898"},"potentialAction":[{"@type":"SearchAction","target":{"@type":"EntryPoint","urlTemplate":"https:\/\/www.marisolredondo.com\/?s={search_term_string}"},"query-input":"required name=search_term_string"}],"inLanguage":"de"},{"@type":["Person","Organization"],"@id":"https:\/\/www.marisolredondo.com\/#\/schema\/person\/a7f4167392c64b100109903e48fe3898","name":"mredondo","image":{"@type":"ImageObject","inLanguage":"de","@id":"https:\/\/www.marisolredondo.com\/#\/schema\/person\/image\/","url":"https:\/\/secure.gravatar.com\/avatar\/0017f9752f1432e3e718b813e3e35442?s=96&d=mm&r=g","contentUrl":"https:\/\/secure.gravatar.com\/avatar\/0017f9752f1432e3e718b813e3e35442?s=96&d=mm&r=g","caption":"mredondo"},"logo":{"@id":"https:\/\/www.marisolredondo.com\/#\/schema\/person\/image\/"}}]}},"_links":{"self":[{"href":"https:\/\/www.marisolredondo.com\/de\/wp-json\/wp\/v2\/pages\/34670"}],"collection":[{"href":"https:\/\/www.marisolredondo.com\/de\/wp-json\/wp\/v2\/pages"}],"about":[{"href":"https:\/\/www.marisolredondo.com\/de\/wp-json\/wp\/v2\/types\/page"}],"author":[{"embeddable":true,"href":"https:\/\/www.marisolredondo.com\/de\/wp-json\/wp\/v2\/users\/1"}],"replies":[{"embeddable":true,"href":"https:\/\/www.marisolredondo.com\/de\/wp-json\/wp\/v2\/comments?post=34670"}],"version-history":[{"count":0,"href":"https:\/\/www.marisolredondo.com\/de\/wp-json\/wp\/v2\/pages\/34670\/revisions"}],"wp:attachment":[{"href":"https:\/\/www.marisolredondo.com\/de\/wp-json\/wp\/v2\/media?parent=34670"}],"curies":[{"name":"wp","href":"https:\/\/api.w.org\/{rel}","templated":true}]}}