{"id":34666,"date":"2018-11-09T01:10:38","date_gmt":"2018-11-09T01:10:38","guid":{"rendered":"https:\/\/www.marisolredondo.com\/2018-events\/"},"modified":"2020-06-17T07:34:45","modified_gmt":"2020-06-17T07:34:45","slug":"2018-events","status":"publish","type":"page","link":"https:\/\/www.marisolredondo.com\/de\/2018-events\/","title":{"rendered":"2018 Veranstaltungen"},"content":{"rendered":"<p>[et_pb_section bb_built=&#8220;1&#8243; fullwidth=&#8220;on&#8220; _builder_version=&#8220;3.11.1&#8243; next_background_color=&#8220;#000000&#8243;][et_pb_fullwidth_header title=&#8220;2018 Veranstaltungen&#8220; text_orientation=&#8220;center&#8220; header_fullscreen=&#8220;on&#8220; header_scroll_down=&#8220;on&#8220; scroll_down_icon_color=&#8220;#ffffff&#8220; scroll_down_icon_size=&#8220;34px&#8220; background_overlay_color=&#8220;rgba(15,22,38,0.47)&#8220; logo_image_url=&#8220;https:\/\/www.marisolredondo.com\/wp-content\/uploads\/2018\/08\/logo-large.png&#8220; _builder_version=&#8220;3.16&#8243; title_font=&#8220;|600|||||||&#8220; title_font_size=&#8220;31px&#8220; title_letter_spacing=&#8220;5px&#8220; title_text_shadow_style=&#8220;preset1&#8243; content_font=&#8220;||||||||&#8220; subhead_font=&#8220;||||||||&#8220; background_image=&#8220;https:\/\/www.marisolredondo.com\/wp-content\/uploads\/2018\/09\/Marisol-Redondo-header-6.jpg&#8220; custom_css_logo=&#8220;margin-bottom:25px;&#8220; button_one_text_size__hover_enabled=&#8220;off&#8220; button_two_text_size__hover_enabled=&#8220;off&#8220; button_one_text_color__hover_enabled=&#8220;off&#8220; button_two_text_color__hover_enabled=&#8220;off&#8220; button_one_border_width__hover_enabled=&#8220;off&#8220; button_two_border_width__hover_enabled=&#8220;off&#8220; button_one_border_color__hover_enabled=&#8220;off&#8220; button_two_border_color__hover_enabled=&#8220;off&#8220; button_one_border_radius__hover_enabled=&#8220;off&#8220; button_two_border_radius__hover_enabled=&#8220;off&#8220; button_one_letter_spacing__hover_enabled=&#8220;off&#8220; button_two_letter_spacing__hover_enabled=&#8220;off&#8220; button_one_bg_color__hover_enabled=&#8220;off&#8220; button_two_bg_color__hover_enabled=&#8220;off&#8220;]<\/p>\n<hr class=\"underline-style\" \/>\n<p>[\/et_pb_fullwidth_header][\/et_pb_section][et_pb_section bb_built=&#8220;1&#8243; _builder_version=&#8220;3.11.1&#8243; custom_margin=&#8220;|||&#8220; custom_padding=&#8220;|||&#8220; top_divider_height=&#8220;34px&#8220; top_divider_repeat=&#8220;20x&#8220; prev_background_color=&#8220;#000000&#8243; next_background_color=&#8220;#0f1626&#8243;][et_pb_row _builder_version=&#8220;3.11.1&#8243;][et_pb_column type=&#8220;1_2&#8243;][et_pb_blurb title=&#8220;1. September 2018&#8243; use_icon=&#8220;on&#8220; font_icon=&#8220;%%128%%&#8220; icon_color=&#8220;#ff533d&#8220; icon_placement=&#8220;left&#8220; use_icon_font_size=&#8220;on&#8220; icon_font_size=&#8220;23px&#8220; _builder_version=&#8220;3.11.1&#8243; header_font=&#8220;|600|||||||&#8220; header_text_color=&#8220;#ab987a&#8220; header_font_size=&#8220;21px&#8220; header_letter_spacing=&#8220;2px&#8220; custom_margin=&#8220;||10px|&#8220; custom_padding=&#8220;|||&#8220; \/][et_pb_blurb title=&#8220;20:30&#8243; use_icon=&#8220;on&#8220; font_icon=&#8220;%%92%%&#8220; icon_color=&#8220;#ff533d&#8220; icon_placement=&#8220;left&#8220; use_icon_font_size=&#8220;on&#8220; icon_font_size=&#8220;23px&#8220; _builder_version=&#8220;3.11.1&#8243; header_font=&#8220;|600|||||||&#8220; header_text_color=&#8220;#ab987a&#8220; header_font_size=&#8220;21px&#8220; header_letter_spacing=&#8220;2px&#8220; custom_margin=&#8220;||10px|&#8220; custom_padding=&#8220;|||&#8220; \/][et_pb_text ul_item_indent=&#8220;35px&#8220; _builder_version=&#8220;3.15&#8243; text_font=&#8220;||||||||&#8220; text_line_height=&#8220;1.9em&#8220; link_font=&#8220;||||||||&#8220; link_text_color=&#8220;#3550a0&#8243; ul_font=&#8220;||||||||&#8220; ul_line_height=&#8220;1.6em&#8220; header_font=&#8220;||||||||&#8220; header_2_font=&#8220;||||||||&#8220; header_3_font=&#8220;|700|||||||&#8220; header_3_text_color=&#8220;#0f1626&#8243; header_3_font_size=&#8220;25px&#8220; header_3_font_size_phone=&#8220;20px&#8220; header_3_font_size_last_edited=&#8220;on|phone&#8220; header_3_line_height=&#8220;1.1em&#8220; header_4_font=&#8220;Lato|700|||||||&#8220; header_4_text_color=&#8220;#3550a0&#8243; header_4_font_size=&#8220;16px&#8220; header_4_line_height=&#8220;1.5em&#8220; custom_margin=&#8220;|||&#8220; locked=&#8220;off&#8220;]<\/p>\n<h3>TANGO PARA VOS(Z)<\/h3>\n<p>Marisol Redondo in Konzertz mit:<\/p>\n<ul>\n<li>Orlando Dibelo (Bandoneon)<\/li>\n<li>Sebasti\u00e1n Noya (Klavier)<\/li>\n<li>S\u00e1ndor T\u00f6r\u00f6k (Kontrabass)<\/li>\n<li>Amaia Beloqui (Moderation)<\/li>\n<\/ul>\n<p class=\"MR-event-address\"><span class=\"MR-bold\">KULTURMARKT<\/span> &#8211; Aemtlerstrasse 23, 8003 Z\u00fcrich &#8211; CH<\/p>\n<p>[\/et_pb_text][\/et_pb_column][et_pb_column type=&#8220;1_2&#8243;][et_pb_blurb title=&#8220;KULTURMARKT&#8220; use_icon=&#8220;on&#8220; font_icon=&#8220;%%249%%&#8220; icon_color=&#8220;#ff533d&#8220; icon_placement=&#8220;left&#8220; use_icon_font_size=&#8220;on&#8220; icon_font_size=&#8220;23px&#8220; _builder_version=&#8220;3.11.1&#8243; header_font=&#8220;|600|||||||&#8220; header_text_color=&#8220;#ab987a&#8220; header_font_size=&#8220;21px&#8220; header_letter_spacing=&#8220;2px&#8220; custom_margin=&#8220;||10px|&#8220; custom_padding=&#8220;|||&#8220;]<\/p>\n<p>Aemtlerstrasse 23, 8003 Z\u00fcrich &#8211; CH<\/p>\n<p>[\/et_pb_blurb][et_pb_map address=&#8220;Aemtlerstrasse 23, 8003 Z\u00fcrich, Switzerland&#8220; address_lat=&#8220;47.3717735&#8243; address_lng=&#8220;8.5152852&#8243; _builder_version=&#8220;3.15&#8243; border_width_all=&#8220;6px&#8220; border_color_all=&#8220;#ffffff&#8220; box_shadow_style=&#8220;preset3&#8243; custom_margin=&#8220;15px|||&#8220;][et_pb_map_pin title=&#8220;KULTURMARKT&#8220; pin_address=&#8220;Aemtlerstrasse 23, 8003 Z\u00fcrich, Switzerland&#8220; pin_address_lat=&#8220;47.3717735&#8243; pin_address_lng=&#8220;8.5152852&#8243; _builder_version=&#8220;3.11.1&#8243;]Aemtlerstrasse 23, 8003 Z\u00fcrich, Switzerland[\/et_pb_map_pin][\/et_pb_map][\/et_pb_column][\/et_pb_row][et_pb_row custom_padding=&#8220;40px||0px|&#8220; _builder_version=&#8220;3.11.1&#8243;][et_pb_column type=&#8220;4_4&#8243;][et_pb_divider color=&#8220;rgba(224,97,0,0.24)&#8220; height=&#8220;0px&#8220; _builder_version=&#8220;3.11.1&#8243; max_width=&#8220;68%&#8220; module_alignment=&#8220;center&#8220; custom_margin=&#8220;||40px|&#8220; \/][\/et_pb_column][\/et_pb_row][et_pb_row _builder_version=&#8220;3.15&#8243;][et_pb_column type=&#8220;1_2&#8243;][et_pb_blurb title=&#8220;3. September 2018&#8243; use_icon=&#8220;on&#8220; font_icon=&#8220;%%128%%&#8220; icon_color=&#8220;#ff533d&#8220; icon_placement=&#8220;left&#8220; use_icon_font_size=&#8220;on&#8220; icon_font_size=&#8220;23px&#8220; _builder_version=&#8220;3.15&#8243; header_font=&#8220;|600|||||||&#8220; header_text_color=&#8220;#ab987a&#8220; header_font_size=&#8220;21px&#8220; header_letter_spacing=&#8220;2px&#8220; custom_margin=&#8220;||10px|&#8220; custom_padding=&#8220;|||&#8220; \/][et_pb_blurb title=&#8220;20:00&#8243; use_icon=&#8220;on&#8220; font_icon=&#8220;%%92%%&#8220; icon_color=&#8220;#ff533d&#8220; icon_placement=&#8220;left&#8220; use_icon_font_size=&#8220;on&#8220; icon_font_size=&#8220;23px&#8220; _builder_version=&#8220;3.15&#8243; header_font=&#8220;|600|||||||&#8220; header_text_color=&#8220;#ab987a&#8220; header_font_size=&#8220;21px&#8220; header_letter_spacing=&#8220;2px&#8220; custom_margin=&#8220;||10px|&#8220; custom_padding=&#8220;|||&#8220; \/][et_pb_text ul_item_indent=&#8220;35px&#8220; _builder_version=&#8220;3.15&#8243; text_font=&#8220;||||||||&#8220; text_line_height=&#8220;1.9em&#8220; link_font=&#8220;||||||||&#8220; link_text_color=&#8220;#3550a0&#8243; ul_font=&#8220;||||||||&#8220; ul_line_height=&#8220;1.6em&#8220; header_font=&#8220;||||||||&#8220; header_2_font=&#8220;||||||||&#8220; header_3_font=&#8220;|700|||||||&#8220; header_3_text_color=&#8220;#0f1626&#8243; header_3_font_size=&#8220;25px&#8220; header_3_font_size_phone=&#8220;20px&#8220; header_3_font_size_last_edited=&#8220;on|phone&#8220; header_3_line_height=&#8220;1.1em&#8220; header_4_font=&#8220;Lato|700|||||||&#8220; header_4_text_color=&#8220;#3550a0&#8243; header_4_font_size=&#8220;16px&#8220; header_4_line_height=&#8220;1.5em&#8220; custom_margin=&#8220;|||&#8220; locked=&#8220;off&#8220;]<\/p>\n<h3>TANGO PARA VOS(Z)<\/h3>\n<p>Marisol Redondo in Konzert mit:<\/p>\n<ul>\n<li>Orlando Dibelo (Bandoneon)<\/li>\n<li>Sebasti\u00e1n Noya (Klavier)<\/li>\n<li>S\u00e1ndor T\u00f6r\u00f6k (Kontrabass)<\/li>\n<li>Amaia Beloqui (Moderation)<\/li>\n<\/ul>\n<p class=\"MR-event-address\"><span class=\"MR-bold\">LIECHTENSTEINISCHE MUSIKSCHULE<\/span> &#8211; Essanestrasse 11, 9492 Eschen &#8211; Liechtenstein<\/p>\n<p>[\/et_pb_text][\/et_pb_column][et_pb_column type=&#8220;1_2&#8243;][et_pb_blurb title=&#8220;LIECHTENSTEINISCHE MUSIKSCHULE&#8220; use_icon=&#8220;on&#8220; font_icon=&#8220;%%249%%&#8220; icon_color=&#8220;#ff533d&#8220; icon_placement=&#8220;left&#8220; use_icon_font_size=&#8220;on&#8220; icon_font_size=&#8220;23px&#8220; _builder_version=&#8220;3.15&#8243; header_font=&#8220;|600|||||||&#8220; header_text_color=&#8220;#ab987a&#8220; header_font_size=&#8220;21px&#8220; header_letter_spacing=&#8220;2px&#8220; custom_margin=&#8220;||10px|&#8220; custom_padding=&#8220;|||&#8220;]<\/p>\n<p>Essanestrasse 11, 9492 Eschen &#8211; LIECHTENSTEIN<\/p>\n<p>[\/et_pb_blurb][et_pb_map address=&#8220;Essanestrasse 11, 9492 Eschen, Liechtenstein&#8220; address_lat=&#8220;47.2073769&#8243; address_lng=&#8220;9.5278875&#8243; _builder_version=&#8220;3.15&#8243; border_width_all=&#8220;6px&#8220; border_color_all=&#8220;#ffffff&#8220; box_shadow_style=&#8220;preset3&#8243; custom_margin=&#8220;15px|||&#8220;][et_pb_map_pin title=&#8220;LIECHTENSTEINISCHE MUSIKSCHULE&#8220; pin_address=&#8220;Essanestrasse 11, 9492 Eschen, Liechtenstein&#8220; pin_address_lat=&#8220;47.2073769&#8243; pin_address_lng=&#8220;9.5278875&#8243; _builder_version=&#8220;3.15&#8243;]Essanestrasse 11, 9492 Eschen &#8211; LIECHTENSTEIN[\/et_pb_map_pin][\/et_pb_map][\/et_pb_column][\/et_pb_row][et_pb_row custom_padding=&#8220;40px||0px|&#8220; _builder_version=&#8220;3.11.1&#8243;][et_pb_column type=&#8220;4_4&#8243;][et_pb_divider color=&#8220;rgba(224,97,0,0.24)&#8220; height=&#8220;0px&#8220; _builder_version=&#8220;3.11.1&#8243; max_width=&#8220;68%&#8220; module_alignment=&#8220;center&#8220; custom_margin=&#8220;||40px|&#8220; \/][\/et_pb_column][\/et_pb_row][et_pb_row _builder_version=&#8220;3.11.1&#8243;][et_pb_column type=&#8220;1_2&#8243;][et_pb_blurb title=&#8220;7. Dezember 2018&#8243; use_icon=&#8220;on&#8220; font_icon=&#8220;%%128%%&#8220; icon_color=&#8220;#ff533d&#8220; icon_placement=&#8220;left&#8220; use_icon_font_size=&#8220;on&#8220; icon_font_size=&#8220;23px&#8220; _builder_version=&#8220;3.11.1&#8243; header_font=&#8220;|600|||||||&#8220; header_text_color=&#8220;#ab987a&#8220; header_font_size=&#8220;21px&#8220; header_letter_spacing=&#8220;2px&#8220; custom_margin=&#8220;||10px|&#8220; custom_padding=&#8220;|||&#8220; \/][et_pb_blurb title=&#8220;20:30&#8243; use_icon=&#8220;on&#8220; font_icon=&#8220;%%92%%&#8220; icon_color=&#8220;#ff533d&#8220; icon_placement=&#8220;left&#8220; use_icon_font_size=&#8220;on&#8220; icon_font_size=&#8220;23px&#8220; _builder_version=&#8220;3.17.6&#8243; header_font=&#8220;|600|||||||&#8220; header_text_color=&#8220;#ab987a&#8220; header_font_size=&#8220;21px&#8220; header_letter_spacing=&#8220;2px&#8220; custom_margin=&#8220;||10px|&#8220; custom_padding=&#8220;|||&#8220; \/][et_pb_text ul_item_indent=&#8220;35px&#8220; _builder_version=&#8220;3.17.6&#8243; text_font=&#8220;||||||||&#8220; text_line_height=&#8220;1.9em&#8220; link_font=&#8220;||||||||&#8220; link_text_color=&#8220;#3550a0&#8243; ul_font=&#8220;||||||||&#8220; ul_line_height=&#8220;1.6em&#8220; header_font=&#8220;||||||||&#8220; header_2_font=&#8220;||||||||&#8220; header_3_font=&#8220;|700|||||||&#8220; header_3_text_color=&#8220;#0f1626&#8243; header_3_font_size=&#8220;25px&#8220; header_3_font_size_phone=&#8220;20px&#8220; header_3_font_size_last_edited=&#8220;on|phone&#8220; header_3_line_height=&#8220;1.1em&#8220; header_4_font=&#8220;Lato|700|||||||&#8220; header_4_text_color=&#8220;#3550a0&#8243; header_4_font_size=&#8220;16px&#8220; header_4_line_height=&#8220;1.5em&#8220; custom_margin=&#8220;|||&#8220; locked=&#8220;off&#8220;]<\/p>\n<p>Calle Andes esquina Mercedes, 11100 Montevideo &#8211; Uruguay<\/p>\n<p>[\/et_pb_text][\/et_pb_column][et_pb_column type=&#8220;1_2&#8243;][et_pb_blurb title=&#8220;SALA HUGO BALZO&#8220; use_icon=&#8220;on&#8220; font_icon=&#8220;%%249%%&#8220; icon_color=&#8220;#ff533d&#8220; icon_placement=&#8220;left&#8220; use_icon_font_size=&#8220;on&#8220; icon_font_size=&#8220;23px&#8220; _builder_version=&#8220;3.17.6&#8243; header_font=&#8220;|600||on|||||&#8220; header_text_color=&#8220;#ab987a&#8220; header_font_size=&#8220;21px&#8220; header_letter_spacing=&#8220;2px&#8220; custom_margin=&#8220;||10px|&#8220; custom_padding=&#8220;|||&#8220;]<\/p>\n<p>Calle Andes esquina Mercedes, 11100 Montevideo &#8211; Uruguay<\/p>\n<p>[\/et_pb_blurb][et_pb_map address=&#8220;Calle Andes esquina Mercedes, 11100 Montevideo, Uruguay&#8220; address_lat=&#8220;-34.9043938&#8243; address_lng=&#8220;-56.1984441&#8243; _builder_version=&#8220;3.17.6&#8243; border_width_all=&#8220;6px&#8220; border_color_all=&#8220;#ffffff&#8220; box_shadow_style=&#8220;preset3&#8243; custom_margin=&#8220;15px|||&#8220;][et_pb_map_pin title=&#8220;SALA HUGO BALZO&#8220; pin_address=&#8220;Calle Andes esquina Mercedes, 11100 Montevideo, Uruguay&#8220; pin_address_lat=&#8220;-34.9043938&#8243; pin_address_lng=&#8220;-56.1984441&#8243; _builder_version=&#8220;3.17.6&#8243;]Calle Andes esquina Mercedes, 11100 Montevideo &#8211; Uruguay[\/et_pb_map_pin][\/et_pb_map][\/et_pb_column][\/et_pb_row][et_pb_row custom_padding=&#8220;40px||40px||true|false&#8220; _builder_version=&#8220;3.11.1&#8243;][et_pb_column type=&#8220;4_4&#8243;][et_pb_divider color=&#8220;rgba(224,97,0,0.24)&#8220; height=&#8220;0px&#8220; _builder_version=&#8220;3.11.1&#8243; max_width=&#8220;68%&#8220; module_alignment=&#8220;center&#8220; custom_margin=&#8220;||40px|&#8220; \/][\/et_pb_column][\/et_pb_row][et_pb_row _builder_version=&#8220;3.11.1&#8243;][et_pb_column type=&#8220;1_2&#8243;][et_pb_blurb title=&#8220;9. Dezember 2018&#8243; use_icon=&#8220;on&#8220; font_icon=&#8220;%%128%%&#8220; icon_color=&#8220;#ff533d&#8220; icon_placement=&#8220;left&#8220; use_icon_font_size=&#8220;on&#8220; icon_font_size=&#8220;23px&#8220; _builder_version=&#8220;3.15&#8243; header_font=&#8220;|600|||||||&#8220; header_text_color=&#8220;#ab987a&#8220; header_font_size=&#8220;21px&#8220; header_letter_spacing=&#8220;2px&#8220; custom_margin=&#8220;||10px|&#8220; custom_padding=&#8220;|||&#8220; \/][et_pb_blurb title=&#8220;20:00&#8243; use_icon=&#8220;on&#8220; font_icon=&#8220;%%92%%&#8220; icon_color=&#8220;#ff533d&#8220; icon_placement=&#8220;left&#8220; use_icon_font_size=&#8220;on&#8220; icon_font_size=&#8220;23px&#8220; _builder_version=&#8220;3.15&#8243; header_font=&#8220;|600|||||||&#8220; header_text_color=&#8220;#ab987a&#8220; header_font_size=&#8220;21px&#8220; header_letter_spacing=&#8220;2px&#8220; custom_margin=&#8220;||10px|&#8220; custom_padding=&#8220;|||&#8220; \/][et_pb_text ul_item_indent=&#8220;35px&#8220; _builder_version=&#8220;3.15&#8243; text_font=&#8220;||||||||&#8220; text_line_height=&#8220;1.9em&#8220; link_font=&#8220;||||||||&#8220; link_text_color=&#8220;#3550a0&#8243; ul_font=&#8220;||||||||&#8220; ul_line_height=&#8220;1.6em&#8220; header_font=&#8220;||||||||&#8220; header_2_font=&#8220;||||||||&#8220; header_3_font=&#8220;|700|||||||&#8220; header_3_text_color=&#8220;#0f1626&#8243; header_3_font_size=&#8220;25px&#8220; header_3_font_size_phone=&#8220;20px&#8220; header_3_font_size_last_edited=&#8220;on|phone&#8220; header_3_line_height=&#8220;1.1em&#8220; header_4_font=&#8220;Lato|700|||||||&#8220; header_4_text_color=&#8220;#3550a0&#8243; header_4_font_size=&#8220;16px&#8220; header_4_line_height=&#8220;1.5em&#8220; custom_margin=&#8220;|||&#8220; locked=&#8220;off&#8220;]<\/p>\n<p>27200 Castillos, Rocha &#8211; Uruguay<\/p>\n<p>[\/et_pb_text][\/et_pb_column][et_pb_column type=&#8220;1_2&#8243;][et_pb_blurb title=&#8220;COMPLEJO CULTURAL 2 DE MAYO&#8220; use_icon=&#8220;on&#8220; font_icon=&#8220;%%249%%&#8220; icon_color=&#8220;#ff533d&#8220; icon_placement=&#8220;left&#8220; use_icon_font_size=&#8220;on&#8220; icon_font_size=&#8220;23px&#8220; _builder_version=&#8220;3.15&#8243; header_font=&#8220;|600|||||||&#8220; header_text_color=&#8220;#ab987a&#8220; header_font_size=&#8220;21px&#8220; header_letter_spacing=&#8220;2px&#8220; custom_margin=&#8220;||10px|&#8220; custom_padding=&#8220;|||&#8220;]<\/p>\n<p>27200 Castillos, Rocha &#8211; Uruguay<\/p>\n<p>[\/et_pb_blurb][et_pb_map address=&#8220;27200 Castillos, Rocha Department, Uruguay&#8220; address_lat=&#8220;-34.1979128&#8243; address_lng=&#8220;-53.8617544&#8243; _builder_version=&#8220;3.15&#8243; border_width_all=&#8220;6px&#8220; border_color_all=&#8220;#ffffff&#8220; box_shadow_style=&#8220;preset3&#8243; custom_margin=&#8220;15px|||&#8220;][et_pb_map_pin title=&#8220;COMPLEJO CULTURAL 2 DE MAYO&#8220; pin_address=&#8220;27200 Castillos, Rocha Department, Uruguay&#8220; pin_address_lat=&#8220;-34.1979128&#8243; pin_address_lng=&#8220;-53.8617544&#8243; _builder_version=&#8220;3.15&#8243;]27200 Castillos, Rocha[\/et_pb_map_pin][\/et_pb_map][\/et_pb_column][\/et_pb_row][et_pb_row custom_padding=&#8220;40px||0px|&#8220; _builder_version=&#8220;3.11.1&#8243;][et_pb_column type=&#8220;4_4&#8243;][et_pb_divider color=&#8220;rgba(224,97,0,0.24)&#8220; height=&#8220;0px&#8220; _builder_version=&#8220;3.11.1&#8243; max_width=&#8220;68%&#8220; module_alignment=&#8220;center&#8220; custom_margin=&#8220;||40px|&#8220; \/][\/et_pb_column][\/et_pb_row][et_pb_row _builder_version=&#8220;3.11.1&#8243;][et_pb_column type=&#8220;1_2&#8243;][et_pb_blurb title=&#8220;15. Dezember 2018&#8243; use_icon=&#8220;on&#8220; font_icon=&#8220;%%128%%&#8220; icon_color=&#8220;#ff533d&#8220; icon_placement=&#8220;left&#8220; use_icon_font_size=&#8220;on&#8220; icon_font_size=&#8220;23px&#8220; _builder_version=&#8220;3.15&#8243; header_font=&#8220;|600|||||||&#8220; header_text_color=&#8220;#ab987a&#8220; header_font_size=&#8220;21px&#8220; header_letter_spacing=&#8220;2px&#8220; custom_margin=&#8220;||10px|&#8220; custom_padding=&#8220;|||&#8220; \/][et_pb_blurb title=&#8220;20:00&#8243; use_icon=&#8220;on&#8220; font_icon=&#8220;%%92%%&#8220; icon_color=&#8220;#ff533d&#8220; icon_placement=&#8220;left&#8220; use_icon_font_size=&#8220;on&#8220; icon_font_size=&#8220;23px&#8220; _builder_version=&#8220;3.15&#8243; header_font=&#8220;|600|||||||&#8220; header_text_color=&#8220;#ab987a&#8220; header_font_size=&#8220;21px&#8220; header_letter_spacing=&#8220;2px&#8220; custom_margin=&#8220;||10px|&#8220; custom_padding=&#8220;|||&#8220; \/][et_pb_text ul_item_indent=&#8220;35px&#8220; _builder_version=&#8220;3.17.6&#8243; text_font=&#8220;||||||||&#8220; text_line_height=&#8220;1.9em&#8220; link_font=&#8220;||||||||&#8220; link_text_color=&#8220;#3550a0&#8243; ul_font=&#8220;||||||||&#8220; ul_line_height=&#8220;1.4em&#8220; header_font=&#8220;||||||||&#8220; header_2_font=&#8220;||||||||&#8220; header_3_font=&#8220;|700|||||||&#8220; header_3_text_color=&#8220;#0f1626&#8243; header_3_font_size=&#8220;25px&#8220; header_3_font_size_phone=&#8220;20px&#8220; header_3_font_size_last_edited=&#8220;on|phone&#8220; header_3_line_height=&#8220;1.1em&#8220; header_4_font=&#8220;Lato|700|||||||&#8220; header_4_text_color=&#8220;#3550a0&#8243; header_4_font_size=&#8220;16px&#8220; header_4_line_height=&#8220;1.5em&#8220; custom_margin=&#8220;|||&#8220; locked=&#8220;off&#8220;]<\/p>\n<p>Rafael P\u00e9rez del Puerto 745 &#8211; Maldonado &#8211; Uruguay<\/p>\n<p>[\/et_pb_text][\/et_pb_column][et_pb_column type=&#8220;1_2&#8243;][et_pb_blurb title=&#8220;CASA DE LA CULTURA DE MALDONADO&#8220; use_icon=&#8220;on&#8220; font_icon=&#8220;%%249%%&#8220; icon_color=&#8220;#ff533d&#8220; icon_placement=&#8220;left&#8220; use_icon_font_size=&#8220;on&#8220; icon_font_size=&#8220;23px&#8220; _builder_version=&#8220;3.15&#8243; header_font=&#8220;|600|||||||&#8220; header_text_color=&#8220;#ab987a&#8220; header_font_size=&#8220;21px&#8220; header_letter_spacing=&#8220;2px&#8220; custom_margin=&#8220;||10px|&#8220; custom_padding=&#8220;|||&#8220;]<\/p>\n<p>Rafael P\u00e9rez del Puerto 745 &#8211; Maldonado &#8211; Uruguay<\/p>\n<p>[\/et_pb_blurb][et_pb_map address=&#8220;Rafael Perez del Puerto 745, 20000 Maldonado, Departamento de Maldonado, Uruguay&#8220; address_lat=&#8220;-34.9102465&#8243; address_lng=&#8220;-54.9601043&#8243; _builder_version=&#8220;3.15&#8243; border_width_all=&#8220;6px&#8220; border_color_all=&#8220;#ffffff&#8220; box_shadow_style=&#8220;preset3&#8243; custom_margin=&#8220;15px|||&#8220;][et_pb_map_pin title=&#8220;KULTURMARKT&#8220; pin_address=&#8220;Rafael Perez del Puerto 745, 20000 Maldonado, Departamento de Maldonado, Uruguay&#8220; pin_address_lat=&#8220;-34.9102465&#8243; pin_address_lng=&#8220;-54.9601043&#8243; _builder_version=&#8220;3.15&#8243;]Aemtlerstrasse 23, 8003 Z\u00fcrich, Switzerland[\/et_pb_map_pin][\/et_pb_map][\/et_pb_column][\/et_pb_row][\/et_pb_section][et_pb_section bb_built=&#8220;1&#8243; admin_label=&#8220;Follow Along&#8220; disabled_on=&#8220;off|off|off&#8220; _builder_version=&#8220;3.11.1&#8243; background_color=&#8220;#0f1626&#8243; background_position=&#8220;center_right&#8220; custom_padding=&#8220;0||0||false|false&#8220; top_divider_height=&#8220;43px&#8220; saved_tabs=&#8220;all&#8220; prev_background_color=&#8220;#ffffff&#8220; global_module=&#8220;33206&#8243;][et_pb_row global_parent=&#8220;33206&#8243; make_fullwidth=&#8220;on&#8220; custom_padding=&#8220;76px|0px|27px|0px|false|false&#8220; custom_margin=&#8220;0px|||&#8220; _builder_version=&#8220;3.2.1&#8243;][et_pb_column type=&#8220;1_3&#8243;][\/et_pb_column][et_pb_column type=&#8220;1_3&#8243;][et_pb_text global_parent=&#8220;33206&#8243; _builder_version=&#8220;3.15&#8243; header_font=&#8220;||||||||&#8220; header_2_font=&#8220;|600|||||||&#8220; header_2_text_align=&#8220;center&#8220; header_2_text_color=&#8220;#f5f5f5&#8243; custom_margin=&#8220;||0px|&#8220;]<\/p>\n<h2>Auf dem Laufenden bleiben..<\/h2>\n<p>[\/et_pb_text][et_pb_divider global_parent=&#8220;33206&#8243; color=&#8220;#ff533d&#8220; divider_weight=&#8220;6px&#8220; height=&#8220;0px&#8220; _builder_version=&#8220;3.15&#8243; max_width=&#8220;10%&#8220; module_alignment=&#8220;center&#8220; custom_margin=&#8220;||17px|&#8220; \/][et_pb_signup global_parent=&#8220;33206&#8243; mailchimp_list=&#8220;marisolredondo|a06e5e1c02&#8243; mailchimp_account_name=&#8220;marisolredondo&#8220; mailchimp_api_key=&#8220;beb92e33eb7aaaf3c2cd92ecaa9f9be9-us19&#8243; first_name_field=&#8220;off&#8220; last_name_field=&#8220;off&#8220; form_field_background_color=&#8220;#ffffff&#8220; form_field_text_color=&#8220;#929292&#8243; focus_background_color=&#8220;#000000&#8243; _builder_version=&#8220;3.15&#8243; header_font=&#8220;|700|||||||&#8220; header_text_align=&#8220;center&#8220; header_text_color=&#8220;#ffffff&#8220; header_font_size=&#8220;50px&#8220; header_font_size_phone=&#8220;40px&#8220; header_font_size_last_edited=&#8220;on|phone&#8220; header_line_height=&#8220;1.5em&#8220; body_font=&#8220;||||||||&#8220; body_text_color=&#8220;rgba(255,255,255,0.75)&#8220; body_font_size=&#8220;17px&#8220; body_line_height=&#8220;2em&#8220; result_message_font=&#8220;Noto Sans||||||||&#8220; result_message_font_size=&#8220;17px&#8220; use_background_color=&#8220;off&#8220; border_radii_fields=&#8220;on|10px|10px|10px|10px&#8220; border_color_all_fields=&#8220;#ffffff&#8220; box_shadow_style_fields=&#8220;preset1&#8243; box_shadow_vertical_fields=&#8220;52px&#8220; box_shadow_blur_fields=&#8220;80px&#8220; text_orientation=&#8220;center&#8220; background_layout=&#8220;light&#8220; module_alignment=&#8220;center&#8220; custom_margin=&#8220;|||&#8220; custom_padding=&#8220;|||&#8220; animation_style=&#8220;fade&#8220; button_text_size__hover_enabled=&#8220;off&#8220; button_text_size__hover=&#8220;null&#8220; button_one_text_size__hover_enabled=&#8220;off&#8220; button_one_text_size__hover=&#8220;null&#8220; button_two_text_size__hover_enabled=&#8220;off&#8220; button_two_text_size__hover=&#8220;null&#8220; button_text_color__hover_enabled=&#8220;off&#8220; button_text_color__hover=&#8220;null&#8220; button_one_text_color__hover_enabled=&#8220;off&#8220; button_one_text_color__hover=&#8220;null&#8220; button_two_text_color__hover_enabled=&#8220;off&#8220; button_two_text_color__hover=&#8220;null&#8220; button_border_width__hover_enabled=&#8220;off&#8220; button_border_width__hover=&#8220;null&#8220; button_one_border_width__hover_enabled=&#8220;off&#8220; button_one_border_width__hover=&#8220;null&#8220; button_two_border_width__hover_enabled=&#8220;off&#8220; button_two_border_width__hover=&#8220;null&#8220; button_border_color__hover_enabled=&#8220;off&#8220; button_border_color__hover=&#8220;null&#8220; button_one_border_color__hover_enabled=&#8220;off&#8220; button_one_border_color__hover=&#8220;null&#8220; button_two_border_color__hover_enabled=&#8220;off&#8220; button_two_border_color__hover=&#8220;null&#8220; button_border_radius__hover_enabled=&#8220;off&#8220; button_border_radius__hover=&#8220;null&#8220; button_one_border_radius__hover_enabled=&#8220;off&#8220; button_one_border_radius__hover=&#8220;null&#8220; button_two_border_radius__hover_enabled=&#8220;off&#8220; button_two_border_radius__hover=&#8220;null&#8220; button_letter_spacing__hover_enabled=&#8220;off&#8220; button_letter_spacing__hover=&#8220;null&#8220; button_one_letter_spacing__hover_enabled=&#8220;off&#8220; button_one_letter_spacing__hover=&#8220;null&#8220; button_two_letter_spacing__hover_enabled=&#8220;off&#8220; button_two_letter_spacing__hover=&#8220;null&#8220; button_bg_color__hover_enabled=&#8220;off&#8220; button_bg_color__hover=&#8220;null&#8220; button_one_bg_color__hover_enabled=&#8220;off&#8220; button_one_bg_color__hover=&#8220;null&#8220; button_two_bg_color__hover_enabled=&#8220;off&#8220; button_two_bg_color__hover=&#8220;null&#8220;]Lorem ipsum dolor sit amet, consectetur adipiscing elit, sed do eiusmod tempor incididunt ut labore et dolore magna aliqua. Ut enim ad minim veniam.[\/et_pb_signup][et_pb_image global_parent=&#8220;33206&#8243; src=&#8220;https:\/\/www.marisolredondo.com\/wp-content\/uploads\/2018\/08\/logo-1.png&#8220; align=&#8220;center&#8220; _builder_version=&#8220;3.15&#8243; custom_margin=&#8220;||0px|&#8220; \/][et_pb_social_media_follow global_parent=&#8220;33206&#8243; _builder_version=&#8220;3.15&#8243; border_radii=&#8220;on|100%|100%|100%|100%&#8220; text_orientation=&#8220;center&#8220; background_layout=&#8220;dark&#8220; module_alignment=&#8220;right&#8220; custom_margin=&#8220;|||&#8220; animation_style=&#8220;slide&#8220; animation_direction=&#8220;top&#8220;][et_pb_social_media_follow_network social_network=&#8220;facebook&#8220; url=&#8220;https:\/\/www.facebook.com\/marisol.redondo.77920&#8243; _builder_version=&#8220;3.15&#8243; background_color=&#8220;#3b5998&#8243; follow_button=&#8220;off&#8220; url_new_window=&#8220;on&#8220;]facebook[\/et_pb_social_media_follow_network][et_pb_social_media_follow_network social_network=&#8220;instagram&#8220; url=&#8220;https:\/\/www.instagram.com\/redondo.marisol\/&#8220; _builder_version=&#8220;3.15&#8243; background_color=&#8220;#ea2c59&#8243; follow_button=&#8220;off&#8220; url_new_window=&#8220;on&#8220;]instagram[\/et_pb_social_media_follow_network][\/et_pb_social_media_follow][\/et_pb_column][et_pb_column type=&#8220;1_3&#8243;][\/et_pb_column][\/et_pb_row][\/et_pb_section]<\/p>\n","protected":false},"excerpt":{"rendered":"<p>TANGO PARA VOS(Z) Marisol Redondo in Konzertz mit: Orlando Dibelo (Bandoneon) Sebasti\u00e1n Noya (Klavier) S\u00e1ndor T\u00f6r\u00f6k (Kontrabass) Amaia Beloqui (Moderation) KULTURMARKT &#8211; Aemtlerstrasse 23, 8003 Z\u00fcrich &#8211; CH Aemtlerstrasse 23, 8003 Z\u00fcrich &#8211; CH Aemtlerstrasse 23, 8003 Z\u00fcrich, Switzerland TANGO PARA VOS(Z) Marisol Redondo in Konzert mit: Orlando Dibelo (Bandoneon) Sebasti\u00e1n Noya (Klavier) S\u00e1ndor T\u00f6r\u00f6k [&hellip;]<\/p>\n","protected":false},"author":1,"featured_media":0,"parent":0,"menu_order":0,"comment_status":"closed","ping_status":"closed","template":"","meta":{"_et_pb_use_builder":"on","_et_pb_old_content":"","_et_gb_content_width":"","footnotes":""},"yoast_head":"<!-- This site is optimized with the Yoast SEO plugin v21.2 - https:\/\/yoast.com\/wordpress\/plugins\/seo\/ -->\n<title>Marisol Redondo | 2018 Veranstaltungen<\/title>\n<meta name=\"robots\" content=\"index, follow, max-snippet:-1, max-image-preview:large, max-video-preview:-1\" \/>\n<link rel=\"canonical\" href=\"https:\/\/www.marisolredondo.com\/de\/2018-events\/\" \/>\n<meta property=\"og:locale\" content=\"de_DE\" \/>\n<meta property=\"og:type\" content=\"article\" \/>\n<meta property=\"og:title\" content=\"Marisol Redondo | 2018 Veranstaltungen\" \/>\n<meta property=\"og:description\" content=\"TANGO PARA VOS(Z) Marisol Redondo in Konzertz mit: Orlando Dibelo (Bandoneon) Sebasti\u00e1n Noya (Klavier) S\u00e1ndor T\u00f6r\u00f6k (Kontrabass) Amaia Beloqui (Moderation) KULTURMARKT - Aemtlerstrasse 23, 8003 Z\u00fcrich - CH Aemtlerstrasse 23, 8003 Z\u00fcrich - CH Aemtlerstrasse 23, 8003 Z\u00fcrich, Switzerland TANGO PARA VOS(Z) Marisol Redondo in Konzert mit: Orlando Dibelo (Bandoneon) Sebasti\u00e1n Noya (Klavier) S\u00e1ndor T\u00f6r\u00f6k [&hellip;]\" \/>\n<meta property=\"og:url\" content=\"https:\/\/www.marisolredondo.com\/de\/2018-events\/\" \/>\n<meta property=\"og:site_name\" content=\"Marisol Redondo- Singer\" \/>\n<meta property=\"article:modified_time\" content=\"2020-06-17T07:34:45+00:00\" \/>\n<meta name=\"twitter:card\" content=\"summary_large_image\" \/>\n<meta name=\"twitter:label1\" content=\"Gesch\u00e4tzte Lesezeit\" \/>\n\t<meta name=\"twitter:data1\" content=\"14\u00a0Minuten\" \/>\n<script type=\"application\/ld+json\" class=\"yoast-schema-graph\">{\"@context\":\"https:\/\/schema.org\",\"@graph\":[{\"@type\":\"WebPage\",\"@id\":\"https:\/\/www.marisolredondo.com\/de\/2018-events\/\",\"url\":\"https:\/\/www.marisolredondo.com\/de\/2018-events\/\",\"name\":\"Marisol Redondo | 2018 Veranstaltungen\",\"isPartOf\":{\"@id\":\"https:\/\/www.marisolredondo.com\/#website\"},\"datePublished\":\"2018-11-09T01:10:38+00:00\",\"dateModified\":\"2020-06-17T07:34:45+00:00\",\"breadcrumb\":{\"@id\":\"https:\/\/www.marisolredondo.com\/de\/2018-events\/#breadcrumb\"},\"inLanguage\":\"de\",\"potentialAction\":[{\"@type\":\"ReadAction\",\"target\":[\"https:\/\/www.marisolredondo.com\/de\/2018-events\/\"]}]},{\"@type\":\"BreadcrumbList\",\"@id\":\"https:\/\/www.marisolredondo.com\/de\/2018-events\/#breadcrumb\",\"itemListElement\":[{\"@type\":\"ListItem\",\"position\":1,\"name\":\"Home\",\"item\":\"https:\/\/www.marisolredondo.com\/\"},{\"@type\":\"ListItem\",\"position\":2,\"name\":\"2018 Veranstaltungen\"}]},{\"@type\":\"WebSite\",\"@id\":\"https:\/\/www.marisolredondo.com\/#website\",\"url\":\"https:\/\/www.marisolredondo.com\/\",\"name\":\"Marisol Redondo\",\"description\":\"\",\"publisher\":{\"@id\":\"https:\/\/www.marisolredondo.com\/#\/schema\/person\/a7f4167392c64b100109903e48fe3898\"},\"potentialAction\":[{\"@type\":\"SearchAction\",\"target\":{\"@type\":\"EntryPoint\",\"urlTemplate\":\"https:\/\/www.marisolredondo.com\/?s={search_term_string}\"},\"query-input\":\"required name=search_term_string\"}],\"inLanguage\":\"de\"},{\"@type\":[\"Person\",\"Organization\"],\"@id\":\"https:\/\/www.marisolredondo.com\/#\/schema\/person\/a7f4167392c64b100109903e48fe3898\",\"name\":\"mredondo\",\"image\":{\"@type\":\"ImageObject\",\"inLanguage\":\"de\",\"@id\":\"https:\/\/www.marisolredondo.com\/#\/schema\/person\/image\/\",\"url\":\"https:\/\/secure.gravatar.com\/avatar\/0017f9752f1432e3e718b813e3e35442?s=96&d=mm&r=g\",\"contentUrl\":\"https:\/\/secure.gravatar.com\/avatar\/0017f9752f1432e3e718b813e3e35442?s=96&d=mm&r=g\",\"caption\":\"mredondo\"},\"logo\":{\"@id\":\"https:\/\/www.marisolredondo.com\/#\/schema\/person\/image\/\"}}]}<\/script>\n<!-- \/ Yoast SEO plugin. -->","yoast_head_json":{"title":"Marisol Redondo | 2018 Veranstaltungen","robots":{"index":"index","follow":"follow","max-snippet":"max-snippet:-1","max-image-preview":"max-image-preview:large","max-video-preview":"max-video-preview:-1"},"canonical":"https:\/\/www.marisolredondo.com\/de\/2018-events\/","og_locale":"de_DE","og_type":"article","og_title":"Marisol Redondo | 2018 Veranstaltungen","og_description":"TANGO PARA VOS(Z) Marisol Redondo in Konzertz mit: Orlando Dibelo (Bandoneon) Sebasti\u00e1n Noya (Klavier) S\u00e1ndor T\u00f6r\u00f6k (Kontrabass) Amaia Beloqui (Moderation) KULTURMARKT - Aemtlerstrasse 23, 8003 Z\u00fcrich - CH Aemtlerstrasse 23, 8003 Z\u00fcrich - CH Aemtlerstrasse 23, 8003 Z\u00fcrich, Switzerland TANGO PARA VOS(Z) Marisol Redondo in Konzert mit: Orlando Dibelo (Bandoneon) Sebasti\u00e1n Noya (Klavier) S\u00e1ndor T\u00f6r\u00f6k [&hellip;]","og_url":"https:\/\/www.marisolredondo.com\/de\/2018-events\/","og_site_name":"Marisol Redondo- Singer","article_modified_time":"2020-06-17T07:34:45+00:00","twitter_card":"summary_large_image","twitter_misc":{"Gesch\u00e4tzte Lesezeit":"14\u00a0Minuten"},"schema":{"@context":"https:\/\/schema.org","@graph":[{"@type":"WebPage","@id":"https:\/\/www.marisolredondo.com\/de\/2018-events\/","url":"https:\/\/www.marisolredondo.com\/de\/2018-events\/","name":"Marisol Redondo | 2018 Veranstaltungen","isPartOf":{"@id":"https:\/\/www.marisolredondo.com\/#website"},"datePublished":"2018-11-09T01:10:38+00:00","dateModified":"2020-06-17T07:34:45+00:00","breadcrumb":{"@id":"https:\/\/www.marisolredondo.com\/de\/2018-events\/#breadcrumb"},"inLanguage":"de","potentialAction":[{"@type":"ReadAction","target":["https:\/\/www.marisolredondo.com\/de\/2018-events\/"]}]},{"@type":"BreadcrumbList","@id":"https:\/\/www.marisolredondo.com\/de\/2018-events\/#breadcrumb","itemListElement":[{"@type":"ListItem","position":1,"name":"Home","item":"https:\/\/www.marisolredondo.com\/"},{"@type":"ListItem","position":2,"name":"2018 Veranstaltungen"}]},{"@type":"WebSite","@id":"https:\/\/www.marisolredondo.com\/#website","url":"https:\/\/www.marisolredondo.com\/","name":"Marisol Redondo","description":"","publisher":{"@id":"https:\/\/www.marisolredondo.com\/#\/schema\/person\/a7f4167392c64b100109903e48fe3898"},"potentialAction":[{"@type":"SearchAction","target":{"@type":"EntryPoint","urlTemplate":"https:\/\/www.marisolredondo.com\/?s={search_term_string}"},"query-input":"required name=search_term_string"}],"inLanguage":"de"},{"@type":["Person","Organization"],"@id":"https:\/\/www.marisolredondo.com\/#\/schema\/person\/a7f4167392c64b100109903e48fe3898","name":"mredondo","image":{"@type":"ImageObject","inLanguage":"de","@id":"https:\/\/www.marisolredondo.com\/#\/schema\/person\/image\/","url":"https:\/\/secure.gravatar.com\/avatar\/0017f9752f1432e3e718b813e3e35442?s=96&d=mm&r=g","contentUrl":"https:\/\/secure.gravatar.com\/avatar\/0017f9752f1432e3e718b813e3e35442?s=96&d=mm&r=g","caption":"mredondo"},"logo":{"@id":"https:\/\/www.marisolredondo.com\/#\/schema\/person\/image\/"}}]}},"_links":{"self":[{"href":"https:\/\/www.marisolredondo.com\/de\/wp-json\/wp\/v2\/pages\/34666"}],"collection":[{"href":"https:\/\/www.marisolredondo.com\/de\/wp-json\/wp\/v2\/pages"}],"about":[{"href":"https:\/\/www.marisolredondo.com\/de\/wp-json\/wp\/v2\/types\/page"}],"author":[{"embeddable":true,"href":"https:\/\/www.marisolredondo.com\/de\/wp-json\/wp\/v2\/users\/1"}],"replies":[{"embeddable":true,"href":"https:\/\/www.marisolredondo.com\/de\/wp-json\/wp\/v2\/comments?post=34666"}],"version-history":[{"count":0,"href":"https:\/\/www.marisolredondo.com\/de\/wp-json\/wp\/v2\/pages\/34666\/revisions"}],"wp:attachment":[{"href":"https:\/\/www.marisolredondo.com\/de\/wp-json\/wp\/v2\/media?parent=34666"}],"curies":[{"name":"wp","href":"https:\/\/api.w.org\/{rel}","templated":true}]}}